{"id":49173,"date":"2023-06-01T12:46:29","date_gmt":"2023-06-01T09:46:29","guid":{"rendered":"https:\/\/evl.fi\/plus\/?page_id=49173"},"modified":"2023-10-05T12:04:19","modified_gmt":"2023-10-05T09:04:19","slug":"kumppanuuden-korit-2","status":"publish","type":"page","link":"https:\/\/evl.fi\/plus\/seurakuntaelama\/lapset-nuoret-ja-aikuiset\/kasvatus\/varhaiskasvatus\/yhteydet-yhteiskunnan-varhaiskasvatukseen\/kumppanuuden-korit-2\/","title":{"rendered":"Sopimuspohjat"},"content":{"rendered":"\n<p class=\"wp-block-paragraph\">Yhteinen ty\u00f6 merkitsee vuorovaikutusta, yhteist\u00e4 suunnittelua ja sopimista. Yhteist\u00e4 ty\u00f6t\u00e4 valmistellaan ilmi\u00f6l\u00e4ht\u00f6isesti verkostoissa. Silloin tarpeet ja resurssit kohtaavat ja yhteinen ty\u00f6 rakentuu tavoitteelliseksi.<mark style=\"background-color:rgba(0, 0, 0, 0)\" class=\"has-inline-color has-gold-hover-color\">Yhteist\u00e4 ty\u00f6t\u00e4 tapahtuu kaikissa tasoissa: fyysisesti, mentaalisesti, sosiaalisesti ja virtuaalisesti.<\/mark><br><br><a href=\"https:\/\/evl.fi\/documents\/1327140\/80804502\/KH_nelja_askelta_esite_vedos_4.pdf\/0502a4f6-e1a3-ee88-a481-164c91fb818a?t=1642581596709\" target=\"_blank\" rel=\"noreferrer noopener\">Tutustu Nelj\u00e4 askelta yhteisty\u00f6sopimukseen -dokumenttiin.<\/a><\/p>\n\n\n\n<figure class=\"wp-block-image size-full\"><img loading=\"lazy\" decoding=\"async\" width=\"674\" height=\"659\" src=\"https:\/\/evl.fi\/plus\/wp-content\/uploads\/sites\/3\/2023\/06\/Askeleet-1.jpg\" alt=\"\" class=\"wp-image-49255\" srcset=\"https:\/\/evl.fi\/plus\/wp-content\/uploads\/sites\/3\/2023\/06\/Askeleet-1.jpg 674w, https:\/\/evl.fi\/plus\/wp-content\/uploads\/sites\/3\/2023\/06\/Askeleet-1-300x293.jpg 300w\" sizes=\"auto, (max-width: 674px) 100vw, 674px\" \/><\/figure>\n\n\n\n<p class=\"wp-block-paragraph\">Yhdess\u00e4 tekemist\u00e4 tulisi dokumentoida ja arvioida s\u00e4\u00e4nn\u00f6llisin v\u00e4liajoin. Yhteisty\u00f6t\u00e4 voidaan arvioida kest\u00e4v\u00e4n toimintakulttuurin n\u00e4k\u00f6kulmasta esimerkiksi seuraavien kriteerien kautta:<\/p>\n\n\n\n<ul class=\"wp-block-list\">\n<li>Opastamme lapsia rauhoittumaan, nauttimaan ja elpym\u00e4\u00e4n luonnossa<\/li>\n\n\n\n<li>Ohjaamme lapsia kohtuullisuuteen ja pohdimme toiminnan ymp\u00e4rist\u00f6vaikutuksia<\/li>\n\n\n\n<li>Tarkastelemme lasten kanssa erilaisia perhetilanteita ja -suhteita arvostavasti<\/li>\n\n\n\n<li>Suunnittelemme toimintaa, joka edist\u00e4\u00e4 kunnioittavaa suhtautumista eri kulttuureja ja katsomuksia kohtaan<\/li>\n<\/ul>\n\n\n\n<p class=\"wp-block-paragraph\">Arviointi ja yhteinen keskustelu voidaan kohdistaa my\u00f6s osallisuuden ja toimijuuden toteutumiseen lasten, huoltajien tai opettajien n\u00e4k\u00f6kulmasta. Moni seurakunta ja kunta on solminut yhteisty\u00f6sopimuksen. Vuoden 2019 raportointitietojen mukaan (N 159) 60 prosenttia on solminut tai valmistelee yhteisty\u00f6sopimusta varhaiskasvatuksen kanssa.<br><br><em>Yhteinen sopimus kunnan kanssa on tuonut ty\u00f6rauhan. Se on selkeytt\u00e4nyt kaikille osapuolille, mit\u00e4 kirkko tekee varhaiskasvatuksessa. Sopimus ei lakkaa olemasta vaikka henkil\u00f6kunta vaihtuu.<\/em><\/p>\n\n\n\n  <div id=\"contact-lift-block_6259b9796eb3fb97d6b934ab991d7e4f\" class=\"contact-lift d-flex align-items-center \">\n    <div class=\"container\">\n      <div class=\"row\">\n        <div class=\"col-12\">\n                  <\/div>\n      <\/div>\n      <div class=\"row\">\n              <\/div>\n    <\/div>\n  <\/div>\n","protected":false},"excerpt":{"rendered":"<p>Yhteinen ty\u00f6 merkitsee vuorovaikutusta, yhteist\u00e4 suunnittelua ja sopimista. Yhteist\u00e4 ty\u00f6t\u00e4 valmistellaan ilmi\u00f6l\u00e4ht\u00f6isesti verkostoissa. Silloin tarpeet ja resurssit kohtaavat ja yhteinen ty\u00f6 rakentuu tavoitteelliseksi.Yhteist\u00e4 ty\u00f6t\u00e4 tapahtuu kaikissa tasoissa: fyysisesti, mentaalisesti, sosiaalisesti ja virtuaalisesti. Tutustu Nelj\u00e4 askelta yhteisty\u00f6sopimukseen -dokumenttiin. Yhdess\u00e4 tekemist\u00e4 tulisi dokumentoida ja arvioida s\u00e4\u00e4nn\u00f6llisin v\u00e4liajoin. Yhteisty\u00f6t\u00e4 voidaan arvioida kest\u00e4v\u00e4n toimintakulttuurin n\u00e4k\u00f6kulmasta esimerkiksi seuraavien kriteerien kautta: [&hellip;]<\/p>\n","protected":false},"author":136,"featured_media":0,"parent":39526,"menu_order":0,"comment_status":"closed","ping_status":"closed","template":"template-text-page-sidebar.php","meta":{"_acf_changed":false,"_relevanssi_hide_post":"","_relevanssi_hide_content":"","_relevanssi_pin_for_all":"","_relevanssi_pin_keywords":"","_relevanssi_unpin_keywords":"","_relevanssi_related_keywords":"","_relevanssi_related_include_ids":"","_relevanssi_related_exclude_ids":"","_relevanssi_related_no_append":"","_relevanssi_related_not_related":"","_relevanssi_related_posts":"727,719,722","_relevanssi_noindex_reason":"","footnotes":""},"class_list":["post-49173","page","type-page","status-publish","hentry"],"acf":[],"yoast_head":"<!-- This site is optimized with the Yoast SEO plugin v28.3 - https:\/\/yoast.com\/product\/yoast-seo-wordpress\/ -->\n<title>Seurakunnan ja kunnan yhteisty\u00f6n sopimuspohjat - EVL Plus<\/title>\n<meta name=\"description\" content=\"Yhteinen ty\u00f6 merkitsee vuorovaikutusta, yhteist\u00e4 suunnittelua ja sopimista ja sit\u00e4 tulisi dokumentoida ja arvioida s\u00e4\u00e4nn\u00f6llisin v\u00e4liajoin.\" \/>\n<meta name=\"robots\" content=\"index, follow, max-snippet:-1, max-image-preview:large, max-video-preview:-1\" \/>\n<link rel=\"canonical\" href=\"https:\/\/evl.fi\/plus\/seurakuntaelama\/lapset-nuoret-ja-aikuiset\/kasvatus\/varhaiskasvatus\/yhteydet-yhteiskunnan-varhaiskasvatukseen\/kumppanuuden-korit-2\/\" \/>\n<meta property=\"og:locale\" content=\"fi_FI\" \/>\n<meta property=\"og:type\" content=\"article\" \/>\n<meta property=\"og:title\" content=\"Seurakunnan ja kunnan yhteisty\u00f6n sopimuspohjat - EVL Plus\" \/>\n<meta property=\"og:description\" content=\"Yhteinen ty\u00f6 merkitsee vuorovaikutusta, yhteist\u00e4 suunnittelua ja sopimista ja sit\u00e4 tulisi dokumentoida ja arvioida s\u00e4\u00e4nn\u00f6llisin v\u00e4liajoin.\" \/>\n<meta property=\"og:url\" content=\"https:\/\/evl.fi\/plus\/seurakuntaelama\/lapset-nuoret-ja-aikuiset\/kasvatus\/varhaiskasvatus\/yhteydet-yhteiskunnan-varhaiskasvatukseen\/kumppanuuden-korit-2\/\" \/>\n<meta property=\"og:site_name\" content=\"EVL Plus\" \/>\n<meta property=\"article:modified_time\" content=\"2023-10-05T09:04:19+00:00\" \/>\n<meta property=\"og:image\" content=\"https:\/\/evl.fi\/plus\/wp-content\/uploads\/sites\/3\/2023\/06\/Askeleet-1.jpg\" \/>\n<meta name=\"twitter:card\" content=\"summary_large_image\" \/>\n<meta name=\"twitter:label1\" content=\"Arvioitu lukuaika\" \/>\n\t<meta name=\"twitter:data1\" content=\"2 minuuttia\" \/>\n<script type=\"application\/ld+json\" class=\"yoast-schema-graph\">{\"@context\":\"https:\\\/\\\/schema.org\",\"@graph\":[{\"@type\":\"WebPage\",\"@id\":\"https:\\\/\\\/evl.fi\\\/plus\\\/seurakuntaelama\\\/lapset-nuoret-ja-aikuiset\\\/kasvatus\\\/varhaiskasvatus\\\/yhteydet-yhteiskunnan-varhaiskasvatukseen\\\/kumppanuuden-korit-2\\\/\",\"url\":\"https:\\\/\\\/evl.fi\\\/plus\\\/seurakuntaelama\\\/lapset-nuoret-ja-aikuiset\\\/kasvatus\\\/varhaiskasvatus\\\/yhteydet-yhteiskunnan-varhaiskasvatukseen\\\/kumppanuuden-korit-2\\\/\",\"name\":\"Seurakunnan ja kunnan yhteisty\u00f6n sopimuspohjat - EVL Plus\",\"isPartOf\":{\"@id\":\"https:\\\/\\\/evl.fi\\\/plus\\\/#website\"},\"primaryImageOfPage\":{\"@id\":\"https:\\\/\\\/evl.fi\\\/plus\\\/seurakuntaelama\\\/lapset-nuoret-ja-aikuiset\\\/kasvatus\\\/varhaiskasvatus\\\/yhteydet-yhteiskunnan-varhaiskasvatukseen\\\/kumppanuuden-korit-2\\\/#primaryimage\"},\"image\":{\"@id\":\"https:\\\/\\\/evl.fi\\\/plus\\\/seurakuntaelama\\\/lapset-nuoret-ja-aikuiset\\\/kasvatus\\\/varhaiskasvatus\\\/yhteydet-yhteiskunnan-varhaiskasvatukseen\\\/kumppanuuden-korit-2\\\/#primaryimage\"},\"thumbnailUrl\":\"https:\\\/\\\/evl.fi\\\/plus\\\/wp-content\\\/uploads\\\/sites\\\/3\\\/2023\\\/06\\\/Askeleet-1.jpg\",\"datePublished\":\"2023-06-01T09:46:29+00:00\",\"dateModified\":\"2023-10-05T09:04:19+00:00\",\"description\":\"Yhteinen ty\u00f6 merkitsee vuorovaikutusta, yhteist\u00e4 suunnittelua ja sopimista ja sit\u00e4 tulisi dokumentoida ja arvioida s\u00e4\u00e4nn\u00f6llisin v\u00e4liajoin.\",\"breadcrumb\":{\"@id\":\"https:\\\/\\\/evl.fi\\\/plus\\\/seurakuntaelama\\\/lapset-nuoret-ja-aikuiset\\\/kasvatus\\\/varhaiskasvatus\\\/yhteydet-yhteiskunnan-varhaiskasvatukseen\\\/kumppanuuden-korit-2\\\/#breadcrumb\"},\"inLanguage\":\"fi\",\"potentialAction\":[{\"@type\":\"ReadAction\",\"target\":[\"https:\\\/\\\/evl.fi\\\/plus\\\/seurakuntaelama\\\/lapset-nuoret-ja-aikuiset\\\/kasvatus\\\/varhaiskasvatus\\\/yhteydet-yhteiskunnan-varhaiskasvatukseen\\\/kumppanuuden-korit-2\\\/\"]}]},{\"@type\":\"ImageObject\",\"inLanguage\":\"fi\",\"@id\":\"https:\\\/\\\/evl.fi\\\/plus\\\/seurakuntaelama\\\/lapset-nuoret-ja-aikuiset\\\/kasvatus\\\/varhaiskasvatus\\\/yhteydet-yhteiskunnan-varhaiskasvatukseen\\\/kumppanuuden-korit-2\\\/#primaryimage\",\"url\":\"https:\\\/\\\/evl.fi\\\/plus\\\/wp-content\\\/uploads\\\/sites\\\/3\\\/2023\\\/06\\\/Askeleet-1.jpg\",\"contentUrl\":\"https:\\\/\\\/evl.fi\\\/plus\\\/wp-content\\\/uploads\\\/sites\\\/3\\\/2023\\\/06\\\/Askeleet-1.jpg\",\"width\":674,\"height\":659},{\"@type\":\"BreadcrumbList\",\"@id\":\"https:\\\/\\\/evl.fi\\\/plus\\\/seurakuntaelama\\\/lapset-nuoret-ja-aikuiset\\\/kasvatus\\\/varhaiskasvatus\\\/yhteydet-yhteiskunnan-varhaiskasvatukseen\\\/kumppanuuden-korit-2\\\/#breadcrumb\",\"itemListElement\":[{\"@type\":\"ListItem\",\"position\":1,\"name\":\"Home\",\"item\":\"https:\\\/\\\/evl.fi\\\/plus\\\/sv\\\/\"},{\"@type\":\"ListItem\",\"position\":2,\"name\":\"Seurakuntael\u00e4m\u00e4\",\"item\":\"https:\\\/\\\/evl.fi\\\/plus\\\/seurakuntaelama\\\/\"},{\"@type\":\"ListItem\",\"position\":3,\"name\":\"Lapset, nuoret ja aikuiset\",\"item\":\"https:\\\/\\\/evl.fi\\\/plus\\\/seurakuntaelama\\\/lapset-nuoret-ja-aikuiset\\\/\"},{\"@type\":\"ListItem\",\"position\":4,\"name\":\"Kasvatus\",\"item\":\"https:\\\/\\\/evl.fi\\\/plus\\\/seurakuntaelama\\\/lapset-nuoret-ja-aikuiset\\\/kasvatus\\\/\"},{\"@type\":\"ListItem\",\"position\":5,\"name\":\"Varhaiskasvatus\",\"item\":\"https:\\\/\\\/evl.fi\\\/plus\\\/seurakuntaelama\\\/lapset-nuoret-ja-aikuiset\\\/kasvatus\\\/varhaiskasvatus\\\/\"},{\"@type\":\"ListItem\",\"position\":6,\"name\":\"Yhteydet yhteiskunnan varhaiskasvatukseen\",\"item\":\"https:\\\/\\\/evl.fi\\\/plus\\\/seurakuntaelama\\\/lapset-nuoret-ja-aikuiset\\\/kasvatus\\\/varhaiskasvatus\\\/yhteydet-yhteiskunnan-varhaiskasvatukseen\\\/\"},{\"@type\":\"ListItem\",\"position\":7,\"name\":\"Sopimuspohjat\"}]},{\"@type\":\"WebSite\",\"@id\":\"https:\\\/\\\/evl.fi\\\/plus\\\/#website\",\"url\":\"https:\\\/\\\/evl.fi\\\/plus\\\/\",\"name\":\"EVL Plus\",\"description\":\"\",\"potentialAction\":[{\"@type\":\"SearchAction\",\"target\":{\"@type\":\"EntryPoint\",\"urlTemplate\":\"https:\\\/\\\/evl.fi\\\/plus\\\/?s={search_term_string}\"},\"query-input\":{\"@type\":\"PropertyValueSpecification\",\"valueRequired\":true,\"valueName\":\"search_term_string\"}}],\"inLanguage\":\"fi\"}]}<\/script>\n<!-- \/ Yoast SEO plugin. -->","yoast_head_json":{"title":"Seurakunnan ja kunnan yhteisty\u00f6n sopimuspohjat - EVL Plus","description":"Yhteinen ty\u00f6 merkitsee vuorovaikutusta, yhteist\u00e4 suunnittelua ja sopimista ja sit\u00e4 tulisi dokumentoida ja arvioida s\u00e4\u00e4nn\u00f6llisin v\u00e4liajoin.","robots":{"index":"index","follow":"follow","max-snippet":"max-snippet:-1","max-image-preview":"max-image-preview:large","max-video-preview":"max-video-preview:-1"},"canonical":"https:\/\/evl.fi\/plus\/seurakuntaelama\/lapset-nuoret-ja-aikuiset\/kasvatus\/varhaiskasvatus\/yhteydet-yhteiskunnan-varhaiskasvatukseen\/kumppanuuden-korit-2\/","og_locale":"fi_FI","og_type":"article","og_title":"Seurakunnan ja kunnan yhteisty\u00f6n sopimuspohjat - EVL Plus","og_description":"Yhteinen ty\u00f6 merkitsee vuorovaikutusta, yhteist\u00e4 suunnittelua ja sopimista ja sit\u00e4 tulisi dokumentoida ja arvioida s\u00e4\u00e4nn\u00f6llisin v\u00e4liajoin.","og_url":"https:\/\/evl.fi\/plus\/seurakuntaelama\/lapset-nuoret-ja-aikuiset\/kasvatus\/varhaiskasvatus\/yhteydet-yhteiskunnan-varhaiskasvatukseen\/kumppanuuden-korit-2\/","og_site_name":"EVL Plus","article_modified_time":"2023-10-05T09:04:19+00:00","og_image":[{"url":"https:\/\/evl.fi\/plus\/wp-content\/uploads\/sites\/3\/2023\/06\/Askeleet-1.jpg","type":"","width":"","height":""}],"twitter_card":"summary_large_image","twitter_misc":{"Arvioitu lukuaika":"2 minuuttia"},"schema":{"@context":"https:\/\/schema.org","@graph":[{"@type":"WebPage","@id":"https:\/\/evl.fi\/plus\/seurakuntaelama\/lapset-nuoret-ja-aikuiset\/kasvatus\/varhaiskasvatus\/yhteydet-yhteiskunnan-varhaiskasvatukseen\/kumppanuuden-korit-2\/","url":"https:\/\/evl.fi\/plus\/seurakuntaelama\/lapset-nuoret-ja-aikuiset\/kasvatus\/varhaiskasvatus\/yhteydet-yhteiskunnan-varhaiskasvatukseen\/kumppanuuden-korit-2\/","name":"Seurakunnan ja kunnan yhteisty\u00f6n sopimuspohjat - EVL Plus","isPartOf":{"@id":"https:\/\/evl.fi\/plus\/#website"},"primaryImageOfPage":{"@id":"https:\/\/evl.fi\/plus\/seurakuntaelama\/lapset-nuoret-ja-aikuiset\/kasvatus\/varhaiskasvatus\/yhteydet-yhteiskunnan-varhaiskasvatukseen\/kumppanuuden-korit-2\/#primaryimage"},"image":{"@id":"https:\/\/evl.fi\/plus\/seurakuntaelama\/lapset-nuoret-ja-aikuiset\/kasvatus\/varhaiskasvatus\/yhteydet-yhteiskunnan-varhaiskasvatukseen\/kumppanuuden-korit-2\/#primaryimage"},"thumbnailUrl":"https:\/\/evl.fi\/plus\/wp-content\/uploads\/sites\/3\/2023\/06\/Askeleet-1.jpg","datePublished":"2023-06-01T09:46:29+00:00","dateModified":"2023-10-05T09:04:19+00:00","description":"Yhteinen ty\u00f6 merkitsee vuorovaikutusta, yhteist\u00e4 suunnittelua ja sopimista ja sit\u00e4 tulisi dokumentoida ja arvioida s\u00e4\u00e4nn\u00f6llisin v\u00e4liajoin.","breadcrumb":{"@id":"https:\/\/evl.fi\/plus\/seurakuntaelama\/lapset-nuoret-ja-aikuiset\/kasvatus\/varhaiskasvatus\/yhteydet-yhteiskunnan-varhaiskasvatukseen\/kumppanuuden-korit-2\/#breadcrumb"},"inLanguage":"fi","potentialAction":[{"@type":"ReadAction","target":["https:\/\/evl.fi\/plus\/seurakuntaelama\/lapset-nuoret-ja-aikuiset\/kasvatus\/varhaiskasvatus\/yhteydet-yhteiskunnan-varhaiskasvatukseen\/kumppanuuden-korit-2\/"]}]},{"@type":"ImageObject","inLanguage":"fi","@id":"https:\/\/evl.fi\/plus\/seurakuntaelama\/lapset-nuoret-ja-aikuiset\/kasvatus\/varhaiskasvatus\/yhteydet-yhteiskunnan-varhaiskasvatukseen\/kumppanuuden-korit-2\/#primaryimage","url":"https:\/\/evl.fi\/plus\/wp-content\/uploads\/sites\/3\/2023\/06\/Askeleet-1.jpg","contentUrl":"https:\/\/evl.fi\/plus\/wp-content\/uploads\/sites\/3\/2023\/06\/Askeleet-1.jpg","width":674,"height":659},{"@type":"BreadcrumbList","@id":"https:\/\/evl.fi\/plus\/seurakuntaelama\/lapset-nuoret-ja-aikuiset\/kasvatus\/varhaiskasvatus\/yhteydet-yhteiskunnan-varhaiskasvatukseen\/kumppanuuden-korit-2\/#breadcrumb","itemListElement":[{"@type":"ListItem","position":1,"name":"Home","item":"https:\/\/evl.fi\/plus\/sv\/"},{"@type":"ListItem","position":2,"name":"Seurakuntael\u00e4m\u00e4","item":"https:\/\/evl.fi\/plus\/seurakuntaelama\/"},{"@type":"ListItem","position":3,"name":"Lapset, nuoret ja aikuiset","item":"https:\/\/evl.fi\/plus\/seurakuntaelama\/lapset-nuoret-ja-aikuiset\/"},{"@type":"ListItem","position":4,"name":"Kasvatus","item":"https:\/\/evl.fi\/plus\/seurakuntaelama\/lapset-nuoret-ja-aikuiset\/kasvatus\/"},{"@type":"ListItem","position":5,"name":"Varhaiskasvatus","item":"https:\/\/evl.fi\/plus\/seurakuntaelama\/lapset-nuoret-ja-aikuiset\/kasvatus\/varhaiskasvatus\/"},{"@type":"ListItem","position":6,"name":"Yhteydet yhteiskunnan varhaiskasvatukseen","item":"https:\/\/evl.fi\/plus\/seurakuntaelama\/lapset-nuoret-ja-aikuiset\/kasvatus\/varhaiskasvatus\/yhteydet-yhteiskunnan-varhaiskasvatukseen\/"},{"@type":"ListItem","position":7,"name":"Sopimuspohjat"}]},{"@type":"WebSite","@id":"https:\/\/evl.fi\/plus\/#website","url":"https:\/\/evl.fi\/plus\/","name":"EVL Plus","description":"","potentialAction":[{"@type":"SearchAction","target":{"@type":"EntryPoint","urlTemplate":"https:\/\/evl.fi\/plus\/?s={search_term_string}"},"query-input":{"@type":"PropertyValueSpecification","valueRequired":true,"valueName":"search_term_string"}}],"inLanguage":"fi"}]}},"lang":"fi","translations":{"fi":49173,"sv":57447},"pll_sync_post":{},"_links":{"self":[{"href":"https:\/\/evl.fi\/plus\/wp-json\/wp\/v2\/pages\/49173","targetHints":{"allow":["GET"]}}],"collection":[{"href":"https:\/\/evl.fi\/plus\/wp-json\/wp\/v2\/pages"}],"about":[{"href":"https:\/\/evl.fi\/plus\/wp-json\/wp\/v2\/types\/page"}],"author":[{"embeddable":true,"href":"https:\/\/evl.fi\/plus\/wp-json\/wp\/v2\/users\/136"}],"replies":[{"embeddable":true,"href":"https:\/\/evl.fi\/plus\/wp-json\/wp\/v2\/comments?post=49173"}],"version-history":[{"count":9,"href":"https:\/\/evl.fi\/plus\/wp-json\/wp\/v2\/pages\/49173\/revisions"}],"predecessor-version":[{"id":109797,"href":"https:\/\/evl.fi\/plus\/wp-json\/wp\/v2\/pages\/49173\/revisions\/109797"}],"up":[{"embeddable":true,"href":"https:\/\/evl.fi\/plus\/wp-json\/wp\/v2\/pages\/39526"}],"wp:attachment":[{"href":"https:\/\/evl.fi\/plus\/wp-json\/wp\/v2\/media?parent=49173"}],"curies":[{"name":"wp","href":"https:\/\/api.w.org\/{rel}","templated":true}]}}