{"id":40773,"date":"2023-04-18T15:31:41","date_gmt":"2023-04-18T12:31:41","guid":{"rendered":"https:\/\/evl.fi\/plus\/?page_id=40773"},"modified":"2026-08-27T09:29:24","modified_gmt":"2026-08-27T06:29:24","slug":"jumalanpalveluselama","status":"publish","type":"page","link":"https:\/\/evl.fi\/plus\/seurakuntaelama\/jumalanpalvelus-ja-hengellisyys\/jumalanpalveluselama\/","title":{"rendered":"Jumalanpalvelusel\u00e4m\u00e4"},"content":{"rendered":"\n<p class=\"has-ingressi-font-size wp-block-paragraph\">Jumalanpalvelus on kirkon tunnusmerkki ja seurakunnan el\u00e4m\u00e4n syd\u00e4n. N\u00e4ilt\u00e4 sivuilta l\u00f6yd\u00e4t tietoa ja virikkeit\u00e4 jumalanpalvelusten valmisteluun. T\u00e4lle sivulle on koottu oikopolkuja suosituimpiin aineistoihin. Lis\u00e4\u00e4 aineistoja l\u00f6yd\u00e4t sivuvalikosta. Mobiililaitteella valikko l\u00f6ytyy oikeasta yl\u00e4kulmasta.<br>Sivustoa p\u00e4ivitet\u00e4\u00e4n syksyn 2026 aikana.<\/p>\n\n\n\n<h2 class=\"wp-block-heading\">Ajankohtaista<\/h2>\n\n\n\n<div id=\"color-banner-block_72ba0f3f60a4c0c6176238fa0511d68c\" class=\"color-banner block-color-banner\">\n    <div class=\"row\">\n\n          <div class=\"col-12 \">\n        <div class=\"block-color-banner__wrapper with-bg-color bg-light-purple \" >\n          <div class=\"row\">\n            <div class=\"col-12 col-sm-9 col-md-8 d-flex justify-content-center align-items-center text-column\" >\n              <div class=\"block-color-banner__column-content star\">\n                <div class=\"text-content star\">\n                  <h2 class=\"h3 mb-4\">Simple English<\/h2>\n                  <p class=\"text-body-large\">Kirkolliset toimitukset yksinkertaisella englannin kielell\u00e4\n<\/p>\n                                      <a class=\"button\" href=\"https:\/\/evl.fi\/plus\/seurakuntaelama\/jumalanpalveluselama\/erikielisia-jumalanpalveluskaavoja\/liturgical-resources-in-english\/#simpleenglish\" target=\"_self\">Simple English<\/a>\n                                  <\/div>\n              <\/div>\n            <\/div>\n            <div class=\"col-12 col-sm-3 col-md-4 bg-icon\">\n              <div class=\"star\">\n              <\/div>\n            <\/div>\n          <\/div>\n        <\/div>\n      <\/div>\n    <!-- end of main color banner -->\n      <\/div>\n<\/div>\n\n\n\n<h3 class=\"wp-block-heading\">Uusia julkaisuja<\/h3>\n\n\n<div id=\"content-lifts-block_857824bbff48b95870d7cbf434eafbd0\" class=\"content-lifts block-content-lifts\">\n    <div class=\"block-content-lifts__wrapper\">\n    <div class=\"row right\">\n      <!-- lifts section -->\n                    <div class=\"col-12 col-md-4\">\n                <div class=\"small-link-collection__lift-column-content d-flex\">\n                  <a class=\"lift-item\" href=\"https:\/\/julkaisut.evl.fi\/catalog\/Tutkimukset%20ja%20julkaisut\/r\/4372\/viewmode=infoview\" target=\"_blank\">\n      <div class=\"image-wrap\">\n      <div class=\"img-external-icon\">\n  <svg width=\"40\" height=\"40\" viewBox=\"0 0 40 40\" fill=\"none\" xmlns=\"http:\/\/www.w3.org\/2000\/svg\">\n    <rect width=\"40\" height=\"40\" rx=\"20\" fill=\"#F5FAFD\" \/>\n    <path d=\"M15.5 12H15V12.5V14V14.5H15.5L23.7354 14.5L12.1464 26.0889L11.7929 26.4425L12.1464 26.7961L13.2039 27.8536L13.5575 28.2071L13.9111 27.8536L25.5 16.2646V24.5V25H26H27.5H28V24.5V12.5V12H27.5L15.5 12Z\" fill=\"#239A54\" stroke=\"#239A54\" \/>\n  <\/svg>\n<\/div>\n      <img decoding=\"async\" src=\"https:\/\/evl.fi\/plus\/wp-content\/uploads\/sites\/3\/2024\/03\/Kollaasi_Kaikissa-vaiheissa.png\" alt=\"\" \/>\n    <\/div>\n  \n      <h3 class=\"lift-item-title h5\">Kaikissa vaiheissa Sin\u00e4 kannat &#8211; uusia rukouksia kirkollisiin toimituksiin<\/h3>\n  \n    \n  <\/a>\n                <\/div>\n              <\/div>\n                                <div class=\"col-12 col-md-4\">\n                <div class=\"small-link-collection__lift-column-content d-flex\">\n                  <a class=\"lift-item\" href=\"https:\/\/julkaisut.evl.fi\/catalog\/Tutkimukset%20ja%20julkaisut\/r\/4358\/viewmode=infoview\/qsr=jumalanpalvelusbarometri\" target=\"_blank\">\n      <div class=\"image-wrap\">\n      <div class=\"img-external-icon\">\n  <svg width=\"40\" height=\"40\" viewBox=\"0 0 40 40\" fill=\"none\" xmlns=\"http:\/\/www.w3.org\/2000\/svg\">\n    <rect width=\"40\" height=\"40\" rx=\"20\" fill=\"#F5FAFD\" \/>\n    <path d=\"M15.5 12H15V12.5V14V14.5H15.5L23.7354 14.5L12.1464 26.0889L11.7929 26.4425L12.1464 26.7961L13.2039 27.8536L13.5575 28.2071L13.9111 27.8536L25.5 16.2646V24.5V25H26H27.5H28V24.5V12.5V12H27.5L15.5 12Z\" fill=\"#239A54\" stroke=\"#239A54\" \/>\n  <\/svg>\n<\/div>\n      <img decoding=\"async\" src=\"https:\/\/evl.fi\/plus\/wp-content\/uploads\/sites\/3\/2023\/07\/MedTxt_karjasillankirkko_408-800x606.jpg\" alt=\"\" \/>\n    <\/div>\n  \n      <h3 class=\"lift-item-title h5\">Kohti merkityksellisyytt\u00e4, kiinni perinteess\u00e4 &#8211; jumalanpalvelusbarometri 2023<\/h3>\n  \n    \n  <\/a>\n                <\/div>\n              <\/div>\n                        \n      <!-- color banner section -->\n      \n      <!-- link collection -->\n      \n      <!-- church year lift -->\n              <div class=\"lift-column col-12 col-md-4\">\n                  <\/div>\n          <\/div>\n  <\/div>\n<\/div>\n\n\n\n<div id=\"color-banner-block_847196c6e2d9cce1e623fa599a430011\" class=\"color-banner block-color-banner\">\n    <div class=\"row\">\n\n          <div class=\"col-12 \">\n        <div class=\"block-color-banner__wrapper\" style=\"background-image: linear-gradient(0deg, rgba(0, 0, 0, 0.2), rgba(0, 0, 0, 0.2)),url('https:\/\/evl.fi\/plus\/wp-content\/uploads\/sites\/3\/2023\/06\/MedTxt_127.jpg'); background-position: 50% 50%\" >\n          <div class=\"row\">\n            <div class=\"col-12 col-sm-9 col-md-8 d-flex justify-content-center align-items-center text-column\" >\n              <div class=\"block-color-banner__column-content star\">\n                <div class=\"text-content star\">\n                  <h2 class=\"h3 mb-4\">Kirkkovuosi polulla<\/h2>\n                  <p class=\"text-body-large\">Aineistokokonaisuus lasten, nuorten ja perheiden jumalanpalvelusel\u00e4m\u00e4\u00e4 varten. Aineisto kattaa l\u00e4hes kaikki kirkkovuoden pyh\u00e4t.\n<\/p>\n                                      <a class=\"button\" href=\"https:\/\/evl.fi\/plus\/seurakuntaelama\/polku-toimintamalli\/kirkkovuosi-polulla\/\" target=\"_self\">Kirkkovuosi polulla<\/a>\n                                  <\/div>\n              <\/div>\n            <\/div>\n            <div class=\"col-12 col-sm-3 col-md-4 bg-icon\">\n              <div class=\"star\">\n              <\/div>\n            <\/div>\n          <\/div>\n        <\/div>\n      <\/div>\n    <!-- end of main color banner -->\n      <\/div>\n<\/div>\n\n\n\n<h2 class=\"wp-block-heading\">Jumalanpalvelusaineistoa<\/h2>\n\n\n\n<p class=\"wp-block-paragraph\"><a href=\"https:\/\/evl.fi\/plus\/seurakuntaelama\/jumalanpalveluselama\/rukouksia-ja-esirukouksia\/\">Rukouksia ja esirukouksia<\/a><br>Rukouksia ja esirukouksia jumalanpalveluksiin, kirkollisiin toimituksiin ja erilaisiin el\u00e4m\u00e4ntilanteisiin. My\u00f6s rauhanrukouksia eri kielill\u00e4.<\/p>\n\n\n\n<p class=\"wp-block-paragraph\"><a href=\"https:\/\/evl.fi\/plus\/seurakuntaelama\/jumalanpalveluselama\/erikielisia-jumalanpalveluskaavoja\/\">Erikielisi\u00e4 jumalanpalveluskaavoja<\/a><br>Messun sis\u00e4lt\u00f6j\u00e4 tiivistettyn\u00e4 eri kielill\u00e4<\/p>\n\n\n\n<p class=\"wp-block-paragraph\"><a href=\"https:\/\/evl.fi\/plus\/seurakuntaelama\/jumalanpalveluselama\/aineistoa-kirkkovuoden-pyhapaiviin\/\">Jumalanpalvelusaineistoa kirkkovuoden pyh\u00e4p\u00e4iviin<\/a><br>Virikeaineistoja voi k\u00e4ytt\u00e4\u00e4 kirkkok\u00e4sikirjan rinnalla.<\/p>\n\n\n\n<p class=\"wp-block-paragraph\"><a href=\"https:\/\/evl.fi\/plus\/yhteiskunta-ja-kirkko\/saavutettavuus-ja-esteettomyys\/saavutettavuus-seurakunnassa\/\">Saavutettavuus<\/a><br>Jumalanpalvelusaineistoa viittomakielell\u00e4, selkokielell\u00e4 ja selkokuvilla sek\u00e4<br>viitotulla puheella ja tukiviittomilla<\/p>\n\n\n\n<p class=\"wp-block-paragraph\"><a href=\"https:\/\/evl.fi\/plus\/hallinto-ja-talous\/tekijanoikeudet\/perustietoa-tekijanoikeuksista\/\">Jumalanpalvelus ja tekij\u00e4noikeudet<\/a><br>Perustietoa tekij\u00e4noikeuksista<\/p>\n\n\n\n<p class=\"wp-block-paragraph\"><a href=\"https:\/\/evl.fi\/plus\/yhteiskunta-ja-kirkko\/kirkon-viestinta\/striimaus-ja-av-sisallot\/helpot-ohjeet-striimiin\/\">Helpot ohjeet striimiin<\/a><br>Ohjeita jumalanpalveluksen striimaamiseen<\/p>\n\n\n\n<div id=\"color-banner-block_69ea36392b289ec5715266d0364a272d\" class=\"color-banner block-color-banner\">\n    <div class=\"row\">\n\n          <div class=\"col-12 \">\n        <div class=\"block-color-banner__wrapper with-bg-color bg-light-purple \" >\n          <div class=\"row\">\n            <div class=\"col-12 col-sm-9 col-md-8 d-flex justify-content-center align-items-center text-column\" >\n              <div class=\"block-color-banner__column-content heart\">\n                <div class=\"text-content heart\">\n                  <h2 class=\"h3 mb-4\">PAX!<\/h2>\n                  <p class=\"text-body-large\">Tilaa jumalanpalveluksen uutiskirje PAX!\n<\/p>\n                                      <a class=\"button\" href=\"https:\/\/evl.creamailer.fi\/subscribe\/1vIzxwqVgjVQn\" target=\"_blank\">Tilaa t\u00e4st\u00e4<\/a>\n                                  <\/div>\n              <\/div>\n            <\/div>\n            <div class=\"col-12 col-sm-3 col-md-4 bg-icon\">\n              <div class=\"heart\">\n              <\/div>\n            <\/div>\n          <\/div>\n        <\/div>\n      <\/div>\n    <!-- end of main color banner -->\n      <\/div>\n<\/div>\n\n\n\n<p class=\"wp-block-paragraph\"><a href=\"http:\/\/kirkkok\u00e4sikirja.fi\" target=\"_blank\" rel=\"noreferrer noopener\">Kirkkok\u00e4sikirja.fi<\/a><br>Jumalanpalvelusten ja kirkollisten toimitusten kaavat ja oppaat<\/p>\n\n\n\n<p class=\"wp-block-paragraph\"><a href=\"http:\/\/virsikirja.\" target=\"_blank\" rel=\"noreferrer noopener\">Virsikirja.fi<\/a><br>Hae virsi\u00e4 numeron, nimen tai virress\u00e4 esiintyv\u00e4n sanan perusteella.<\/p>\n\n\n\n<p class=\"wp-block-paragraph\"><a href=\"https:\/\/julkaisut.evl.fi\/main\/thumbnailview\/qsr=jumalanpalvelus\" target=\"_blank\" rel=\"noreferrer noopener\">Jumalanpalvelusaiheisia Kirkkohallituksen julkaisuja<\/a><br>Osan julkaisuista voi ladata tai tilata veloituksetta. Tarjolla on my\u00f6s maksullisia painotuotteita.<\/p>\n\n\n\n  <div id=\"contact-lift-block_d4af8ee125c1899daeab79a41520fcf7\" class=\"contact-lift d-flex align-items-center \">\n    <div class=\"container\">\n      <div class=\"row\">\n        <div class=\"col-12\">\n                  <\/div>\n      <\/div>\n      <div class=\"row\">\n              <\/div>\n    <\/div>\n  <\/div>\n","protected":false},"excerpt":{"rendered":"<p>Jumalanpalvelus on kirkon tunnusmerkki ja seurakunnan el\u00e4m\u00e4n syd\u00e4n. N\u00e4ilt\u00e4 sivuilta l\u00f6yd\u00e4t tietoa ja virikkeit\u00e4 jumalanpalveluksen valmisteluun sek\u00e4 oikopolkuja suosituimpiin aineistoihin.<\/p>\n","protected":false},"author":23,"featured_media":48057,"parent":159630,"menu_order":4,"comment_status":"closed","ping_status":"closed","template":"template-text-page-sidebar.php","meta":{"_acf_changed":false,"_relevanssi_hide_post":"","_relevanssi_hide_content":"","_relevanssi_pin_for_all":"","_relevanssi_pin_keywords":"","_relevanssi_unpin_keywords":"","_relevanssi_related_keywords":"","_relevanssi_related_include_ids":"","_relevanssi_related_exclude_ids":"","_relevanssi_related_no_append":"","_relevanssi_related_not_related":"","_relevanssi_related_posts":"727,722,719","_relevanssi_noindex_reason":"","footnotes":""},"class_list":["post-40773","page","type-page","status-publish","has-post-thumbnail","hentry"],"acf":[],"yoast_head":"<!-- This site is optimized with the Yoast SEO plugin v28.3 - https:\/\/yoast.com\/product\/yoast-seo-wordpress\/ -->\n<title>Jumalanpalvelusel\u00e4m\u00e4 - EVL Plus<\/title>\n<meta name=\"robots\" content=\"index, follow, max-snippet:-1, max-image-preview:large, max-video-preview:-1\" \/>\n<link rel=\"canonical\" href=\"https:\/\/evl.fi\/plus\/seurakuntaelama\/jumalanpalvelus-ja-hengellisyys\/jumalanpalveluselama\/\" \/>\n<meta property=\"og:locale\" content=\"fi_FI\" \/>\n<meta property=\"og:type\" content=\"article\" \/>\n<meta property=\"og:title\" content=\"Jumalanpalvelusel\u00e4m\u00e4 - EVL Plus\" \/>\n<meta property=\"og:description\" content=\"Jumalanpalvelus on kirkon tunnusmerkki ja seurakunnan el\u00e4m\u00e4n syd\u00e4n. N\u00e4ilt\u00e4 sivuilta l\u00f6yd\u00e4t tietoa ja virikkeit\u00e4 jumalanpalveluksen valmisteluun sek\u00e4 oikopolkuja suosituimpiin aineistoihin.\" \/>\n<meta property=\"og:url\" content=\"https:\/\/evl.fi\/plus\/seurakuntaelama\/jumalanpalvelus-ja-hengellisyys\/jumalanpalveluselama\/\" \/>\n<meta property=\"og:site_name\" content=\"EVL Plus\" \/>\n<meta property=\"article:modified_time\" content=\"2026-08-27T06:29:24+00:00\" \/>\n<meta property=\"og:image\" content=\"https:\/\/evl.fi\/plus\/wp-content\/uploads\/sites\/3\/2023\/05\/MedTxt_34.jpg\" \/>\n\t<meta property=\"og:image:width\" content=\"1240\" \/>\n\t<meta property=\"og:image:height\" content=\"930\" \/>\n\t<meta property=\"og:image:type\" content=\"image\/jpeg\" \/>\n<meta name=\"twitter:card\" content=\"summary_large_image\" \/>\n<meta name=\"twitter:label1\" content=\"Arvioitu lukuaika\" \/>\n\t<meta name=\"twitter:data1\" content=\"2 minuuttia\" \/>\n<script type=\"application\/ld+json\" class=\"yoast-schema-graph\">{\"@context\":\"https:\\\/\\\/schema.org\",\"@graph\":[{\"@type\":\"WebPage\",\"@id\":\"https:\\\/\\\/evl.fi\\\/plus\\\/seurakuntaelama\\\/jumalanpalvelus-ja-hengellisyys\\\/jumalanpalveluselama\\\/\",\"url\":\"https:\\\/\\\/evl.fi\\\/plus\\\/seurakuntaelama\\\/jumalanpalvelus-ja-hengellisyys\\\/jumalanpalveluselama\\\/\",\"name\":\"Jumalanpalvelusel\u00e4m\u00e4 - EVL Plus\",\"isPartOf\":{\"@id\":\"https:\\\/\\\/evl.fi\\\/plus\\\/#website\"},\"primaryImageOfPage\":{\"@id\":\"https:\\\/\\\/evl.fi\\\/plus\\\/seurakuntaelama\\\/jumalanpalvelus-ja-hengellisyys\\\/jumalanpalveluselama\\\/#primaryimage\"},\"image\":{\"@id\":\"https:\\\/\\\/evl.fi\\\/plus\\\/seurakuntaelama\\\/jumalanpalvelus-ja-hengellisyys\\\/jumalanpalveluselama\\\/#primaryimage\"},\"thumbnailUrl\":\"https:\\\/\\\/evl.fi\\\/plus\\\/wp-content\\\/uploads\\\/sites\\\/3\\\/2023\\\/05\\\/MedTxt_34.jpg\",\"datePublished\":\"2023-04-18T12:31:41+00:00\",\"dateModified\":\"2026-08-27T06:29:24+00:00\",\"breadcrumb\":{\"@id\":\"https:\\\/\\\/evl.fi\\\/plus\\\/seurakuntaelama\\\/jumalanpalvelus-ja-hengellisyys\\\/jumalanpalveluselama\\\/#breadcrumb\"},\"inLanguage\":\"fi\",\"potentialAction\":[{\"@type\":\"ReadAction\",\"target\":[\"https:\\\/\\\/evl.fi\\\/plus\\\/seurakuntaelama\\\/jumalanpalvelus-ja-hengellisyys\\\/jumalanpalveluselama\\\/\"]}]},{\"@type\":\"ImageObject\",\"inLanguage\":\"fi\",\"@id\":\"https:\\\/\\\/evl.fi\\\/plus\\\/seurakuntaelama\\\/jumalanpalvelus-ja-hengellisyys\\\/jumalanpalveluselama\\\/#primaryimage\",\"url\":\"https:\\\/\\\/evl.fi\\\/plus\\\/wp-content\\\/uploads\\\/sites\\\/3\\\/2023\\\/05\\\/MedTxt_34.jpg\",\"contentUrl\":\"https:\\\/\\\/evl.fi\\\/plus\\\/wp-content\\\/uploads\\\/sites\\\/3\\\/2023\\\/05\\\/MedTxt_34.jpg\",\"width\":1240,\"height\":930,\"caption\":\"kuvassa pappi, jolla k\u00e4dess\u00e4 ehtoollisleip\u00e4.\"},{\"@type\":\"BreadcrumbList\",\"@id\":\"https:\\\/\\\/evl.fi\\\/plus\\\/seurakuntaelama\\\/jumalanpalvelus-ja-hengellisyys\\\/jumalanpalveluselama\\\/#breadcrumb\",\"itemListElement\":[{\"@type\":\"ListItem\",\"position\":1,\"name\":\"Home\",\"item\":\"https:\\\/\\\/evl.fi\\\/plus\\\/sv\\\/\"},{\"@type\":\"ListItem\",\"position\":2,\"name\":\"Seurakuntael\u00e4m\u00e4\",\"item\":\"https:\\\/\\\/evl.fi\\\/plus\\\/seurakuntaelama\\\/\"},{\"@type\":\"ListItem\",\"position\":3,\"name\":\"Jumalanpalvelus ja hengellisyys\",\"item\":\"https:\\\/\\\/evl.fi\\\/plus\\\/seurakuntaelama\\\/jumalanpalvelus-ja-hengellisyys\\\/\"},{\"@type\":\"ListItem\",\"position\":4,\"name\":\"Jumalanpalvelusel\u00e4m\u00e4\"}]},{\"@type\":\"WebSite\",\"@id\":\"https:\\\/\\\/evl.fi\\\/plus\\\/#website\",\"url\":\"https:\\\/\\\/evl.fi\\\/plus\\\/\",\"name\":\"EVL Plus\",\"description\":\"\",\"potentialAction\":[{\"@type\":\"SearchAction\",\"target\":{\"@type\":\"EntryPoint\",\"urlTemplate\":\"https:\\\/\\\/evl.fi\\\/plus\\\/?s={search_term_string}\"},\"query-input\":{\"@type\":\"PropertyValueSpecification\",\"valueRequired\":true,\"valueName\":\"search_term_string\"}}],\"inLanguage\":\"fi\"}]}<\/script>\n<!-- \/ Yoast SEO plugin. -->","yoast_head_json":{"title":"Jumalanpalvelusel\u00e4m\u00e4 - EVL Plus","robots":{"index":"index","follow":"follow","max-snippet":"max-snippet:-1","max-image-preview":"max-image-preview:large","max-video-preview":"max-video-preview:-1"},"canonical":"https:\/\/evl.fi\/plus\/seurakuntaelama\/jumalanpalvelus-ja-hengellisyys\/jumalanpalveluselama\/","og_locale":"fi_FI","og_type":"article","og_title":"Jumalanpalvelusel\u00e4m\u00e4 - EVL Plus","og_description":"Jumalanpalvelus on kirkon tunnusmerkki ja seurakunnan el\u00e4m\u00e4n syd\u00e4n. N\u00e4ilt\u00e4 sivuilta l\u00f6yd\u00e4t tietoa ja virikkeit\u00e4 jumalanpalveluksen valmisteluun sek\u00e4 oikopolkuja suosituimpiin aineistoihin.","og_url":"https:\/\/evl.fi\/plus\/seurakuntaelama\/jumalanpalvelus-ja-hengellisyys\/jumalanpalveluselama\/","og_site_name":"EVL Plus","article_modified_time":"2026-08-27T06:29:24+00:00","og_image":[{"width":1240,"height":930,"url":"https:\/\/evl.fi\/plus\/wp-content\/uploads\/sites\/3\/2023\/05\/MedTxt_34.jpg","type":"image\/jpeg"}],"twitter_card":"summary_large_image","twitter_misc":{"Arvioitu lukuaika":"2 minuuttia"},"schema":{"@context":"https:\/\/schema.org","@graph":[{"@type":"WebPage","@id":"https:\/\/evl.fi\/plus\/seurakuntaelama\/jumalanpalvelus-ja-hengellisyys\/jumalanpalveluselama\/","url":"https:\/\/evl.fi\/plus\/seurakuntaelama\/jumalanpalvelus-ja-hengellisyys\/jumalanpalveluselama\/","name":"Jumalanpalvelusel\u00e4m\u00e4 - EVL Plus","isPartOf":{"@id":"https:\/\/evl.fi\/plus\/#website"},"primaryImageOfPage":{"@id":"https:\/\/evl.fi\/plus\/seurakuntaelama\/jumalanpalvelus-ja-hengellisyys\/jumalanpalveluselama\/#primaryimage"},"image":{"@id":"https:\/\/evl.fi\/plus\/seurakuntaelama\/jumalanpalvelus-ja-hengellisyys\/jumalanpalveluselama\/#primaryimage"},"thumbnailUrl":"https:\/\/evl.fi\/plus\/wp-content\/uploads\/sites\/3\/2023\/05\/MedTxt_34.jpg","datePublished":"2023-04-18T12:31:41+00:00","dateModified":"2026-08-27T06:29:24+00:00","breadcrumb":{"@id":"https:\/\/evl.fi\/plus\/seurakuntaelama\/jumalanpalvelus-ja-hengellisyys\/jumalanpalveluselama\/#breadcrumb"},"inLanguage":"fi","potentialAction":[{"@type":"ReadAction","target":["https:\/\/evl.fi\/plus\/seurakuntaelama\/jumalanpalvelus-ja-hengellisyys\/jumalanpalveluselama\/"]}]},{"@type":"ImageObject","inLanguage":"fi","@id":"https:\/\/evl.fi\/plus\/seurakuntaelama\/jumalanpalvelus-ja-hengellisyys\/jumalanpalveluselama\/#primaryimage","url":"https:\/\/evl.fi\/plus\/wp-content\/uploads\/sites\/3\/2023\/05\/MedTxt_34.jpg","contentUrl":"https:\/\/evl.fi\/plus\/wp-content\/uploads\/sites\/3\/2023\/05\/MedTxt_34.jpg","width":1240,"height":930,"caption":"kuvassa pappi, jolla k\u00e4dess\u00e4 ehtoollisleip\u00e4."},{"@type":"BreadcrumbList","@id":"https:\/\/evl.fi\/plus\/seurakuntaelama\/jumalanpalvelus-ja-hengellisyys\/jumalanpalveluselama\/#breadcrumb","itemListElement":[{"@type":"ListItem","position":1,"name":"Home","item":"https:\/\/evl.fi\/plus\/sv\/"},{"@type":"ListItem","position":2,"name":"Seurakuntael\u00e4m\u00e4","item":"https:\/\/evl.fi\/plus\/seurakuntaelama\/"},{"@type":"ListItem","position":3,"name":"Jumalanpalvelus ja hengellisyys","item":"https:\/\/evl.fi\/plus\/seurakuntaelama\/jumalanpalvelus-ja-hengellisyys\/"},{"@type":"ListItem","position":4,"name":"Jumalanpalvelusel\u00e4m\u00e4"}]},{"@type":"WebSite","@id":"https:\/\/evl.fi\/plus\/#website","url":"https:\/\/evl.fi\/plus\/","name":"EVL Plus","description":"","potentialAction":[{"@type":"SearchAction","target":{"@type":"EntryPoint","urlTemplate":"https:\/\/evl.fi\/plus\/?s={search_term_string}"},"query-input":{"@type":"PropertyValueSpecification","valueRequired":true,"valueName":"search_term_string"}}],"inLanguage":"fi"}]}},"lang":"fi","translations":{"fi":40773,"sv":39091},"pll_sync_post":{},"_links":{"self":[{"href":"https:\/\/evl.fi\/plus\/wp-json\/wp\/v2\/pages\/40773","targetHints":{"allow":["GET"]}}],"collection":[{"href":"https:\/\/evl.fi\/plus\/wp-json\/wp\/v2\/pages"}],"about":[{"href":"https:\/\/evl.fi\/plus\/wp-json\/wp\/v2\/types\/page"}],"author":[{"embeddable":true,"href":"https:\/\/evl.fi\/plus\/wp-json\/wp\/v2\/users\/23"}],"replies":[{"embeddable":true,"href":"https:\/\/evl.fi\/plus\/wp-json\/wp\/v2\/comments?post=40773"}],"version-history":[{"count":30,"href":"https:\/\/evl.fi\/plus\/wp-json\/wp\/v2\/pages\/40773\/revisions"}],"predecessor-version":[{"id":190895,"href":"https:\/\/evl.fi\/plus\/wp-json\/wp\/v2\/pages\/40773\/revisions\/190895"}],"up":[{"embeddable":true,"href":"https:\/\/evl.fi\/plus\/wp-json\/wp\/v2\/pages\/159630"}],"wp:featuredmedia":[{"embeddable":true,"href":"https:\/\/evl.fi\/plus\/wp-json\/wp\/v2\/media\/48057"}],"wp:attachment":[{"href":"https:\/\/evl.fi\/plus\/wp-json\/wp\/v2\/media?parent=40773"}],"curies":[{"name":"wp","href":"https:\/\/api.w.org\/{rel}","templated":true}]}}