{"id":40382,"date":"2023-04-17T12:20:48","date_gmt":"2023-04-17T09:20:48","guid":{"rendered":"https:\/\/evl.fi\/plus\/?page_id=40382"},"modified":"2025-04-30T23:24:01","modified_gmt":"2025-04-30T20:24:01","slug":"kirkon-john-vikstrom-liikkuttajapalkinto","status":"publish","type":"page","link":"https:\/\/evl.fi\/plus\/seurakuntaelama\/lapset-nuoret-ja-aikuiset\/kasvatus\/kirkon-liikunta-ja-urheiluyhteistyo\/kirkon-john-vikstrom-liikkuttajapalkinto\/","title":{"rendered":"Kirkon John Vikstr\u00f6m -liikuttajapalkinto"},"content":{"rendered":"\n<p class=\"wp-block-paragraph\">Liikkeen v\u00e4hentyminen on suuri kansallinen haaste. Seurakunnat ovat vahvistaneet viime vuosina liikkeen merkityst\u00e4 kaikessa toiminnassaan. Varsinkin nuorisoty\u00f6 ja varhaiskasvatus on kehitt\u00e4nyt ja tehnyt entist\u00e4 tavoitteellisemmaksi liikkumista yhteyden ja hyvinvoinnin lis\u00e4\u00e4j\u00e4n\u00e4. <\/p>\n\n\n\n<p class=\"wp-block-paragraph\">Yksi tapa liikkeen merkityksen korostamiselle on tuoda n\u00e4kyv\u00e4ksi hyvi\u00e4 esimerkkej\u00e4. T\u00e4st\u00e4 syyst\u00e4 jaetaan Kirkon John Vikstr\u00f6m -liikuttajapalkintoa.  <\/p>\n\n\n\n<h5 class=\"wp-block-heading\"><\/h5>\n\n\n\n<div id=\"accordion-block_3786279cbc192ca760e231ddd414b3a3\" class=\"accordion block-accordion\">\n    <div class=\"block-accordion__accordions\">\n      <\/div>\n<\/div>\n\n\n\n<h2 class=\"wp-block-heading\">Palkinnon s\u00e4\u00e4nn\u00f6t<\/h2>\n\n\n\n<p class=\"wp-block-paragraph\"><br>1 \u00a7 Kirkkohallituksen t\u00e4ysistunto my\u00f6nt\u00e4\u00e4 joka toinen vuosi kirkkohallituksen perustaman<br>Kirkon John Vikstr\u00f6m -liikuttajapalkinnon.<br>2 \u00a7 Palkinto voidaan my\u00f6nt\u00e4\u00e4 henkil\u00f6lle tai yhteis\u00f6lle.<br>3 \u00a7 Ehdotuksia palkinnon saajaksi voivat tehd\u00e4 sek\u00e4 yksitt\u00e4iset henkil\u00f6t ett\u00e4 yhteis\u00f6t.<br>Ehdotukset l\u00e4hetet\u00e4\u00e4n Kirkkohallitukseen. Kirkkohallituksen t\u00e4ysistunto voi my\u00f6nt\u00e4\u00e4<br>palkinnon my\u00f6s ilman ulkopuolelta tullutta ehdotusta.<br>4 \u00a7 Kirkon liikunta- ja urheiluneuvottelukunta valmistelee esityksen kirkon John Vikstr\u00f6m &#8211;<br>liikuttajapalkinnonsaajasta.<br>5 \u00a7 Palkinnon my\u00f6nt\u00e4misess\u00e4 kiinnitet\u00e4\u00e4n huomioita erityisesti:<\/p>\n\n\n\n<p class=\"wp-block-paragraph\">Eettisten arvojen edist\u00e4minen liikunnassa ja urheilussa, Kirkon liikunta- ja urheiluyhteisty\u00f6n edist\u00e4minen, inhimillisyytt\u00e4 ja ihmisen arvoa edist\u00e4v\u00e4, pitk\u00e4j\u00e4nteinen ty\u00f6 tai uusi innovaatio<br>liikunnassa, ulkopuolisuuden ehk\u00e4isy liikunnan ja urheilun keinoin.<br>6 \u00a7 Palkinnon saajalle annetaan palkintopokaali ja 2500 euron rahapalkinto<\/p>\n\n\n\n<ol class=\"wp-block-list\">\n<li><\/li>\n<\/ol>\n\n\n\n<figure class=\"wp-block-image size-full\"><img loading=\"lazy\" decoding=\"async\" width=\"722\" height=\"925\" src=\"https:\/\/evl.fi\/plus\/wp-content\/uploads\/sites\/3\/2023\/05\/image.png\" alt=\"\" class=\"wp-image-45662\" srcset=\"https:\/\/evl.fi\/plus\/wp-content\/uploads\/sites\/3\/2023\/05\/image.png 722w, https:\/\/evl.fi\/plus\/wp-content\/uploads\/sites\/3\/2023\/05\/image-234x300.png 234w\" sizes=\"auto, (max-width: 722px) 100vw, 722px\" \/><\/figure>\n\n\n\n<h2 class=\"wp-block-heading\">Palkitut:<\/h2>\n\n\n\n<ul class=\"wp-block-list\">\n<li>2023 Pyhiinvaellushanke, <a href=\"https:\/\/evl.fi\/tiedote\/john-vikstrom-liikuttajapalkinto-pyhiinvaellushankkeelle\/\">John Vikstr\u00f6m -liikuttajapalkinto Pyhiinvaellushankkeelle &#8211; Evl.fi<\/a><\/li>\n\n\n\n<li>2022 Alppila Basket, <a href=\"https:\/\/evl.fi\/plus\/seurakuntaelama\/kasvatus\/kirkon-liikunta-ja-urheiluyhteistyo\/kirkon-john-vikstrom-liikkuttajapalkinto\/\">John Vikstr\u00f6m -liikuttajapalkinto koripalloseura Alppila Basketille &#8211; evl.fi<\/a><\/li>\n\n\n\n<li>2021 Ulla Hautam\u00e4ki,&nbsp;<a href=\"https:\/\/www.youtube.com\/watch?v=RmjLVqeXDzw\" target=\"_blank\" rel=\"noreferrer noopener\">Kirkon John Vikstr\u00f6m- liikuttajapalkinnon voittaja 2021 Ulla Hautam\u00e4ki &#8211; YouTube<\/a><\/li>\n\n\n\n<li>2020 Aira Samulin,&nbsp;<a href=\"https:\/\/evl.fi\/uutishuone\/tiedotearkisto\/-\/items\/item\/37203\/Vuoden+2020+John+Vikstrom+-liikuttajapalkinto+myonnettiin+Aira+Samulinille\">Vuoden 2020 John Vikstr\u00f6m -liikuttajapalkinto my\u00f6nnettiin Aira Samulinille &#8211; evl.fi<\/a>&nbsp;<a href=\"https:\/\/areena.yle.fi\/1-50688775?autoplay=true\" target=\"_blank\" rel=\"noreferrer noopener\">Inka Henelius | Puoli seitsem\u00e4n | TV | Areena | yle.fi<\/a><\/li>\n\n\n\n<li>2019 Jalkapallojoukkue Joensuun JIPPO&nbsp;<a href=\"https:\/\/evl.fi\/uutishuone\/tiedotearkisto\/-\/items\/item\/30201\/Vuoden+2019+John+Vikstrom+-liikuttajapalkinto+jalkapalloseura+Jipolle+Tekoja-kampanjasta\">Vuoden 2019 John Vikstr\u00f6m -liikuttajapalkinto jalkapalloseura Jipolle Tekoja-kampanjasta &#8211; evl.fi<\/a><\/li>\n\n\n\n<li>2018 J\u00e4\u00e4kiekkoseura HC TPS (Varsinais-Suomen Urheilugaala)&nbsp;&#8211;&nbsp;<a href=\"https:\/\/evl.fi\/uutishuone\/tiedotearkisto\/-\/items\/item\/25703\/Vuoden+2018+John+Vikstrom+-liikuttajapalkinto+jaakiekkoseuralle\">kirkon tiedote<\/a>&nbsp;&amp;&nbsp;<a href=\"http:\/\/hc.tps.fi\/uutiset\/ajankohtaista\/tpslle-kunniaa-kiitosta-ja-kehuja\/\" target=\"_blank\" rel=\"noreferrer noopener\">TPS:n uutinen<\/a><\/li>\n\n\n\n<li>2017 Y\u00f6koripallo-toiminta (Kirkon kasvatuksen p\u00e4ivill\u00e4)&nbsp;&#8211;&nbsp;<a href=\"https:\/\/www.hnmky.fi\/helsingin-nmky\/yhdistys\/huomionosoitukset\" target=\"_blank\" rel=\"noreferrer noopener\">HNMKY:n uutinen<\/a><\/li>\n\n\n\n<li>2016 Iin seurakunnan liikunta- ja leikkipuisto (Pohjois-Pohjanmaan urheilugaalassa)<\/li>\n\n\n\n<li>2015 PEACE UNITED &#8211; rauhanty\u00f6t\u00e4 jalkapallon avulla. Palkinto jaettiin Suomen Urheilugaalassa 12.1.2016<\/li>\n\n\n\n<li>2014&nbsp; Staffetkarnevalen<\/li>\n\n\n\n<li>2013 Pertti Alaja<\/li>\n\n\n\n<li>2012 Jari Koskinen, Ari Santaharju, Teuvo V. Riikonen (Gloria Patri -jalkapalloty\u00f6st\u00e4)<\/li>\n<\/ul>\n\n\n\n<div id=\"color-banner-block_9a88327342a105a500f6d6144582c1e2\" class=\"color-banner block-color-banner\">\n    <div class=\"row\">\n\n          <div class=\"col-12 \">\n        <div class=\"block-color-banner__wrapper\" style=\"background-image: linear-gradient(0deg, rgba(0, 0, 0, 0.4), rgba(0, 0, 0, 0.4)),url('https:\/\/evl.fi\/plus\/wp-content\/uploads\/sites\/3\/2023\/06\/Hero_117.jpg'); background-position: 50% 50%\" >\n          <div class=\"row\">\n            <div class=\"col-12 col-sm-9 col-md-8 d-flex justify-content-center align-items-center text-column\" >\n              <div class=\"block-color-banner__column-content heart\">\n                <div class=\"text-content heart\">\n                  <h2 class=\"h3 mb-4\">Liikkuva seurakunta<\/h2>\n                  <p class=\"text-body-large\">Seurakuntia varten on seurakunnissa luotu\u00a0Liikkuva seurakunta -toimintamalli, jota saa &#8221;avoimella l\u00e4hdekoodilla&#8221; vapaasti k\u00e4ytt\u00e4\u00e4.\n<\/p>\n                                      <a class=\"button\" href=\"http:\/\/www.liikkuvaseurakunta.fi\" target=\"_self\">Liikkuva seurakunta <\/a>\n                                  <\/div>\n              <\/div>\n            <\/div>\n            <div class=\"col-12 col-sm-3 col-md-4 bg-icon\">\n              <div class=\"heart\">\n              <\/div>\n            <\/div>\n          <\/div>\n        <\/div>\n      <\/div>\n    <!-- end of main color banner -->\n      <\/div>\n<\/div>\n\n\n\n  <div id=\"contact-lift-block_ff12dceb3b8877cf00501cba4def206b\" class=\"contact-lift d-flex align-items-center \">\n    <div class=\"container\">\n      <div class=\"row\">\n        <div class=\"col-12\">\n                  <\/div>\n      <\/div>\n      <div class=\"row\">\n              <\/div>\n    <\/div>\n  <\/div>\n","protected":false},"excerpt":{"rendered":"<p>Liikkeen v\u00e4hentyminen on suuri kansallinen haaste. Seurakunnat ovat vahvistaneet viime vuosina liikkeen merkityst\u00e4 kaikessa toiminnassaan. Varsinkin nuorisoty\u00f6 ja varhaiskasvatus on kehitt\u00e4nyt ja tehnyt entist\u00e4 tavoitteellisemmaksi liikkumista yhteyden ja hyvinvoinnin lis\u00e4\u00e4j\u00e4n\u00e4. Yksi tapa liikkeen merkityksen korostamiselle on tuoda n\u00e4kyv\u00e4ksi hyvi\u00e4 esimerkkej\u00e4. T\u00e4st\u00e4 syyst\u00e4 jaetaan Kirkon John Vikstr\u00f6m -liikuttajapalkintoa. Palkinnon s\u00e4\u00e4nn\u00f6t 1 \u00a7 Kirkkohallituksen t\u00e4ysistunto my\u00f6nt\u00e4\u00e4 joka [&hellip;]<\/p>\n","protected":false},"author":23,"featured_media":37641,"parent":40343,"menu_order":6,"comment_status":"closed","ping_status":"closed","template":"template-text-page-sidebar.php","meta":{"_acf_changed":false,"_relevanssi_hide_post":"","_relevanssi_hide_content":"","_relevanssi_pin_for_all":"","_relevanssi_pin_keywords":"","_relevanssi_unpin_keywords":"","_relevanssi_related_keywords":"","_relevanssi_related_include_ids":"","_relevanssi_related_exclude_ids":"","_relevanssi_related_no_append":"","_relevanssi_related_not_related":"","_relevanssi_related_posts":"727,722,719","_relevanssi_noindex_reason":"","footnotes":""},"class_list":["post-40382","page","type-page","status-publish","has-post-thumbnail","hentry"],"acf":[],"yoast_head":"<!-- This site is optimized with the Yoast SEO plugin v28.3 - https:\/\/yoast.com\/product\/yoast-seo-wordpress\/ -->\n<title>Kirkon John Vikstr\u00f6m -liikuttajapalkinto - EVL Plus<\/title>\n<meta name=\"robots\" content=\"index, follow, max-snippet:-1, max-image-preview:large, max-video-preview:-1\" \/>\n<link rel=\"canonical\" href=\"https:\/\/evl.fi\/plus\/seurakuntaelama\/lapset-nuoret-ja-aikuiset\/kasvatus\/kirkon-liikunta-ja-urheiluyhteistyo\/kirkon-john-vikstrom-liikkuttajapalkinto\/\" \/>\n<meta property=\"og:locale\" content=\"fi_FI\" \/>\n<meta property=\"og:type\" content=\"article\" \/>\n<meta property=\"og:title\" content=\"Kirkon John Vikstr\u00f6m -liikuttajapalkinto - EVL Plus\" \/>\n<meta property=\"og:description\" content=\"Liikkeen v\u00e4hentyminen on suuri kansallinen haaste. Seurakunnat ovat vahvistaneet viime vuosina liikkeen merkityst\u00e4 kaikessa toiminnassaan. Varsinkin nuorisoty\u00f6 ja varhaiskasvatus on kehitt\u00e4nyt ja tehnyt entist\u00e4 tavoitteellisemmaksi liikkumista yhteyden ja hyvinvoinnin lis\u00e4\u00e4j\u00e4n\u00e4. Yksi tapa liikkeen merkityksen korostamiselle on tuoda n\u00e4kyv\u00e4ksi hyvi\u00e4 esimerkkej\u00e4. T\u00e4st\u00e4 syyst\u00e4 jaetaan Kirkon John Vikstr\u00f6m -liikuttajapalkintoa. Palkinnon s\u00e4\u00e4nn\u00f6t 1 \u00a7 Kirkkohallituksen t\u00e4ysistunto my\u00f6nt\u00e4\u00e4 joka [&hellip;]\" \/>\n<meta property=\"og:url\" content=\"https:\/\/evl.fi\/plus\/seurakuntaelama\/lapset-nuoret-ja-aikuiset\/kasvatus\/kirkon-liikunta-ja-urheiluyhteistyo\/kirkon-john-vikstrom-liikkuttajapalkinto\/\" \/>\n<meta property=\"og:site_name\" content=\"EVL Plus\" \/>\n<meta property=\"article:modified_time\" content=\"2025-04-30T20:24:01+00:00\" \/>\n<meta property=\"og:image\" content=\"https:\/\/evl.fi\/plus\/wp-content\/uploads\/sites\/3\/2023\/04\/bg.jpg\" \/>\n\t<meta property=\"og:image:width\" content=\"1865\" \/>\n\t<meta property=\"og:image:height\" content=\"820\" \/>\n\t<meta property=\"og:image:type\" content=\"image\/jpeg\" \/>\n<meta name=\"twitter:card\" content=\"summary_large_image\" \/>\n<meta name=\"twitter:label1\" content=\"Arvioitu lukuaika\" \/>\n\t<meta name=\"twitter:data1\" content=\"3 minuuttia\" \/>\n<script type=\"application\/ld+json\" class=\"yoast-schema-graph\">{\"@context\":\"https:\\\/\\\/schema.org\",\"@graph\":[{\"@type\":\"WebPage\",\"@id\":\"https:\\\/\\\/evl.fi\\\/plus\\\/seurakuntaelama\\\/lapset-nuoret-ja-aikuiset\\\/kasvatus\\\/kirkon-liikunta-ja-urheiluyhteistyo\\\/kirkon-john-vikstrom-liikkuttajapalkinto\\\/\",\"url\":\"https:\\\/\\\/evl.fi\\\/plus\\\/seurakuntaelama\\\/lapset-nuoret-ja-aikuiset\\\/kasvatus\\\/kirkon-liikunta-ja-urheiluyhteistyo\\\/kirkon-john-vikstrom-liikkuttajapalkinto\\\/\",\"name\":\"Kirkon John Vikstr\u00f6m -liikuttajapalkinto - EVL Plus\",\"isPartOf\":{\"@id\":\"https:\\\/\\\/evl.fi\\\/plus\\\/#website\"},\"primaryImageOfPage\":{\"@id\":\"https:\\\/\\\/evl.fi\\\/plus\\\/seurakuntaelama\\\/lapset-nuoret-ja-aikuiset\\\/kasvatus\\\/kirkon-liikunta-ja-urheiluyhteistyo\\\/kirkon-john-vikstrom-liikkuttajapalkinto\\\/#primaryimage\"},\"image\":{\"@id\":\"https:\\\/\\\/evl.fi\\\/plus\\\/seurakuntaelama\\\/lapset-nuoret-ja-aikuiset\\\/kasvatus\\\/kirkon-liikunta-ja-urheiluyhteistyo\\\/kirkon-john-vikstrom-liikkuttajapalkinto\\\/#primaryimage\"},\"thumbnailUrl\":\"https:\\\/\\\/evl.fi\\\/plus\\\/wp-content\\\/uploads\\\/sites\\\/3\\\/2023\\\/04\\\/bg.jpg\",\"datePublished\":\"2023-04-17T09:20:48+00:00\",\"dateModified\":\"2025-04-30T20:24:01+00:00\",\"breadcrumb\":{\"@id\":\"https:\\\/\\\/evl.fi\\\/plus\\\/seurakuntaelama\\\/lapset-nuoret-ja-aikuiset\\\/kasvatus\\\/kirkon-liikunta-ja-urheiluyhteistyo\\\/kirkon-john-vikstrom-liikkuttajapalkinto\\\/#breadcrumb\"},\"inLanguage\":\"fi\",\"potentialAction\":[{\"@type\":\"ReadAction\",\"target\":[\"https:\\\/\\\/evl.fi\\\/plus\\\/seurakuntaelama\\\/lapset-nuoret-ja-aikuiset\\\/kasvatus\\\/kirkon-liikunta-ja-urheiluyhteistyo\\\/kirkon-john-vikstrom-liikkuttajapalkinto\\\/\"]}]},{\"@type\":\"ImageObject\",\"inLanguage\":\"fi\",\"@id\":\"https:\\\/\\\/evl.fi\\\/plus\\\/seurakuntaelama\\\/lapset-nuoret-ja-aikuiset\\\/kasvatus\\\/kirkon-liikunta-ja-urheiluyhteistyo\\\/kirkon-john-vikstrom-liikkuttajapalkinto\\\/#primaryimage\",\"url\":\"https:\\\/\\\/evl.fi\\\/plus\\\/wp-content\\\/uploads\\\/sites\\\/3\\\/2023\\\/04\\\/bg.jpg\",\"contentUrl\":\"https:\\\/\\\/evl.fi\\\/plus\\\/wp-content\\\/uploads\\\/sites\\\/3\\\/2023\\\/04\\\/bg.jpg\",\"width\":1865,\"height\":820,\"caption\":\"Ihmisi\u00e4 helsingiss\u00e4.\"},{\"@type\":\"BreadcrumbList\",\"@id\":\"https:\\\/\\\/evl.fi\\\/plus\\\/seurakuntaelama\\\/lapset-nuoret-ja-aikuiset\\\/kasvatus\\\/kirkon-liikunta-ja-urheiluyhteistyo\\\/kirkon-john-vikstrom-liikkuttajapalkinto\\\/#breadcrumb\",\"itemListElement\":[{\"@type\":\"ListItem\",\"position\":1,\"name\":\"Home\",\"item\":\"https:\\\/\\\/evl.fi\\\/plus\\\/sv\\\/\"},{\"@type\":\"ListItem\",\"position\":2,\"name\":\"Seurakuntael\u00e4m\u00e4\",\"item\":\"https:\\\/\\\/evl.fi\\\/plus\\\/seurakuntaelama\\\/\"},{\"@type\":\"ListItem\",\"position\":3,\"name\":\"Lapset, nuoret ja aikuiset\",\"item\":\"https:\\\/\\\/evl.fi\\\/plus\\\/seurakuntaelama\\\/lapset-nuoret-ja-aikuiset\\\/\"},{\"@type\":\"ListItem\",\"position\":4,\"name\":\"Kasvatus\",\"item\":\"https:\\\/\\\/evl.fi\\\/plus\\\/seurakuntaelama\\\/lapset-nuoret-ja-aikuiset\\\/kasvatus\\\/\"},{\"@type\":\"ListItem\",\"position\":5,\"name\":\"Kirkon liikunta- ja urheiluyhteisty\u00f6\",\"item\":\"https:\\\/\\\/evl.fi\\\/plus\\\/seurakuntaelama\\\/lapset-nuoret-ja-aikuiset\\\/kasvatus\\\/kirkon-liikunta-ja-urheiluyhteistyo\\\/\"},{\"@type\":\"ListItem\",\"position\":6,\"name\":\"Kirkon John Vikstr\u00f6m -liikuttajapalkinto\"}]},{\"@type\":\"WebSite\",\"@id\":\"https:\\\/\\\/evl.fi\\\/plus\\\/#website\",\"url\":\"https:\\\/\\\/evl.fi\\\/plus\\\/\",\"name\":\"EVL Plus\",\"description\":\"\",\"potentialAction\":[{\"@type\":\"SearchAction\",\"target\":{\"@type\":\"EntryPoint\",\"urlTemplate\":\"https:\\\/\\\/evl.fi\\\/plus\\\/?s={search_term_string}\"},\"query-input\":{\"@type\":\"PropertyValueSpecification\",\"valueRequired\":true,\"valueName\":\"search_term_string\"}}],\"inLanguage\":\"fi\"}]}<\/script>\n<!-- \/ Yoast SEO plugin. -->","yoast_head_json":{"title":"Kirkon John Vikstr\u00f6m -liikuttajapalkinto - EVL Plus","robots":{"index":"index","follow":"follow","max-snippet":"max-snippet:-1","max-image-preview":"max-image-preview:large","max-video-preview":"max-video-preview:-1"},"canonical":"https:\/\/evl.fi\/plus\/seurakuntaelama\/lapset-nuoret-ja-aikuiset\/kasvatus\/kirkon-liikunta-ja-urheiluyhteistyo\/kirkon-john-vikstrom-liikkuttajapalkinto\/","og_locale":"fi_FI","og_type":"article","og_title":"Kirkon John Vikstr\u00f6m -liikuttajapalkinto - EVL Plus","og_description":"Liikkeen v\u00e4hentyminen on suuri kansallinen haaste. Seurakunnat ovat vahvistaneet viime vuosina liikkeen merkityst\u00e4 kaikessa toiminnassaan. Varsinkin nuorisoty\u00f6 ja varhaiskasvatus on kehitt\u00e4nyt ja tehnyt entist\u00e4 tavoitteellisemmaksi liikkumista yhteyden ja hyvinvoinnin lis\u00e4\u00e4j\u00e4n\u00e4. Yksi tapa liikkeen merkityksen korostamiselle on tuoda n\u00e4kyv\u00e4ksi hyvi\u00e4 esimerkkej\u00e4. T\u00e4st\u00e4 syyst\u00e4 jaetaan Kirkon John Vikstr\u00f6m -liikuttajapalkintoa. Palkinnon s\u00e4\u00e4nn\u00f6t 1 \u00a7 Kirkkohallituksen t\u00e4ysistunto my\u00f6nt\u00e4\u00e4 joka [&hellip;]","og_url":"https:\/\/evl.fi\/plus\/seurakuntaelama\/lapset-nuoret-ja-aikuiset\/kasvatus\/kirkon-liikunta-ja-urheiluyhteistyo\/kirkon-john-vikstrom-liikkuttajapalkinto\/","og_site_name":"EVL Plus","article_modified_time":"2025-04-30T20:24:01+00:00","og_image":[{"width":1865,"height":820,"url":"https:\/\/evl.fi\/plus\/wp-content\/uploads\/sites\/3\/2023\/04\/bg.jpg","type":"image\/jpeg"}],"twitter_card":"summary_large_image","twitter_misc":{"Arvioitu lukuaika":"3 minuuttia"},"schema":{"@context":"https:\/\/schema.org","@graph":[{"@type":"WebPage","@id":"https:\/\/evl.fi\/plus\/seurakuntaelama\/lapset-nuoret-ja-aikuiset\/kasvatus\/kirkon-liikunta-ja-urheiluyhteistyo\/kirkon-john-vikstrom-liikkuttajapalkinto\/","url":"https:\/\/evl.fi\/plus\/seurakuntaelama\/lapset-nuoret-ja-aikuiset\/kasvatus\/kirkon-liikunta-ja-urheiluyhteistyo\/kirkon-john-vikstrom-liikkuttajapalkinto\/","name":"Kirkon John Vikstr\u00f6m -liikuttajapalkinto - EVL Plus","isPartOf":{"@id":"https:\/\/evl.fi\/plus\/#website"},"primaryImageOfPage":{"@id":"https:\/\/evl.fi\/plus\/seurakuntaelama\/lapset-nuoret-ja-aikuiset\/kasvatus\/kirkon-liikunta-ja-urheiluyhteistyo\/kirkon-john-vikstrom-liikkuttajapalkinto\/#primaryimage"},"image":{"@id":"https:\/\/evl.fi\/plus\/seurakuntaelama\/lapset-nuoret-ja-aikuiset\/kasvatus\/kirkon-liikunta-ja-urheiluyhteistyo\/kirkon-john-vikstrom-liikkuttajapalkinto\/#primaryimage"},"thumbnailUrl":"https:\/\/evl.fi\/plus\/wp-content\/uploads\/sites\/3\/2023\/04\/bg.jpg","datePublished":"2023-04-17T09:20:48+00:00","dateModified":"2025-04-30T20:24:01+00:00","breadcrumb":{"@id":"https:\/\/evl.fi\/plus\/seurakuntaelama\/lapset-nuoret-ja-aikuiset\/kasvatus\/kirkon-liikunta-ja-urheiluyhteistyo\/kirkon-john-vikstrom-liikkuttajapalkinto\/#breadcrumb"},"inLanguage":"fi","potentialAction":[{"@type":"ReadAction","target":["https:\/\/evl.fi\/plus\/seurakuntaelama\/lapset-nuoret-ja-aikuiset\/kasvatus\/kirkon-liikunta-ja-urheiluyhteistyo\/kirkon-john-vikstrom-liikkuttajapalkinto\/"]}]},{"@type":"ImageObject","inLanguage":"fi","@id":"https:\/\/evl.fi\/plus\/seurakuntaelama\/lapset-nuoret-ja-aikuiset\/kasvatus\/kirkon-liikunta-ja-urheiluyhteistyo\/kirkon-john-vikstrom-liikkuttajapalkinto\/#primaryimage","url":"https:\/\/evl.fi\/plus\/wp-content\/uploads\/sites\/3\/2023\/04\/bg.jpg","contentUrl":"https:\/\/evl.fi\/plus\/wp-content\/uploads\/sites\/3\/2023\/04\/bg.jpg","width":1865,"height":820,"caption":"Ihmisi\u00e4 helsingiss\u00e4."},{"@type":"BreadcrumbList","@id":"https:\/\/evl.fi\/plus\/seurakuntaelama\/lapset-nuoret-ja-aikuiset\/kasvatus\/kirkon-liikunta-ja-urheiluyhteistyo\/kirkon-john-vikstrom-liikkuttajapalkinto\/#breadcrumb","itemListElement":[{"@type":"ListItem","position":1,"name":"Home","item":"https:\/\/evl.fi\/plus\/sv\/"},{"@type":"ListItem","position":2,"name":"Seurakuntael\u00e4m\u00e4","item":"https:\/\/evl.fi\/plus\/seurakuntaelama\/"},{"@type":"ListItem","position":3,"name":"Lapset, nuoret ja aikuiset","item":"https:\/\/evl.fi\/plus\/seurakuntaelama\/lapset-nuoret-ja-aikuiset\/"},{"@type":"ListItem","position":4,"name":"Kasvatus","item":"https:\/\/evl.fi\/plus\/seurakuntaelama\/lapset-nuoret-ja-aikuiset\/kasvatus\/"},{"@type":"ListItem","position":5,"name":"Kirkon liikunta- ja urheiluyhteisty\u00f6","item":"https:\/\/evl.fi\/plus\/seurakuntaelama\/lapset-nuoret-ja-aikuiset\/kasvatus\/kirkon-liikunta-ja-urheiluyhteistyo\/"},{"@type":"ListItem","position":6,"name":"Kirkon John Vikstr\u00f6m -liikuttajapalkinto"}]},{"@type":"WebSite","@id":"https:\/\/evl.fi\/plus\/#website","url":"https:\/\/evl.fi\/plus\/","name":"EVL Plus","description":"","potentialAction":[{"@type":"SearchAction","target":{"@type":"EntryPoint","urlTemplate":"https:\/\/evl.fi\/plus\/?s={search_term_string}"},"query-input":{"@type":"PropertyValueSpecification","valueRequired":true,"valueName":"search_term_string"}}],"inLanguage":"fi"}]}},"lang":"fi","translations":{"fi":40382,"sv":165667},"pll_sync_post":{},"_links":{"self":[{"href":"https:\/\/evl.fi\/plus\/wp-json\/wp\/v2\/pages\/40382","targetHints":{"allow":["GET"]}}],"collection":[{"href":"https:\/\/evl.fi\/plus\/wp-json\/wp\/v2\/pages"}],"about":[{"href":"https:\/\/evl.fi\/plus\/wp-json\/wp\/v2\/types\/page"}],"author":[{"embeddable":true,"href":"https:\/\/evl.fi\/plus\/wp-json\/wp\/v2\/users\/23"}],"replies":[{"embeddable":true,"href":"https:\/\/evl.fi\/plus\/wp-json\/wp\/v2\/comments?post=40382"}],"version-history":[{"count":26,"href":"https:\/\/evl.fi\/plus\/wp-json\/wp\/v2\/pages\/40382\/revisions"}],"predecessor-version":[{"id":162093,"href":"https:\/\/evl.fi\/plus\/wp-json\/wp\/v2\/pages\/40382\/revisions\/162093"}],"up":[{"embeddable":true,"href":"https:\/\/evl.fi\/plus\/wp-json\/wp\/v2\/pages\/40343"}],"wp:attachment":[{"href":"https:\/\/evl.fi\/plus\/wp-json\/wp\/v2\/media?parent=40382"}],"curies":[{"name":"wp","href":"https:\/\/api.w.org\/{rel}","templated":true}]}}