{"id":39592,"date":"2023-04-14T10:41:03","date_gmt":"2023-04-14T07:41:03","guid":{"rendered":"https:\/\/evl.fi\/plus\/?page_id=39592"},"modified":"2025-11-24T15:14:32","modified_gmt":"2025-11-24T13:14:32","slug":"kirkon-viestinnan-esittely","status":"publish","type":"page","link":"https:\/\/evl.fi\/plus\/yhteiskunta-ja-kirkko\/kirkon-viestinta\/kirkon-viestinnan-esittely\/","title":{"rendered":"Kirkon viestinn\u00e4n esittely"},"content":{"rendered":"\n<p class=\"wp-block-paragraph\">Kirkkohallituksen Kirkon viestint\u00e4 -yksikk\u00f6 hoitaa Suomen evankelis-luterilaisen kirkon valtakunnallista viestint\u00e4\u00e4. <a href=\"https:\/\/evl.fi\/plus\/yhteiskunta-ja-kirkko\/kirkon-viestinta\/kirkon-viestintaohjelma-2023\/\">Viestint\u00e4ohjelmamme<\/a> perustuu kirkon <a href=\"https:\/\/evl.fi\/plus\/hallinto-ja-talous\/strategiat\/ovet-auki-kirkon-strategia-2026\/\">Ovet auki -strategiaan<\/a>. Kirkon viestint\u00e4 edist\u00e4\u00e4\u202fuskon, toivon ja rakkauden toteutumista kirkossa ja muualla yhteiskunnassa. Kirkon viestint\u00e4 hoitaa ja kehitt\u00e4\u00e4 kirkon\u202fyhteist\u00e4 viestint\u00e4\u00e4 ja tukee seurakuntia ja muita kirkon toimijoita viestinn\u00e4ss\u00e4\u00e4n.<\/p>\n\n\n\n<p class=\"wp-block-paragraph\">Kirkon viestint\u00e4\u00e4 johtaa <strong>viestint\u00e4johtaja<\/strong>, joka yksik\u00f6n johtamisen lis\u00e4ksi vastaa strategisesta viestinn\u00e4st\u00e4. Yksi viestint\u00e4johtajan t\u00e4rkeimmist\u00e4 teht\u00e4vist\u00e4 kirkossa on kehitt\u00e4\u00e4 ymm\u00e4rryst\u00e4 siit\u00e4, millainen voimavara kirkon evankeliumin levitt\u00e4misess\u00e4 viestint\u00e4 voi olla. <\/p>\n\n\n\n<p class=\"wp-block-paragraph\">Nykyaikainen viestint\u00e4 on strateginen toiminto, joka l\u00e4pileikkaa kaiken toiminnan. Toimintaa ja viestint\u00e4\u00e4 ei voi erottaa toisistaan.<\/p>\n\n\n\n<h2 class=\"wp-block-heading\">Kirkon viestint\u00e4 koostuu kolmesta yksik\u00f6st\u00e4:<\/h2>\n\n\n\n<p class=\"wp-block-paragraph\"><strong>Kehitys ja verkko -yksik\u00f6ss\u00e4<\/strong> on kahdeksan ty\u00f6ntekij\u00e4\u00e4. Yksikk\u00f6 yll\u00e4pit\u00e4\u00e4 ja kehitt\u00e4\u00e4 seurakuntien Lukkari-verkkoalustaa sek\u00e4 useita kirkon yhteisi\u00e4 verkkosivustoja, kuten evl.fi:t\u00e4, kirkon ty\u00f6ntekij\u00f6iden intraneti\u00e4 Sakastia, kirkkovuosikalenteria, virsikirja.fi:t\u00e4 ja hiippakuntasivustoja. Yksik\u00f6n teht\u00e4viin kuuluu my\u00f6s kokonaiskirkon digitalisaatioon liittyvi\u00e4 kehitysteht\u00e4vi\u00e4, esimerkkin\u00e4 j\u00e4senviestinn\u00e4n kehitt\u00e4misen selvitys ja mobiilikolehdin pilotointi. Yksikk\u00f6 vastaa my\u00f6s viestinn\u00e4llisist\u00e4 tutkimuksista.<\/p>\n\n\n\n<p class=\"wp-block-paragraph\"><strong>Ohjelmatuotannot-yksik\u00f6ss\u00e4<\/strong> ty\u00f6skentelee seitsem\u00e4n henkil\u00f6\u00e4. He tekev\u00e4t ty\u00f6t\u00e4 Ylen hartaustuotantojen parissa. N\u00e4ill\u00e4 ohjelmilla on ohjelmapaikkoja Yle TV1:n ja Yle Radio 1:n kanavilla n. 900 vuodessa: radiossa aamu- ja iltahartaudet ja jumalanpalvelukset sek\u00e4 televisiossa jumalanpalvelukset. Hartausohjelmia tavoittavat p\u00e4ivitt\u00e4in yli 100 000 kuuntelijaa tai katselijaa.<\/p>\n\n\n\n<p class=\"wp-block-paragraph\"><strong>Viestint\u00e4palvelut-yksik\u00f6ss\u00e4<\/strong> ty\u00f6skentelee seitsem\u00e4n henkil\u00f6\u00e4. Yksik\u00f6n teht\u00e4v\u00e4n\u00e4 on koordinoida ja kehitt\u00e4\u00e4 kirkon valtakunnallista viestint\u00e4\u00e4. Yksik\u00f6n vastuulla ovat valtakunnallinen mediayhteisty\u00f6 sek\u00e4 valtakunnalliset somekanavat. Teht\u00e4viin kuuluu my\u00f6s tuomiokapitulien ja seurakuntien viestint\u00e4tuki, jonka merkitys korostuu erityisesti kriisiviestint\u00e4tilanteissa. Lis\u00e4ksi yksikk\u00f6 hoitaa hallinto- ja p\u00e4\u00e4t\u00f6sviestint\u00e4\u00e4 sek\u00e4 Kirkkohallituksen ty\u00f6yhteis\u00f6viestint\u00e4\u00e4 ja sen kehitt\u00e4mist\u00e4. Ty\u00f6ntekij\u00e4t vastaavat my\u00f6s verkkosivuston kautta tulevaan kansalaispalautteeseen.<\/p>\n\n\n\n  <div id=\"contact-lift-block_d10e1a1447971ef1692afa80092cae00\" class=\"contact-lift d-flex align-items-center \">\n    <div class=\"container\">\n      <div class=\"row\">\n        <div class=\"col-12\">\n                  <\/div>\n      <\/div>\n      <div class=\"row\">\n              <\/div>\n    <\/div>\n  <\/div>\n\n\n\n<p class=\"wp-block-paragraph\"><\/p>\n","protected":false},"excerpt":{"rendered":"<p>Kirkkohallituksen Kirkon viestint\u00e4 -yksikk\u00f6 hoitaa Suomen evankelis-luterilaisen kirkon valtakunnallista viestint\u00e4\u00e4. Viestint\u00e4ohjelmamme perustuu kirkon Ovet auki -strategiaan. Kirkon viestint\u00e4 edist\u00e4\u00e4\u202fuskon, toivon ja rakkauden toteutumista kirkossa ja muualla yhteiskunnassa. Kirkon viestint\u00e4 hoitaa ja kehitt\u00e4\u00e4 kirkon\u202fyhteist\u00e4 viestint\u00e4\u00e4 ja tukee seurakuntia ja muita kirkon toimijoita viestinn\u00e4ss\u00e4\u00e4n. Kirkon viestint\u00e4\u00e4 johtaa viestint\u00e4johtaja, joka yksik\u00f6n johtamisen lis\u00e4ksi vastaa strategisesta viestinn\u00e4st\u00e4. Yksi viestint\u00e4johtajan [&hellip;]<\/p>\n","protected":false},"author":26,"featured_media":37641,"parent":39589,"menu_order":0,"comment_status":"closed","ping_status":"closed","template":"template-text-page-sidebar.php","meta":{"_acf_changed":false,"_relevanssi_hide_post":"","_relevanssi_hide_content":"","_relevanssi_pin_for_all":"","_relevanssi_pin_keywords":"","_relevanssi_unpin_keywords":"","_relevanssi_related_keywords":"","_relevanssi_related_include_ids":"","_relevanssi_related_exclude_ids":"","_relevanssi_related_no_append":"","_relevanssi_related_not_related":"","_relevanssi_related_posts":"727,722,719","_relevanssi_noindex_reason":"","footnotes":""},"class_list":["post-39592","page","type-page","status-publish","has-post-thumbnail","hentry"],"acf":[],"yoast_head":"<!-- This site is optimized with the Yoast SEO plugin v28.3 - https:\/\/yoast.com\/product\/yoast-seo-wordpress\/ -->\n<title>Kirkon viestinn\u00e4n esittely - EVL Plus<\/title>\n<meta name=\"description\" content=\"Kirkkohallituksen Kirkon viestint\u00e4 -yksikk\u00f6 hoitaa Suomen evankelis-luterilaisen kirkon valtakunnallista viestint\u00e4\u00e4.\" \/>\n<meta name=\"robots\" content=\"index, follow, max-snippet:-1, max-image-preview:large, max-video-preview:-1\" \/>\n<link rel=\"canonical\" href=\"https:\/\/evl.fi\/plus\/yhteiskunta-ja-kirkko\/kirkon-viestinta\/kirkon-viestinnan-esittely\/\" \/>\n<meta property=\"og:locale\" content=\"fi_FI\" \/>\n<meta property=\"og:type\" content=\"article\" \/>\n<meta property=\"og:title\" content=\"Kirkon viestinn\u00e4n esittely - EVL Plus\" \/>\n<meta property=\"og:description\" content=\"Kirkkohallituksen Kirkon viestint\u00e4 -yksikk\u00f6 hoitaa Suomen evankelis-luterilaisen kirkon valtakunnallista viestint\u00e4\u00e4.\" \/>\n<meta property=\"og:url\" content=\"https:\/\/evl.fi\/plus\/yhteiskunta-ja-kirkko\/kirkon-viestinta\/kirkon-viestinnan-esittely\/\" \/>\n<meta property=\"og:site_name\" content=\"EVL Plus\" \/>\n<meta property=\"article:modified_time\" content=\"2025-11-24T13:14:32+00:00\" \/>\n<meta property=\"og:image\" content=\"https:\/\/evl.fi\/plus\/wp-content\/uploads\/sites\/3\/2023\/04\/bg.jpg\" \/>\n\t<meta property=\"og:image:width\" content=\"1865\" \/>\n\t<meta property=\"og:image:height\" content=\"820\" \/>\n\t<meta property=\"og:image:type\" content=\"image\/jpeg\" \/>\n<meta name=\"twitter:card\" content=\"summary_large_image\" \/>\n<meta name=\"twitter:label1\" content=\"Arvioitu lukuaika\" \/>\n\t<meta name=\"twitter:data1\" content=\"2 minuuttia\" \/>\n<script type=\"application\/ld+json\" class=\"yoast-schema-graph\">{\"@context\":\"https:\\\/\\\/schema.org\",\"@graph\":[{\"@type\":\"WebPage\",\"@id\":\"https:\\\/\\\/evl.fi\\\/plus\\\/yhteiskunta-ja-kirkko\\\/kirkon-viestinta\\\/kirkon-viestinnan-esittely\\\/\",\"url\":\"https:\\\/\\\/evl.fi\\\/plus\\\/yhteiskunta-ja-kirkko\\\/kirkon-viestinta\\\/kirkon-viestinnan-esittely\\\/\",\"name\":\"Kirkon viestinn\u00e4n esittely - EVL Plus\",\"isPartOf\":{\"@id\":\"https:\\\/\\\/evl.fi\\\/plus\\\/#website\"},\"primaryImageOfPage\":{\"@id\":\"https:\\\/\\\/evl.fi\\\/plus\\\/yhteiskunta-ja-kirkko\\\/kirkon-viestinta\\\/kirkon-viestinnan-esittely\\\/#primaryimage\"},\"image\":{\"@id\":\"https:\\\/\\\/evl.fi\\\/plus\\\/yhteiskunta-ja-kirkko\\\/kirkon-viestinta\\\/kirkon-viestinnan-esittely\\\/#primaryimage\"},\"thumbnailUrl\":\"https:\\\/\\\/evl.fi\\\/plus\\\/wp-content\\\/uploads\\\/sites\\\/3\\\/2023\\\/04\\\/bg.jpg\",\"datePublished\":\"2023-04-14T07:41:03+00:00\",\"dateModified\":\"2025-11-24T13:14:32+00:00\",\"description\":\"Kirkkohallituksen Kirkon viestint\u00e4 -yksikk\u00f6 hoitaa Suomen evankelis-luterilaisen kirkon valtakunnallista viestint\u00e4\u00e4.\",\"breadcrumb\":{\"@id\":\"https:\\\/\\\/evl.fi\\\/plus\\\/yhteiskunta-ja-kirkko\\\/kirkon-viestinta\\\/kirkon-viestinnan-esittely\\\/#breadcrumb\"},\"inLanguage\":\"fi\",\"potentialAction\":[{\"@type\":\"ReadAction\",\"target\":[\"https:\\\/\\\/evl.fi\\\/plus\\\/yhteiskunta-ja-kirkko\\\/kirkon-viestinta\\\/kirkon-viestinnan-esittely\\\/\"]}]},{\"@type\":\"ImageObject\",\"inLanguage\":\"fi\",\"@id\":\"https:\\\/\\\/evl.fi\\\/plus\\\/yhteiskunta-ja-kirkko\\\/kirkon-viestinta\\\/kirkon-viestinnan-esittely\\\/#primaryimage\",\"url\":\"https:\\\/\\\/evl.fi\\\/plus\\\/wp-content\\\/uploads\\\/sites\\\/3\\\/2023\\\/04\\\/bg.jpg\",\"contentUrl\":\"https:\\\/\\\/evl.fi\\\/plus\\\/wp-content\\\/uploads\\\/sites\\\/3\\\/2023\\\/04\\\/bg.jpg\",\"width\":1865,\"height\":820,\"caption\":\"Ihmisi\u00e4 helsingiss\u00e4.\"},{\"@type\":\"BreadcrumbList\",\"@id\":\"https:\\\/\\\/evl.fi\\\/plus\\\/yhteiskunta-ja-kirkko\\\/kirkon-viestinta\\\/kirkon-viestinnan-esittely\\\/#breadcrumb\",\"itemListElement\":[{\"@type\":\"ListItem\",\"position\":1,\"name\":\"Home\",\"item\":\"https:\\\/\\\/evl.fi\\\/plus\\\/sv\\\/\"},{\"@type\":\"ListItem\",\"position\":2,\"name\":\"Yhteiskunta ja kirkko\",\"item\":\"https:\\\/\\\/evl.fi\\\/plus\\\/yhteiskunta-ja-kirkko\\\/\"},{\"@type\":\"ListItem\",\"position\":3,\"name\":\"Kirkon viestint\u00e4\",\"item\":\"https:\\\/\\\/evl.fi\\\/plus\\\/yhteiskunta-ja-kirkko\\\/kirkon-viestinta\\\/\"},{\"@type\":\"ListItem\",\"position\":4,\"name\":\"Kirkon viestinn\u00e4n esittely\"}]},{\"@type\":\"WebSite\",\"@id\":\"https:\\\/\\\/evl.fi\\\/plus\\\/#website\",\"url\":\"https:\\\/\\\/evl.fi\\\/plus\\\/\",\"name\":\"EVL Plus\",\"description\":\"\",\"potentialAction\":[{\"@type\":\"SearchAction\",\"target\":{\"@type\":\"EntryPoint\",\"urlTemplate\":\"https:\\\/\\\/evl.fi\\\/plus\\\/?s={search_term_string}\"},\"query-input\":{\"@type\":\"PropertyValueSpecification\",\"valueRequired\":true,\"valueName\":\"search_term_string\"}}],\"inLanguage\":\"fi\"}]}<\/script>\n<!-- \/ Yoast SEO plugin. -->","yoast_head_json":{"title":"Kirkon viestinn\u00e4n esittely - EVL Plus","description":"Kirkkohallituksen Kirkon viestint\u00e4 -yksikk\u00f6 hoitaa Suomen evankelis-luterilaisen kirkon valtakunnallista viestint\u00e4\u00e4.","robots":{"index":"index","follow":"follow","max-snippet":"max-snippet:-1","max-image-preview":"max-image-preview:large","max-video-preview":"max-video-preview:-1"},"canonical":"https:\/\/evl.fi\/plus\/yhteiskunta-ja-kirkko\/kirkon-viestinta\/kirkon-viestinnan-esittely\/","og_locale":"fi_FI","og_type":"article","og_title":"Kirkon viestinn\u00e4n esittely - EVL Plus","og_description":"Kirkkohallituksen Kirkon viestint\u00e4 -yksikk\u00f6 hoitaa Suomen evankelis-luterilaisen kirkon valtakunnallista viestint\u00e4\u00e4.","og_url":"https:\/\/evl.fi\/plus\/yhteiskunta-ja-kirkko\/kirkon-viestinta\/kirkon-viestinnan-esittely\/","og_site_name":"EVL Plus","article_modified_time":"2025-11-24T13:14:32+00:00","og_image":[{"width":1865,"height":820,"url":"https:\/\/evl.fi\/plus\/wp-content\/uploads\/sites\/3\/2023\/04\/bg.jpg","type":"image\/jpeg"}],"twitter_card":"summary_large_image","twitter_misc":{"Arvioitu lukuaika":"2 minuuttia"},"schema":{"@context":"https:\/\/schema.org","@graph":[{"@type":"WebPage","@id":"https:\/\/evl.fi\/plus\/yhteiskunta-ja-kirkko\/kirkon-viestinta\/kirkon-viestinnan-esittely\/","url":"https:\/\/evl.fi\/plus\/yhteiskunta-ja-kirkko\/kirkon-viestinta\/kirkon-viestinnan-esittely\/","name":"Kirkon viestinn\u00e4n esittely - EVL Plus","isPartOf":{"@id":"https:\/\/evl.fi\/plus\/#website"},"primaryImageOfPage":{"@id":"https:\/\/evl.fi\/plus\/yhteiskunta-ja-kirkko\/kirkon-viestinta\/kirkon-viestinnan-esittely\/#primaryimage"},"image":{"@id":"https:\/\/evl.fi\/plus\/yhteiskunta-ja-kirkko\/kirkon-viestinta\/kirkon-viestinnan-esittely\/#primaryimage"},"thumbnailUrl":"https:\/\/evl.fi\/plus\/wp-content\/uploads\/sites\/3\/2023\/04\/bg.jpg","datePublished":"2023-04-14T07:41:03+00:00","dateModified":"2025-11-24T13:14:32+00:00","description":"Kirkkohallituksen Kirkon viestint\u00e4 -yksikk\u00f6 hoitaa Suomen evankelis-luterilaisen kirkon valtakunnallista viestint\u00e4\u00e4.","breadcrumb":{"@id":"https:\/\/evl.fi\/plus\/yhteiskunta-ja-kirkko\/kirkon-viestinta\/kirkon-viestinnan-esittely\/#breadcrumb"},"inLanguage":"fi","potentialAction":[{"@type":"ReadAction","target":["https:\/\/evl.fi\/plus\/yhteiskunta-ja-kirkko\/kirkon-viestinta\/kirkon-viestinnan-esittely\/"]}]},{"@type":"ImageObject","inLanguage":"fi","@id":"https:\/\/evl.fi\/plus\/yhteiskunta-ja-kirkko\/kirkon-viestinta\/kirkon-viestinnan-esittely\/#primaryimage","url":"https:\/\/evl.fi\/plus\/wp-content\/uploads\/sites\/3\/2023\/04\/bg.jpg","contentUrl":"https:\/\/evl.fi\/plus\/wp-content\/uploads\/sites\/3\/2023\/04\/bg.jpg","width":1865,"height":820,"caption":"Ihmisi\u00e4 helsingiss\u00e4."},{"@type":"BreadcrumbList","@id":"https:\/\/evl.fi\/plus\/yhteiskunta-ja-kirkko\/kirkon-viestinta\/kirkon-viestinnan-esittely\/#breadcrumb","itemListElement":[{"@type":"ListItem","position":1,"name":"Home","item":"https:\/\/evl.fi\/plus\/sv\/"},{"@type":"ListItem","position":2,"name":"Yhteiskunta ja kirkko","item":"https:\/\/evl.fi\/plus\/yhteiskunta-ja-kirkko\/"},{"@type":"ListItem","position":3,"name":"Kirkon viestint\u00e4","item":"https:\/\/evl.fi\/plus\/yhteiskunta-ja-kirkko\/kirkon-viestinta\/"},{"@type":"ListItem","position":4,"name":"Kirkon viestinn\u00e4n esittely"}]},{"@type":"WebSite","@id":"https:\/\/evl.fi\/plus\/#website","url":"https:\/\/evl.fi\/plus\/","name":"EVL Plus","description":"","potentialAction":[{"@type":"SearchAction","target":{"@type":"EntryPoint","urlTemplate":"https:\/\/evl.fi\/plus\/?s={search_term_string}"},"query-input":{"@type":"PropertyValueSpecification","valueRequired":true,"valueName":"search_term_string"}}],"inLanguage":"fi"}]}},"lang":"fi","translations":{"fi":39592},"pll_sync_post":{},"_links":{"self":[{"href":"https:\/\/evl.fi\/plus\/wp-json\/wp\/v2\/pages\/39592","targetHints":{"allow":["GET"]}}],"collection":[{"href":"https:\/\/evl.fi\/plus\/wp-json\/wp\/v2\/pages"}],"about":[{"href":"https:\/\/evl.fi\/plus\/wp-json\/wp\/v2\/types\/page"}],"author":[{"embeddable":true,"href":"https:\/\/evl.fi\/plus\/wp-json\/wp\/v2\/users\/26"}],"replies":[{"embeddable":true,"href":"https:\/\/evl.fi\/plus\/wp-json\/wp\/v2\/comments?post=39592"}],"version-history":[{"count":18,"href":"https:\/\/evl.fi\/plus\/wp-json\/wp\/v2\/pages\/39592\/revisions"}],"predecessor-version":[{"id":177459,"href":"https:\/\/evl.fi\/plus\/wp-json\/wp\/v2\/pages\/39592\/revisions\/177459"}],"up":[{"embeddable":true,"href":"https:\/\/evl.fi\/plus\/wp-json\/wp\/v2\/pages\/39589"}],"wp:attachment":[{"href":"https:\/\/evl.fi\/plus\/wp-json\/wp\/v2\/media?parent=39592"}],"curies":[{"name":"wp","href":"https:\/\/api.w.org\/{rel}","templated":true}]}}