{"id":39570,"date":"2023-04-14T10:26:20","date_gmt":"2023-04-14T07:26:20","guid":{"rendered":"https:\/\/evl.fi\/plus\/?page_id=39570"},"modified":"2024-07-15T16:33:39","modified_gmt":"2024-07-15T13:33:39","slug":"selkokieliset-paivan-rukoukset-webinaari","status":"publish","type":"page","link":"https:\/\/evl.fi\/plus\/yhteiskunta-ja-kirkko\/saavutettavuus-ja-esteettomyys\/tapahtumat-ja-tapahtumatallenteet\/selkokieliset-paivan-rukoukset-webinaari\/","title":{"rendered":"Selkokieliset p\u00e4iv\u00e4n rukoukset -webinaari"},"content":{"rendered":"\n<p class=\"wp-block-paragraph\">Kirkkohallitus j\u00e4rjesti kaikille avoimen webinaarin selkokielisist\u00e4 p\u00e4iv\u00e4n rukouksista 27.5.2021. Webinaarin tallennne l\u00f6ytyy t\u00e4lt\u00e4 sivulta.<br><br><a href=\"https:\/\/evl.fi\/documents\/1327140\/39227522\/kirkkovuoden_selkorukoukset.pdf\/3bc599b4-0671-3a80-5ed7-89bc6f4fdbad?t=1619686118202\" target=\"_blank\" rel=\"noreferrer noopener\">Selkokieliset p\u00e4iv\u00e4n rukoukset<\/a>, t\u00e4h\u00e4n tiedostoon on koottu kaikki selkokieliset p\u00e4iv\u00e4n rukoukset. Ne l\u00f6ytyv\u00e4t kirkon selkokielisen verkkosivuston <a href=\"https:\/\/selko.evl.fi\/jumalanpalvelus-ja-kirkkovuosi\/\" target=\"_blank\" rel=\"noreferrer noopener\">Kirkkovuosi ja jumalanpalvelus -osiosta<\/a>.<\/p>\n\n\n\n<figure class=\"wp-block-embed is-type-video is-provider-youtube wp-block-embed-youtube wp-embed-aspect-16-9 wp-has-aspect-ratio\"><div class=\"wp-block-embed__wrapper\">\n<iframe title=\"Selkokieliset p\u00e4iv\u00e4n rukoukset webinaarin tallenne.\" width=\"500\" height=\"281\" data-cookieconsent=\"marketing\" data-cookieblock-src=\"https:\/\/www.youtube.com\/embed\/6K-JCjsR30I?feature=oembed\" frameborder=\"0\" allow=\"accelerometer; autoplay; clipboard-write; encrypted-media; gyroscope; picture-in-picture; web-share\" referrerpolicy=\"strict-origin-when-cross-origin\" allowfullscreen><\/iframe>\n<\/div><div class=\"block-embed__cookie-notice--wrapper cookieconsent-optout-marketing\"><div class=\"block-embed__cookie-notice--text\"><p>Oho! T\u00e4m\u00e4 YouTube-upotus ei n\u00e4y, koska et ole hyv\u00e4ksynyt markkinointiev\u00e4steit\u00e4. <a href=\"javascript:Cookiebot.renew()\">Hyv\u00e4ksy markkinointiev\u00e4steet<\/a>.<\/p><\/div><\/div><\/figure>\n\n\n\n  <div id=\"contact-lift-block_a00d0a5554de0453829566e7f325ec28\" class=\"contact-lift d-flex align-items-center \">\n    <div class=\"container\">\n      <div class=\"row\">\n        <div class=\"col-12\">\n                  <\/div>\n      <\/div>\n      <div class=\"row\">\n              <\/div>\n    <\/div>\n  <\/div>\n","protected":false},"excerpt":{"rendered":"<p>Kirkkohallitus j\u00e4rjesti kaikille avoimen webinaarin selkokielisist\u00e4 p\u00e4iv\u00e4n rukouksista 27.5.2021. Webinaarin tallennne l\u00f6ytyy t\u00e4lt\u00e4 sivulta. Selkokieliset p\u00e4iv\u00e4n rukoukset, t\u00e4h\u00e4n tiedostoon on koottu kaikki selkokieliset p\u00e4iv\u00e4n rukoukset. Ne l\u00f6ytyv\u00e4t kirkon selkokielisen verkkosivuston Kirkkovuosi ja jumalanpalvelus -osiosta.<\/p>\n","protected":false},"author":26,"featured_media":37641,"parent":39562,"menu_order":1,"comment_status":"closed","ping_status":"closed","template":"template-text-page-sidebar.php","meta":{"_acf_changed":false,"_relevanssi_hide_post":"","_relevanssi_hide_content":"","_relevanssi_pin_for_all":"","_relevanssi_pin_keywords":"","_relevanssi_unpin_keywords":"","_relevanssi_related_keywords":"","_relevanssi_related_include_ids":"","_relevanssi_related_exclude_ids":"","_relevanssi_related_no_append":"","_relevanssi_related_not_related":"","_relevanssi_related_posts":"727,722,719","_relevanssi_noindex_reason":"","footnotes":""},"class_list":["post-39570","page","type-page","status-publish","has-post-thumbnail","hentry"],"acf":[],"yoast_head":"<!-- This site is optimized with the Yoast SEO plugin v28.3 - https:\/\/yoast.com\/product\/yoast-seo-wordpress\/ -->\n<title>Selkokieliset p\u00e4iv\u00e4n rukoukset -webinaari - EVL Plus<\/title>\n<meta name=\"description\" content=\"Tallenne 27.5.2021 pidetyst\u00e4 Selkokieliset p\u00e4iv\u00e4n rukoukset -webinaarista, jossa esiteltiin selkokielisi\u00e4 rukousmateriaaleja.\" \/>\n<meta name=\"robots\" content=\"index, follow, max-snippet:-1, max-image-preview:large, max-video-preview:-1\" \/>\n<link rel=\"canonical\" href=\"https:\/\/evl.fi\/plus\/yhteiskunta-ja-kirkko\/saavutettavuus-ja-esteettomyys\/tapahtumat-ja-tapahtumatallenteet\/selkokieliset-paivan-rukoukset-webinaari\/\" \/>\n<meta property=\"og:locale\" content=\"fi_FI\" \/>\n<meta property=\"og:type\" content=\"article\" \/>\n<meta property=\"og:title\" content=\"Selkokieliset p\u00e4iv\u00e4n rukoukset -webinaari - EVL Plus\" \/>\n<meta property=\"og:description\" content=\"Tallenne 27.5.2021 pidetyst\u00e4 Selkokieliset p\u00e4iv\u00e4n rukoukset -webinaarista, jossa esiteltiin selkokielisi\u00e4 rukousmateriaaleja.\" \/>\n<meta property=\"og:url\" content=\"https:\/\/evl.fi\/plus\/yhteiskunta-ja-kirkko\/saavutettavuus-ja-esteettomyys\/tapahtumat-ja-tapahtumatallenteet\/selkokieliset-paivan-rukoukset-webinaari\/\" \/>\n<meta property=\"og:site_name\" content=\"EVL Plus\" \/>\n<meta property=\"article:modified_time\" content=\"2024-07-15T13:33:39+00:00\" \/>\n<meta property=\"og:image\" content=\"https:\/\/evl.fi\/plus\/wp-content\/uploads\/sites\/3\/2023\/04\/bg.jpg\" \/>\n\t<meta property=\"og:image:width\" content=\"1865\" \/>\n\t<meta property=\"og:image:height\" content=\"820\" \/>\n\t<meta property=\"og:image:type\" content=\"image\/jpeg\" \/>\n<meta name=\"twitter:card\" content=\"summary_large_image\" \/>\n<meta name=\"twitter:label1\" content=\"Arvioitu lukuaika\" \/>\n\t<meta name=\"twitter:data1\" content=\"1 minuutti\" \/>\n<script type=\"application\/ld+json\" class=\"yoast-schema-graph\">{\"@context\":\"https:\\\/\\\/schema.org\",\"@graph\":[{\"@type\":\"WebPage\",\"@id\":\"https:\\\/\\\/evl.fi\\\/plus\\\/yhteiskunta-ja-kirkko\\\/saavutettavuus-ja-esteettomyys\\\/tapahtumat-ja-tapahtumatallenteet\\\/selkokieliset-paivan-rukoukset-webinaari\\\/\",\"url\":\"https:\\\/\\\/evl.fi\\\/plus\\\/yhteiskunta-ja-kirkko\\\/saavutettavuus-ja-esteettomyys\\\/tapahtumat-ja-tapahtumatallenteet\\\/selkokieliset-paivan-rukoukset-webinaari\\\/\",\"name\":\"Selkokieliset p\u00e4iv\u00e4n rukoukset -webinaari - EVL Plus\",\"isPartOf\":{\"@id\":\"https:\\\/\\\/evl.fi\\\/plus\\\/#website\"},\"primaryImageOfPage\":{\"@id\":\"https:\\\/\\\/evl.fi\\\/plus\\\/yhteiskunta-ja-kirkko\\\/saavutettavuus-ja-esteettomyys\\\/tapahtumat-ja-tapahtumatallenteet\\\/selkokieliset-paivan-rukoukset-webinaari\\\/#primaryimage\"},\"image\":{\"@id\":\"https:\\\/\\\/evl.fi\\\/plus\\\/yhteiskunta-ja-kirkko\\\/saavutettavuus-ja-esteettomyys\\\/tapahtumat-ja-tapahtumatallenteet\\\/selkokieliset-paivan-rukoukset-webinaari\\\/#primaryimage\"},\"thumbnailUrl\":\"https:\\\/\\\/evl.fi\\\/plus\\\/wp-content\\\/uploads\\\/sites\\\/3\\\/2023\\\/04\\\/bg.jpg\",\"datePublished\":\"2023-04-14T07:26:20+00:00\",\"dateModified\":\"2024-07-15T13:33:39+00:00\",\"description\":\"Tallenne 27.5.2021 pidetyst\u00e4 Selkokieliset p\u00e4iv\u00e4n rukoukset -webinaarista, jossa esiteltiin selkokielisi\u00e4 rukousmateriaaleja.\",\"breadcrumb\":{\"@id\":\"https:\\\/\\\/evl.fi\\\/plus\\\/yhteiskunta-ja-kirkko\\\/saavutettavuus-ja-esteettomyys\\\/tapahtumat-ja-tapahtumatallenteet\\\/selkokieliset-paivan-rukoukset-webinaari\\\/#breadcrumb\"},\"inLanguage\":\"fi\",\"potentialAction\":[{\"@type\":\"ReadAction\",\"target\":[\"https:\\\/\\\/evl.fi\\\/plus\\\/yhteiskunta-ja-kirkko\\\/saavutettavuus-ja-esteettomyys\\\/tapahtumat-ja-tapahtumatallenteet\\\/selkokieliset-paivan-rukoukset-webinaari\\\/\"]}]},{\"@type\":\"ImageObject\",\"inLanguage\":\"fi\",\"@id\":\"https:\\\/\\\/evl.fi\\\/plus\\\/yhteiskunta-ja-kirkko\\\/saavutettavuus-ja-esteettomyys\\\/tapahtumat-ja-tapahtumatallenteet\\\/selkokieliset-paivan-rukoukset-webinaari\\\/#primaryimage\",\"url\":\"https:\\\/\\\/evl.fi\\\/plus\\\/wp-content\\\/uploads\\\/sites\\\/3\\\/2023\\\/04\\\/bg.jpg\",\"contentUrl\":\"https:\\\/\\\/evl.fi\\\/plus\\\/wp-content\\\/uploads\\\/sites\\\/3\\\/2023\\\/04\\\/bg.jpg\",\"width\":1865,\"height\":820,\"caption\":\"Ihmisi\u00e4 helsingiss\u00e4.\"},{\"@type\":\"BreadcrumbList\",\"@id\":\"https:\\\/\\\/evl.fi\\\/plus\\\/yhteiskunta-ja-kirkko\\\/saavutettavuus-ja-esteettomyys\\\/tapahtumat-ja-tapahtumatallenteet\\\/selkokieliset-paivan-rukoukset-webinaari\\\/#breadcrumb\",\"itemListElement\":[{\"@type\":\"ListItem\",\"position\":1,\"name\":\"Home\",\"item\":\"https:\\\/\\\/evl.fi\\\/plus\\\/sv\\\/\"},{\"@type\":\"ListItem\",\"position\":2,\"name\":\"Yhteiskunta ja kirkko\",\"item\":\"https:\\\/\\\/evl.fi\\\/plus\\\/yhteiskunta-ja-kirkko\\\/\"},{\"@type\":\"ListItem\",\"position\":3,\"name\":\"Saavutettavuus ja esteett\u00f6myys\",\"item\":\"https:\\\/\\\/evl.fi\\\/plus\\\/yhteiskunta-ja-kirkko\\\/saavutettavuus-ja-esteettomyys\\\/\"},{\"@type\":\"ListItem\",\"position\":4,\"name\":\"Kirkon saavutettavuustapahtumat ja tapahtumatallenteet\",\"item\":\"https:\\\/\\\/evl.fi\\\/plus\\\/yhteiskunta-ja-kirkko\\\/saavutettavuus-ja-esteettomyys\\\/tapahtumat-ja-tapahtumatallenteet\\\/\"},{\"@type\":\"ListItem\",\"position\":5,\"name\":\"Selkokieliset p\u00e4iv\u00e4n rukoukset -webinaari\"}]},{\"@type\":\"WebSite\",\"@id\":\"https:\\\/\\\/evl.fi\\\/plus\\\/#website\",\"url\":\"https:\\\/\\\/evl.fi\\\/plus\\\/\",\"name\":\"EVL Plus\",\"description\":\"\",\"potentialAction\":[{\"@type\":\"SearchAction\",\"target\":{\"@type\":\"EntryPoint\",\"urlTemplate\":\"https:\\\/\\\/evl.fi\\\/plus\\\/?s={search_term_string}\"},\"query-input\":{\"@type\":\"PropertyValueSpecification\",\"valueRequired\":true,\"valueName\":\"search_term_string\"}}],\"inLanguage\":\"fi\"}]}<\/script>\n<!-- \/ Yoast SEO plugin. -->","yoast_head_json":{"title":"Selkokieliset p\u00e4iv\u00e4n rukoukset -webinaari - EVL Plus","description":"Tallenne 27.5.2021 pidetyst\u00e4 Selkokieliset p\u00e4iv\u00e4n rukoukset -webinaarista, jossa esiteltiin selkokielisi\u00e4 rukousmateriaaleja.","robots":{"index":"index","follow":"follow","max-snippet":"max-snippet:-1","max-image-preview":"max-image-preview:large","max-video-preview":"max-video-preview:-1"},"canonical":"https:\/\/evl.fi\/plus\/yhteiskunta-ja-kirkko\/saavutettavuus-ja-esteettomyys\/tapahtumat-ja-tapahtumatallenteet\/selkokieliset-paivan-rukoukset-webinaari\/","og_locale":"fi_FI","og_type":"article","og_title":"Selkokieliset p\u00e4iv\u00e4n rukoukset -webinaari - EVL Plus","og_description":"Tallenne 27.5.2021 pidetyst\u00e4 Selkokieliset p\u00e4iv\u00e4n rukoukset -webinaarista, jossa esiteltiin selkokielisi\u00e4 rukousmateriaaleja.","og_url":"https:\/\/evl.fi\/plus\/yhteiskunta-ja-kirkko\/saavutettavuus-ja-esteettomyys\/tapahtumat-ja-tapahtumatallenteet\/selkokieliset-paivan-rukoukset-webinaari\/","og_site_name":"EVL Plus","article_modified_time":"2024-07-15T13:33:39+00:00","og_image":[{"width":1865,"height":820,"url":"https:\/\/evl.fi\/plus\/wp-content\/uploads\/sites\/3\/2023\/04\/bg.jpg","type":"image\/jpeg"}],"twitter_card":"summary_large_image","twitter_misc":{"Arvioitu lukuaika":"1 minuutti"},"schema":{"@context":"https:\/\/schema.org","@graph":[{"@type":"WebPage","@id":"https:\/\/evl.fi\/plus\/yhteiskunta-ja-kirkko\/saavutettavuus-ja-esteettomyys\/tapahtumat-ja-tapahtumatallenteet\/selkokieliset-paivan-rukoukset-webinaari\/","url":"https:\/\/evl.fi\/plus\/yhteiskunta-ja-kirkko\/saavutettavuus-ja-esteettomyys\/tapahtumat-ja-tapahtumatallenteet\/selkokieliset-paivan-rukoukset-webinaari\/","name":"Selkokieliset p\u00e4iv\u00e4n rukoukset -webinaari - EVL Plus","isPartOf":{"@id":"https:\/\/evl.fi\/plus\/#website"},"primaryImageOfPage":{"@id":"https:\/\/evl.fi\/plus\/yhteiskunta-ja-kirkko\/saavutettavuus-ja-esteettomyys\/tapahtumat-ja-tapahtumatallenteet\/selkokieliset-paivan-rukoukset-webinaari\/#primaryimage"},"image":{"@id":"https:\/\/evl.fi\/plus\/yhteiskunta-ja-kirkko\/saavutettavuus-ja-esteettomyys\/tapahtumat-ja-tapahtumatallenteet\/selkokieliset-paivan-rukoukset-webinaari\/#primaryimage"},"thumbnailUrl":"https:\/\/evl.fi\/plus\/wp-content\/uploads\/sites\/3\/2023\/04\/bg.jpg","datePublished":"2023-04-14T07:26:20+00:00","dateModified":"2024-07-15T13:33:39+00:00","description":"Tallenne 27.5.2021 pidetyst\u00e4 Selkokieliset p\u00e4iv\u00e4n rukoukset -webinaarista, jossa esiteltiin selkokielisi\u00e4 rukousmateriaaleja.","breadcrumb":{"@id":"https:\/\/evl.fi\/plus\/yhteiskunta-ja-kirkko\/saavutettavuus-ja-esteettomyys\/tapahtumat-ja-tapahtumatallenteet\/selkokieliset-paivan-rukoukset-webinaari\/#breadcrumb"},"inLanguage":"fi","potentialAction":[{"@type":"ReadAction","target":["https:\/\/evl.fi\/plus\/yhteiskunta-ja-kirkko\/saavutettavuus-ja-esteettomyys\/tapahtumat-ja-tapahtumatallenteet\/selkokieliset-paivan-rukoukset-webinaari\/"]}]},{"@type":"ImageObject","inLanguage":"fi","@id":"https:\/\/evl.fi\/plus\/yhteiskunta-ja-kirkko\/saavutettavuus-ja-esteettomyys\/tapahtumat-ja-tapahtumatallenteet\/selkokieliset-paivan-rukoukset-webinaari\/#primaryimage","url":"https:\/\/evl.fi\/plus\/wp-content\/uploads\/sites\/3\/2023\/04\/bg.jpg","contentUrl":"https:\/\/evl.fi\/plus\/wp-content\/uploads\/sites\/3\/2023\/04\/bg.jpg","width":1865,"height":820,"caption":"Ihmisi\u00e4 helsingiss\u00e4."},{"@type":"BreadcrumbList","@id":"https:\/\/evl.fi\/plus\/yhteiskunta-ja-kirkko\/saavutettavuus-ja-esteettomyys\/tapahtumat-ja-tapahtumatallenteet\/selkokieliset-paivan-rukoukset-webinaari\/#breadcrumb","itemListElement":[{"@type":"ListItem","position":1,"name":"Home","item":"https:\/\/evl.fi\/plus\/sv\/"},{"@type":"ListItem","position":2,"name":"Yhteiskunta ja kirkko","item":"https:\/\/evl.fi\/plus\/yhteiskunta-ja-kirkko\/"},{"@type":"ListItem","position":3,"name":"Saavutettavuus ja esteett\u00f6myys","item":"https:\/\/evl.fi\/plus\/yhteiskunta-ja-kirkko\/saavutettavuus-ja-esteettomyys\/"},{"@type":"ListItem","position":4,"name":"Kirkon saavutettavuustapahtumat ja tapahtumatallenteet","item":"https:\/\/evl.fi\/plus\/yhteiskunta-ja-kirkko\/saavutettavuus-ja-esteettomyys\/tapahtumat-ja-tapahtumatallenteet\/"},{"@type":"ListItem","position":5,"name":"Selkokieliset p\u00e4iv\u00e4n rukoukset -webinaari"}]},{"@type":"WebSite","@id":"https:\/\/evl.fi\/plus\/#website","url":"https:\/\/evl.fi\/plus\/","name":"EVL Plus","description":"","potentialAction":[{"@type":"SearchAction","target":{"@type":"EntryPoint","urlTemplate":"https:\/\/evl.fi\/plus\/?s={search_term_string}"},"query-input":{"@type":"PropertyValueSpecification","valueRequired":true,"valueName":"search_term_string"}}],"inLanguage":"fi"}]}},"lang":"fi","translations":{"fi":39570},"pll_sync_post":{},"_links":{"self":[{"href":"https:\/\/evl.fi\/plus\/wp-json\/wp\/v2\/pages\/39570","targetHints":{"allow":["GET"]}}],"collection":[{"href":"https:\/\/evl.fi\/plus\/wp-json\/wp\/v2\/pages"}],"about":[{"href":"https:\/\/evl.fi\/plus\/wp-json\/wp\/v2\/types\/page"}],"author":[{"embeddable":true,"href":"https:\/\/evl.fi\/plus\/wp-json\/wp\/v2\/users\/26"}],"replies":[{"embeddable":true,"href":"https:\/\/evl.fi\/plus\/wp-json\/wp\/v2\/comments?post=39570"}],"version-history":[{"count":6,"href":"https:\/\/evl.fi\/plus\/wp-json\/wp\/v2\/pages\/39570\/revisions"}],"predecessor-version":[{"id":83632,"href":"https:\/\/evl.fi\/plus\/wp-json\/wp\/v2\/pages\/39570\/revisions\/83632"}],"up":[{"embeddable":true,"href":"https:\/\/evl.fi\/plus\/wp-json\/wp\/v2\/pages\/39562"}],"wp:attachment":[{"href":"https:\/\/evl.fi\/plus\/wp-json\/wp\/v2\/media?parent=39570"}],"curies":[{"name":"wp","href":"https:\/\/api.w.org\/{rel}","templated":true}]}}