{"id":39188,"date":"2023-04-13T12:20:17","date_gmt":"2023-04-13T09:20:17","guid":{"rendered":"https:\/\/evl.fi\/plus\/?page_id=39188"},"modified":"2023-09-21T13:50:15","modified_gmt":"2023-09-21T10:50:15","slug":"tillganglighet","status":"publish","type":"page","link":"https:\/\/evl.fi\/plus\/sv\/samhalle-och-kyrka\/tillganglighet\/","title":{"rendered":"Tillg\u00e4nglighet"},"content":{"rendered":"\n<figure class=\"wp-block-image size-full\"><img loading=\"lazy\" decoding=\"async\" width=\"1000\" height=\"440\" src=\"https:\/\/evl.fi\/plus\/wp-content\/uploads\/sites\/3\/2023\/05\/Saavutettavuus_XL.png\" alt=\"\" class=\"wp-image-43219\" srcset=\"https:\/\/evl.fi\/plus\/wp-content\/uploads\/sites\/3\/2023\/05\/Saavutettavuus_XL.png 1000w, https:\/\/evl.fi\/plus\/wp-content\/uploads\/sites\/3\/2023\/05\/Saavutettavuus_XL-300x132.png 300w, https:\/\/evl.fi\/plus\/wp-content\/uploads\/sites\/3\/2023\/05\/Saavutettavuus_XL-768x338.png 768w\" sizes=\"auto, (max-width: 1000px) 100vw, 1000px\" \/><\/figure>\n\n\n\n<p class=\"has-ingressi-font-size wp-block-paragraph\">Tillg\u00e4nglighet inneb\u00e4r att alla ska ha samma m\u00f6jligheter att delta och vara delaktiga oberoende av till exempel funktionsneds\u00e4ttningar, minoritetstillh\u00f6righet, spr\u00e5k, kommunikationss\u00e4tt eller begr\u00e4nsade ekonomiska resurser.<\/p>\n\n\n\n<p class=\"wp-block-paragraph\">Tillg\u00e4nglighet och allas lika m\u00f6jligheter att delta och vara delaktiga h\u00f6r ihop med kyrkans v\u00e4sen och uppdrag.<\/p>\n\n\n\n<p class=\"wp-block-paragraph\">Framkomlighet \u00e4r en f\u00f6ruts\u00e4ttning f\u00f6r tillg\u00e4nglighet. Framkomlighet handlar om att beakta m\u00e4nniskors m\u00e5ngfald i planeringen och genomf\u00f6randet av den byggda milj\u00f6n. Tillg\u00e5ngen till information p\u00e5 det egna spr\u00e5ket eller p\u00e5 det egna kommunikationss\u00e4ttet \u00f6kar j\u00e4mlikheten.<\/p>\n\n\n\n<p class=\"wp-block-paragraph\">P\u00e5 de h\u00e4r sidorna hittar du information om:<\/p>\n\n\n\n<ul class=\"wp-block-list\">\n<li><a href=\"https:\/\/evl.fi\/plus\/sv\/samhalle-och-kyrka\/tillganglighet\/dovarbetet\/\">D\u00f6varbetet<\/a><\/li>\n\n\n\n<li><a href=\"https:\/\/evl.fi\/plus\/sv\/samhalle-och-kyrka\/tillganglighet\/omsorgsarbetet\/\">Omsorgsarbetet<\/a><\/li>\n\n\n\n<li><a href=\"https:\/\/evl.fi\/plus\/sv\/samhalle-och-kyrka\/tillganglighet\/kyrkans-tillganglighetsprogram\/\">Kyrkans tillg\u00e4nglighetsprogram<\/a><\/li>\n<\/ul>\n\n\n\n<div id=\"color-banner-block_24d8cc1f6fbd6e817054cbd14f60c811\" class=\"color-banner block-color-banner\">\n    <div class=\"row\">\n    <div class=\"col-12\">\n      <div class=\"block-header level-h2\">\n        <h2 class=\"\">\n          P\u00e5 andra webbplatser        <\/h2>\n              <\/div>\n    <\/div>\n  <\/div>\n  <div class=\"row\">\n\n          <div class=\"col-12 \">\n        <div class=\"block-color-banner__wrapper with-bg-color bg-light-purple \" >\n          <div class=\"row\">\n            <div class=\"col-12 col-sm-9 col-md-8 d-flex justify-content-center align-items-center text-column\" >\n              <div class=\"block-color-banner__column-content heart\">\n                <div class=\"text-content heart\">\n                  <h2 class=\"h3 mb-4\">L\u00e4ttl\u00e4st om tro<\/h2>\n                  <p class=\"text-body-large\">Material om kyrka och kristen tro p\u00e5 l\u00e4ttl\u00e4st svenska.\n<\/p>\n                                      <a class=\"button\" href=\"https:\/\/lattlast.evl.fi\/\" target=\"_blank\">L\u00e4ttl\u00e4st.evl.fi<\/a>\n                                  <\/div>\n              <\/div>\n            <\/div>\n            <div class=\"col-12 col-sm-3 col-md-4 bg-icon\">\n              <div class=\"heart\">\n              <\/div>\n            <\/div>\n          <\/div>\n        <\/div>\n      <\/div>\n    <!-- end of main color banner -->\n      <\/div>\n<\/div>\n\n\n\n<div id=\"color-banner-block_6b2dada5535af02efefd0b82b9505b6f\" class=\"color-banner block-color-banner\">\n    <div class=\"row\">\n\n          <div class=\"col-12 \">\n        <div class=\"block-color-banner__wrapper with-bg-color bg-babyblue \" >\n          <div class=\"row\">\n            <div class=\"col-12 col-sm-9 col-md-8 d-flex justify-content-center align-items-center text-column\" >\n              <div class=\"block-color-banner__column-content star\">\n                <div class=\"text-content star\">\n                  <h2 class=\"h3 mb-4\">Kyrkans verksamhet p\u00e5 teckenspr\u00e5k<\/h2>\n                  <p class=\"text-body-large\">Material om kristen tro p\u00e5 finlandssvenskt teckenspr\u00e5k.\n<\/p>\n                                      <a class=\"button\" href=\"https:\/\/viittomakieli.evl.fi\/teckensprak\/\" target=\"_blank\">p\u00e5 teckenspr\u00e5k<\/a>\n                                  <\/div>\n              <\/div>\n            <\/div>\n            <div class=\"col-12 col-sm-3 col-md-4 bg-icon\">\n              <div class=\"star\">\n              <\/div>\n            <\/div>\n          <\/div>\n        <\/div>\n      <\/div>\n    <!-- end of main color banner -->\n      <\/div>\n<\/div>\n","protected":false},"excerpt":{"rendered":"<p>Tillg\u00e4nglighet inneb\u00e4r att alla ska ha samma m\u00f6jligheter att delta och vara delaktiga oberoende av till exempel funktionsneds\u00e4ttningar, minoritetstillh\u00f6righet, spr\u00e5k, kommunikationss\u00e4tt eller begr\u00e4nsade ekonomiska resurser. Tillg\u00e4nglighet och allas lika m\u00f6jligheter att delta och vara delaktiga h\u00f6r ihop med kyrkans v\u00e4sen och uppdrag. Framkomlighet \u00e4r en f\u00f6ruts\u00e4ttning f\u00f6r tillg\u00e4nglighet. Framkomlighet handlar om att beakta m\u00e4nniskors m\u00e5ngfald [&hellip;]<\/p>\n","protected":false},"author":15,"featured_media":43219,"parent":38890,"menu_order":3,"comment_status":"closed","ping_status":"closed","template":"template-text-page-sidebar.php","meta":{"_acf_changed":false,"_relevanssi_hide_post":"","_relevanssi_hide_content":"","_relevanssi_pin_for_all":"","_relevanssi_pin_keywords":"","_relevanssi_unpin_keywords":"","_relevanssi_related_keywords":"","_relevanssi_related_include_ids":"","_relevanssi_related_exclude_ids":"","_relevanssi_related_no_append":"","_relevanssi_related_not_related":"","_relevanssi_related_posts":"727,722,719","_relevanssi_noindex_reason":"","footnotes":""},"class_list":["post-39188","page","type-page","status-publish","has-post-thumbnail","hentry"],"acf":[],"yoast_head":"<!-- This site is optimized with the Yoast SEO plugin v28.3 - https:\/\/yoast.com\/product\/yoast-seo-wordpress\/ -->\n<title>Tillg\u00e4nglighet - EVL Plus<\/title>\n<meta name=\"robots\" content=\"index, follow, max-snippet:-1, max-image-preview:large, max-video-preview:-1\" \/>\n<link rel=\"canonical\" href=\"https:\/\/evl.fi\/plus\/sv\/samhalle-och-kyrka\/tillganglighet\/\" \/>\n<meta property=\"og:locale\" content=\"fi_FI\" \/>\n<meta property=\"og:type\" content=\"article\" \/>\n<meta property=\"og:title\" content=\"Tillg\u00e4nglighet - EVL Plus\" \/>\n<meta property=\"og:description\" content=\"Tillg\u00e4nglighet inneb\u00e4r att alla ska ha samma m\u00f6jligheter att delta och vara delaktiga oberoende av till exempel funktionsneds\u00e4ttningar, minoritetstillh\u00f6righet, spr\u00e5k, kommunikationss\u00e4tt eller begr\u00e4nsade ekonomiska resurser. Tillg\u00e4nglighet och allas lika m\u00f6jligheter att delta och vara delaktiga h\u00f6r ihop med kyrkans v\u00e4sen och uppdrag. Framkomlighet \u00e4r en f\u00f6ruts\u00e4ttning f\u00f6r tillg\u00e4nglighet. Framkomlighet handlar om att beakta m\u00e4nniskors m\u00e5ngfald [&hellip;]\" \/>\n<meta property=\"og:url\" content=\"https:\/\/evl.fi\/plus\/sv\/samhalle-och-kyrka\/tillganglighet\/\" \/>\n<meta property=\"og:site_name\" content=\"EVL Plus\" \/>\n<meta property=\"article:modified_time\" content=\"2023-09-21T10:50:15+00:00\" \/>\n<meta property=\"og:image\" content=\"https:\/\/evl.fi\/plus\/wp-content\/uploads\/sites\/3\/2023\/05\/Saavutettavuus_XL.png\" \/>\n\t<meta property=\"og:image:width\" content=\"1000\" \/>\n\t<meta property=\"og:image:height\" content=\"440\" \/>\n\t<meta property=\"og:image:type\" content=\"image\/png\" \/>\n<meta name=\"twitter:card\" content=\"summary_large_image\" \/>\n<meta name=\"twitter:label1\" content=\"Arvioitu lukuaika\" \/>\n\t<meta name=\"twitter:data1\" content=\"1 minuutti\" \/>\n<script type=\"application\/ld+json\" class=\"yoast-schema-graph\">{\"@context\":\"https:\\\/\\\/schema.org\",\"@graph\":[{\"@type\":\"WebPage\",\"@id\":\"https:\\\/\\\/evl.fi\\\/plus\\\/sv\\\/samhalle-och-kyrka\\\/tillganglighet\\\/\",\"url\":\"https:\\\/\\\/evl.fi\\\/plus\\\/sv\\\/samhalle-och-kyrka\\\/tillganglighet\\\/\",\"name\":\"Tillg\u00e4nglighet - EVL Plus\",\"isPartOf\":{\"@id\":\"https:\\\/\\\/evl.fi\\\/plus\\\/#website\"},\"primaryImageOfPage\":{\"@id\":\"https:\\\/\\\/evl.fi\\\/plus\\\/sv\\\/samhalle-och-kyrka\\\/tillganglighet\\\/#primaryimage\"},\"image\":{\"@id\":\"https:\\\/\\\/evl.fi\\\/plus\\\/sv\\\/samhalle-och-kyrka\\\/tillganglighet\\\/#primaryimage\"},\"thumbnailUrl\":\"https:\\\/\\\/evl.fi\\\/plus\\\/wp-content\\\/uploads\\\/sites\\\/3\\\/2023\\\/05\\\/Saavutettavuus_XL.png\",\"datePublished\":\"2023-04-13T09:20:17+00:00\",\"dateModified\":\"2023-09-21T10:50:15+00:00\",\"breadcrumb\":{\"@id\":\"https:\\\/\\\/evl.fi\\\/plus\\\/sv\\\/samhalle-och-kyrka\\\/tillganglighet\\\/#breadcrumb\"},\"inLanguage\":\"fi\",\"potentialAction\":[{\"@type\":\"ReadAction\",\"target\":[\"https:\\\/\\\/evl.fi\\\/plus\\\/sv\\\/samhalle-och-kyrka\\\/tillganglighet\\\/\"]}]},{\"@type\":\"ImageObject\",\"inLanguage\":\"fi\",\"@id\":\"https:\\\/\\\/evl.fi\\\/plus\\\/sv\\\/samhalle-och-kyrka\\\/tillganglighet\\\/#primaryimage\",\"url\":\"https:\\\/\\\/evl.fi\\\/plus\\\/wp-content\\\/uploads\\\/sites\\\/3\\\/2023\\\/05\\\/Saavutettavuus_XL.png\",\"contentUrl\":\"https:\\\/\\\/evl.fi\\\/plus\\\/wp-content\\\/uploads\\\/sites\\\/3\\\/2023\\\/05\\\/Saavutettavuus_XL.png\",\"width\":1000,\"height\":440},{\"@type\":\"BreadcrumbList\",\"@id\":\"https:\\\/\\\/evl.fi\\\/plus\\\/sv\\\/samhalle-och-kyrka\\\/tillganglighet\\\/#breadcrumb\",\"itemListElement\":[{\"@type\":\"ListItem\",\"position\":1,\"name\":\"Home\",\"item\":\"https:\\\/\\\/evl.fi\\\/plus\\\/sv\\\/\"},{\"@type\":\"ListItem\",\"position\":2,\"name\":\"Samh\u00e4lle och kyrka\",\"item\":\"https:\\\/\\\/evl.fi\\\/plus\\\/sv\\\/samhalle-och-kyrka\\\/\"},{\"@type\":\"ListItem\",\"position\":3,\"name\":\"Tillg\u00e4nglighet\"}]},{\"@type\":\"WebSite\",\"@id\":\"https:\\\/\\\/evl.fi\\\/plus\\\/#website\",\"url\":\"https:\\\/\\\/evl.fi\\\/plus\\\/\",\"name\":\"EVL Plus\",\"description\":\"\",\"potentialAction\":[{\"@type\":\"SearchAction\",\"target\":{\"@type\":\"EntryPoint\",\"urlTemplate\":\"https:\\\/\\\/evl.fi\\\/plus\\\/?s={search_term_string}\"},\"query-input\":{\"@type\":\"PropertyValueSpecification\",\"valueRequired\":true,\"valueName\":\"search_term_string\"}}],\"inLanguage\":\"fi\"}]}<\/script>\n<!-- \/ Yoast SEO plugin. -->","yoast_head_json":{"title":"Tillg\u00e4nglighet - EVL Plus","robots":{"index":"index","follow":"follow","max-snippet":"max-snippet:-1","max-image-preview":"max-image-preview:large","max-video-preview":"max-video-preview:-1"},"canonical":"https:\/\/evl.fi\/plus\/sv\/samhalle-och-kyrka\/tillganglighet\/","og_locale":"fi_FI","og_type":"article","og_title":"Tillg\u00e4nglighet - EVL Plus","og_description":"Tillg\u00e4nglighet inneb\u00e4r att alla ska ha samma m\u00f6jligheter att delta och vara delaktiga oberoende av till exempel funktionsneds\u00e4ttningar, minoritetstillh\u00f6righet, spr\u00e5k, kommunikationss\u00e4tt eller begr\u00e4nsade ekonomiska resurser. Tillg\u00e4nglighet och allas lika m\u00f6jligheter att delta och vara delaktiga h\u00f6r ihop med kyrkans v\u00e4sen och uppdrag. Framkomlighet \u00e4r en f\u00f6ruts\u00e4ttning f\u00f6r tillg\u00e4nglighet. Framkomlighet handlar om att beakta m\u00e4nniskors m\u00e5ngfald [&hellip;]","og_url":"https:\/\/evl.fi\/plus\/sv\/samhalle-och-kyrka\/tillganglighet\/","og_site_name":"EVL Plus","article_modified_time":"2023-09-21T10:50:15+00:00","og_image":[{"width":1000,"height":440,"url":"https:\/\/evl.fi\/plus\/wp-content\/uploads\/sites\/3\/2023\/05\/Saavutettavuus_XL.png","type":"image\/png"}],"twitter_card":"summary_large_image","twitter_misc":{"Arvioitu lukuaika":"1 minuutti"},"schema":{"@context":"https:\/\/schema.org","@graph":[{"@type":"WebPage","@id":"https:\/\/evl.fi\/plus\/sv\/samhalle-och-kyrka\/tillganglighet\/","url":"https:\/\/evl.fi\/plus\/sv\/samhalle-och-kyrka\/tillganglighet\/","name":"Tillg\u00e4nglighet - EVL Plus","isPartOf":{"@id":"https:\/\/evl.fi\/plus\/#website"},"primaryImageOfPage":{"@id":"https:\/\/evl.fi\/plus\/sv\/samhalle-och-kyrka\/tillganglighet\/#primaryimage"},"image":{"@id":"https:\/\/evl.fi\/plus\/sv\/samhalle-och-kyrka\/tillganglighet\/#primaryimage"},"thumbnailUrl":"https:\/\/evl.fi\/plus\/wp-content\/uploads\/sites\/3\/2023\/05\/Saavutettavuus_XL.png","datePublished":"2023-04-13T09:20:17+00:00","dateModified":"2023-09-21T10:50:15+00:00","breadcrumb":{"@id":"https:\/\/evl.fi\/plus\/sv\/samhalle-och-kyrka\/tillganglighet\/#breadcrumb"},"inLanguage":"fi","potentialAction":[{"@type":"ReadAction","target":["https:\/\/evl.fi\/plus\/sv\/samhalle-och-kyrka\/tillganglighet\/"]}]},{"@type":"ImageObject","inLanguage":"fi","@id":"https:\/\/evl.fi\/plus\/sv\/samhalle-och-kyrka\/tillganglighet\/#primaryimage","url":"https:\/\/evl.fi\/plus\/wp-content\/uploads\/sites\/3\/2023\/05\/Saavutettavuus_XL.png","contentUrl":"https:\/\/evl.fi\/plus\/wp-content\/uploads\/sites\/3\/2023\/05\/Saavutettavuus_XL.png","width":1000,"height":440},{"@type":"BreadcrumbList","@id":"https:\/\/evl.fi\/plus\/sv\/samhalle-och-kyrka\/tillganglighet\/#breadcrumb","itemListElement":[{"@type":"ListItem","position":1,"name":"Home","item":"https:\/\/evl.fi\/plus\/sv\/"},{"@type":"ListItem","position":2,"name":"Samh\u00e4lle och kyrka","item":"https:\/\/evl.fi\/plus\/sv\/samhalle-och-kyrka\/"},{"@type":"ListItem","position":3,"name":"Tillg\u00e4nglighet"}]},{"@type":"WebSite","@id":"https:\/\/evl.fi\/plus\/#website","url":"https:\/\/evl.fi\/plus\/","name":"EVL Plus","description":"","potentialAction":[{"@type":"SearchAction","target":{"@type":"EntryPoint","urlTemplate":"https:\/\/evl.fi\/plus\/?s={search_term_string}"},"query-input":{"@type":"PropertyValueSpecification","valueRequired":true,"valueName":"search_term_string"}}],"inLanguage":"fi"}]}},"lang":"sv","translations":{"sv":39188,"fi":39396},"pll_sync_post":{},"_links":{"self":[{"href":"https:\/\/evl.fi\/plus\/wp-json\/wp\/v2\/pages\/39188","targetHints":{"allow":["GET"]}}],"collection":[{"href":"https:\/\/evl.fi\/plus\/wp-json\/wp\/v2\/pages"}],"about":[{"href":"https:\/\/evl.fi\/plus\/wp-json\/wp\/v2\/types\/page"}],"author":[{"embeddable":true,"href":"https:\/\/evl.fi\/plus\/wp-json\/wp\/v2\/users\/15"}],"replies":[{"embeddable":true,"href":"https:\/\/evl.fi\/plus\/wp-json\/wp\/v2\/comments?post=39188"}],"version-history":[{"count":10,"href":"https:\/\/evl.fi\/plus\/wp-json\/wp\/v2\/pages\/39188\/revisions"}],"predecessor-version":[{"id":101168,"href":"https:\/\/evl.fi\/plus\/wp-json\/wp\/v2\/pages\/39188\/revisions\/101168"}],"up":[{"embeddable":true,"href":"https:\/\/evl.fi\/plus\/wp-json\/wp\/v2\/pages\/38890"}],"wp:featuredmedia":[{"embeddable":true,"href":"https:\/\/evl.fi\/plus\/wp-json\/wp\/v2\/media\/43219"}],"wp:attachment":[{"href":"https:\/\/evl.fi\/plus\/wp-json\/wp\/v2\/media?parent=39188"}],"curies":[{"name":"wp","href":"https:\/\/api.w.org\/{rel}","templated":true}]}}