{"id":38595,"date":"2023-04-12T16:07:10","date_gmt":"2023-04-12T13:07:10","guid":{"rendered":"https:\/\/evl.fi\/plus\/?page_id=38595"},"modified":"2023-09-05T13:08:58","modified_gmt":"2023-09-05T10:08:58","slug":"kaytannon-apua-arkeen","status":"publish","type":"page","link":"https:\/\/evl.fi\/plus\/yhteiskunta-ja-kirkko\/monikulttuurisuus\/seurakunnat-ja-maahanmuuttajat-2\/pakolaiset-ja-turvapaikanhakijat\/kaytannon-apua-arkeen\/","title":{"rendered":"K\u00e4yt\u00e4nn\u00f6n apua arkeen"},"content":{"rendered":"\n<p class=\"has-ingressi-font-size wp-block-paragraph\">Seurakunnat ja seurakuntalaiset voivat tarjota monenlaista k\u00e4yt\u00e4nn\u00f6n apua vastaanottokeskuksille ja turvapaikanhakijoille. Seurakunnan apua tarvitaan usein my\u00f6s, kun kiinti\u00f6pakolaiset asettuvat asumaan kuntaan. Vapaaehtoiset ovat t\u00e4ss\u00e4 ty\u00f6ss\u00e4 keskeisess\u00e4 roolissa.<\/p>\n\n\n\n<ul class=\"wp-block-list\">\n<li>Synnyt\u00e4 yhteisty\u00f6t\u00e4&nbsp;vastaanottokeskuksen, h\u00e4t\u00e4majoituksen ja\/tai kunnan kanssa<\/li>\n\n\n\n<li>Sovi&nbsp;yhteisty\u00f6n pelis\u00e4\u00e4nn\u00f6ist\u00e4&nbsp;<\/li>\n\n\n\n<li>Etsi yst\u00e4vi\u00e4 turvapaikanhakijoille&nbsp;ja vastatulleille&nbsp;kiinti\u00f6pakolaisille&nbsp;<\/li>\n<\/ul>\n\n\n\n<h2 class=\"wp-block-heading\">Tee yhteisty\u00f6t\u00e4 vastaanottokeskusten ja kunnan kanssa<\/h2>\n\n\n\n<ul class=\"wp-block-list\">\n<li>Luo s\u00e4\u00e4nn\u00f6llisen yhteisty\u00f6 ja sovi sen puitteista vastaanottokeskuksen tai h\u00e4t\u00e4majoituspaikan kanssa<\/li>\n\n\n\n<li>Muista, ett\u00e4 yhdess\u00e4 voi toimia, vaikkei yhteist\u00e4 kielt\u00e4 olekaan<\/li>\n\n\n\n<li>Yhteinen tekeminen on&nbsp;luonteva keino&nbsp;opastaa suomalaiseen el\u00e4m\u00e4ntapaan ja k\u00e4yt\u00f6stapoihin samalla, kun itse oppii toisen kulttuurin piirteist\u00e4<\/li>\n\n\n\n<li>Ker\u00e4\u00e4 tarvittaessa t\u00e4sm\u00e4ker\u00e4yksi\u00e4, kuten leluja, hygieniatuotteita tai petivaatteita&nbsp;eri syist\u00e4 maastaan paenneille. Sovi niist\u00e4 aina&nbsp;vastaanottokeskuksen tai kunnan edustajan kanssa.&nbsp;<\/li>\n<\/ul>\n\n\n\n<h2 class=\"wp-block-heading\">Tue lapsiperheit\u00e4<\/h2>\n\n\n\n<ul class=\"wp-block-list\">\n<li>Suo vanhemmille heng\u00e4hdystauko&nbsp;viem\u00e4ll\u00e4 lapsia leikkipuistoon&nbsp;<\/li>\n\n\n\n<li>Tarjoa&nbsp;asiointiapua ja lastenhoitoapua<\/li>\n\n\n\n<li>J\u00e4rjest\u00e4 yhteiset retki\u00e4&nbsp;paikkakunnalla, ne auttavat tutustumaan asuinymp\u00e4rist\u00f6\u00f6n<\/li>\n<\/ul>\n\n\n\n<h2 class=\"wp-block-heading\">Organisoi yst\u00e4v\u00e4\u2013 ja tukihenkil\u00f6toiminta<\/h2>\n\n\n\n<ul class=\"wp-block-list\">\n<li>Kouluta yhdess\u00e4 muiden toimijoiden kanssa vapaaehtoisia pakolaisten ja turvapaikanhakijoiden tukihenkil\u00f6iksi. Tukihenkil\u00f6t avustavat turvapaikanhakijaa esimerkiksi arkisten asioiden hoitamisessa, k\u00e4yt\u00e4nn\u00f6n neuvoilla perehdytt\u00e4misess\u00e4 paikkakuntaan ja kodin tarvikkeiden hankkimisessa.<\/li>\n\n\n\n<li>Auta eri el\u00e4m\u00e4ntilanteissa olevia turvapaikanhakijoita ja kiinti\u00f6pakolaisia l\u00f6yt\u00e4m\u00e4\u00e4n ik\u00e4ist\u00e4\u00e4n ja kaltaistaan seuraa. T\u00e4ll\u00f6in mahdollistuu my\u00f6s keskustelu&nbsp;suomalaisen yhteiskunnan piirteist\u00e4, sopivaisuusk\u00e4sityksist\u00e4 ja&nbsp;sukupuolten v\u00e4lisist\u00e4 suhteista&nbsp;<\/li>\n\n\n\n<li>Etsi vapaaehtoisia auttamaan suomen kielen alkeiden opettelussa ja harjoittelussa.&nbsp;Hyv\u00e4\u00e4 materiaalia suomen kielen harjoitteluun l\u00f6ytyy&nbsp;<a href=\"http:\/\/suomenkielisanootervetuloa.fi\/\" target=\"_blank\" rel=\"noreferrer noopener\">suomen kieli sanoo tervetuloa<\/a>&nbsp;-sivustolta.<\/li>\n<\/ul>\n\n\n\n<h2 class=\"wp-block-heading\">Tarjoa tekemist\u00e4 turvapaikanhakijoille<\/h2>\n\n\n\n<ul class=\"wp-block-list\">\n<li>Innosta turvapaikanhakijoita, pakolaisia ja muita maahanmuuttajia mukaan erilaisiin vapaaehtoisteht\u00e4viin yhdess\u00e4 seurakuntalaisten kanssa. N\u00e4it\u00e4 voivat olla erilaiset talkoot, vanhusten avustaminen kotit\u00f6iss\u00e4, yhteisten ruokailujen valmistelu, juhlien ja perhetapahtumien yhteinen valmistelu.<\/li>\n\n\n\n<li>Yhteinen tekeminen mahdollistaa keskin\u00e4isen tutustumisen. Se est\u00e4\u00e4 toimettomuuden ja hy\u00f6dytt\u00f6myyden kokemusta pitk\u00e4n turvapaikkaprosessin eri vaiheissa sek\u00e4 tukee kotoutumista. Ennen kaikkea se pit\u00e4\u00e4 yll\u00e4 ihmisten toimintakyky\u00e4.<\/li>\n<\/ul>\n\n\n\n<figure class=\"wp-block-image size-large\"><img loading=\"lazy\" decoding=\"async\" width=\"1024\" height=\"768\" src=\"https:\/\/evl.fi\/plus\/wp-content\/uploads\/sites\/3\/2023\/06\/MedTxt_111-1024x768.jpg\" alt=\"\" class=\"wp-image-50590\" srcset=\"https:\/\/evl.fi\/plus\/wp-content\/uploads\/sites\/3\/2023\/06\/MedTxt_111-1024x768.jpg 1024w, https:\/\/evl.fi\/plus\/wp-content\/uploads\/sites\/3\/2023\/06\/MedTxt_111-300x225.jpg 300w, https:\/\/evl.fi\/plus\/wp-content\/uploads\/sites\/3\/2023\/06\/MedTxt_111-768x576.jpg 768w, https:\/\/evl.fi\/plus\/wp-content\/uploads\/sites\/3\/2023\/06\/MedTxt_111-612x459.jpg 612w, https:\/\/evl.fi\/plus\/wp-content\/uploads\/sites\/3\/2023\/06\/MedTxt_111.jpg 1240w\" sizes=\"auto, (max-width: 1024px) 100vw, 1024px\" \/><\/figure>\n\n\n\n<p class=\"wp-block-paragraph\"><\/p>\n\n\n\n<div id=\"big-link-collection-block_d26ab4c92701222f08939a3650b5c271\" class=\"big-link-collection block-big-link-collection\">\n  <div class=\"block-big-link-collection__wrapper\">\n        <div class=\"row \">\n      <!-- link collection -->\n      <div class=\"links-column col-12\">\n        \n<div class=\"link-collection d-flex\">\n  <div class=\"text-content\">\n          <h3>Muualla verkossa<\/h3>\n            \n      <div class=\"buttons\">\n                              <a class=\"button-link-collection \" href=\"https:\/\/vapaaehtoistyo.fi\/fi\" target=\"_self\">Vapaaehtoiseksi liittyminen<\/a>\n                                        <a class=\"button-link-collection \" href=\"https:\/\/www.punainenristi.fi\/tyomme\/rasisminvastainen-toiminta\" target=\"_self\">Puutu rasismiin<\/a>\n                                        <a class=\"button-link-collection \" href=\"https:\/\/www.naapuruussovittelu.fi\/\" target=\"_self\">Naapuruussovittelu<\/a>\n                        <\/div>\n\n      <\/div>\n\n<\/div>      <\/div>\n      <!-- color banner section -->\n            <!-- page lift section -->\n            <!-- external lift section -->\n            <!-- church year lift -->\n    <\/div>\n  <\/div>\n<\/div>\n\n\n\n  <div id=\"contact-lift-block_6671c3e3ebc113bd1acdb7e9b697226f\" class=\"contact-lift d-flex align-items-center \">\n    <div class=\"container\">\n      <div class=\"row\">\n        <div class=\"col-12\">\n                  <\/div>\n      <\/div>\n      <div class=\"row\">\n              <\/div>\n    <\/div>\n  <\/div>\n","protected":false},"excerpt":{"rendered":"<p>Seurakunnat ja seurakuntalaiset voivat tarjota monenlaista k\u00e4yt\u00e4nn\u00f6n apua vastaanottokeskuksille ja turvapaikanhakijoille. Seurakunnan apua tarvitaan usein my\u00f6s, kun kiinti\u00f6pakolaiset asettuvat asumaan kuntaan. Vapaaehtoiset ovat t\u00e4ss\u00e4 ty\u00f6ss\u00e4 keskeisess\u00e4 roolissa. Tee yhteisty\u00f6t\u00e4 vastaanottokeskusten ja kunnan kanssa Tue lapsiperheit\u00e4 Organisoi yst\u00e4v\u00e4\u2013 ja tukihenkil\u00f6toiminta Tarjoa tekemist\u00e4 turvapaikanhakijoille<\/p>\n","protected":false},"author":75,"featured_media":37641,"parent":38571,"menu_order":2,"comment_status":"closed","ping_status":"closed","template":"template-text-page-sidebar.php","meta":{"_acf_changed":false,"_relevanssi_hide_post":"","_relevanssi_hide_content":"","_relevanssi_pin_for_all":"","_relevanssi_pin_keywords":"","_relevanssi_unpin_keywords":"","_relevanssi_related_keywords":"","_relevanssi_related_include_ids":"","_relevanssi_related_exclude_ids":"","_relevanssi_related_no_append":"","_relevanssi_related_not_related":"","_relevanssi_related_posts":"727,722,719","_relevanssi_noindex_reason":"","footnotes":""},"class_list":["post-38595","page","type-page","status-publish","has-post-thumbnail","hentry"],"acf":[],"yoast_head":"<!-- This site is optimized with the Yoast SEO plugin v28.3 - https:\/\/yoast.com\/product\/yoast-seo-wordpress\/ -->\n<title>K\u00e4yt\u00e4nn\u00f6n apua arkeen - EVL Plus<\/title>\n<meta name=\"robots\" content=\"index, follow, max-snippet:-1, max-image-preview:large, max-video-preview:-1\" \/>\n<link rel=\"canonical\" href=\"https:\/\/evl.fi\/plus\/yhteiskunta-ja-kirkko\/monikulttuurisuus\/seurakunnat-ja-maahanmuuttajat-2\/pakolaiset-ja-turvapaikanhakijat\/kaytannon-apua-arkeen\/\" \/>\n<meta property=\"og:locale\" content=\"fi_FI\" \/>\n<meta property=\"og:type\" content=\"article\" \/>\n<meta property=\"og:title\" content=\"K\u00e4yt\u00e4nn\u00f6n apua arkeen - EVL Plus\" \/>\n<meta property=\"og:description\" content=\"Seurakunnat ja seurakuntalaiset voivat tarjota monenlaista k\u00e4yt\u00e4nn\u00f6n apua vastaanottokeskuksille ja turvapaikanhakijoille. Seurakunnan apua tarvitaan usein my\u00f6s, kun kiinti\u00f6pakolaiset asettuvat asumaan kuntaan. Vapaaehtoiset ovat t\u00e4ss\u00e4 ty\u00f6ss\u00e4 keskeisess\u00e4 roolissa. Tee yhteisty\u00f6t\u00e4 vastaanottokeskusten ja kunnan kanssa Tue lapsiperheit\u00e4 Organisoi yst\u00e4v\u00e4\u2013 ja tukihenkil\u00f6toiminta Tarjoa tekemist\u00e4 turvapaikanhakijoille\" \/>\n<meta property=\"og:url\" content=\"https:\/\/evl.fi\/plus\/yhteiskunta-ja-kirkko\/monikulttuurisuus\/seurakunnat-ja-maahanmuuttajat-2\/pakolaiset-ja-turvapaikanhakijat\/kaytannon-apua-arkeen\/\" \/>\n<meta property=\"og:site_name\" content=\"EVL Plus\" \/>\n<meta property=\"article:modified_time\" content=\"2023-09-05T10:08:58+00:00\" \/>\n<meta property=\"og:image\" content=\"https:\/\/evl.fi\/plus\/wp-content\/uploads\/sites\/3\/2023\/04\/bg.jpg\" \/>\n\t<meta property=\"og:image:width\" content=\"1865\" \/>\n\t<meta property=\"og:image:height\" content=\"820\" \/>\n\t<meta property=\"og:image:type\" content=\"image\/jpeg\" \/>\n<meta name=\"twitter:card\" content=\"summary_large_image\" \/>\n<meta name=\"twitter:label1\" content=\"Arvioitu lukuaika\" \/>\n\t<meta name=\"twitter:data1\" content=\"2 minuuttia\" \/>\n<script type=\"application\/ld+json\" class=\"yoast-schema-graph\">{\"@context\":\"https:\\\/\\\/schema.org\",\"@graph\":[{\"@type\":\"WebPage\",\"@id\":\"https:\\\/\\\/evl.fi\\\/plus\\\/yhteiskunta-ja-kirkko\\\/monikulttuurisuus\\\/seurakunnat-ja-maahanmuuttajat-2\\\/pakolaiset-ja-turvapaikanhakijat\\\/kaytannon-apua-arkeen\\\/\",\"url\":\"https:\\\/\\\/evl.fi\\\/plus\\\/yhteiskunta-ja-kirkko\\\/monikulttuurisuus\\\/seurakunnat-ja-maahanmuuttajat-2\\\/pakolaiset-ja-turvapaikanhakijat\\\/kaytannon-apua-arkeen\\\/\",\"name\":\"K\u00e4yt\u00e4nn\u00f6n apua arkeen - EVL Plus\",\"isPartOf\":{\"@id\":\"https:\\\/\\\/evl.fi\\\/plus\\\/#website\"},\"primaryImageOfPage\":{\"@id\":\"https:\\\/\\\/evl.fi\\\/plus\\\/yhteiskunta-ja-kirkko\\\/monikulttuurisuus\\\/seurakunnat-ja-maahanmuuttajat-2\\\/pakolaiset-ja-turvapaikanhakijat\\\/kaytannon-apua-arkeen\\\/#primaryimage\"},\"image\":{\"@id\":\"https:\\\/\\\/evl.fi\\\/plus\\\/yhteiskunta-ja-kirkko\\\/monikulttuurisuus\\\/seurakunnat-ja-maahanmuuttajat-2\\\/pakolaiset-ja-turvapaikanhakijat\\\/kaytannon-apua-arkeen\\\/#primaryimage\"},\"thumbnailUrl\":\"https:\\\/\\\/evl.fi\\\/plus\\\/wp-content\\\/uploads\\\/sites\\\/3\\\/2023\\\/04\\\/bg.jpg\",\"datePublished\":\"2023-04-12T13:07:10+00:00\",\"dateModified\":\"2023-09-05T10:08:58+00:00\",\"breadcrumb\":{\"@id\":\"https:\\\/\\\/evl.fi\\\/plus\\\/yhteiskunta-ja-kirkko\\\/monikulttuurisuus\\\/seurakunnat-ja-maahanmuuttajat-2\\\/pakolaiset-ja-turvapaikanhakijat\\\/kaytannon-apua-arkeen\\\/#breadcrumb\"},\"inLanguage\":\"fi\",\"potentialAction\":[{\"@type\":\"ReadAction\",\"target\":[\"https:\\\/\\\/evl.fi\\\/plus\\\/yhteiskunta-ja-kirkko\\\/monikulttuurisuus\\\/seurakunnat-ja-maahanmuuttajat-2\\\/pakolaiset-ja-turvapaikanhakijat\\\/kaytannon-apua-arkeen\\\/\"]}]},{\"@type\":\"ImageObject\",\"inLanguage\":\"fi\",\"@id\":\"https:\\\/\\\/evl.fi\\\/plus\\\/yhteiskunta-ja-kirkko\\\/monikulttuurisuus\\\/seurakunnat-ja-maahanmuuttajat-2\\\/pakolaiset-ja-turvapaikanhakijat\\\/kaytannon-apua-arkeen\\\/#primaryimage\",\"url\":\"https:\\\/\\\/evl.fi\\\/plus\\\/wp-content\\\/uploads\\\/sites\\\/3\\\/2023\\\/04\\\/bg.jpg\",\"contentUrl\":\"https:\\\/\\\/evl.fi\\\/plus\\\/wp-content\\\/uploads\\\/sites\\\/3\\\/2023\\\/04\\\/bg.jpg\",\"width\":1865,\"height\":820,\"caption\":\"Ihmisi\u00e4 helsingiss\u00e4.\"},{\"@type\":\"BreadcrumbList\",\"@id\":\"https:\\\/\\\/evl.fi\\\/plus\\\/yhteiskunta-ja-kirkko\\\/monikulttuurisuus\\\/seurakunnat-ja-maahanmuuttajat-2\\\/pakolaiset-ja-turvapaikanhakijat\\\/kaytannon-apua-arkeen\\\/#breadcrumb\",\"itemListElement\":[{\"@type\":\"ListItem\",\"position\":1,\"name\":\"Home\",\"item\":\"https:\\\/\\\/evl.fi\\\/plus\\\/sv\\\/\"},{\"@type\":\"ListItem\",\"position\":2,\"name\":\"Yhteiskunta ja kirkko\",\"item\":\"https:\\\/\\\/evl.fi\\\/plus\\\/yhteiskunta-ja-kirkko\\\/\"},{\"@type\":\"ListItem\",\"position\":3,\"name\":\"Monikulttuurisuus\",\"item\":\"https:\\\/\\\/evl.fi\\\/plus\\\/yhteiskunta-ja-kirkko\\\/monikulttuurisuus\\\/\"},{\"@type\":\"ListItem\",\"position\":4,\"name\":\"Seurakunnat ja maahan muuttaneet\",\"item\":\"https:\\\/\\\/evl.fi\\\/plus\\\/yhteiskunta-ja-kirkko\\\/monikulttuurisuus\\\/seurakunnat-ja-maahanmuuttajat-2\\\/\"},{\"@type\":\"ListItem\",\"position\":5,\"name\":\"Pakolaiset ja turvapaikanhakijat\",\"item\":\"https:\\\/\\\/evl.fi\\\/plus\\\/yhteiskunta-ja-kirkko\\\/monikulttuurisuus\\\/seurakunnat-ja-maahanmuuttajat-2\\\/pakolaiset-ja-turvapaikanhakijat\\\/\"},{\"@type\":\"ListItem\",\"position\":6,\"name\":\"K\u00e4yt\u00e4nn\u00f6n apua arkeen\"}]},{\"@type\":\"WebSite\",\"@id\":\"https:\\\/\\\/evl.fi\\\/plus\\\/#website\",\"url\":\"https:\\\/\\\/evl.fi\\\/plus\\\/\",\"name\":\"EVL Plus\",\"description\":\"\",\"potentialAction\":[{\"@type\":\"SearchAction\",\"target\":{\"@type\":\"EntryPoint\",\"urlTemplate\":\"https:\\\/\\\/evl.fi\\\/plus\\\/?s={search_term_string}\"},\"query-input\":{\"@type\":\"PropertyValueSpecification\",\"valueRequired\":true,\"valueName\":\"search_term_string\"}}],\"inLanguage\":\"fi\"}]}<\/script>\n<!-- \/ Yoast SEO plugin. -->","yoast_head_json":{"title":"K\u00e4yt\u00e4nn\u00f6n apua arkeen - EVL Plus","robots":{"index":"index","follow":"follow","max-snippet":"max-snippet:-1","max-image-preview":"max-image-preview:large","max-video-preview":"max-video-preview:-1"},"canonical":"https:\/\/evl.fi\/plus\/yhteiskunta-ja-kirkko\/monikulttuurisuus\/seurakunnat-ja-maahanmuuttajat-2\/pakolaiset-ja-turvapaikanhakijat\/kaytannon-apua-arkeen\/","og_locale":"fi_FI","og_type":"article","og_title":"K\u00e4yt\u00e4nn\u00f6n apua arkeen - EVL Plus","og_description":"Seurakunnat ja seurakuntalaiset voivat tarjota monenlaista k\u00e4yt\u00e4nn\u00f6n apua vastaanottokeskuksille ja turvapaikanhakijoille. Seurakunnan apua tarvitaan usein my\u00f6s, kun kiinti\u00f6pakolaiset asettuvat asumaan kuntaan. Vapaaehtoiset ovat t\u00e4ss\u00e4 ty\u00f6ss\u00e4 keskeisess\u00e4 roolissa. Tee yhteisty\u00f6t\u00e4 vastaanottokeskusten ja kunnan kanssa Tue lapsiperheit\u00e4 Organisoi yst\u00e4v\u00e4\u2013 ja tukihenkil\u00f6toiminta Tarjoa tekemist\u00e4 turvapaikanhakijoille","og_url":"https:\/\/evl.fi\/plus\/yhteiskunta-ja-kirkko\/monikulttuurisuus\/seurakunnat-ja-maahanmuuttajat-2\/pakolaiset-ja-turvapaikanhakijat\/kaytannon-apua-arkeen\/","og_site_name":"EVL Plus","article_modified_time":"2023-09-05T10:08:58+00:00","og_image":[{"width":1865,"height":820,"url":"https:\/\/evl.fi\/plus\/wp-content\/uploads\/sites\/3\/2023\/04\/bg.jpg","type":"image\/jpeg"}],"twitter_card":"summary_large_image","twitter_misc":{"Arvioitu lukuaika":"2 minuuttia"},"schema":{"@context":"https:\/\/schema.org","@graph":[{"@type":"WebPage","@id":"https:\/\/evl.fi\/plus\/yhteiskunta-ja-kirkko\/monikulttuurisuus\/seurakunnat-ja-maahanmuuttajat-2\/pakolaiset-ja-turvapaikanhakijat\/kaytannon-apua-arkeen\/","url":"https:\/\/evl.fi\/plus\/yhteiskunta-ja-kirkko\/monikulttuurisuus\/seurakunnat-ja-maahanmuuttajat-2\/pakolaiset-ja-turvapaikanhakijat\/kaytannon-apua-arkeen\/","name":"K\u00e4yt\u00e4nn\u00f6n apua arkeen - EVL Plus","isPartOf":{"@id":"https:\/\/evl.fi\/plus\/#website"},"primaryImageOfPage":{"@id":"https:\/\/evl.fi\/plus\/yhteiskunta-ja-kirkko\/monikulttuurisuus\/seurakunnat-ja-maahanmuuttajat-2\/pakolaiset-ja-turvapaikanhakijat\/kaytannon-apua-arkeen\/#primaryimage"},"image":{"@id":"https:\/\/evl.fi\/plus\/yhteiskunta-ja-kirkko\/monikulttuurisuus\/seurakunnat-ja-maahanmuuttajat-2\/pakolaiset-ja-turvapaikanhakijat\/kaytannon-apua-arkeen\/#primaryimage"},"thumbnailUrl":"https:\/\/evl.fi\/plus\/wp-content\/uploads\/sites\/3\/2023\/04\/bg.jpg","datePublished":"2023-04-12T13:07:10+00:00","dateModified":"2023-09-05T10:08:58+00:00","breadcrumb":{"@id":"https:\/\/evl.fi\/plus\/yhteiskunta-ja-kirkko\/monikulttuurisuus\/seurakunnat-ja-maahanmuuttajat-2\/pakolaiset-ja-turvapaikanhakijat\/kaytannon-apua-arkeen\/#breadcrumb"},"inLanguage":"fi","potentialAction":[{"@type":"ReadAction","target":["https:\/\/evl.fi\/plus\/yhteiskunta-ja-kirkko\/monikulttuurisuus\/seurakunnat-ja-maahanmuuttajat-2\/pakolaiset-ja-turvapaikanhakijat\/kaytannon-apua-arkeen\/"]}]},{"@type":"ImageObject","inLanguage":"fi","@id":"https:\/\/evl.fi\/plus\/yhteiskunta-ja-kirkko\/monikulttuurisuus\/seurakunnat-ja-maahanmuuttajat-2\/pakolaiset-ja-turvapaikanhakijat\/kaytannon-apua-arkeen\/#primaryimage","url":"https:\/\/evl.fi\/plus\/wp-content\/uploads\/sites\/3\/2023\/04\/bg.jpg","contentUrl":"https:\/\/evl.fi\/plus\/wp-content\/uploads\/sites\/3\/2023\/04\/bg.jpg","width":1865,"height":820,"caption":"Ihmisi\u00e4 helsingiss\u00e4."},{"@type":"BreadcrumbList","@id":"https:\/\/evl.fi\/plus\/yhteiskunta-ja-kirkko\/monikulttuurisuus\/seurakunnat-ja-maahanmuuttajat-2\/pakolaiset-ja-turvapaikanhakijat\/kaytannon-apua-arkeen\/#breadcrumb","itemListElement":[{"@type":"ListItem","position":1,"name":"Home","item":"https:\/\/evl.fi\/plus\/sv\/"},{"@type":"ListItem","position":2,"name":"Yhteiskunta ja kirkko","item":"https:\/\/evl.fi\/plus\/yhteiskunta-ja-kirkko\/"},{"@type":"ListItem","position":3,"name":"Monikulttuurisuus","item":"https:\/\/evl.fi\/plus\/yhteiskunta-ja-kirkko\/monikulttuurisuus\/"},{"@type":"ListItem","position":4,"name":"Seurakunnat ja maahan muuttaneet","item":"https:\/\/evl.fi\/plus\/yhteiskunta-ja-kirkko\/monikulttuurisuus\/seurakunnat-ja-maahanmuuttajat-2\/"},{"@type":"ListItem","position":5,"name":"Pakolaiset ja turvapaikanhakijat","item":"https:\/\/evl.fi\/plus\/yhteiskunta-ja-kirkko\/monikulttuurisuus\/seurakunnat-ja-maahanmuuttajat-2\/pakolaiset-ja-turvapaikanhakijat\/"},{"@type":"ListItem","position":6,"name":"K\u00e4yt\u00e4nn\u00f6n apua arkeen"}]},{"@type":"WebSite","@id":"https:\/\/evl.fi\/plus\/#website","url":"https:\/\/evl.fi\/plus\/","name":"EVL Plus","description":"","potentialAction":[{"@type":"SearchAction","target":{"@type":"EntryPoint","urlTemplate":"https:\/\/evl.fi\/plus\/?s={search_term_string}"},"query-input":{"@type":"PropertyValueSpecification","valueRequired":true,"valueName":"search_term_string"}}],"inLanguage":"fi"}]}},"lang":"fi","translations":{"fi":38595,"sv":100212},"pll_sync_post":{},"_links":{"self":[{"href":"https:\/\/evl.fi\/plus\/wp-json\/wp\/v2\/pages\/38595","targetHints":{"allow":["GET"]}}],"collection":[{"href":"https:\/\/evl.fi\/plus\/wp-json\/wp\/v2\/pages"}],"about":[{"href":"https:\/\/evl.fi\/plus\/wp-json\/wp\/v2\/types\/page"}],"author":[{"embeddable":true,"href":"https:\/\/evl.fi\/plus\/wp-json\/wp\/v2\/users\/75"}],"replies":[{"embeddable":true,"href":"https:\/\/evl.fi\/plus\/wp-json\/wp\/v2\/comments?post=38595"}],"version-history":[{"count":8,"href":"https:\/\/evl.fi\/plus\/wp-json\/wp\/v2\/pages\/38595\/revisions"}],"predecessor-version":[{"id":93934,"href":"https:\/\/evl.fi\/plus\/wp-json\/wp\/v2\/pages\/38595\/revisions\/93934"}],"up":[{"embeddable":true,"href":"https:\/\/evl.fi\/plus\/wp-json\/wp\/v2\/pages\/38571"}],"wp:attachment":[{"href":"https:\/\/evl.fi\/plus\/wp-json\/wp\/v2\/media?parent=38595"}],"curies":[{"name":"wp","href":"https:\/\/api.w.org\/{rel}","templated":true}]}}