{"id":38137,"date":"2023-04-12T15:20:30","date_gmt":"2023-04-12T12:20:30","guid":{"rendered":"https:\/\/evl.fi\/plus\/?page_id=38137"},"modified":"2023-08-21T17:01:12","modified_gmt":"2023-08-21T14:01:12","slug":"kirkon-tyontekijan-ydinosaaminen","status":"publish","type":"page","link":"https:\/\/evl.fi\/plus\/koulutus-ja-tyoelama\/kirkon-ammatit\/kirkon-tyontekijan-ydinosaaminen\/","title":{"rendered":"Kirkon ty\u00f6ntekij\u00e4n ydinosaaminen"},"content":{"rendered":"\n<p class=\"has-ingressi-font-size wp-block-paragraph\">Kirkon ammattien ydinosaaminen muodostuu sek\u00e4 kirkon ammateille yhteisest\u00e4 ydinosaamisesta ett\u00e4 kullekin ammatille ominaisesta ydinosaamisesta.<\/p>\n\n\n\n<figure class=\"wp-block-image size-full\"><img loading=\"lazy\" decoding=\"async\" width=\"840\" height=\"450\" src=\"https:\/\/evl.fi\/plus\/wp-content\/uploads\/sites\/3\/2023\/07\/KH_Ydinosaaminen_840X450.jpg\" alt=\"Kirkon ammattien ydinosaamiskuvaukset -logo.\" class=\"wp-image-72911\" srcset=\"https:\/\/evl.fi\/plus\/wp-content\/uploads\/sites\/3\/2023\/07\/KH_Ydinosaaminen_840X450.jpg 840w, https:\/\/evl.fi\/plus\/wp-content\/uploads\/sites\/3\/2023\/07\/KH_Ydinosaaminen_840X450-300x161.jpg 300w, https:\/\/evl.fi\/plus\/wp-content\/uploads\/sites\/3\/2023\/07\/KH_Ydinosaaminen_840X450-768x411.jpg 768w\" sizes=\"auto, (max-width: 840px) 100vw, 840px\" \/><\/figure>\n\n\n\n<p class=\"is-style-boxed wp-block-paragraph\">Ydinosaamiskuvaukset l\u00f6ytyv\u00e4t verkkojulkaisusta: <a href=\"http:\/\/kirkonydinosaaminen.fi\/\" target=\"_blank\" rel=\"noreferrer noopener\">kirkonydinosaaminen.fi<\/a>.<br>Kirkon missio muodostaa perustan kirkon erilaisille teht\u00e4ville ja ammateille. Kuvaukset on tarkoitettu seurakuntien, ty\u00f6ntekij\u00f6iden, opiskelijoiden ja kouluttavien organisaatioiden k\u00e4ytt\u00f6\u00f6n. <\/p>\n\n\n\n<p class=\"wp-block-paragraph\">Ydinosaamiskuvaukset pohjautuvat <strong>kirkon ammattien yhteiseen ydinosaamiskuvaukseen<\/strong>, sill\u00e4 ammattien kehittyess\u00e4 yhteisest\u00e4 osaamisesta on tullut yh\u00e4 keskeisemp\u00e4\u00e4. <\/p>\n\n\n\n<p class=\"wp-block-paragraph\">T\u00e4ss\u00e4 vaiheessa seuraaville kirkon ammateille ja erityisteht\u00e4ville on valmisteltu <strong>ammatillinen ydinosaamiskuvaus<\/strong>:<\/p>\n\n\n\n<ul class=\"wp-block-list\">\n<li>diakonian viranhaltija<\/li>\n\n\n\n<li>kanttori<\/li>\n\n\n\n<li>lastenohjaaja<\/li>\n\n\n\n<li>l\u00e4hetys- ja kansainv\u00e4lisen ty\u00f6n ohjaaja<\/li>\n\n\n\n<li>nuorisoty\u00f6nohjaaja<\/li>\n\n\n\n<li>oppilaitosty\u00f6ntekij\u00e4<\/li>\n\n\n\n<li>pappi<\/li>\n\n\n\n<li>perheneuvoja<\/li>\n\n\n\n<li>sairaalapappi<\/li>\n\n\n\n<li>suntio<\/li>\n\n\n\n<li>vammaisty\u00f6n ja viittomakielisen ty\u00f6n ty\u00f6ntekij\u00e4<\/li>\n\n\n\n<li>varhaiskasvatuksen ohjaaja.<\/li>\n<\/ul>\n\n\n\n<p class=\"wp-block-paragraph\">Kirkon ammattien ja erityisteht\u00e4vien ydinosaamiskuvausten ohella k\u00e4yt\u00f6ss\u00e4 on 2016 valmistunut l\u00e4hetysty\u00f6ntekij\u00e4n ydinosaamiskuvaus. Se on valmistunut suunniteltaessa l\u00e4hetysty\u00f6h\u00f6n valmentavaa Kansainv\u00e4lisen ty\u00f6n erityiskoulutusta (KTEL) 35 op.<\/p>\n\n\n\n  <div id=\"contact-lift-block_cc4735bf93c0a8b94386b6467e545414\" class=\"contact-lift d-flex align-items-center \">\n    <div class=\"container\">\n      <div class=\"row\">\n        <div class=\"col-12\">\n                  <\/div>\n      <\/div>\n      <div class=\"row\">\n              <\/div>\n    <\/div>\n  <\/div>\n","protected":false},"excerpt":{"rendered":"<p>Kirkon ammattien ydinosaaminen muodostuu sek\u00e4 kirkon ammateille yhteisest\u00e4 ydinosaamisesta ett\u00e4 kullekin ammatille ominaisesta ydinosaamisesta. Ydinosaamiskuvaukset l\u00f6ytyv\u00e4t verkkojulkaisusta: kirkonydinosaaminen.fi.Kirkon missio muodostaa perustan kirkon erilaisille teht\u00e4ville ja ammateille. Kuvaukset on tarkoitettu seurakuntien, ty\u00f6ntekij\u00f6iden, opiskelijoiden ja kouluttavien organisaatioiden k\u00e4ytt\u00f6\u00f6n. Ydinosaamiskuvaukset pohjautuvat kirkon ammattien yhteiseen ydinosaamiskuvaukseen, sill\u00e4 ammattien kehittyess\u00e4 yhteisest\u00e4 osaamisesta on tullut yh\u00e4 keskeisemp\u00e4\u00e4. T\u00e4ss\u00e4 vaiheessa seuraaville kirkon [&hellip;]<\/p>\n","protected":false},"author":15,"featured_media":37641,"parent":37691,"menu_order":1,"comment_status":"closed","ping_status":"closed","template":"template-text-page-sidebar.php","meta":{"_acf_changed":false,"_relevanssi_hide_post":"","_relevanssi_hide_content":"","_relevanssi_pin_for_all":"","_relevanssi_pin_keywords":"","_relevanssi_unpin_keywords":"","_relevanssi_related_keywords":"","_relevanssi_related_include_ids":"","_relevanssi_related_exclude_ids":"","_relevanssi_related_no_append":"","_relevanssi_related_not_related":"","_relevanssi_related_posts":"727,722,719","_relevanssi_noindex_reason":"","footnotes":""},"class_list":["post-38137","page","type-page","status-publish","has-post-thumbnail","hentry"],"acf":[],"yoast_head":"<!-- This site is optimized with the Yoast SEO plugin v28.3 - https:\/\/yoast.com\/product\/yoast-seo-wordpress\/ -->\n<title>Kirkon ty\u00f6ntekij\u00e4n ydinosaaminen - EVL Plus<\/title>\n<meta name=\"description\" content=\"Kirkon ammattien ydinosaaminen muodostuu sek\u00e4 kirkon ammateille yhteisest\u00e4 ydinosaamisesta ett\u00e4 kullekin ammatille ominaisesta ydinosaamisesta.\" \/>\n<meta name=\"robots\" content=\"index, follow, max-snippet:-1, max-image-preview:large, max-video-preview:-1\" \/>\n<link rel=\"canonical\" href=\"https:\/\/evl.fi\/plus\/koulutus-ja-tyoelama\/kirkon-ammatit\/kirkon-tyontekijan-ydinosaaminen\/\" \/>\n<meta property=\"og:locale\" content=\"fi_FI\" \/>\n<meta property=\"og:type\" content=\"article\" \/>\n<meta property=\"og:title\" content=\"Kirkon ty\u00f6ntekij\u00e4n ydinosaaminen - EVL Plus\" \/>\n<meta property=\"og:description\" content=\"Kirkon ammattien ydinosaaminen muodostuu sek\u00e4 kirkon ammateille yhteisest\u00e4 ydinosaamisesta ett\u00e4 kullekin ammatille ominaisesta ydinosaamisesta.\" \/>\n<meta property=\"og:url\" content=\"https:\/\/evl.fi\/plus\/koulutus-ja-tyoelama\/kirkon-ammatit\/kirkon-tyontekijan-ydinosaaminen\/\" \/>\n<meta property=\"og:site_name\" content=\"EVL Plus\" \/>\n<meta property=\"article:modified_time\" content=\"2023-08-21T14:01:12+00:00\" \/>\n<meta property=\"og:image\" content=\"https:\/\/evl.fi\/plus\/wp-content\/uploads\/sites\/3\/2023\/04\/bg.jpg\" \/>\n\t<meta property=\"og:image:width\" content=\"1865\" \/>\n\t<meta property=\"og:image:height\" content=\"820\" \/>\n\t<meta property=\"og:image:type\" content=\"image\/jpeg\" \/>\n<meta name=\"twitter:card\" content=\"summary_large_image\" \/>\n<meta name=\"twitter:label1\" content=\"Arvioitu lukuaika\" \/>\n\t<meta name=\"twitter:data1\" content=\"1 minuutti\" \/>\n<script type=\"application\/ld+json\" class=\"yoast-schema-graph\">{\"@context\":\"https:\\\/\\\/schema.org\",\"@graph\":[{\"@type\":\"WebPage\",\"@id\":\"https:\\\/\\\/evl.fi\\\/plus\\\/koulutus-ja-tyoelama\\\/kirkon-ammatit\\\/kirkon-tyontekijan-ydinosaaminen\\\/\",\"url\":\"https:\\\/\\\/evl.fi\\\/plus\\\/koulutus-ja-tyoelama\\\/kirkon-ammatit\\\/kirkon-tyontekijan-ydinosaaminen\\\/\",\"name\":\"Kirkon ty\u00f6ntekij\u00e4n ydinosaaminen - EVL Plus\",\"isPartOf\":{\"@id\":\"https:\\\/\\\/evl.fi\\\/plus\\\/#website\"},\"primaryImageOfPage\":{\"@id\":\"https:\\\/\\\/evl.fi\\\/plus\\\/koulutus-ja-tyoelama\\\/kirkon-ammatit\\\/kirkon-tyontekijan-ydinosaaminen\\\/#primaryimage\"},\"image\":{\"@id\":\"https:\\\/\\\/evl.fi\\\/plus\\\/koulutus-ja-tyoelama\\\/kirkon-ammatit\\\/kirkon-tyontekijan-ydinosaaminen\\\/#primaryimage\"},\"thumbnailUrl\":\"https:\\\/\\\/evl.fi\\\/plus\\\/wp-content\\\/uploads\\\/sites\\\/3\\\/2023\\\/04\\\/bg.jpg\",\"datePublished\":\"2023-04-12T12:20:30+00:00\",\"dateModified\":\"2023-08-21T14:01:12+00:00\",\"description\":\"Kirkon ammattien ydinosaaminen muodostuu sek\u00e4 kirkon ammateille yhteisest\u00e4 ydinosaamisesta ett\u00e4 kullekin ammatille ominaisesta ydinosaamisesta.\",\"breadcrumb\":{\"@id\":\"https:\\\/\\\/evl.fi\\\/plus\\\/koulutus-ja-tyoelama\\\/kirkon-ammatit\\\/kirkon-tyontekijan-ydinosaaminen\\\/#breadcrumb\"},\"inLanguage\":\"fi\",\"potentialAction\":[{\"@type\":\"ReadAction\",\"target\":[\"https:\\\/\\\/evl.fi\\\/plus\\\/koulutus-ja-tyoelama\\\/kirkon-ammatit\\\/kirkon-tyontekijan-ydinosaaminen\\\/\"]}]},{\"@type\":\"ImageObject\",\"inLanguage\":\"fi\",\"@id\":\"https:\\\/\\\/evl.fi\\\/plus\\\/koulutus-ja-tyoelama\\\/kirkon-ammatit\\\/kirkon-tyontekijan-ydinosaaminen\\\/#primaryimage\",\"url\":\"https:\\\/\\\/evl.fi\\\/plus\\\/wp-content\\\/uploads\\\/sites\\\/3\\\/2023\\\/04\\\/bg.jpg\",\"contentUrl\":\"https:\\\/\\\/evl.fi\\\/plus\\\/wp-content\\\/uploads\\\/sites\\\/3\\\/2023\\\/04\\\/bg.jpg\",\"width\":1865,\"height\":820,\"caption\":\"Ihmisi\u00e4 helsingiss\u00e4.\"},{\"@type\":\"BreadcrumbList\",\"@id\":\"https:\\\/\\\/evl.fi\\\/plus\\\/koulutus-ja-tyoelama\\\/kirkon-ammatit\\\/kirkon-tyontekijan-ydinosaaminen\\\/#breadcrumb\",\"itemListElement\":[{\"@type\":\"ListItem\",\"position\":1,\"name\":\"Home\",\"item\":\"https:\\\/\\\/evl.fi\\\/plus\\\/sv\\\/\"},{\"@type\":\"ListItem\",\"position\":2,\"name\":\"Koulutus ja ty\u00f6el\u00e4m\u00e4\",\"item\":\"https:\\\/\\\/evl.fi\\\/plus\\\/koulutus-ja-tyoelama\\\/\"},{\"@type\":\"ListItem\",\"position\":3,\"name\":\"Kirkon ammatit\",\"item\":\"https:\\\/\\\/evl.fi\\\/plus\\\/koulutus-ja-tyoelama\\\/kirkon-ammatit\\\/\"},{\"@type\":\"ListItem\",\"position\":4,\"name\":\"Kirkon ty\u00f6ntekij\u00e4n ydinosaaminen\"}]},{\"@type\":\"WebSite\",\"@id\":\"https:\\\/\\\/evl.fi\\\/plus\\\/#website\",\"url\":\"https:\\\/\\\/evl.fi\\\/plus\\\/\",\"name\":\"EVL Plus\",\"description\":\"\",\"potentialAction\":[{\"@type\":\"SearchAction\",\"target\":{\"@type\":\"EntryPoint\",\"urlTemplate\":\"https:\\\/\\\/evl.fi\\\/plus\\\/?s={search_term_string}\"},\"query-input\":{\"@type\":\"PropertyValueSpecification\",\"valueRequired\":true,\"valueName\":\"search_term_string\"}}],\"inLanguage\":\"fi\"}]}<\/script>\n<!-- \/ Yoast SEO plugin. -->","yoast_head_json":{"title":"Kirkon ty\u00f6ntekij\u00e4n ydinosaaminen - EVL Plus","description":"Kirkon ammattien ydinosaaminen muodostuu sek\u00e4 kirkon ammateille yhteisest\u00e4 ydinosaamisesta ett\u00e4 kullekin ammatille ominaisesta ydinosaamisesta.","robots":{"index":"index","follow":"follow","max-snippet":"max-snippet:-1","max-image-preview":"max-image-preview:large","max-video-preview":"max-video-preview:-1"},"canonical":"https:\/\/evl.fi\/plus\/koulutus-ja-tyoelama\/kirkon-ammatit\/kirkon-tyontekijan-ydinosaaminen\/","og_locale":"fi_FI","og_type":"article","og_title":"Kirkon ty\u00f6ntekij\u00e4n ydinosaaminen - EVL Plus","og_description":"Kirkon ammattien ydinosaaminen muodostuu sek\u00e4 kirkon ammateille yhteisest\u00e4 ydinosaamisesta ett\u00e4 kullekin ammatille ominaisesta ydinosaamisesta.","og_url":"https:\/\/evl.fi\/plus\/koulutus-ja-tyoelama\/kirkon-ammatit\/kirkon-tyontekijan-ydinosaaminen\/","og_site_name":"EVL Plus","article_modified_time":"2023-08-21T14:01:12+00:00","og_image":[{"width":1865,"height":820,"url":"https:\/\/evl.fi\/plus\/wp-content\/uploads\/sites\/3\/2023\/04\/bg.jpg","type":"image\/jpeg"}],"twitter_card":"summary_large_image","twitter_misc":{"Arvioitu lukuaika":"1 minuutti"},"schema":{"@context":"https:\/\/schema.org","@graph":[{"@type":"WebPage","@id":"https:\/\/evl.fi\/plus\/koulutus-ja-tyoelama\/kirkon-ammatit\/kirkon-tyontekijan-ydinosaaminen\/","url":"https:\/\/evl.fi\/plus\/koulutus-ja-tyoelama\/kirkon-ammatit\/kirkon-tyontekijan-ydinosaaminen\/","name":"Kirkon ty\u00f6ntekij\u00e4n ydinosaaminen - EVL Plus","isPartOf":{"@id":"https:\/\/evl.fi\/plus\/#website"},"primaryImageOfPage":{"@id":"https:\/\/evl.fi\/plus\/koulutus-ja-tyoelama\/kirkon-ammatit\/kirkon-tyontekijan-ydinosaaminen\/#primaryimage"},"image":{"@id":"https:\/\/evl.fi\/plus\/koulutus-ja-tyoelama\/kirkon-ammatit\/kirkon-tyontekijan-ydinosaaminen\/#primaryimage"},"thumbnailUrl":"https:\/\/evl.fi\/plus\/wp-content\/uploads\/sites\/3\/2023\/04\/bg.jpg","datePublished":"2023-04-12T12:20:30+00:00","dateModified":"2023-08-21T14:01:12+00:00","description":"Kirkon ammattien ydinosaaminen muodostuu sek\u00e4 kirkon ammateille yhteisest\u00e4 ydinosaamisesta ett\u00e4 kullekin ammatille ominaisesta ydinosaamisesta.","breadcrumb":{"@id":"https:\/\/evl.fi\/plus\/koulutus-ja-tyoelama\/kirkon-ammatit\/kirkon-tyontekijan-ydinosaaminen\/#breadcrumb"},"inLanguage":"fi","potentialAction":[{"@type":"ReadAction","target":["https:\/\/evl.fi\/plus\/koulutus-ja-tyoelama\/kirkon-ammatit\/kirkon-tyontekijan-ydinosaaminen\/"]}]},{"@type":"ImageObject","inLanguage":"fi","@id":"https:\/\/evl.fi\/plus\/koulutus-ja-tyoelama\/kirkon-ammatit\/kirkon-tyontekijan-ydinosaaminen\/#primaryimage","url":"https:\/\/evl.fi\/plus\/wp-content\/uploads\/sites\/3\/2023\/04\/bg.jpg","contentUrl":"https:\/\/evl.fi\/plus\/wp-content\/uploads\/sites\/3\/2023\/04\/bg.jpg","width":1865,"height":820,"caption":"Ihmisi\u00e4 helsingiss\u00e4."},{"@type":"BreadcrumbList","@id":"https:\/\/evl.fi\/plus\/koulutus-ja-tyoelama\/kirkon-ammatit\/kirkon-tyontekijan-ydinosaaminen\/#breadcrumb","itemListElement":[{"@type":"ListItem","position":1,"name":"Home","item":"https:\/\/evl.fi\/plus\/sv\/"},{"@type":"ListItem","position":2,"name":"Koulutus ja ty\u00f6el\u00e4m\u00e4","item":"https:\/\/evl.fi\/plus\/koulutus-ja-tyoelama\/"},{"@type":"ListItem","position":3,"name":"Kirkon ammatit","item":"https:\/\/evl.fi\/plus\/koulutus-ja-tyoelama\/kirkon-ammatit\/"},{"@type":"ListItem","position":4,"name":"Kirkon ty\u00f6ntekij\u00e4n ydinosaaminen"}]},{"@type":"WebSite","@id":"https:\/\/evl.fi\/plus\/#website","url":"https:\/\/evl.fi\/plus\/","name":"EVL Plus","description":"","potentialAction":[{"@type":"SearchAction","target":{"@type":"EntryPoint","urlTemplate":"https:\/\/evl.fi\/plus\/?s={search_term_string}"},"query-input":{"@type":"PropertyValueSpecification","valueRequired":true,"valueName":"search_term_string"}}],"inLanguage":"fi"}]}},"lang":"fi","translations":{"fi":38137,"sv":102295},"pll_sync_post":{},"_links":{"self":[{"href":"https:\/\/evl.fi\/plus\/wp-json\/wp\/v2\/pages\/38137","targetHints":{"allow":["GET"]}}],"collection":[{"href":"https:\/\/evl.fi\/plus\/wp-json\/wp\/v2\/pages"}],"about":[{"href":"https:\/\/evl.fi\/plus\/wp-json\/wp\/v2\/types\/page"}],"author":[{"embeddable":true,"href":"https:\/\/evl.fi\/plus\/wp-json\/wp\/v2\/users\/15"}],"replies":[{"embeddable":true,"href":"https:\/\/evl.fi\/plus\/wp-json\/wp\/v2\/comments?post=38137"}],"version-history":[{"count":7,"href":"https:\/\/evl.fi\/plus\/wp-json\/wp\/v2\/pages\/38137\/revisions"}],"predecessor-version":[{"id":84074,"href":"https:\/\/evl.fi\/plus\/wp-json\/wp\/v2\/pages\/38137\/revisions\/84074"}],"up":[{"embeddable":true,"href":"https:\/\/evl.fi\/plus\/wp-json\/wp\/v2\/pages\/37691"}],"wp:attachment":[{"href":"https:\/\/evl.fi\/plus\/wp-json\/wp\/v2\/media?parent=38137"}],"curies":[{"name":"wp","href":"https:\/\/api.w.org\/{rel}","templated":true}]}}