{"id":37768,"date":"2023-04-12T14:43:45","date_gmt":"2023-04-12T11:43:45","guid":{"rendered":"https:\/\/evl.fi\/plus\/?page_id=37768"},"modified":"2026-08-24T08:59:00","modified_gmt":"2026-08-24T05:59:00","slug":"kirkolliskokousedustajien-ja-hiippakuntavaltuuston-jasenten-vaali","status":"publish","type":"page","link":"https:\/\/evl.fi\/plus\/paatoksenteko\/piispainkokous\/tyoryhmat-ja-toimikunnat\/kirkolliskokousedustajien-ja-hiippakuntavaltuuston-jasenten-vaali\/","title":{"rendered":"Teologian opiskelijoiden psykologisen soveltuvuustutkimuksen seurantaryhm\u00e4 2024\u20132026"},"content":{"rendered":"\n<p class=\"wp-block-paragraph\">Kirkko j\u00e4rjest\u00e4\u00e4 teologian opiskelijoille ty\u00f6psykologisen soveltuvuustutkimuksen, johon opiskelijat osallistuvat yleens\u00e4 ty\u00f6ss\u00e4oppimisjakson j\u00e4lkeen. Soveltuvuustutkimukseen osallistuminen on edellytys pappisvihkimykselle. Soveltuvuustutkimuksen suorittaa kirkkohallituksen valitsema yhteisty\u00f6kumppani, jonka kanssa tehd\u00e4\u00e4n erillinen sopimus. Piispainkokous vastaa soveltuvuusarvioinnin kustannuksista.<\/p>\n\n\n\n<h2 class=\"wp-block-heading\">Seurantaryhm\u00e4n kokoonpano 1.1.2024\u201331.12.2026:<\/h2>\n\n\n\n<ul class=\"wp-block-list\">\n<li>asiantuntija Eeva Salo-Kopperi, Kirkon tutkimus ja koulutus<\/li>\n\n\n\n<li>kouluttaja Henri J\u00e4rvinen, Kirkon tutkimus ja koulutus, pj<\/li>\n\n\n\n<li>hiippakuntadekaani Mika Nurmi, Espoon hiippakunta<\/li>\n\n\n\n<li>hiippakuntasihteeri Heidi Juslin-Sandin, Porvoon hiippakunta <\/li>\n\n\n\n<li>piispainkokouksen p\u00e4\u00e4sihteeri Anna-Kaisa Inkala, piispainkokouksen kanslia<\/li>\n\n\n\n<li>yliopisto-opettaja Maria Buchert, Helsingin yliopisto <\/li>\n\n\n\n<li>yliopistonlehtori Jonna Ojalammi, It\u00e4-Suomen yliopisto<\/li>\n\n\n\n<li>Teologian ylioppilaiden tiedekuntayhdistys (TYT)\n<ul class=\"wp-block-list\">\n<li>Niko Kolehmainen, edustaja<\/li>\n<\/ul>\n<\/li>\n\n\n\n<li>Teologiska Studentf\u00f6reningen vid \u00c5bo Akademi (TSF)\n<ul class=\"wp-block-list\">\n<li>Pia K\u00e4yhk\u00f6, edustaja<\/li>\n<\/ul>\n<\/li>\n\n\n\n<li>Fides Ostiensis (FO)\n<ul class=\"wp-block-list\">\n<li>Aino Lahti, edustaja<\/li>\n<\/ul>\n<\/li>\n<\/ul>\n\n\n\n  <div id=\"contact-lift-block_04d2864777af8d4b586f12da6ae7bbff\" class=\"contact-lift d-flex align-items-center \">\n    <div class=\"container\">\n      <div class=\"row\">\n        <div class=\"col-12\">\n                  <\/div>\n      <\/div>\n      <div class=\"row\">\n              <\/div>\n    <\/div>\n  <\/div>\n","protected":false},"excerpt":{"rendered":"<p>Kirkko j\u00e4rjest\u00e4\u00e4 teologian opiskelijoille ty\u00f6psykologisen soveltuvuustutkimuksen, johon opiskelijat osallistuvat yleens\u00e4 ty\u00f6ss\u00e4oppimisjakson j\u00e4lkeen.<\/p>\n","protected":false},"author":19,"featured_media":37641,"parent":38905,"menu_order":1,"comment_status":"closed","ping_status":"closed","template":"template-text-page-sidebar.php","meta":{"_acf_changed":false,"_relevanssi_hide_post":"","_relevanssi_hide_content":"","_relevanssi_pin_for_all":"","_relevanssi_pin_keywords":"","_relevanssi_unpin_keywords":"","_relevanssi_related_keywords":"","_relevanssi_related_include_ids":"","_relevanssi_related_exclude_ids":"","_relevanssi_related_no_append":"","_relevanssi_related_not_related":"","_relevanssi_related_posts":"727,722,719","_relevanssi_noindex_reason":"","footnotes":""},"class_list":["post-37768","page","type-page","status-publish","has-post-thumbnail","hentry"],"acf":[],"yoast_head":"<!-- This site is optimized with the Yoast SEO plugin v28.3 - https:\/\/yoast.com\/product\/yoast-seo-wordpress\/ -->\n<title>Soveltuvuustutkimus teologian opiskelijoille - EVL Plus<\/title>\n<meta name=\"description\" content=\"Kirkko j\u00e4rjest\u00e4\u00e4 teologiopiskelijoille ty\u00f6psykologisen\u00a0soveltuvuustutkimuksen. Siihen osallistuminen on\u00a0edellytys pappisvihkimykselle.\" \/>\n<meta name=\"robots\" content=\"index, follow, max-snippet:-1, max-image-preview:large, max-video-preview:-1\" \/>\n<link rel=\"canonical\" href=\"https:\/\/evl.fi\/plus\/paatoksenteko\/piispainkokous\/tyoryhmat-ja-toimikunnat\/kirkolliskokousedustajien-ja-hiippakuntavaltuuston-jasenten-vaali\/\" \/>\n<meta property=\"og:locale\" content=\"fi_FI\" \/>\n<meta property=\"og:type\" content=\"article\" \/>\n<meta property=\"og:title\" content=\"Soveltuvuustutkimus teologian opiskelijoille - EVL Plus\" \/>\n<meta property=\"og:description\" content=\"Kirkko j\u00e4rjest\u00e4\u00e4 teologiopiskelijoille ty\u00f6psykologisen\u00a0soveltuvuustutkimuksen. Siihen osallistuminen on\u00a0edellytys pappisvihkimykselle.\" \/>\n<meta property=\"og:url\" content=\"https:\/\/evl.fi\/plus\/paatoksenteko\/piispainkokous\/tyoryhmat-ja-toimikunnat\/kirkolliskokousedustajien-ja-hiippakuntavaltuuston-jasenten-vaali\/\" \/>\n<meta property=\"og:site_name\" content=\"EVL Plus\" \/>\n<meta property=\"article:modified_time\" content=\"2026-08-24T05:59:00+00:00\" \/>\n<meta property=\"og:image\" content=\"https:\/\/evl.fi\/plus\/wp-content\/uploads\/sites\/3\/2023\/04\/bg.jpg\" \/>\n\t<meta property=\"og:image:width\" content=\"1865\" \/>\n\t<meta property=\"og:image:height\" content=\"820\" \/>\n\t<meta property=\"og:image:type\" content=\"image\/jpeg\" \/>\n<meta name=\"twitter:card\" content=\"summary_large_image\" \/>\n<meta name=\"twitter:label1\" content=\"Arvioitu lukuaika\" \/>\n\t<meta name=\"twitter:data1\" content=\"1 minuutti\" \/>\n<script type=\"application\/ld+json\" class=\"yoast-schema-graph\">{\"@context\":\"https:\\\/\\\/schema.org\",\"@graph\":[{\"@type\":\"WebPage\",\"@id\":\"https:\\\/\\\/evl.fi\\\/plus\\\/paatoksenteko\\\/piispainkokous\\\/tyoryhmat-ja-toimikunnat\\\/kirkolliskokousedustajien-ja-hiippakuntavaltuuston-jasenten-vaali\\\/\",\"url\":\"https:\\\/\\\/evl.fi\\\/plus\\\/paatoksenteko\\\/piispainkokous\\\/tyoryhmat-ja-toimikunnat\\\/kirkolliskokousedustajien-ja-hiippakuntavaltuuston-jasenten-vaali\\\/\",\"name\":\"Soveltuvuustutkimus teologian opiskelijoille - EVL Plus\",\"isPartOf\":{\"@id\":\"https:\\\/\\\/evl.fi\\\/plus\\\/#website\"},\"primaryImageOfPage\":{\"@id\":\"https:\\\/\\\/evl.fi\\\/plus\\\/paatoksenteko\\\/piispainkokous\\\/tyoryhmat-ja-toimikunnat\\\/kirkolliskokousedustajien-ja-hiippakuntavaltuuston-jasenten-vaali\\\/#primaryimage\"},\"image\":{\"@id\":\"https:\\\/\\\/evl.fi\\\/plus\\\/paatoksenteko\\\/piispainkokous\\\/tyoryhmat-ja-toimikunnat\\\/kirkolliskokousedustajien-ja-hiippakuntavaltuuston-jasenten-vaali\\\/#primaryimage\"},\"thumbnailUrl\":\"https:\\\/\\\/evl.fi\\\/plus\\\/wp-content\\\/uploads\\\/sites\\\/3\\\/2023\\\/04\\\/bg.jpg\",\"datePublished\":\"2023-04-12T11:43:45+00:00\",\"dateModified\":\"2026-08-24T05:59:00+00:00\",\"description\":\"Kirkko j\u00e4rjest\u00e4\u00e4 teologiopiskelijoille ty\u00f6psykologisen\u00a0soveltuvuustutkimuksen. Siihen osallistuminen on\u00a0edellytys pappisvihkimykselle.\",\"breadcrumb\":{\"@id\":\"https:\\\/\\\/evl.fi\\\/plus\\\/paatoksenteko\\\/piispainkokous\\\/tyoryhmat-ja-toimikunnat\\\/kirkolliskokousedustajien-ja-hiippakuntavaltuuston-jasenten-vaali\\\/#breadcrumb\"},\"inLanguage\":\"fi\",\"potentialAction\":[{\"@type\":\"ReadAction\",\"target\":[\"https:\\\/\\\/evl.fi\\\/plus\\\/paatoksenteko\\\/piispainkokous\\\/tyoryhmat-ja-toimikunnat\\\/kirkolliskokousedustajien-ja-hiippakuntavaltuuston-jasenten-vaali\\\/\"]}]},{\"@type\":\"ImageObject\",\"inLanguage\":\"fi\",\"@id\":\"https:\\\/\\\/evl.fi\\\/plus\\\/paatoksenteko\\\/piispainkokous\\\/tyoryhmat-ja-toimikunnat\\\/kirkolliskokousedustajien-ja-hiippakuntavaltuuston-jasenten-vaali\\\/#primaryimage\",\"url\":\"https:\\\/\\\/evl.fi\\\/plus\\\/wp-content\\\/uploads\\\/sites\\\/3\\\/2023\\\/04\\\/bg.jpg\",\"contentUrl\":\"https:\\\/\\\/evl.fi\\\/plus\\\/wp-content\\\/uploads\\\/sites\\\/3\\\/2023\\\/04\\\/bg.jpg\",\"width\":1865,\"height\":820,\"caption\":\"Ihmisi\u00e4 helsingiss\u00e4.\"},{\"@type\":\"BreadcrumbList\",\"@id\":\"https:\\\/\\\/evl.fi\\\/plus\\\/paatoksenteko\\\/piispainkokous\\\/tyoryhmat-ja-toimikunnat\\\/kirkolliskokousedustajien-ja-hiippakuntavaltuuston-jasenten-vaali\\\/#breadcrumb\",\"itemListElement\":[{\"@type\":\"ListItem\",\"position\":1,\"name\":\"Home\",\"item\":\"https:\\\/\\\/evl.fi\\\/plus\\\/sv\\\/\"},{\"@type\":\"ListItem\",\"position\":2,\"name\":\"P\u00e4\u00e4t\u00f6ksenteko\",\"item\":\"https:\\\/\\\/evl.fi\\\/plus\\\/paatoksenteko\\\/\"},{\"@type\":\"ListItem\",\"position\":3,\"name\":\"Piispainkokous\",\"item\":\"https:\\\/\\\/evl.fi\\\/plus\\\/paatoksenteko\\\/piispainkokous\\\/\"},{\"@type\":\"ListItem\",\"position\":4,\"name\":\"Ty\u00f6ryhm\u00e4t ja toimikunnat\",\"item\":\"https:\\\/\\\/evl.fi\\\/plus\\\/paatoksenteko\\\/piispainkokous\\\/tyoryhmat-ja-toimikunnat\\\/\"},{\"@type\":\"ListItem\",\"position\":5,\"name\":\"Teologian opiskelijoiden psykologisen soveltuvuustutkimuksen seurantaryhm\u00e4 2024\u20132026\"}]},{\"@type\":\"WebSite\",\"@id\":\"https:\\\/\\\/evl.fi\\\/plus\\\/#website\",\"url\":\"https:\\\/\\\/evl.fi\\\/plus\\\/\",\"name\":\"EVL Plus\",\"description\":\"\",\"potentialAction\":[{\"@type\":\"SearchAction\",\"target\":{\"@type\":\"EntryPoint\",\"urlTemplate\":\"https:\\\/\\\/evl.fi\\\/plus\\\/?s={search_term_string}\"},\"query-input\":{\"@type\":\"PropertyValueSpecification\",\"valueRequired\":true,\"valueName\":\"search_term_string\"}}],\"inLanguage\":\"fi\"}]}<\/script>\n<!-- \/ Yoast SEO plugin. -->","yoast_head_json":{"title":"Soveltuvuustutkimus teologian opiskelijoille - EVL Plus","description":"Kirkko j\u00e4rjest\u00e4\u00e4 teologiopiskelijoille ty\u00f6psykologisen\u00a0soveltuvuustutkimuksen. Siihen osallistuminen on\u00a0edellytys pappisvihkimykselle.","robots":{"index":"index","follow":"follow","max-snippet":"max-snippet:-1","max-image-preview":"max-image-preview:large","max-video-preview":"max-video-preview:-1"},"canonical":"https:\/\/evl.fi\/plus\/paatoksenteko\/piispainkokous\/tyoryhmat-ja-toimikunnat\/kirkolliskokousedustajien-ja-hiippakuntavaltuuston-jasenten-vaali\/","og_locale":"fi_FI","og_type":"article","og_title":"Soveltuvuustutkimus teologian opiskelijoille - EVL Plus","og_description":"Kirkko j\u00e4rjest\u00e4\u00e4 teologiopiskelijoille ty\u00f6psykologisen\u00a0soveltuvuustutkimuksen. Siihen osallistuminen on\u00a0edellytys pappisvihkimykselle.","og_url":"https:\/\/evl.fi\/plus\/paatoksenteko\/piispainkokous\/tyoryhmat-ja-toimikunnat\/kirkolliskokousedustajien-ja-hiippakuntavaltuuston-jasenten-vaali\/","og_site_name":"EVL Plus","article_modified_time":"2026-08-24T05:59:00+00:00","og_image":[{"width":1865,"height":820,"url":"https:\/\/evl.fi\/plus\/wp-content\/uploads\/sites\/3\/2023\/04\/bg.jpg","type":"image\/jpeg"}],"twitter_card":"summary_large_image","twitter_misc":{"Arvioitu lukuaika":"1 minuutti"},"schema":{"@context":"https:\/\/schema.org","@graph":[{"@type":"WebPage","@id":"https:\/\/evl.fi\/plus\/paatoksenteko\/piispainkokous\/tyoryhmat-ja-toimikunnat\/kirkolliskokousedustajien-ja-hiippakuntavaltuuston-jasenten-vaali\/","url":"https:\/\/evl.fi\/plus\/paatoksenteko\/piispainkokous\/tyoryhmat-ja-toimikunnat\/kirkolliskokousedustajien-ja-hiippakuntavaltuuston-jasenten-vaali\/","name":"Soveltuvuustutkimus teologian opiskelijoille - EVL Plus","isPartOf":{"@id":"https:\/\/evl.fi\/plus\/#website"},"primaryImageOfPage":{"@id":"https:\/\/evl.fi\/plus\/paatoksenteko\/piispainkokous\/tyoryhmat-ja-toimikunnat\/kirkolliskokousedustajien-ja-hiippakuntavaltuuston-jasenten-vaali\/#primaryimage"},"image":{"@id":"https:\/\/evl.fi\/plus\/paatoksenteko\/piispainkokous\/tyoryhmat-ja-toimikunnat\/kirkolliskokousedustajien-ja-hiippakuntavaltuuston-jasenten-vaali\/#primaryimage"},"thumbnailUrl":"https:\/\/evl.fi\/plus\/wp-content\/uploads\/sites\/3\/2023\/04\/bg.jpg","datePublished":"2023-04-12T11:43:45+00:00","dateModified":"2026-08-24T05:59:00+00:00","description":"Kirkko j\u00e4rjest\u00e4\u00e4 teologiopiskelijoille ty\u00f6psykologisen\u00a0soveltuvuustutkimuksen. Siihen osallistuminen on\u00a0edellytys pappisvihkimykselle.","breadcrumb":{"@id":"https:\/\/evl.fi\/plus\/paatoksenteko\/piispainkokous\/tyoryhmat-ja-toimikunnat\/kirkolliskokousedustajien-ja-hiippakuntavaltuuston-jasenten-vaali\/#breadcrumb"},"inLanguage":"fi","potentialAction":[{"@type":"ReadAction","target":["https:\/\/evl.fi\/plus\/paatoksenteko\/piispainkokous\/tyoryhmat-ja-toimikunnat\/kirkolliskokousedustajien-ja-hiippakuntavaltuuston-jasenten-vaali\/"]}]},{"@type":"ImageObject","inLanguage":"fi","@id":"https:\/\/evl.fi\/plus\/paatoksenteko\/piispainkokous\/tyoryhmat-ja-toimikunnat\/kirkolliskokousedustajien-ja-hiippakuntavaltuuston-jasenten-vaali\/#primaryimage","url":"https:\/\/evl.fi\/plus\/wp-content\/uploads\/sites\/3\/2023\/04\/bg.jpg","contentUrl":"https:\/\/evl.fi\/plus\/wp-content\/uploads\/sites\/3\/2023\/04\/bg.jpg","width":1865,"height":820,"caption":"Ihmisi\u00e4 helsingiss\u00e4."},{"@type":"BreadcrumbList","@id":"https:\/\/evl.fi\/plus\/paatoksenteko\/piispainkokous\/tyoryhmat-ja-toimikunnat\/kirkolliskokousedustajien-ja-hiippakuntavaltuuston-jasenten-vaali\/#breadcrumb","itemListElement":[{"@type":"ListItem","position":1,"name":"Home","item":"https:\/\/evl.fi\/plus\/sv\/"},{"@type":"ListItem","position":2,"name":"P\u00e4\u00e4t\u00f6ksenteko","item":"https:\/\/evl.fi\/plus\/paatoksenteko\/"},{"@type":"ListItem","position":3,"name":"Piispainkokous","item":"https:\/\/evl.fi\/plus\/paatoksenteko\/piispainkokous\/"},{"@type":"ListItem","position":4,"name":"Ty\u00f6ryhm\u00e4t ja toimikunnat","item":"https:\/\/evl.fi\/plus\/paatoksenteko\/piispainkokous\/tyoryhmat-ja-toimikunnat\/"},{"@type":"ListItem","position":5,"name":"Teologian opiskelijoiden psykologisen soveltuvuustutkimuksen seurantaryhm\u00e4 2024\u20132026"}]},{"@type":"WebSite","@id":"https:\/\/evl.fi\/plus\/#website","url":"https:\/\/evl.fi\/plus\/","name":"EVL Plus","description":"","potentialAction":[{"@type":"SearchAction","target":{"@type":"EntryPoint","urlTemplate":"https:\/\/evl.fi\/plus\/?s={search_term_string}"},"query-input":{"@type":"PropertyValueSpecification","valueRequired":true,"valueName":"search_term_string"}}],"inLanguage":"fi"}]}},"lang":"fi","translations":{"fi":37768},"pll_sync_post":{},"_links":{"self":[{"href":"https:\/\/evl.fi\/plus\/wp-json\/wp\/v2\/pages\/37768","targetHints":{"allow":["GET"]}}],"collection":[{"href":"https:\/\/evl.fi\/plus\/wp-json\/wp\/v2\/pages"}],"about":[{"href":"https:\/\/evl.fi\/plus\/wp-json\/wp\/v2\/types\/page"}],"author":[{"embeddable":true,"href":"https:\/\/evl.fi\/plus\/wp-json\/wp\/v2\/users\/19"}],"replies":[{"embeddable":true,"href":"https:\/\/evl.fi\/plus\/wp-json\/wp\/v2\/comments?post=37768"}],"version-history":[{"count":9,"href":"https:\/\/evl.fi\/plus\/wp-json\/wp\/v2\/pages\/37768\/revisions"}],"predecessor-version":[{"id":190630,"href":"https:\/\/evl.fi\/plus\/wp-json\/wp\/v2\/pages\/37768\/revisions\/190630"}],"up":[{"embeddable":true,"href":"https:\/\/evl.fi\/plus\/wp-json\/wp\/v2\/pages\/38905"}],"wp:attachment":[{"href":"https:\/\/evl.fi\/plus\/wp-json\/wp\/v2\/media?parent=37768"}],"curies":[{"name":"wp","href":"https:\/\/api.w.org\/{rel}","templated":true}]}}