{"id":172443,"date":"2026-04-23T09:34:19","date_gmt":"2026-04-23T06:34:19","guid":{"rendered":"https:\/\/evl.fi\/plus\/?page_id=172443"},"modified":"2026-08-27T08:19:52","modified_gmt":"2026-08-27T05:19:52","slug":"valbrev-och-meddelandekort","status":"publish","type":"page","link":"https:\/\/evl.fi\/plus\/sv\/forvaltning-och-ekonomi\/forsamlingsvalet\/valkommunikation\/valbrev-och-meddelandekort\/","title":{"rendered":"Valbrev och meddelandekort"},"content":{"rendered":"\n<p class=\"wp-block-paragraph\"><em>sidan \u00e4r uppdaterad 27.8.2026<\/em><\/p>\n\n\n\n<h2 class=\"wp-block-heading\">Det h\u00e4r \u00e4r valbrevshelheten<\/h2>\n\n\n\n<p class=\"is-style-default wp-block-paragraph\">Valbrevet best\u00e5r av ett meddelandekort om r\u00f6str\u00e4tt i valet, en gemensam h\u00e4lsningstext om valets betydelse, en lista p\u00e5 f\u00f6rsamlingens f\u00f6rhandsr\u00f6stningsst\u00e4llen samt kandidatlistorna.\u202f <\/p>\n\n\n\n<p class=\"wp-block-paragraph\">Kyrkostyrelsen utarbetar meddelandekortet, h\u00e4lsningstexten tillsammans med f\u00f6rhandsr\u00f6stningsst\u00e4llena samt kandidatlistor utan foton. Uppgifterna till dessa h\u00e4mtas fr\u00e5n\u202fKirjuri\u202foch valets resultattj\u00e4nst. Meddelandekortets baksida fungerar som f\u00f6ljebrev vid f\u00f6rhandsr\u00f6stningen ifall den som r\u00f6star tagit med brevet till f\u00f6rhandsr\u00f6stningsst\u00e4llet. <\/p>\n\n\n\n<p class=\"wp-block-paragraph\">F\u00f6rsamlingen kan v\u00e4lja att\u202fkomplettera den f\u00e4rdiga h\u00e4lsningen med en egen text p\u00e5 max 800 tecken, eller att g\u00f6ra en helt egen h\u00e4lsning (en sida A4, pdf). F\u00f6rsamlingen kan ocks\u00e5 v\u00e4lja att skapa egna fotof\u00f6rsedda kandidatlistor (A4-storlek,\u202fpdf). <\/p>\n\n\n\n<p class=\"wp-block-paragraph\">Utskriftstj\u00e4nsten f\u00f6r valbrevet produceras av\u202fPosti\u202fMessaging\u202fOy.\u202f <\/p>\n\n\n\n<p class=\"wp-block-paragraph\">Posti\u202fJakelu\u202fOy erbjuder distribution av valbreven med digital post som till\u00e4ggstj\u00e4nst. Valbrevet skickas p\u00e5 det spr\u00e5k som angetts f\u00f6r f\u00f6rsamlingsmedlemmen i\u202fKirjuri\u202f(finska eller svenska).\u202fProduktionen av breven inleds 6.10, s\u00e5 att alla brev hinner produceras och postas senast 16.10.<\/p>\n\n\n\n<h3 class=\"wp-block-heading\">Produktionen av valbrevet<\/h3>\n\n\n\n<ol start=\"1\" class=\"wp-block-list\">\n<li>Logga in i valbrevstj\u00e4nsten <a href=\"https:\/\/invoiceportal-fi.bis.plat.fi\/seurakuntavaalit\/\" target=\"_blank\" rel=\"noreferrer noopener\">via den h\u00e4r l\u00e4nken<\/a>&nbsp;&nbsp;<\/li>\n<\/ol>\n\n\n\n<ol start=\"2\" class=\"wp-block-list\">\n<li>Logga in i tj\u00e4nsten med din personliga @evl-e-postadress<\/li>\n<\/ol>\n\n\n\n<ol start=\"3\" class=\"wp-block-list\">\n<li>Ifall du har gl\u00f6mt ditt l\u00f6senord, klicka p\u00e5 knappen &#8221;Gl\u00f6mt l\u00f6senord?&#8221; En \u00e5terst\u00e4llningsl\u00e4nk skickas till din e-post.<\/li>\n<\/ol>\n\n\n\n<h4 class=\"wp-block-heading\">Inloggad anv\u00e4ndare<\/h4>\n\n\n\n<p class=\"wp-block-paragraph\">N\u00e4r du har loggat in i tj\u00e4nsten kan du vid behov byta \/ radera \/ l\u00e4gga till anv\u00e4ndare (@evl e-postadresser) som har r\u00e4tt att ladda upp material, granska och godk\u00e4nna f\u00f6rsamlingens valbrevshelhet. Samma person kan vara registrerad som anv\u00e4ndare f\u00f6r flera olika f\u00f6rsamlingar.<\/p>\n\n\n\n<h4 class=\"wp-block-heading\">Viktigt att notera<\/h4>\n\n\n\n<p class=\"wp-block-paragraph\">Det inneh\u00e5ll du ser i valbrevsportalen \u00e4r testmaterial tills dess att det verkliga materialet har f\u00f6rts \u00f6ver fr\u00e5n valets datasystem enligt tidtabellen nedan.<\/p>\n\n\n\n<p class=\"wp-block-paragraph\">Inneh\u00e5llet i tj\u00e4nsten uppdateras en g\u00e5ng i timme. Beakta den h\u00e4r f\u00f6rdr\u00f6jningen ifall du skriver en egen h\u00e4lsning till valbrevet.<\/p>\n\n\n\n<p class=\"wp-block-paragraph\">Kom ih\u00e5g att ladda upp och spara inneh\u00e5ll f\u00f6r b\u00e5da spr\u00e5kversionerna (fi\/sv) ifall f\u00f6rsamlingen har medlemmar som har olika kontaktspr\u00e5k.<\/p>\n\n\n\n<h3 class=\"wp-block-heading\">Tidtabell f\u00f6r valbrevet och produktionen<\/h3>\n\n\n\n<ul class=\"wp-block-list\">\n<li><strong>1.9<\/strong> Uppgifterna \u00f6verf\u00f6rs fr\u00e5n&nbsp;Kirjuri&nbsp;till meddelandekortet.&nbsp;<\/li>\n\n\n\n<li><strong>7.9&nbsp;<\/strong>Fyll i den&nbsp;egna&nbsp;text som ni vill inkludera i&nbsp;valbrevets h\u00e4lsning&nbsp;ELLER&nbsp;ladda upp&nbsp;en&nbsp;<em>ensidig<\/em> pdf-fil&nbsp;(A4-storlek)&nbsp;med er&nbsp;egen&nbsp;h\u00e4lsning&nbsp;i&nbsp;utskriftstj\u00e4nsten.<\/li>\n\n\n\n<li><strong>15.9<\/strong> Efter det h\u00e4r datumet f\u00e5r du en f\u00f6rfr\u00e5gan till din e-post om f\u00f6rsamlingen kommer att h\u00e5lla val. Ifall ingen r\u00f6stning ordnas (s\u00e4mjoval), annulleras best\u00e4llningen av valbrevet. Du hittar instruktionerna i det e-postmeddelande du f\u00e5r.<\/li>\n\n\n\n<li><strong>22.9<\/strong> F\u00f6rsamlingens&nbsp;basuppgifter, f\u00f6rhandsr\u00f6stningsst\u00e4llena och vallokalerna p\u00e5 valdagen \u00f6verf\u00f6rs fr\u00e5n&nbsp;valets resultattj\u00e4nst till utskriftstj\u00e4nsten f\u00f6r valbrevet.&nbsp;<\/li>\n\n\n\n<li><strong>22.9<\/strong> Granska&nbsp;att&nbsp;ovanst\u00e5ende&nbsp;uppgifter \u00e4r korrekta i utskriftstj\u00e4nsten.&nbsp;Meddela eventuella felaktigheter till&nbsp;adressen&nbsp;<a href=\"mailto:valas.kirkkohallitus@evl.fi\" target=\"_blank\" rel=\"noreferrer noopener\">valas.kirkkohallitus@evl.fi<\/a>.&nbsp;Uppgifterna korrigeras i valets datasystem och i valbrevet.&nbsp;<\/li>\n\n\n\n<li><strong>6.10 senast kl. 12.<\/strong>&nbsp;Eventuella&nbsp;fotof\u00f6rsedda kandidatlistor som f\u00f6rsamlingen sj\u00e4lva producerar ska vara f\u00e4rdiga och uppladdade i utskriftstj\u00e4nsten.&nbsp;<\/li>\n\n\n\n<li><strong>6.10<\/strong>&nbsp;Uppgifter om kandidaterna \u00f6verf\u00f6rs fr\u00e5n resultattj\u00e4nsten till kandidatlistorna&nbsp;(utan&nbsp;foton). Uppgifterna kan inte l\u00e4ngre \u00e4ndras.&nbsp;Produktionen och postningen&nbsp;av valbreven inleds.&nbsp;&nbsp;<\/li>\n<\/ul>\n\n\n\n<h4 class=\"wp-block-heading\">Viktigt g\u00e4llande tidtabellen och materialet<\/h4>\n\n\n\n<p class=\"wp-block-paragraph\">Uppgifterna till valbrevet \u00f6verf\u00f6rs direkt fr\u00e5n Kirjuri och valets resultattj\u00e4nst. Felaktiga uppgifter korrigeras via valets datasystem. Korrigeringar kan g\u00f6ras endast inom en begr\u00e4nsad tidsram, s\u00e5 det \u00e4r av st\u00f6rsta vikt att uppgifterna har matats in i systemet korrekt och enligt <a href=\"https:\/\/evl.fi\/plus\/sv\/forvaltning-och-ekonomi\/forsamlingsvalet\/resultattjansten\/\" type=\"page\" id=\"172987\">tidtabellen f\u00f6r resultattj\u00e4nsten<\/a>.<\/p>\n\n\n\n<p class=\"wp-block-paragraph\">I utskriftstj\u00e4nsten kan du bekanta dig med de standardmaterial som Kyrkostyrelsen tagit fram: meddelandekortet, den gemensamma h\u00e4lsningstexten, listan p\u00e5 f\u00f6rhandsr\u00f6stningsst\u00e4llen och sammanst\u00e4llning av kandidatlistorna utan bilder.<\/p>\n\n\n\n<p class=\"wp-block-paragraph\">Ifall f\u00f6rsamlingen vill g\u00f6ra egna fotof\u00f6rsedda kandidatlistor kan ni dra nytta av <a href=\"https:\/\/canva.link\/1e1idngwe61qjui\" data-type=\"link\" data-id=\"https:\/\/canva.link\/1e1idngwe61qjui\">den h\u00e4r mallen i Canva<\/a> (obs! enbart listorna).<\/p>\n\n\n\n<p class=\"wp-block-paragraph\">Om f\u00f6rsamlingen producerar eget material ansvarar ni sj\u00e4lva f\u00f6r att det \u00e4r korrekt. <a href=\"https:\/\/evl.fi\/plus\/wp-content\/uploads\/sites\/3\/2026\/06\/Instruktioner-for-att-producera-eget-material-till-valbrevet-2026.pdf\" type=\"link\" id=\"https:\/\/evl.fi\/plus\/wp-content\/uploads\/sites\/3\/2026\/06\/Instruktioner-for-att-producera-eget-material-till-valbrevet-2026.pdf\">Kontrollera anvisningarna f\u00f6r materialet h\u00e4r.<\/a> Om materialet inte \u00e4r tryckdugligt (A4, pdf) anv\u00e4nds standardversionen i valbrevet (den gemensamma h\u00e4lsningstexten och kandidatlistorna utan foton).<\/p>\n\n\n\n<p class=\"wp-block-paragraph\">V\u00e4nligen observera den mycket strikta tidtabellen f\u00f6r att producera fotof\u00f6rsedda kandidatlistor. <\/p>\n\n\n\n<p class=\"wp-block-paragraph\">Ifall f\u00f6rsamlingen har b\u00e5de svensk- och finskspr\u00e5kiga medlemmar beh\u00f6ver ni leverera eventuellt eget material p\u00e5 b\u00e5da spr\u00e5ken. Om material saknas p\u00e5 det ena spr\u00e5ket anv\u00e4nds standardversionen f\u00f6r det spr\u00e5ket i brevet. <\/p>\n\n\n\n<h3 class=\"wp-block-heading\">Priset p\u00e5 valbrevet <\/h3>\n\n\n\n<p class=\"wp-block-paragraph\">Det totala priset f\u00f6r valbrevet best\u00e5r av kostnaderna f\u00f6r utskriftstj\u00e4nsten samt portokostnaden f\u00f6r utdelningen av breven. <\/p>\n\n\n\n<p class=\"wp-block-paragraph\">Utskriftstj\u00e4nsten faktureras av Posti Messaging Oy. Priset f\u00f6r utskrift och material \u00e4r 0,058 euro per valbrev. I priset ing\u00e5r utskrift, kuvertering, ytterkuvert samt tre A4 ark med dubbelsidig utskrift. Priset f\u00f6r en eventuell till\u00e4ggssida \u00e4r 0,04 euro\/st. och d\u00e4r ing\u00e5r utskriften av ett A4 ark och kuvertering av till\u00e4ggssidan. <\/p>\n\n\n\n<p class=\"wp-block-paragraph\">Posti Jakelu Oy erbjuder en distributionstj\u00e4nst f\u00f6r valbrevet som f\u00f6rsamlingsekonomierna kan anv\u00e4nda om de \u00f6nskar. Valbrevet skickas d\u00e5 ocks\u00e5 i digitalt format till de mottagare som har tagit i bruk den digitala postl\u00e5dan. <\/p>\n\n\n\n<p class=\"wp-block-paragraph\"><strong>Styckepriset f\u00f6r valbrevet \u00e4r f\u00f6ljande: <\/strong><\/p>\n\n\n\n<ul class=\"wp-block-list\">\n<li>Utskriftstj\u00e4nst: 0,058 euro\u202f&nbsp;<\/li>\n\n\n\n<li>Eventuell till\u00e4ggssida: 0,04 euro\u202f&nbsp;<\/li>\n\n\n\n<li>Utdelning via&nbsp;Posti&nbsp;Jakelu&nbsp;Oy: 0,45 euro\u202f&nbsp;<\/li>\n<\/ul>\n\n\n\n<h3 class=\"wp-block-heading\">F\u00f6rsamlingarnas beslutander\u00e4tt<\/h3>\n\n\n\n<p class=\"wp-block-paragraph\">F\u00f6rsamlingsekonomierna \u00e4r sj\u00e4lvst\u00e4ndiga upphandlande enheter och beslutar sj\u00e4lva vilka utskrifts- och distributionstj\u00e4nster de anv\u00e4nder. F\u00f6rsamlingsekonomin kan anv\u00e4nda:<\/p>\n\n\n\n<ul class=\"wp-block-list\">\n<li>Posti Messaging Oy:s utskriftstj\u00e4nst\u202f<\/li>\n\n\n\n<li>Posti Jakelu Oy:s allm\u00e4nna distributionstj\u00e4nst, eller\u202f\u202f<\/li>\n\n\n\n<li>annat eget utskrifts- och\/eller distributionsavtal.<\/li>\n<\/ul>\n\n\n\n<p class=\"wp-block-paragraph\">Avtalen om tj\u00e4nsterna ing\u00e5s alltid mellan f\u00f6rsamlingsekonomin och tj\u00e4nsteproducenten. F\u00f6rsamlingen best\u00e4ller Postens distributionstj\u00e4nst samtidigt som den bekr\u00e4ftar best\u00e4llningen av brevens utskriftstj\u00e4nst.<\/p>\n\n\n  <script id=\"ze-snippet\" src=\"https:\/\/static.zdassets.com\/ekr\/snippet.js?key=bfb3598a-5dd8-4ca9-8c8f-188d2f53e13b\"><\/script>\n","protected":false},"excerpt":{"rendered":"<p>Valbrevet best\u00e5r av ett meddelandekort om r\u00f6str\u00e4tten, kyrkoherdens h\u00e4lsning och sammanst\u00e4llning av kandidatlistorna.<\/p>\n","protected":false},"author":15,"featured_media":188492,"parent":172011,"menu_order":2,"comment_status":"closed","ping_status":"closed","template":"template-text-page-sidebar.php","meta":{"_acf_changed":false,"_relevanssi_hide_post":"","_relevanssi_hide_content":"","_relevanssi_pin_for_all":"","_relevanssi_pin_keywords":"","_relevanssi_unpin_keywords":"","_relevanssi_related_keywords":"","_relevanssi_related_include_ids":"","_relevanssi_related_exclude_ids":"","_relevanssi_related_no_append":"","_relevanssi_related_not_related":"","_relevanssi_related_posts":"146248,141322,136090,141047,141187,135961","_relevanssi_noindex_reason":"","footnotes":""},"class_list":["post-172443","page","type-page","status-publish","has-post-thumbnail","hentry"],"acf":[],"yoast_head":"<!-- This site is optimized with the Yoast SEO plugin v28.3 - https:\/\/yoast.com\/product\/yoast-seo-wordpress\/ -->\n<title>Valbrev och meddelandekort - EVL Plus<\/title>\n<meta name=\"description\" content=\"Valbrevet best\u00e5r av ett meddelandekort om r\u00f6str\u00e4tten, kyrkoherdens h\u00e4lsning och sammanst\u00e4llning av kandidatlistorna. Det \u00e4r obligatoriskt att posta ett valbrev till varje r\u00f6stber\u00e4ttigad f\u00f6rsamlingsmedlem i f\u00f6rsamlingar som \u00e4r indelade i r\u00f6stningsomr\u00e5den.\" \/>\n<meta name=\"robots\" content=\"index, follow, max-snippet:-1, max-image-preview:large, max-video-preview:-1\" \/>\n<link rel=\"canonical\" href=\"https:\/\/evl.fi\/plus\/sv\/forvaltning-och-ekonomi\/forsamlingsvalet\/valkommunikation\/valbrev-och-meddelandekort\/\" \/>\n<meta property=\"og:locale\" content=\"fi_FI\" \/>\n<meta property=\"og:type\" content=\"article\" \/>\n<meta property=\"og:title\" content=\"Valbrev och meddelandekort - EVL Plus\" \/>\n<meta property=\"og:description\" content=\"Valbrevet best\u00e5r av ett meddelandekort om r\u00f6str\u00e4tten, kyrkoherdens h\u00e4lsning och sammanst\u00e4llning av kandidatlistorna. Det \u00e4r obligatoriskt att posta ett valbrev till varje r\u00f6stber\u00e4ttigad f\u00f6rsamlingsmedlem i f\u00f6rsamlingar som \u00e4r indelade i r\u00f6stningsomr\u00e5den.\" \/>\n<meta property=\"og:url\" content=\"https:\/\/evl.fi\/plus\/sv\/forvaltning-och-ekonomi\/forsamlingsvalet\/valkommunikation\/valbrev-och-meddelandekort\/\" \/>\n<meta property=\"og:site_name\" content=\"EVL Plus\" \/>\n<meta property=\"article:modified_time\" content=\"2026-08-27T05:19:52+00:00\" \/>\n<meta property=\"og:image\" content=\"https:\/\/evl.fi\/plus\/wp-content\/uploads\/sites\/3\/2026\/06\/valbrevet.png\" \/>\n\t<meta property=\"og:image:width\" content=\"1240\" \/>\n\t<meta property=\"og:image:height\" content=\"920\" \/>\n\t<meta property=\"og:image:type\" content=\"image\/png\" \/>\n<meta name=\"twitter:card\" content=\"summary_large_image\" \/>\n<meta name=\"twitter:label1\" content=\"Arvioitu lukuaika\" \/>\n\t<meta name=\"twitter:data1\" content=\"6 minuuttia\" \/>\n<script type=\"application\/ld+json\" class=\"yoast-schema-graph\">{\"@context\":\"https:\\\/\\\/schema.org\",\"@graph\":[{\"@type\":\"WebPage\",\"@id\":\"https:\\\/\\\/evl.fi\\\/plus\\\/sv\\\/forvaltning-och-ekonomi\\\/forsamlingsvalet\\\/valkommunikation\\\/valbrev-och-meddelandekort\\\/\",\"url\":\"https:\\\/\\\/evl.fi\\\/plus\\\/sv\\\/forvaltning-och-ekonomi\\\/forsamlingsvalet\\\/valkommunikation\\\/valbrev-och-meddelandekort\\\/\",\"name\":\"Valbrev och meddelandekort - EVL Plus\",\"isPartOf\":{\"@id\":\"https:\\\/\\\/evl.fi\\\/plus\\\/#website\"},\"primaryImageOfPage\":{\"@id\":\"https:\\\/\\\/evl.fi\\\/plus\\\/sv\\\/forvaltning-och-ekonomi\\\/forsamlingsvalet\\\/valkommunikation\\\/valbrev-och-meddelandekort\\\/#primaryimage\"},\"image\":{\"@id\":\"https:\\\/\\\/evl.fi\\\/plus\\\/sv\\\/forvaltning-och-ekonomi\\\/forsamlingsvalet\\\/valkommunikation\\\/valbrev-och-meddelandekort\\\/#primaryimage\"},\"thumbnailUrl\":\"https:\\\/\\\/evl.fi\\\/plus\\\/wp-content\\\/uploads\\\/sites\\\/3\\\/2026\\\/06\\\/valbrevet.png\",\"datePublished\":\"2026-04-23T06:34:19+00:00\",\"dateModified\":\"2026-08-27T05:19:52+00:00\",\"description\":\"Valbrevet best\u00e5r av ett meddelandekort om r\u00f6str\u00e4tten, kyrkoherdens h\u00e4lsning och sammanst\u00e4llning av kandidatlistorna. Det \u00e4r obligatoriskt att posta ett valbrev till varje r\u00f6stber\u00e4ttigad f\u00f6rsamlingsmedlem i f\u00f6rsamlingar som \u00e4r indelade i r\u00f6stningsomr\u00e5den.\",\"breadcrumb\":{\"@id\":\"https:\\\/\\\/evl.fi\\\/plus\\\/sv\\\/forvaltning-och-ekonomi\\\/forsamlingsvalet\\\/valkommunikation\\\/valbrev-och-meddelandekort\\\/#breadcrumb\"},\"inLanguage\":\"fi\",\"potentialAction\":[{\"@type\":\"ReadAction\",\"target\":[\"https:\\\/\\\/evl.fi\\\/plus\\\/sv\\\/forvaltning-och-ekonomi\\\/forsamlingsvalet\\\/valkommunikation\\\/valbrev-och-meddelandekort\\\/\"]}]},{\"@type\":\"ImageObject\",\"inLanguage\":\"fi\",\"@id\":\"https:\\\/\\\/evl.fi\\\/plus\\\/sv\\\/forvaltning-och-ekonomi\\\/forsamlingsvalet\\\/valkommunikation\\\/valbrev-och-meddelandekort\\\/#primaryimage\",\"url\":\"https:\\\/\\\/evl.fi\\\/plus\\\/wp-content\\\/uploads\\\/sites\\\/3\\\/2026\\\/06\\\/valbrevet.png\",\"contentUrl\":\"https:\\\/\\\/evl.fi\\\/plus\\\/wp-content\\\/uploads\\\/sites\\\/3\\\/2026\\\/06\\\/valbrevet.png\",\"width\":1240,\"height\":920,\"caption\":\"En h\u00f6g med kuvert.\"},{\"@type\":\"BreadcrumbList\",\"@id\":\"https:\\\/\\\/evl.fi\\\/plus\\\/sv\\\/forvaltning-och-ekonomi\\\/forsamlingsvalet\\\/valkommunikation\\\/valbrev-och-meddelandekort\\\/#breadcrumb\",\"itemListElement\":[{\"@type\":\"ListItem\",\"position\":1,\"name\":\"Home\",\"item\":\"https:\\\/\\\/evl.fi\\\/plus\\\/sv\\\/\"},{\"@type\":\"ListItem\",\"position\":2,\"name\":\"F\u00f6rvaltning och ekonomi\",\"item\":\"https:\\\/\\\/evl.fi\\\/plus\\\/sv\\\/forvaltning-och-ekonomi\\\/\"},{\"@type\":\"ListItem\",\"position\":3,\"name\":\"F\u00f6rsamlingsvalet\",\"item\":\"https:\\\/\\\/evl.fi\\\/plus\\\/sv\\\/forvaltning-och-ekonomi\\\/forsamlingsvalet\\\/\"},{\"@type\":\"ListItem\",\"position\":4,\"name\":\"Valkommunikation\",\"item\":\"https:\\\/\\\/evl.fi\\\/plus\\\/sv\\\/forvaltning-och-ekonomi\\\/forsamlingsvalet\\\/valkommunikation\\\/\"},{\"@type\":\"ListItem\",\"position\":5,\"name\":\"Valbrev och meddelandekort\"}]},{\"@type\":\"WebSite\",\"@id\":\"https:\\\/\\\/evl.fi\\\/plus\\\/#website\",\"url\":\"https:\\\/\\\/evl.fi\\\/plus\\\/\",\"name\":\"EVL Plus\",\"description\":\"\",\"potentialAction\":[{\"@type\":\"SearchAction\",\"target\":{\"@type\":\"EntryPoint\",\"urlTemplate\":\"https:\\\/\\\/evl.fi\\\/plus\\\/?s={search_term_string}\"},\"query-input\":{\"@type\":\"PropertyValueSpecification\",\"valueRequired\":true,\"valueName\":\"search_term_string\"}}],\"inLanguage\":\"fi\"}]}<\/script>\n<!-- \/ Yoast SEO plugin. -->","yoast_head_json":{"title":"Valbrev och meddelandekort - EVL Plus","description":"Valbrevet best\u00e5r av ett meddelandekort om r\u00f6str\u00e4tten, kyrkoherdens h\u00e4lsning och sammanst\u00e4llning av kandidatlistorna. Det \u00e4r obligatoriskt att posta ett valbrev till varje r\u00f6stber\u00e4ttigad f\u00f6rsamlingsmedlem i f\u00f6rsamlingar som \u00e4r indelade i r\u00f6stningsomr\u00e5den.","robots":{"index":"index","follow":"follow","max-snippet":"max-snippet:-1","max-image-preview":"max-image-preview:large","max-video-preview":"max-video-preview:-1"},"canonical":"https:\/\/evl.fi\/plus\/sv\/forvaltning-och-ekonomi\/forsamlingsvalet\/valkommunikation\/valbrev-och-meddelandekort\/","og_locale":"fi_FI","og_type":"article","og_title":"Valbrev och meddelandekort - EVL Plus","og_description":"Valbrevet best\u00e5r av ett meddelandekort om r\u00f6str\u00e4tten, kyrkoherdens h\u00e4lsning och sammanst\u00e4llning av kandidatlistorna. Det \u00e4r obligatoriskt att posta ett valbrev till varje r\u00f6stber\u00e4ttigad f\u00f6rsamlingsmedlem i f\u00f6rsamlingar som \u00e4r indelade i r\u00f6stningsomr\u00e5den.","og_url":"https:\/\/evl.fi\/plus\/sv\/forvaltning-och-ekonomi\/forsamlingsvalet\/valkommunikation\/valbrev-och-meddelandekort\/","og_site_name":"EVL Plus","article_modified_time":"2026-08-27T05:19:52+00:00","og_image":[{"width":1240,"height":920,"url":"https:\/\/evl.fi\/plus\/wp-content\/uploads\/sites\/3\/2026\/06\/valbrevet.png","type":"image\/png"}],"twitter_card":"summary_large_image","twitter_misc":{"Arvioitu lukuaika":"6 minuuttia"},"schema":{"@context":"https:\/\/schema.org","@graph":[{"@type":"WebPage","@id":"https:\/\/evl.fi\/plus\/sv\/forvaltning-och-ekonomi\/forsamlingsvalet\/valkommunikation\/valbrev-och-meddelandekort\/","url":"https:\/\/evl.fi\/plus\/sv\/forvaltning-och-ekonomi\/forsamlingsvalet\/valkommunikation\/valbrev-och-meddelandekort\/","name":"Valbrev och meddelandekort - EVL Plus","isPartOf":{"@id":"https:\/\/evl.fi\/plus\/#website"},"primaryImageOfPage":{"@id":"https:\/\/evl.fi\/plus\/sv\/forvaltning-och-ekonomi\/forsamlingsvalet\/valkommunikation\/valbrev-och-meddelandekort\/#primaryimage"},"image":{"@id":"https:\/\/evl.fi\/plus\/sv\/forvaltning-och-ekonomi\/forsamlingsvalet\/valkommunikation\/valbrev-och-meddelandekort\/#primaryimage"},"thumbnailUrl":"https:\/\/evl.fi\/plus\/wp-content\/uploads\/sites\/3\/2026\/06\/valbrevet.png","datePublished":"2026-04-23T06:34:19+00:00","dateModified":"2026-08-27T05:19:52+00:00","description":"Valbrevet best\u00e5r av ett meddelandekort om r\u00f6str\u00e4tten, kyrkoherdens h\u00e4lsning och sammanst\u00e4llning av kandidatlistorna. Det \u00e4r obligatoriskt att posta ett valbrev till varje r\u00f6stber\u00e4ttigad f\u00f6rsamlingsmedlem i f\u00f6rsamlingar som \u00e4r indelade i r\u00f6stningsomr\u00e5den.","breadcrumb":{"@id":"https:\/\/evl.fi\/plus\/sv\/forvaltning-och-ekonomi\/forsamlingsvalet\/valkommunikation\/valbrev-och-meddelandekort\/#breadcrumb"},"inLanguage":"fi","potentialAction":[{"@type":"ReadAction","target":["https:\/\/evl.fi\/plus\/sv\/forvaltning-och-ekonomi\/forsamlingsvalet\/valkommunikation\/valbrev-och-meddelandekort\/"]}]},{"@type":"ImageObject","inLanguage":"fi","@id":"https:\/\/evl.fi\/plus\/sv\/forvaltning-och-ekonomi\/forsamlingsvalet\/valkommunikation\/valbrev-och-meddelandekort\/#primaryimage","url":"https:\/\/evl.fi\/plus\/wp-content\/uploads\/sites\/3\/2026\/06\/valbrevet.png","contentUrl":"https:\/\/evl.fi\/plus\/wp-content\/uploads\/sites\/3\/2026\/06\/valbrevet.png","width":1240,"height":920,"caption":"En h\u00f6g med kuvert."},{"@type":"BreadcrumbList","@id":"https:\/\/evl.fi\/plus\/sv\/forvaltning-och-ekonomi\/forsamlingsvalet\/valkommunikation\/valbrev-och-meddelandekort\/#breadcrumb","itemListElement":[{"@type":"ListItem","position":1,"name":"Home","item":"https:\/\/evl.fi\/plus\/sv\/"},{"@type":"ListItem","position":2,"name":"F\u00f6rvaltning och ekonomi","item":"https:\/\/evl.fi\/plus\/sv\/forvaltning-och-ekonomi\/"},{"@type":"ListItem","position":3,"name":"F\u00f6rsamlingsvalet","item":"https:\/\/evl.fi\/plus\/sv\/forvaltning-och-ekonomi\/forsamlingsvalet\/"},{"@type":"ListItem","position":4,"name":"Valkommunikation","item":"https:\/\/evl.fi\/plus\/sv\/forvaltning-och-ekonomi\/forsamlingsvalet\/valkommunikation\/"},{"@type":"ListItem","position":5,"name":"Valbrev och meddelandekort"}]},{"@type":"WebSite","@id":"https:\/\/evl.fi\/plus\/#website","url":"https:\/\/evl.fi\/plus\/","name":"EVL Plus","description":"","potentialAction":[{"@type":"SearchAction","target":{"@type":"EntryPoint","urlTemplate":"https:\/\/evl.fi\/plus\/?s={search_term_string}"},"query-input":{"@type":"PropertyValueSpecification","valueRequired":true,"valueName":"search_term_string"}}],"inLanguage":"fi"}]}},"lang":"sv","translations":{"sv":172443,"fi":173131},"pll_sync_post":{},"_links":{"self":[{"href":"https:\/\/evl.fi\/plus\/wp-json\/wp\/v2\/pages\/172443","targetHints":{"allow":["GET"]}}],"collection":[{"href":"https:\/\/evl.fi\/plus\/wp-json\/wp\/v2\/pages"}],"about":[{"href":"https:\/\/evl.fi\/plus\/wp-json\/wp\/v2\/types\/page"}],"author":[{"embeddable":true,"href":"https:\/\/evl.fi\/plus\/wp-json\/wp\/v2\/users\/15"}],"replies":[{"embeddable":true,"href":"https:\/\/evl.fi\/plus\/wp-json\/wp\/v2\/comments?post=172443"}],"version-history":[{"count":28,"href":"https:\/\/evl.fi\/plus\/wp-json\/wp\/v2\/pages\/172443\/revisions"}],"predecessor-version":[{"id":190890,"href":"https:\/\/evl.fi\/plus\/wp-json\/wp\/v2\/pages\/172443\/revisions\/190890"}],"up":[{"embeddable":true,"href":"https:\/\/evl.fi\/plus\/wp-json\/wp\/v2\/pages\/172011"}],"wp:featuredmedia":[{"embeddable":true,"href":"https:\/\/evl.fi\/plus\/wp-json\/wp\/v2\/media\/188492"}],"wp:attachment":[{"href":"https:\/\/evl.fi\/plus\/wp-json\/wp\/v2\/media?parent=172443"}],"curies":[{"name":"wp","href":"https:\/\/api.w.org\/{rel}","templated":true}]}}