{"id":171357,"date":"2025-09-03T19:39:49","date_gmt":"2025-09-03T16:39:49","guid":{"rendered":"https:\/\/evl.fi\/plus\/?page_id=171357"},"modified":"2025-09-26T13:19:25","modified_gmt":"2025-09-26T10:19:25","slug":"ekologisk-mat","status":"publish","type":"page","link":"https:\/\/evl.fi\/plus\/sv\/samhalle-och-kyrka\/hallbar-utveckling\/kyrkans-miljodiplom\/miljohandbok\/mat-och-kok\/ekologisk-mat\/","title":{"rendered":"Ekologisk mat"},"content":{"rendered":"\n<p class=\"wp-block-paragraph\">Med ekologisk mat avses \u00f6vervakad v\u00e4xtodling, animalieproduktion, livsmedelsf\u00f6r\u00e4dling och marknadsf\u00f6ring enligt \u00f6verenskomna metoder.<\/p>\n\n\n\n<p class=\"wp-block-paragraph\">Enligt EU:s f\u00f6rordning om ekologiska produkter f\u00e5r produkter endast m\u00e4rkas som ekologiska om minst 95 procent av jordbruksingredienserna \u00e4r ekologiska. Man k\u00e4nner igen produkterna p\u00e5 ekom\u00e4rket. <\/p>\n\n\n\n<p class=\"wp-block-paragraph\">Ekom\u00e4rkta livsmedel \u00e4r producerade<\/p>\n\n\n\n<ul class=\"wp-block-list\">\n<li>utan bek\u00e4mpningsmedel<\/li>\n\n\n\n<li>p\u00e5 ett s\u00e4tt som cirkulerar n\u00e4rings\u00e4mnen och skonar naturresurser<\/li>\n\n\n\n<li>med h\u00e4nsyn till den biologiska m\u00e5ngfalden<\/li>\n\n\n\n<li>med respekt f\u00f6r djurens naturliga behov och v\u00e4lbefinnande<\/li>\n\n\n\n<li>utan on\u00f6diga tillsats\u00e4mnen s\u00e5som konstgjorda f\u00e4rgmedel, s\u00f6tningsmedel och aromer.<\/li>\n<\/ul>\n\n\n\n<h2 class=\"wp-block-heading\">\u00c5tg\u00e4rd<\/h2>\n\n\n\n<p class=\"wp-block-paragraph\">Lista \u00f6ver de ekologiska produkter som f\u00f6rsamlingen anv\u00e4nder (minst 50 % av produkterna i den aktuella livsmedelskategorin \u00e4r ekologiska).<\/p>\n\n\n\n<p class=\"wp-block-paragraph\">Po\u00e4ng: Om minst 50 procent av produktkategorin \u00e4r ekologisk beviljas 1 po\u00e4ng. H\u00f6gst 5 po\u00e4ng.<\/p>\n\n\n\n<h2 class=\"wp-block-heading\">Mer information<\/h2>\n\n\n\n<p class=\"wp-block-paragraph\"><a href=\"https:\/\/luomu.fi\/\" target=\"_blank\" rel=\"noreferrer noopener\">Luomu.fi<\/a> (p\u00e5 finska)<\/p>\n\n\n\n<p class=\"wp-block-paragraph\"><a href=\"https:\/\/www.luomuravintola.fi\/ohjelman_toiminta\" target=\"_blank\" rel=\"noreferrer noopener\">Programmet Portaat Luomuun<\/a><\/p>\n\n\n\n<p class=\"wp-block-paragraph\"><a href=\"https:\/\/proluomu.fi\/\" target=\"_blank\" rel=\"noreferrer noopener\">Pro luomu<\/a><\/p>\n\n\n\n<div id=\"big-link-collection-block_38bc45cf28458f9a6486ac496d835450\" class=\"big-link-collection block-big-link-collection\">\n  <div class=\"block-big-link-collection__wrapper\">\n        <div class=\"row \">\n      <!-- link collection -->\n      <div class=\"links-column col-12\">\n        \n<div class=\"link-collection d-flex\">\n  <div class=\"text-content\">\n          <h3>L\u00e4s vidare<\/h3>\n            \n      <div class=\"buttons\">\n                              <a class=\"button-link-collection \" href=\"https:\/\/evl.fi\/plus\/sv\/samhalle-och-kyrka\/hallbar-utveckling\/kyrkans-miljodiplom\/miljohandbok\/mat-och-kok\/ansvarsfullt-producerad-fisk\/\" target=\"_self\">N\u00e4sta sida: Ansvarsfullt producerad fisk<\/a>\n                                        <a class=\"button-link-collection \" href=\"https:\/\/evl.fi\/plus\/sv\/samhalle-och-kyrka\/hallbar-utveckling\/kyrkans-miljodiplom\/miljohandbok\/mat-och-kok\/\" target=\"_self\">Tillbaka till huvudsidan: Mat och k\u00f6k<\/a>\n                        <\/div>\n\n      <\/div>\n\n<\/div>      <\/div>\n      <!-- color banner section -->\n            <!-- page lift section -->\n            <!-- external lift section -->\n            <!-- church year lift -->\n    <\/div>\n  <\/div>\n<\/div>\n","protected":false},"excerpt":{"rendered":"<p>Med ekologisk mat avses \u00f6vervakad v\u00e4xtodling, animalieproduktion, livsmedelsf\u00f6r\u00e4dling och marknadsf\u00f6ring enligt \u00f6verenskomna metoder. Enligt EU:s f\u00f6rordning om ekologiska produkter f\u00e5r produkter endast m\u00e4rkas som ekologiska om minst 95 procent av jordbruksingredienserna \u00e4r ekologiska. Man k\u00e4nner igen produkterna p\u00e5 ekom\u00e4rket. Ekom\u00e4rkta livsmedel \u00e4r producerade \u00c5tg\u00e4rd Lista \u00f6ver de ekologiska produkter som f\u00f6rsamlingen anv\u00e4nder (minst 50 % [&hellip;]<\/p>\n","protected":false},"author":493,"featured_media":172204,"parent":168865,"menu_order":9,"comment_status":"closed","ping_status":"closed","template":"template-text-page-sidebar.php","meta":{"_acf_changed":false,"_relevanssi_hide_post":"","_relevanssi_hide_content":"","_relevanssi_pin_for_all":"","_relevanssi_pin_keywords":"","_relevanssi_unpin_keywords":"","_relevanssi_related_keywords":"","_relevanssi_related_include_ids":"","_relevanssi_related_exclude_ids":"","_relevanssi_related_no_append":"","_relevanssi_related_not_related":"","_relevanssi_related_posts":"141191,127114,141228,136042,141112,141256","_relevanssi_noindex_reason":"","footnotes":""},"class_list":["post-171357","page","type-page","status-publish","has-post-thumbnail","hentry"],"acf":[],"yoast_head":"<!-- This site is optimized with the Yoast SEO plugin v28.3 - https:\/\/yoast.com\/product\/yoast-seo-wordpress\/ -->\n<title>Ekologisk mat - Milj\u00f6handboken<\/title>\n<meta name=\"robots\" content=\"index, follow, max-snippet:-1, max-image-preview:large, max-video-preview:-1\" \/>\n<link rel=\"canonical\" href=\"https:\/\/evl.fi\/plus\/sv\/samhalle-och-kyrka\/hallbar-utveckling\/kyrkans-miljodiplom\/miljohandbok\/mat-och-kok\/ekologisk-mat\/\" \/>\n<meta property=\"og:locale\" content=\"fi_FI\" \/>\n<meta property=\"og:type\" content=\"article\" \/>\n<meta property=\"og:title\" content=\"Ekologisk mat - Milj\u00f6handboken\" \/>\n<meta property=\"og:description\" content=\"Med ekologisk mat avses \u00f6vervakad v\u00e4xtodling, animalieproduktion, livsmedelsf\u00f6r\u00e4dling och marknadsf\u00f6ring enligt \u00f6verenskomna metoder. Enligt EU:s f\u00f6rordning om ekologiska produkter f\u00e5r produkter endast m\u00e4rkas som ekologiska om minst 95 procent av jordbruksingredienserna \u00e4r ekologiska. Man k\u00e4nner igen produkterna p\u00e5 ekom\u00e4rket. Ekom\u00e4rkta livsmedel \u00e4r producerade \u00c5tg\u00e4rd Lista \u00f6ver de ekologiska produkter som f\u00f6rsamlingen anv\u00e4nder (minst 50 % [&hellip;]\" \/>\n<meta property=\"og:url\" content=\"https:\/\/evl.fi\/plus\/sv\/samhalle-och-kyrka\/hallbar-utveckling\/kyrkans-miljodiplom\/miljohandbok\/mat-och-kok\/ekologisk-mat\/\" \/>\n<meta property=\"og:site_name\" content=\"EVL Plus\" \/>\n<meta property=\"article:modified_time\" content=\"2025-09-26T10:19:25+00:00\" \/>\n<meta name=\"twitter:card\" content=\"summary_large_image\" \/>\n<meta name=\"twitter:label1\" content=\"Arvioitu lukuaika\" \/>\n\t<meta name=\"twitter:data1\" content=\"1 minuutti\" \/>\n<script type=\"application\/ld+json\" class=\"yoast-schema-graph\">{\"@context\":\"https:\\\/\\\/schema.org\",\"@graph\":[{\"@type\":\"WebPage\",\"@id\":\"https:\\\/\\\/evl.fi\\\/plus\\\/sv\\\/samhalle-och-kyrka\\\/hallbar-utveckling\\\/kyrkans-miljodiplom\\\/miljohandbok\\\/mat-och-kok\\\/ekologisk-mat\\\/\",\"url\":\"https:\\\/\\\/evl.fi\\\/plus\\\/sv\\\/samhalle-och-kyrka\\\/hallbar-utveckling\\\/kyrkans-miljodiplom\\\/miljohandbok\\\/mat-och-kok\\\/ekologisk-mat\\\/\",\"name\":\"Ekologisk mat - Milj\u00f6handboken\",\"isPartOf\":{\"@id\":\"https:\\\/\\\/evl.fi\\\/plus\\\/#website\"},\"primaryImageOfPage\":{\"@id\":\"https:\\\/\\\/evl.fi\\\/plus\\\/sv\\\/samhalle-och-kyrka\\\/hallbar-utveckling\\\/kyrkans-miljodiplom\\\/miljohandbok\\\/mat-och-kok\\\/ekologisk-mat\\\/#primaryimage\"},\"image\":{\"@id\":\"https:\\\/\\\/evl.fi\\\/plus\\\/sv\\\/samhalle-och-kyrka\\\/hallbar-utveckling\\\/kyrkans-miljodiplom\\\/miljohandbok\\\/mat-och-kok\\\/ekologisk-mat\\\/#primaryimage\"},\"thumbnailUrl\":\"https:\\\/\\\/evl.fi\\\/plus\\\/wp-content\\\/uploads\\\/sites\\\/3\\\/2025\\\/09\\\/KM20519_Kyrkans-Miljodiplom_Green.svg\",\"datePublished\":\"2025-09-03T16:39:49+00:00\",\"dateModified\":\"2025-09-26T10:19:25+00:00\",\"breadcrumb\":{\"@id\":\"https:\\\/\\\/evl.fi\\\/plus\\\/sv\\\/samhalle-och-kyrka\\\/hallbar-utveckling\\\/kyrkans-miljodiplom\\\/miljohandbok\\\/mat-och-kok\\\/ekologisk-mat\\\/#breadcrumb\"},\"inLanguage\":\"fi\",\"potentialAction\":[{\"@type\":\"ReadAction\",\"target\":[\"https:\\\/\\\/evl.fi\\\/plus\\\/sv\\\/samhalle-och-kyrka\\\/hallbar-utveckling\\\/kyrkans-miljodiplom\\\/miljohandbok\\\/mat-och-kok\\\/ekologisk-mat\\\/\"]}]},{\"@type\":\"ImageObject\",\"inLanguage\":\"fi\",\"@id\":\"https:\\\/\\\/evl.fi\\\/plus\\\/sv\\\/samhalle-och-kyrka\\\/hallbar-utveckling\\\/kyrkans-miljodiplom\\\/miljohandbok\\\/mat-och-kok\\\/ekologisk-mat\\\/#primaryimage\",\"url\":\"https:\\\/\\\/evl.fi\\\/plus\\\/wp-content\\\/uploads\\\/sites\\\/3\\\/2025\\\/09\\\/KM20519_Kyrkans-Miljodiplom_Green.svg\",\"contentUrl\":\"https:\\\/\\\/evl.fi\\\/plus\\\/wp-content\\\/uploads\\\/sites\\\/3\\\/2025\\\/09\\\/KM20519_Kyrkans-Miljodiplom_Green.svg\"},{\"@type\":\"BreadcrumbList\",\"@id\":\"https:\\\/\\\/evl.fi\\\/plus\\\/sv\\\/samhalle-och-kyrka\\\/hallbar-utveckling\\\/kyrkans-miljodiplom\\\/miljohandbok\\\/mat-och-kok\\\/ekologisk-mat\\\/#breadcrumb\",\"itemListElement\":[{\"@type\":\"ListItem\",\"position\":1,\"name\":\"Home\",\"item\":\"https:\\\/\\\/evl.fi\\\/plus\\\/sv\\\/\"},{\"@type\":\"ListItem\",\"position\":2,\"name\":\"Samh\u00e4lle och kyrka\",\"item\":\"https:\\\/\\\/evl.fi\\\/plus\\\/sv\\\/samhalle-och-kyrka\\\/\"},{\"@type\":\"ListItem\",\"position\":3,\"name\":\"H\u00e5llbar utveckling\",\"item\":\"https:\\\/\\\/evl.fi\\\/plus\\\/sv\\\/samhalle-och-kyrka\\\/hallbar-utveckling\\\/\"},{\"@type\":\"ListItem\",\"position\":4,\"name\":\"Kyrkans milj\u00f6diplom\",\"item\":\"https:\\\/\\\/evl.fi\\\/plus\\\/sv\\\/samhalle-och-kyrka\\\/hallbar-utveckling\\\/kyrkans-miljodiplom\\\/\"},{\"@type\":\"ListItem\",\"position\":5,\"name\":\"Milj\u00f6handbok\",\"item\":\"https:\\\/\\\/evl.fi\\\/plus\\\/sv\\\/samhalle-och-kyrka\\\/hallbar-utveckling\\\/kyrkans-miljodiplom\\\/miljohandbok\\\/\"},{\"@type\":\"ListItem\",\"position\":6,\"name\":\"Mat och k\u00f6k\",\"item\":\"https:\\\/\\\/evl.fi\\\/plus\\\/sv\\\/samhalle-och-kyrka\\\/hallbar-utveckling\\\/kyrkans-miljodiplom\\\/miljohandbok\\\/mat-och-kok\\\/\"},{\"@type\":\"ListItem\",\"position\":7,\"name\":\"Ekologisk mat\"}]},{\"@type\":\"WebSite\",\"@id\":\"https:\\\/\\\/evl.fi\\\/plus\\\/#website\",\"url\":\"https:\\\/\\\/evl.fi\\\/plus\\\/\",\"name\":\"EVL Plus\",\"description\":\"\",\"potentialAction\":[{\"@type\":\"SearchAction\",\"target\":{\"@type\":\"EntryPoint\",\"urlTemplate\":\"https:\\\/\\\/evl.fi\\\/plus\\\/?s={search_term_string}\"},\"query-input\":{\"@type\":\"PropertyValueSpecification\",\"valueRequired\":true,\"valueName\":\"search_term_string\"}}],\"inLanguage\":\"fi\"}]}<\/script>\n<!-- \/ Yoast SEO plugin. -->","yoast_head_json":{"title":"Ekologisk mat - Milj\u00f6handboken","robots":{"index":"index","follow":"follow","max-snippet":"max-snippet:-1","max-image-preview":"max-image-preview:large","max-video-preview":"max-video-preview:-1"},"canonical":"https:\/\/evl.fi\/plus\/sv\/samhalle-och-kyrka\/hallbar-utveckling\/kyrkans-miljodiplom\/miljohandbok\/mat-och-kok\/ekologisk-mat\/","og_locale":"fi_FI","og_type":"article","og_title":"Ekologisk mat - Milj\u00f6handboken","og_description":"Med ekologisk mat avses \u00f6vervakad v\u00e4xtodling, animalieproduktion, livsmedelsf\u00f6r\u00e4dling och marknadsf\u00f6ring enligt \u00f6verenskomna metoder. Enligt EU:s f\u00f6rordning om ekologiska produkter f\u00e5r produkter endast m\u00e4rkas som ekologiska om minst 95 procent av jordbruksingredienserna \u00e4r ekologiska. Man k\u00e4nner igen produkterna p\u00e5 ekom\u00e4rket. Ekom\u00e4rkta livsmedel \u00e4r producerade \u00c5tg\u00e4rd Lista \u00f6ver de ekologiska produkter som f\u00f6rsamlingen anv\u00e4nder (minst 50 % [&hellip;]","og_url":"https:\/\/evl.fi\/plus\/sv\/samhalle-och-kyrka\/hallbar-utveckling\/kyrkans-miljodiplom\/miljohandbok\/mat-och-kok\/ekologisk-mat\/","og_site_name":"EVL Plus","article_modified_time":"2025-09-26T10:19:25+00:00","twitter_card":"summary_large_image","twitter_misc":{"Arvioitu lukuaika":"1 minuutti"},"schema":{"@context":"https:\/\/schema.org","@graph":[{"@type":"WebPage","@id":"https:\/\/evl.fi\/plus\/sv\/samhalle-och-kyrka\/hallbar-utveckling\/kyrkans-miljodiplom\/miljohandbok\/mat-och-kok\/ekologisk-mat\/","url":"https:\/\/evl.fi\/plus\/sv\/samhalle-och-kyrka\/hallbar-utveckling\/kyrkans-miljodiplom\/miljohandbok\/mat-och-kok\/ekologisk-mat\/","name":"Ekologisk mat - Milj\u00f6handboken","isPartOf":{"@id":"https:\/\/evl.fi\/plus\/#website"},"primaryImageOfPage":{"@id":"https:\/\/evl.fi\/plus\/sv\/samhalle-och-kyrka\/hallbar-utveckling\/kyrkans-miljodiplom\/miljohandbok\/mat-och-kok\/ekologisk-mat\/#primaryimage"},"image":{"@id":"https:\/\/evl.fi\/plus\/sv\/samhalle-och-kyrka\/hallbar-utveckling\/kyrkans-miljodiplom\/miljohandbok\/mat-och-kok\/ekologisk-mat\/#primaryimage"},"thumbnailUrl":"https:\/\/evl.fi\/plus\/wp-content\/uploads\/sites\/3\/2025\/09\/KM20519_Kyrkans-Miljodiplom_Green.svg","datePublished":"2025-09-03T16:39:49+00:00","dateModified":"2025-09-26T10:19:25+00:00","breadcrumb":{"@id":"https:\/\/evl.fi\/plus\/sv\/samhalle-och-kyrka\/hallbar-utveckling\/kyrkans-miljodiplom\/miljohandbok\/mat-och-kok\/ekologisk-mat\/#breadcrumb"},"inLanguage":"fi","potentialAction":[{"@type":"ReadAction","target":["https:\/\/evl.fi\/plus\/sv\/samhalle-och-kyrka\/hallbar-utveckling\/kyrkans-miljodiplom\/miljohandbok\/mat-och-kok\/ekologisk-mat\/"]}]},{"@type":"ImageObject","inLanguage":"fi","@id":"https:\/\/evl.fi\/plus\/sv\/samhalle-och-kyrka\/hallbar-utveckling\/kyrkans-miljodiplom\/miljohandbok\/mat-och-kok\/ekologisk-mat\/#primaryimage","url":"https:\/\/evl.fi\/plus\/wp-content\/uploads\/sites\/3\/2025\/09\/KM20519_Kyrkans-Miljodiplom_Green.svg","contentUrl":"https:\/\/evl.fi\/plus\/wp-content\/uploads\/sites\/3\/2025\/09\/KM20519_Kyrkans-Miljodiplom_Green.svg"},{"@type":"BreadcrumbList","@id":"https:\/\/evl.fi\/plus\/sv\/samhalle-och-kyrka\/hallbar-utveckling\/kyrkans-miljodiplom\/miljohandbok\/mat-och-kok\/ekologisk-mat\/#breadcrumb","itemListElement":[{"@type":"ListItem","position":1,"name":"Home","item":"https:\/\/evl.fi\/plus\/sv\/"},{"@type":"ListItem","position":2,"name":"Samh\u00e4lle och kyrka","item":"https:\/\/evl.fi\/plus\/sv\/samhalle-och-kyrka\/"},{"@type":"ListItem","position":3,"name":"H\u00e5llbar utveckling","item":"https:\/\/evl.fi\/plus\/sv\/samhalle-och-kyrka\/hallbar-utveckling\/"},{"@type":"ListItem","position":4,"name":"Kyrkans milj\u00f6diplom","item":"https:\/\/evl.fi\/plus\/sv\/samhalle-och-kyrka\/hallbar-utveckling\/kyrkans-miljodiplom\/"},{"@type":"ListItem","position":5,"name":"Milj\u00f6handbok","item":"https:\/\/evl.fi\/plus\/sv\/samhalle-och-kyrka\/hallbar-utveckling\/kyrkans-miljodiplom\/miljohandbok\/"},{"@type":"ListItem","position":6,"name":"Mat och k\u00f6k","item":"https:\/\/evl.fi\/plus\/sv\/samhalle-och-kyrka\/hallbar-utveckling\/kyrkans-miljodiplom\/miljohandbok\/mat-och-kok\/"},{"@type":"ListItem","position":7,"name":"Ekologisk mat"}]},{"@type":"WebSite","@id":"https:\/\/evl.fi\/plus\/#website","url":"https:\/\/evl.fi\/plus\/","name":"EVL Plus","description":"","potentialAction":[{"@type":"SearchAction","target":{"@type":"EntryPoint","urlTemplate":"https:\/\/evl.fi\/plus\/?s={search_term_string}"},"query-input":{"@type":"PropertyValueSpecification","valueRequired":true,"valueName":"search_term_string"}}],"inLanguage":"fi"}]}},"lang":"sv","translations":{"sv":171357,"fi":161303},"pll_sync_post":{},"_links":{"self":[{"href":"https:\/\/evl.fi\/plus\/wp-json\/wp\/v2\/pages\/171357","targetHints":{"allow":["GET"]}}],"collection":[{"href":"https:\/\/evl.fi\/plus\/wp-json\/wp\/v2\/pages"}],"about":[{"href":"https:\/\/evl.fi\/plus\/wp-json\/wp\/v2\/types\/page"}],"author":[{"embeddable":true,"href":"https:\/\/evl.fi\/plus\/wp-json\/wp\/v2\/users\/493"}],"replies":[{"embeddable":true,"href":"https:\/\/evl.fi\/plus\/wp-json\/wp\/v2\/comments?post=171357"}],"version-history":[{"count":3,"href":"https:\/\/evl.fi\/plus\/wp-json\/wp\/v2\/pages\/171357\/revisions"}],"predecessor-version":[{"id":173438,"href":"https:\/\/evl.fi\/plus\/wp-json\/wp\/v2\/pages\/171357\/revisions\/173438"}],"up":[{"embeddable":true,"href":"https:\/\/evl.fi\/plus\/wp-json\/wp\/v2\/pages\/168865"}],"wp:featuredmedia":[{"embeddable":true,"href":"https:\/\/evl.fi\/plus\/wp-json\/wp\/v2\/media\/172204"}],"wp:attachment":[{"href":"https:\/\/evl.fi\/plus\/wp-json\/wp\/v2\/media?parent=171357"}],"curies":[{"name":"wp","href":"https:\/\/api.w.org\/{rel}","templated":true}]}}