{"id":171340,"date":"2025-09-03T19:30:19","date_gmt":"2025-09-03T16:30:19","guid":{"rendered":"https:\/\/evl.fi\/plus\/?page_id=171340"},"modified":"2025-09-26T13:15:06","modified_gmt":"2025-09-26T10:15:06","slug":"minska-matsvinnet","status":"publish","type":"page","link":"https:\/\/evl.fi\/plus\/sv\/samhalle-och-kyrka\/hallbar-utveckling\/kyrkans-miljodiplom\/miljohandbok\/mat-och-kok\/minska-matsvinnet\/","title":{"rendered":"Minska matsvinnet"},"content":{"rendered":"\n<p class=\"wp-block-paragraph\">Att sl\u00e4nga \u00e4tbar mat \u00e4r en ekonomisk och ekologisk belastning.<\/p>\n\n\n\n<p class=\"wp-block-paragraph\">Konsumenterna i Finland sl\u00e4nger \u00e5rligen cirka 5 procent av de k\u00f6pta livsmedlen. Milj\u00f6konsekvenserna av matsvinnet \u00e4r ofta betydligt st\u00f6rre \u00e4n konsekvenserna av till exempel f\u00f6rpackningstillverkning, avfallshantering eller transporter. <\/p>\n\n\n\n<p class=\"wp-block-paragraph\">Det enklaste och f\u00f6rm\u00e5nligaste s\u00e4ttet att minska klimatbelastningen fr\u00e5n livsmedelssektorn \u00e4r att minska matsvinnet. Utsl\u00e4ppen av v\u00e4xthusgaser fr\u00e5n produktionskedjorna bakom mat som inte \u00e4ts har uppst\u00e5tt i on\u00f6dan.<\/p>\n\n\n\n<p class=\"wp-block-paragraph\">N\u00e5gra s\u00e4tt att minska f\u00f6rsamlingens matsvinn:<\/p>\n\n\n\n<ul class=\"wp-block-list\">\n<li>K\u00f6p bara det som beh\u00f6vs.<\/li>\n\n\n\n<li>Planera menyerna omsorgsfullt.&nbsp;<\/li>\n\n\n\n<li>F\u00f6rs\u00f6k minska livsmedelssvinnet genom f\u00f6rhandsanm\u00e4lningar d\u00e4r antalet barn och vuxna beaktas.&nbsp;<\/li>\n\n\n\n<li>V\u00e4g resterna, j\u00e4mf\u00f6r med kundantalet: bioavfall\/kund\/dag.&nbsp;<\/li>\n\n\n\n<li>Donera mat som blivit \u00f6ver till mathj\u00e4lp eller matsvinnsm\u00e5ltider.&nbsp;<\/li>\n\n\n\n<li>Anv\u00e4nd livsmedel som donerats av lokala f\u00f6retag (till exempel Gemensamt bord, utdelning av \u00f6verskottsmat).<\/li>\n\n\n\n<li>Kampanjer kring matsvinn, matsvinnsvecka, information till kunder och personal.&nbsp;<\/li>\n\n\n\n<li>Respekt f\u00f6r mat (h\u00f6r till milj\u00f6fostran).<\/li>\n<\/ul>\n\n\n\n<p class=\"wp-block-paragraph\">Ett m\u00e5l i kyrkans energi- och klimatstrategi \u00e4r att minska matsvinnet i kyrkans verksamhet.<\/p>\n\n\n\n<h2 class=\"wp-block-heading\">\u00c5tg\u00e4rd<\/h2>\n\n\n\n<p class=\"wp-block-paragraph\">F\u00f6rsamlingen vidtar \u00e5tg\u00e4rder f\u00f6r att minska matsvinnet. <\/p>\n\n\n\n<p class=\"wp-block-paragraph\">Po\u00e4ng: Minimikriterium.<\/p>\n\n\n\n<h2 class=\"wp-block-heading\">Mer information<\/h2>\n\n\n\n<ul class=\"wp-block-list\">\n<li><a href=\"https:\/\/ruoka-apu.fi\/sv\/hemsidan\/\" target=\"_blank\" rel=\"noreferrer noopener\">Mathj\u00e4lp.fi<\/a><\/li>\n\n\n\n<li><a href=\"https:\/\/www.yhteinenpoyta.fi\/\" target=\"_blank\" rel=\"noreferrer noopener\">Gemensamt bord<\/a><\/li>\n\n\n\n<li><a href=\"https:\/\/www.kirkonulkomaanapu.fi\/wefood\/\" target=\"_blank\" rel=\"noreferrer noopener\">WeFood<\/a><\/li>\n\n\n\n<li><a href=\"https:\/\/www.saasyoda.fi\/\" target=\"_blank\" rel=\"noreferrer noopener\">Tips f\u00f6r att minska matsvinnet<\/a><\/li>\n\n\n\n<li><a href=\"https:\/\/havikkiviikko.fi\/\" target=\"_blank\" rel=\"noreferrer noopener\">Matsvinnsveckan<\/a><\/li>\n\n\n\n<li><a href=\"https:\/\/www.resq-club.com\/se\/\" target=\"_blank\" rel=\"noreferrer noopener\">ResQ Club<\/a><\/li>\n\n\n\n<li><a href=\"https:\/\/www.fiksuruoka.fi\/\" target=\"_blank\" rel=\"noreferrer noopener\">Fiksuruoka<\/a><\/li>\n\n\n\n<li><a href=\"https:\/\/www.matsmart.fi\/\" target=\"_blank\" rel=\"noreferrer noopener\">Matsmart<\/a><\/li>\n<\/ul>\n\n\n\n<div id=\"big-link-collection-block_f2ef2d228ba39ce64c8cfabe715f0567\" class=\"big-link-collection block-big-link-collection\">\n  <div class=\"block-big-link-collection__wrapper\">\n        <div class=\"row \">\n      <!-- link collection -->\n      <div class=\"links-column col-12\">\n        \n<div class=\"link-collection d-flex\">\n  <div class=\"text-content\">\n          <h3>L\u00e4s vidare<\/h3>\n            \n      <div class=\"buttons\">\n                              <a class=\"button-link-collection \" href=\"https:\/\/evl.fi\/plus\/sv\/samhalle-och-kyrka\/hallbar-utveckling\/kyrkans-miljodiplom\/miljohandbok\/mat-och-kok\/avsta-fran-engangskarl\/\" target=\"_self\">N\u00e4sta sida: Avst\u00e5 fr\u00e5n eng\u00e5ngsk\u00e4rl<\/a>\n                                        <a class=\"button-link-collection \" href=\"https:\/\/evl.fi\/plus\/sv\/samhalle-och-kyrka\/hallbar-utveckling\/kyrkans-miljodiplom\/miljohandbok\/mat-och-kok\/\" target=\"_self\">Tillbaka till huvudsidan: Mat och k\u00f6k<\/a>\n                        <\/div>\n\n      <\/div>\n\n<\/div>      <\/div>\n      <!-- color banner section -->\n            <!-- page lift section -->\n            <!-- external lift section -->\n            <!-- church year lift -->\n    <\/div>\n  <\/div>\n<\/div>\n","protected":false},"excerpt":{"rendered":"<p>Att sl\u00e4nga \u00e4tbar mat \u00e4r en ekonomisk och ekologisk belastning. Konsumenterna i Finland sl\u00e4nger \u00e5rligen cirka 5 procent av de k\u00f6pta livsmedlen. Milj\u00f6konsekvenserna av matsvinnet \u00e4r ofta betydligt st\u00f6rre \u00e4n konsekvenserna av till exempel f\u00f6rpackningstillverkning, avfallshantering eller transporter. Det enklaste och f\u00f6rm\u00e5nligaste s\u00e4ttet att minska klimatbelastningen fr\u00e5n livsmedelssektorn \u00e4r att minska matsvinnet. Utsl\u00e4ppen av v\u00e4xthusgaser [&hellip;]<\/p>\n","protected":false},"author":493,"featured_media":172204,"parent":168865,"menu_order":1,"comment_status":"closed","ping_status":"closed","template":"template-text-page-sidebar.php","meta":{"_acf_changed":false,"_relevanssi_hide_post":"","_relevanssi_hide_content":"","_relevanssi_pin_for_all":"","_relevanssi_pin_keywords":"","_relevanssi_unpin_keywords":"","_relevanssi_related_keywords":"","_relevanssi_related_include_ids":"","_relevanssi_related_exclude_ids":"","_relevanssi_related_no_append":"","_relevanssi_related_not_related":"","_relevanssi_related_posts":"136086,126401,141128,149958,141036,127143","_relevanssi_noindex_reason":"","footnotes":""},"class_list":["post-171340","page","type-page","status-publish","has-post-thumbnail","hentry"],"acf":[],"yoast_head":"<!-- This site is optimized with the Yoast SEO plugin v28.3 - https:\/\/yoast.com\/product\/yoast-seo-wordpress\/ -->\n<title>Minska matsvinnet - Milj\u00f6handboken<\/title>\n<meta name=\"robots\" content=\"index, follow, max-snippet:-1, max-image-preview:large, max-video-preview:-1\" \/>\n<link rel=\"canonical\" href=\"https:\/\/evl.fi\/plus\/sv\/samhalle-och-kyrka\/hallbar-utveckling\/kyrkans-miljodiplom\/miljohandbok\/mat-och-kok\/minska-matsvinnet\/\" \/>\n<meta property=\"og:locale\" content=\"fi_FI\" \/>\n<meta property=\"og:type\" content=\"article\" \/>\n<meta property=\"og:title\" content=\"Minska matsvinnet - Milj\u00f6handboken\" \/>\n<meta property=\"og:description\" content=\"Att sl\u00e4nga \u00e4tbar mat \u00e4r en ekonomisk och ekologisk belastning. Konsumenterna i Finland sl\u00e4nger \u00e5rligen cirka 5 procent av de k\u00f6pta livsmedlen. Milj\u00f6konsekvenserna av matsvinnet \u00e4r ofta betydligt st\u00f6rre \u00e4n konsekvenserna av till exempel f\u00f6rpackningstillverkning, avfallshantering eller transporter. Det enklaste och f\u00f6rm\u00e5nligaste s\u00e4ttet att minska klimatbelastningen fr\u00e5n livsmedelssektorn \u00e4r att minska matsvinnet. Utsl\u00e4ppen av v\u00e4xthusgaser [&hellip;]\" \/>\n<meta property=\"og:url\" content=\"https:\/\/evl.fi\/plus\/sv\/samhalle-och-kyrka\/hallbar-utveckling\/kyrkans-miljodiplom\/miljohandbok\/mat-och-kok\/minska-matsvinnet\/\" \/>\n<meta property=\"og:site_name\" content=\"EVL Plus\" \/>\n<meta property=\"article:modified_time\" content=\"2025-09-26T10:15:06+00:00\" \/>\n<meta name=\"twitter:card\" content=\"summary_large_image\" \/>\n<meta name=\"twitter:label1\" content=\"Arvioitu lukuaika\" \/>\n\t<meta name=\"twitter:data1\" content=\"2 minuuttia\" \/>\n<script type=\"application\/ld+json\" class=\"yoast-schema-graph\">{\"@context\":\"https:\\\/\\\/schema.org\",\"@graph\":[{\"@type\":\"WebPage\",\"@id\":\"https:\\\/\\\/evl.fi\\\/plus\\\/sv\\\/samhalle-och-kyrka\\\/hallbar-utveckling\\\/kyrkans-miljodiplom\\\/miljohandbok\\\/mat-och-kok\\\/minska-matsvinnet\\\/\",\"url\":\"https:\\\/\\\/evl.fi\\\/plus\\\/sv\\\/samhalle-och-kyrka\\\/hallbar-utveckling\\\/kyrkans-miljodiplom\\\/miljohandbok\\\/mat-och-kok\\\/minska-matsvinnet\\\/\",\"name\":\"Minska matsvinnet - Milj\u00f6handboken\",\"isPartOf\":{\"@id\":\"https:\\\/\\\/evl.fi\\\/plus\\\/#website\"},\"primaryImageOfPage\":{\"@id\":\"https:\\\/\\\/evl.fi\\\/plus\\\/sv\\\/samhalle-och-kyrka\\\/hallbar-utveckling\\\/kyrkans-miljodiplom\\\/miljohandbok\\\/mat-och-kok\\\/minska-matsvinnet\\\/#primaryimage\"},\"image\":{\"@id\":\"https:\\\/\\\/evl.fi\\\/plus\\\/sv\\\/samhalle-och-kyrka\\\/hallbar-utveckling\\\/kyrkans-miljodiplom\\\/miljohandbok\\\/mat-och-kok\\\/minska-matsvinnet\\\/#primaryimage\"},\"thumbnailUrl\":\"https:\\\/\\\/evl.fi\\\/plus\\\/wp-content\\\/uploads\\\/sites\\\/3\\\/2025\\\/09\\\/KM20519_Kyrkans-Miljodiplom_Green.svg\",\"datePublished\":\"2025-09-03T16:30:19+00:00\",\"dateModified\":\"2025-09-26T10:15:06+00:00\",\"breadcrumb\":{\"@id\":\"https:\\\/\\\/evl.fi\\\/plus\\\/sv\\\/samhalle-och-kyrka\\\/hallbar-utveckling\\\/kyrkans-miljodiplom\\\/miljohandbok\\\/mat-och-kok\\\/minska-matsvinnet\\\/#breadcrumb\"},\"inLanguage\":\"fi\",\"potentialAction\":[{\"@type\":\"ReadAction\",\"target\":[\"https:\\\/\\\/evl.fi\\\/plus\\\/sv\\\/samhalle-och-kyrka\\\/hallbar-utveckling\\\/kyrkans-miljodiplom\\\/miljohandbok\\\/mat-och-kok\\\/minska-matsvinnet\\\/\"]}]},{\"@type\":\"ImageObject\",\"inLanguage\":\"fi\",\"@id\":\"https:\\\/\\\/evl.fi\\\/plus\\\/sv\\\/samhalle-och-kyrka\\\/hallbar-utveckling\\\/kyrkans-miljodiplom\\\/miljohandbok\\\/mat-och-kok\\\/minska-matsvinnet\\\/#primaryimage\",\"url\":\"https:\\\/\\\/evl.fi\\\/plus\\\/wp-content\\\/uploads\\\/sites\\\/3\\\/2025\\\/09\\\/KM20519_Kyrkans-Miljodiplom_Green.svg\",\"contentUrl\":\"https:\\\/\\\/evl.fi\\\/plus\\\/wp-content\\\/uploads\\\/sites\\\/3\\\/2025\\\/09\\\/KM20519_Kyrkans-Miljodiplom_Green.svg\"},{\"@type\":\"BreadcrumbList\",\"@id\":\"https:\\\/\\\/evl.fi\\\/plus\\\/sv\\\/samhalle-och-kyrka\\\/hallbar-utveckling\\\/kyrkans-miljodiplom\\\/miljohandbok\\\/mat-och-kok\\\/minska-matsvinnet\\\/#breadcrumb\",\"itemListElement\":[{\"@type\":\"ListItem\",\"position\":1,\"name\":\"Home\",\"item\":\"https:\\\/\\\/evl.fi\\\/plus\\\/sv\\\/\"},{\"@type\":\"ListItem\",\"position\":2,\"name\":\"Samh\u00e4lle och kyrka\",\"item\":\"https:\\\/\\\/evl.fi\\\/plus\\\/sv\\\/samhalle-och-kyrka\\\/\"},{\"@type\":\"ListItem\",\"position\":3,\"name\":\"H\u00e5llbar utveckling\",\"item\":\"https:\\\/\\\/evl.fi\\\/plus\\\/sv\\\/samhalle-och-kyrka\\\/hallbar-utveckling\\\/\"},{\"@type\":\"ListItem\",\"position\":4,\"name\":\"Kyrkans milj\u00f6diplom\",\"item\":\"https:\\\/\\\/evl.fi\\\/plus\\\/sv\\\/samhalle-och-kyrka\\\/hallbar-utveckling\\\/kyrkans-miljodiplom\\\/\"},{\"@type\":\"ListItem\",\"position\":5,\"name\":\"Milj\u00f6handbok\",\"item\":\"https:\\\/\\\/evl.fi\\\/plus\\\/sv\\\/samhalle-och-kyrka\\\/hallbar-utveckling\\\/kyrkans-miljodiplom\\\/miljohandbok\\\/\"},{\"@type\":\"ListItem\",\"position\":6,\"name\":\"Mat och k\u00f6k\",\"item\":\"https:\\\/\\\/evl.fi\\\/plus\\\/sv\\\/samhalle-och-kyrka\\\/hallbar-utveckling\\\/kyrkans-miljodiplom\\\/miljohandbok\\\/mat-och-kok\\\/\"},{\"@type\":\"ListItem\",\"position\":7,\"name\":\"Minska matsvinnet\"}]},{\"@type\":\"WebSite\",\"@id\":\"https:\\\/\\\/evl.fi\\\/plus\\\/#website\",\"url\":\"https:\\\/\\\/evl.fi\\\/plus\\\/\",\"name\":\"EVL Plus\",\"description\":\"\",\"potentialAction\":[{\"@type\":\"SearchAction\",\"target\":{\"@type\":\"EntryPoint\",\"urlTemplate\":\"https:\\\/\\\/evl.fi\\\/plus\\\/?s={search_term_string}\"},\"query-input\":{\"@type\":\"PropertyValueSpecification\",\"valueRequired\":true,\"valueName\":\"search_term_string\"}}],\"inLanguage\":\"fi\"}]}<\/script>\n<!-- \/ Yoast SEO plugin. -->","yoast_head_json":{"title":"Minska matsvinnet - Milj\u00f6handboken","robots":{"index":"index","follow":"follow","max-snippet":"max-snippet:-1","max-image-preview":"max-image-preview:large","max-video-preview":"max-video-preview:-1"},"canonical":"https:\/\/evl.fi\/plus\/sv\/samhalle-och-kyrka\/hallbar-utveckling\/kyrkans-miljodiplom\/miljohandbok\/mat-och-kok\/minska-matsvinnet\/","og_locale":"fi_FI","og_type":"article","og_title":"Minska matsvinnet - Milj\u00f6handboken","og_description":"Att sl\u00e4nga \u00e4tbar mat \u00e4r en ekonomisk och ekologisk belastning. Konsumenterna i Finland sl\u00e4nger \u00e5rligen cirka 5 procent av de k\u00f6pta livsmedlen. Milj\u00f6konsekvenserna av matsvinnet \u00e4r ofta betydligt st\u00f6rre \u00e4n konsekvenserna av till exempel f\u00f6rpackningstillverkning, avfallshantering eller transporter. Det enklaste och f\u00f6rm\u00e5nligaste s\u00e4ttet att minska klimatbelastningen fr\u00e5n livsmedelssektorn \u00e4r att minska matsvinnet. Utsl\u00e4ppen av v\u00e4xthusgaser [&hellip;]","og_url":"https:\/\/evl.fi\/plus\/sv\/samhalle-och-kyrka\/hallbar-utveckling\/kyrkans-miljodiplom\/miljohandbok\/mat-och-kok\/minska-matsvinnet\/","og_site_name":"EVL Plus","article_modified_time":"2025-09-26T10:15:06+00:00","twitter_card":"summary_large_image","twitter_misc":{"Arvioitu lukuaika":"2 minuuttia"},"schema":{"@context":"https:\/\/schema.org","@graph":[{"@type":"WebPage","@id":"https:\/\/evl.fi\/plus\/sv\/samhalle-och-kyrka\/hallbar-utveckling\/kyrkans-miljodiplom\/miljohandbok\/mat-och-kok\/minska-matsvinnet\/","url":"https:\/\/evl.fi\/plus\/sv\/samhalle-och-kyrka\/hallbar-utveckling\/kyrkans-miljodiplom\/miljohandbok\/mat-och-kok\/minska-matsvinnet\/","name":"Minska matsvinnet - Milj\u00f6handboken","isPartOf":{"@id":"https:\/\/evl.fi\/plus\/#website"},"primaryImageOfPage":{"@id":"https:\/\/evl.fi\/plus\/sv\/samhalle-och-kyrka\/hallbar-utveckling\/kyrkans-miljodiplom\/miljohandbok\/mat-och-kok\/minska-matsvinnet\/#primaryimage"},"image":{"@id":"https:\/\/evl.fi\/plus\/sv\/samhalle-och-kyrka\/hallbar-utveckling\/kyrkans-miljodiplom\/miljohandbok\/mat-och-kok\/minska-matsvinnet\/#primaryimage"},"thumbnailUrl":"https:\/\/evl.fi\/plus\/wp-content\/uploads\/sites\/3\/2025\/09\/KM20519_Kyrkans-Miljodiplom_Green.svg","datePublished":"2025-09-03T16:30:19+00:00","dateModified":"2025-09-26T10:15:06+00:00","breadcrumb":{"@id":"https:\/\/evl.fi\/plus\/sv\/samhalle-och-kyrka\/hallbar-utveckling\/kyrkans-miljodiplom\/miljohandbok\/mat-och-kok\/minska-matsvinnet\/#breadcrumb"},"inLanguage":"fi","potentialAction":[{"@type":"ReadAction","target":["https:\/\/evl.fi\/plus\/sv\/samhalle-och-kyrka\/hallbar-utveckling\/kyrkans-miljodiplom\/miljohandbok\/mat-och-kok\/minska-matsvinnet\/"]}]},{"@type":"ImageObject","inLanguage":"fi","@id":"https:\/\/evl.fi\/plus\/sv\/samhalle-och-kyrka\/hallbar-utveckling\/kyrkans-miljodiplom\/miljohandbok\/mat-och-kok\/minska-matsvinnet\/#primaryimage","url":"https:\/\/evl.fi\/plus\/wp-content\/uploads\/sites\/3\/2025\/09\/KM20519_Kyrkans-Miljodiplom_Green.svg","contentUrl":"https:\/\/evl.fi\/plus\/wp-content\/uploads\/sites\/3\/2025\/09\/KM20519_Kyrkans-Miljodiplom_Green.svg"},{"@type":"BreadcrumbList","@id":"https:\/\/evl.fi\/plus\/sv\/samhalle-och-kyrka\/hallbar-utveckling\/kyrkans-miljodiplom\/miljohandbok\/mat-och-kok\/minska-matsvinnet\/#breadcrumb","itemListElement":[{"@type":"ListItem","position":1,"name":"Home","item":"https:\/\/evl.fi\/plus\/sv\/"},{"@type":"ListItem","position":2,"name":"Samh\u00e4lle och kyrka","item":"https:\/\/evl.fi\/plus\/sv\/samhalle-och-kyrka\/"},{"@type":"ListItem","position":3,"name":"H\u00e5llbar utveckling","item":"https:\/\/evl.fi\/plus\/sv\/samhalle-och-kyrka\/hallbar-utveckling\/"},{"@type":"ListItem","position":4,"name":"Kyrkans milj\u00f6diplom","item":"https:\/\/evl.fi\/plus\/sv\/samhalle-och-kyrka\/hallbar-utveckling\/kyrkans-miljodiplom\/"},{"@type":"ListItem","position":5,"name":"Milj\u00f6handbok","item":"https:\/\/evl.fi\/plus\/sv\/samhalle-och-kyrka\/hallbar-utveckling\/kyrkans-miljodiplom\/miljohandbok\/"},{"@type":"ListItem","position":6,"name":"Mat och k\u00f6k","item":"https:\/\/evl.fi\/plus\/sv\/samhalle-och-kyrka\/hallbar-utveckling\/kyrkans-miljodiplom\/miljohandbok\/mat-och-kok\/"},{"@type":"ListItem","position":7,"name":"Minska matsvinnet"}]},{"@type":"WebSite","@id":"https:\/\/evl.fi\/plus\/#website","url":"https:\/\/evl.fi\/plus\/","name":"EVL Plus","description":"","potentialAction":[{"@type":"SearchAction","target":{"@type":"EntryPoint","urlTemplate":"https:\/\/evl.fi\/plus\/?s={search_term_string}"},"query-input":{"@type":"PropertyValueSpecification","valueRequired":true,"valueName":"search_term_string"}}],"inLanguage":"fi"}]}},"lang":"sv","translations":{"sv":171340,"fi":161279},"pll_sync_post":{},"_links":{"self":[{"href":"https:\/\/evl.fi\/plus\/wp-json\/wp\/v2\/pages\/171340","targetHints":{"allow":["GET"]}}],"collection":[{"href":"https:\/\/evl.fi\/plus\/wp-json\/wp\/v2\/pages"}],"about":[{"href":"https:\/\/evl.fi\/plus\/wp-json\/wp\/v2\/types\/page"}],"author":[{"embeddable":true,"href":"https:\/\/evl.fi\/plus\/wp-json\/wp\/v2\/users\/493"}],"replies":[{"embeddable":true,"href":"https:\/\/evl.fi\/plus\/wp-json\/wp\/v2\/comments?post=171340"}],"version-history":[{"count":4,"href":"https:\/\/evl.fi\/plus\/wp-json\/wp\/v2\/pages\/171340\/revisions"}],"predecessor-version":[{"id":173428,"href":"https:\/\/evl.fi\/plus\/wp-json\/wp\/v2\/pages\/171340\/revisions\/173428"}],"up":[{"embeddable":true,"href":"https:\/\/evl.fi\/plus\/wp-json\/wp\/v2\/pages\/168865"}],"wp:featuredmedia":[{"embeddable":true,"href":"https:\/\/evl.fi\/plus\/wp-json\/wp\/v2\/media\/172204"}],"wp:attachment":[{"href":"https:\/\/evl.fi\/plus\/wp-json\/wp\/v2\/media?parent=171340"}],"curies":[{"name":"wp","href":"https:\/\/api.w.org\/{rel}","templated":true}]}}