{"id":168888,"date":"2025-07-24T11:38:25","date_gmt":"2025-07-24T08:38:25","guid":{"rendered":"https:\/\/evl.fi\/plus\/?page_id=168888"},"modified":"2026-08-25T16:11:45","modified_gmt":"2026-08-25T13:11:45","slug":"kirkon-ymparistopaivat-2026","status":"publish","type":"page","link":"https:\/\/evl.fi\/plus\/yhteiskunta-ja-kirkko\/kestava-kehitys\/kirkon-ymparistopaivat-2026\/","title":{"rendered":"Kirkon ymp\u00e4rist\u00f6p\u00e4iv\u00e4t 2026"},"content":{"rendered":"\n  <div id=\"full-width-img-block_4139ae637ca9bc238f1e98e8c14aac24\" class=\"full-width-img alignfull block-full-width-img \">\n          <img decoding=\"async\" class=\"\" src=\"https:\/\/evl.fi\/plus\/wp-content\/uploads\/sites\/3\/2025\/07\/Kirkon-YmparistoPaivat_Green-scaled.png\" alt=\"\" \/>\n      <\/div>\n\n\n\n<div id=\"hero-frontpage-block_6273470df9581104bbc7b3567150ba99\" class=\"hero-frontpage block-hero-frontpage\">\n  <div class=\"row\">\n    <!-- color banner section -->\n          <div class=\"lift-column col-12 col-md-4\">\n        \n<div class=\"bg-color-text-lift frontpage-hero bg-purple\">\n  <h1 class=\"lift-item-title h2\">Kirkon ymp\u00e4rist\u00f6p\u00e4iv\u00e4t 2026: Mist\u00e4 tulee perusteltua toivoa?<\/h1>\n  <p class=\"\" >Vuoden 2026 ymp\u00e4rist\u00f6p\u00e4iv\u00e4t j\u00e4rjestet\u00e4\u00e4n Lahdessa.  Toteuttajina ovat Mikkelin hiippakunta, Lahden seurakuntayhtym\u00e4, LUT-yliopisto ja Kirkkohallitus<\/p>\n<\/div>\n      <\/div>\n        <div class=\"col-12 col-md-8 narrow-column\">\n\n      <div class=\"block-hero-frontpage__wrapper bg-layer\" style=\"background-image:url(https:\/\/evl.fi\/plus\/wp-content\/uploads\/sites\/3\/2022\/12\/forest-2942477_1920.jpg); background-position: 50% 50%\" >\n                <div class=\"row\">\n          <div class=\"col-12 d-flex justify-content-center align-items-center\">\n            <div class=\"block-hero-frontpage__column-content\">\n              <div class=\"text-content\">\n                <h2 class=\"h3\">Kirkon ymp\u00e4rist\u00f6p\u00e4iv\u00e4t 2026: Mist\u00e4 tulee perusteltua toivoa?<\/h2>\n                <p class=\"text-body-large\">Kirkon ymp\u00e4rist\u00f6p\u00e4iv\u00e4t j\u00e4rjestet\u00e4\u00e4n Lahdessa 7.-8.9.2026.  Tapahtumassa professori Risto Saarinen, apulaisprofessori Anna Lintunen, ty\u00f6el\u00e4m\u00e4professori Saara Vauramo keskustelevat nuorten teesien pohjalta aiheesta &#8221;Mist\u00e4 syntyy perusteltua toivoa&#8221;.  Avajaisissa puhuu Mikkelin piispa Mari Parkkinen.<br \/>\r\n<br \/>\r\nTapahtumaa edelt\u00e4\u00e4 Kirkon ymp\u00e4rist\u00f6diplomin auditoijien tapaaminen Siikaniemen kurssikeskuksessa 6. syyskuuta 2026 klo 16 alkaen. <br \/>\r\nHuomaathan, ett\u00e4 auditoijien tapahtumaan tulee ilmoittautua erikseen.<br \/>\r\n<br \/>\r\nPaikka: Ristinkirkko (Kirkkokatu 4, 15110 Lahti) ja Siikaniemen kurssikeskus 16 km p\u00e4\u00e4ss\u00e4 Hollolassa (Siikaniementie 210, 16730 Kutaj\u00e4rvi)<br \/>\r\n<br \/>\r\nTapahtuman j\u00e4rjest\u00e4misen varmistamiseksi ilmoittautumisia pyydet\u00e4\u00e4n 31. toukokuuta menness\u00e4. Mik\u00e4li ilmoittautumisia saadaan tarpeeksi (50), ilmoittautuminen jatkuu 5. elokuuta 2026 saakka.<br \/>\r\nHinta 1 (180 euroa) sis\u00e4lt\u00e4\u00e4 Kirkon ymp\u00e4rist\u00f6p\u00e4ivien ohjelman, ruokailut, bussikuljetuksen Lahden ja Siikaniemen kurssikeskuksen v\u00e4lill\u00e4 (16 km) sek\u00e4 majoituksen 2 hengen huoneessa. <br \/>\r\nHinta 2 (140 euroa) sis\u00e4lt\u00e4\u00e4 Kirkon ymp\u00e4rist\u00f6p\u00e4ivien ohjelman, ruokailut ja bussikuljetuksen Lahden ja Siikaniemen kurssikeskuksen v\u00e4lill\u00e4. Majoitus ei kuulu hintaan.<br \/>\r\n<\/p>\n                              <\/div>\n            <\/div>\n          <\/div>\n        <\/div>\n      <\/div>\n    <\/div>\n    <!-- end of main element -->\n  <\/div>\n<\/div>\n\n\n\n<h1 class=\"wp-block-heading\">Ohjelma (p\u00e4ivittyy)<\/h1>\n\n\n\n<p class=\"wp-block-paragraph\"><\/p>\n\n\n\n<h2 class=\"wp-block-heading\"><strong>Sunnuntaina 6.9.2026 <\/strong>ymp\u00e4rist\u00f6diplomin auditoijien tapaaminen <\/h2>\n\n\n\n<p class=\"wp-block-paragraph\">Kirkon ymp\u00e4rist\u00f6diplomin auditoijat kokoontuvat ymp\u00e4rist\u00f6p\u00e4ivien aattona Hollolan Siikaniemess\u00e4 alkaen klo 16. Ilmoittautuneille j\u00e4rjestet\u00e4\u00e4n kimppakyytej\u00e4. Auditoijien tapaamisessa keskustellaan ymp\u00e4rist\u00f6diplomin tekeill\u00e4 olevasta p\u00e4ivityksest\u00e4 ja vaihdetaan kokemuksia auditoinneista. Tarjolla on voileip\u00e4kahvit ja p\u00e4iv\u00e4llinen sek\u00e4 aamupala.<\/p>\n\n\n\n<h2 class=\"wp-block-heading\"><strong>Maanantai 7.9.2026<\/strong>\u202f <\/h2>\n\n\n\n<p class=\"wp-block-paragraph\">Omakustanteinen\u202fja -toiminen\u202flounas\u202fennen\u202fymp\u00e4rist\u00f6p\u00e4ivien alkua\u202f(Lahden Ristinkirkon l\u00e4hell\u00e4 on useita lounaspaikkoja)\u202f <\/p>\n\n\n\n<p class=\"wp-block-paragraph\"><strong>12.00 Kirkon ymp\u00e4rist\u00f6p\u00e4ivien avajaiset<\/strong> &#8211; Ristinkirkko\u202f(Kirkkokatu 4, Lahti)\u202f <\/p>\n\n\n\n<p class=\"wp-block-paragraph\"><strong>Toivo, toiminta ja rukous <\/strong><br>Mikkelin piispa <strong>Mari Parkkinen<\/strong>\u202f <\/p>\n\n\n\n<p class=\"wp-block-paragraph\"><strong>Mets\u00e4n muuttuvat olosuhteet ja mets\u00e4suhde muutoksessa<\/strong><br>Kirkon ymp\u00e4rist\u00f6asioiden neuvottelukunnan puheenjohtaja, apulaisprofessori <strong>Anna Lintunen\u202f <\/strong><\/p>\n\n\n\n<p class=\"wp-block-paragraph\"><strong>Ristinkirkon\u202farkkitehtuuri ja kirkkojen remonttiratkaisut<\/strong><br>Kirkkoherra <strong>Miika H\u00e4m\u00e4l\u00e4inen<\/strong>\u202fja\u202fseurakuntayhtym\u00e4n\u202fkiinteist\u00f6p\u00e4\u00e4llikk\u00f6 <strong>Jukka-Pekka Penttinen\u202f <\/strong><\/p>\n\n\n\n<p class=\"wp-block-paragraph\"><strong>13.00  Muutosvoiman l\u00e4hteill\u00e4: mik\u00e4 saa tarttumaan toimeen seurakuntien ymp\u00e4rist\u00f6ty\u00f6ss\u00e4?\u202f <\/strong><br><strong>Minttu Tamsk<\/strong>i, <strong>Mari Yl\u00f6nen,  Eriikka\u202f Jankko<\/strong> Mikkelin hiippakunta, <strong>Jari\u202fVisto<\/strong>,\u202f STEP-koulutuskeskus ja <strong>Anna V\u00e4\u00e4t\u00e4inen<\/strong>, Kuopion hiippakunta<\/p>\n\n\n\n<p class=\"wp-block-paragraph\"><strong>14.00 Kahvitauko<\/strong>\u202f <\/p>\n\n\n\n<p class=\"wp-block-paragraph\"><strong>14.30 Mik\u00e4 motivoi ymp\u00e4rist\u00f6ratkaisuihin: yhteisty\u00f6 ja vuorovaikutus\u202fseurakunnan ja eri toimijoiden v\u00e4lill\u00e4\u202f<\/strong> <\/p>\n\n\n\n<p class=\"wp-block-paragraph\">Puheenvuoroja yhteisty\u00f6st\u00e4, mm. <br>Mihin Euroopan ymp\u00e4rist\u00f6p\u00e4\u00e4kaupunki 2021 Lahti suuntaa nyt? <br>Hankkeen johtaja <strong>Milla\u202fBruneau\u202f <\/strong><br>Miten ,yhteisty\u00f6 eri toimijoiden v\u00e4lill\u00e4 n\u00e4kyy seurakuntayhtym\u00e4n n\u00e4k\u00f6kulmasta?<br>Yhteiskunnallisen ty\u00f6n pastori <strong>Tomi Alasalmi<\/strong><\/p>\n\n\n\n<p class=\"wp-block-paragraph\">Musiikkia<br><strong>Jouko M\u00e4ki-Lohiluoma<\/strong><\/p>\n\n\n\n<p class=\"wp-block-paragraph\">15.30 Siirtyminen bussilla Siikaniemeen, majoittuminen\u202f(matka kest\u00e4\u00e4 25 min)\u202f <\/p>\n\n\n\n<p class=\"wp-block-paragraph\">16.00 V\u00e4lipala saavuttaessa\u202fja majoittuminen Siikaniemess\u00e4 y\u00f6pyville\u202f <\/p>\n\n\n\n<p class=\"wp-block-paragraph\">16.45 Kokoontuminen salissa:\u202f<strong>Siikaniemi ja ymp\u00e4rist\u00f6<\/strong>. Leirikeskustoiminnan p\u00e4\u00e4llikk\u00f6 <strong>Jari Rissanen <\/strong>esittelee paikan historiaa ja ymp\u00e4rist\u00f6ratkaisuja <\/p>\n\n\n\n<p class=\"wp-block-paragraph\">17.00\u202f\u201318:50  <strong>Ty\u00f6pajat<\/strong> (osallistuminen kahteen etuk\u00e4teen valittuun ty\u00f6pajaan)<\/p>\n\n\n\n<p class=\"wp-block-paragraph\"><strong>Ulkona oppimisen mets\u00e4retki l\u00e4himaastossa<\/strong><\/p>\n\n\n\n<p class=\"wp-block-paragraph\"><strong>Arja Kaasinen<\/strong>, FT, yliopistonlehtori, Vuoden ymp\u00e4rist\u00f6kasvattaja 2024, Helsingin yliopisto<\/p>\n\n\n\n<p class=\"wp-block-paragraph\"><strong>Mets\u00e4teologiaa kaikilla aisteilla, paikkana laavu<\/strong> <\/p>\n\n\n\n<p class=\"has-text-align-left wp-block-paragraph\"><strong>Paula Kangasniemi<\/strong> KM, FM, Aaltoyliopiston tohtoriopiskelija<\/p>\n\n\n\n<p class=\"has-text-align-left wp-block-paragraph\"><strong>Juha Tanska<\/strong> TT, Hiljaisuuden Yst\u00e4vien toiminnanjohtaja, pienviljelij\u00e4<\/p>\n\n\n\n<p class=\"wp-block-paragraph\"><strong>Kirkkoveneretki Vesij\u00e4rvell\u00e4<\/strong>\u202f <\/p>\n\n\n\n<p class=\"wp-block-paragraph\"><strong>Ymp\u00e4rist\u00f6diplomin k\u00e4sikirjan p\u00e4ivitys <\/strong>on jo pitk\u00e4ll\u00e4. Mik\u00e4 muuttuu? Vet\u00e4j\u00e4n\u00e4 ymp\u00e4rist\u00f6diplomista vastaava Kirkkohallituksen asiantuntija <strong>Ilkka Sipil\u00e4inen<\/strong>.<\/p>\n\n\n\n<p class=\"wp-block-paragraph\">19.00  <strong>Iltahartaus Mets\u00e4kirkossa<\/strong>\u202f <\/p>\n\n\n\n<p class=\"wp-block-paragraph\">19.30 <strong>Illallinen<\/strong> <\/p>\n\n\n\n<p class=\"wp-block-paragraph\">\u202f21.15 Kuljetus Lahteen illallisen\u202fp\u00e4\u00e4tytty\u00e4\u202f <\/p>\n\n\n\n<h2 class=\"wp-block-heading\"><strong>Tiistai 8.9.<\/strong>2026\u202f <\/h2>\n\n\n\n<p class=\"wp-block-paragraph\">7.30\u202f Aamupala\u202fSiikaniemess\u00e4 majoittuville\u202f(saatavilla klo 7.30\u20138.45)\u202f <\/p>\n\n\n\n<p class=\"wp-block-paragraph\">9.00 Kuljetus\u202fRistinkirkolle\u202fbusseilla\u202fSiikaniemess\u00e4 majoittuneille\u202f <\/p>\n\n\n\n<p class=\"wp-block-paragraph\">9.30 <strong>Kest\u00e4v\u00e4t ymp\u00e4rist\u00f6teot (<\/strong>Ristinkirkko, Kirkkokatu 4, Lahti)\u202f <\/p>\n\n\n\n<p class=\"wp-block-paragraph\"><strong>Luomakunta, kiitollisuus ja kohtuus<\/strong>; yhteiskunnan ja kest\u00e4v\u00e4n kehityksen asiantuntija <strong>Ilkka Sipil\u00e4inen<\/strong><\/p>\n\n\n\n<p class=\"wp-block-paragraph\"><strong>Mik\u00e4 tukee<\/strong><strong>\u202fekologista luopumista?<\/strong><strong>\u202f<\/strong><br>TT <strong>Taina Kalliokoski <\/strong> <\/p>\n\n\n\n<p class=\"wp-block-paragraph\">11.00 <strong>Luonnon monimuotoisuus ja luontojalanj\u00e4ljen laskenta<\/strong><br>Professori <strong>Ville Uusitalo<\/strong> ja tutkija <strong>Laura Vartiainen<\/strong>, LUT<\/p>\n\n\n\n<p class=\"wp-block-paragraph\">12.00 Lounas\u202f\u202f <\/p>\n\n\n\n<p class=\"wp-block-paragraph\">13:15-14.30 <strong>Planetaarisia ja paikallisia toivon merkkej\u00e4 <\/strong><\/p>\n\n\n\n<p class=\"wp-block-paragraph\"><strong>Paikalliset energiaratkaisut, globaalit seuraukset<\/strong>; tutkija\u202f<strong>Joni Lappi,<\/strong> LUT<\/p>\n\n\n\n<p class=\"wp-block-paragraph\"><strong>Planetaarisia ja paikallisia toivon merkkej\u00e4 ilmastossa ja luonnossa<\/strong>, ty\u00f6el\u00e4m\u00e4professori <strong>Saara Vauramo<\/strong><\/p>\n\n\n\n<p class=\"wp-block-paragraph\">14.30\u201316.00\u202f <strong>Mist\u00e4 syntyy perusteltua toivoa? <\/strong><br>Professori <strong>Risto Saarinen, apulaisprofessori Anna Lintunen, ty\u00f6el\u00e4m\u00e4professori Saara Vauramo keskustelevat teesien pohjalta<\/strong><\/p>\n\n\n\n<p class=\"wp-block-paragraph\">Keskustelun pohjana nuorten vaikuttajaryhm\u00e4n teesit (Keski-Lahden ja Hollolan nuoret, mm. <strong>Anni Mattila<\/strong>)<\/p>\n\n\n\n<p class=\"wp-block-paragraph\"><\/p>\n\n\n\n  <div id=\"esiintyjat\" class=\"timeline block-timeline container-fluid\">\n    <div class=\"block-timeline__sections-wrapper container\">\n              <div class=\"row\">\n          <div class=\"col-12\">\n            <div class=\"block-timeline__sections-wrapper--header\">\n              <h2 class=\"\">Ymp\u00e4rist\u00f6p\u00e4iv\u00e4ss\u00e4 mukana alan huippuasiantuntijoita<\/h2>\n              <p class=\"text-body-large\">P\u00e4ivien aikana on mahdollisuus kuulla monipuolisesti kest\u00e4v\u00e4n kehityksen ja ymp\u00e4rist\u00f6ty\u00f6n asiantuntijoita. <br \/>\r\n<br \/>\r\n<br \/>\r\n<\/p>\n            <\/div>\n          <\/div>\n        <\/div>\n            <div class=\"row\">\n        <div class=\"time-line2 col-12 col-xl-10 offset-xl-1\">\n                                <div class=\"timecontainer timecontainer-left\">\n                            <div class=\"content\">\n                <h3 class=\"\"><\/h3>\n                <p><\/p>\n              <\/div>\n\n\n            <\/div>\n                              <\/div>\n      <\/div>\n    <\/div>\n  <\/div>\n\n\n\n  <div id=\"yhteystiedot\" class=\"contact-lift d-flex align-items-center block-anchor\">\n    <div class=\"container\">\n      <div class=\"row\">\n        <div class=\"col-12\">\n            <div class=\"row\">\n    <div class=\"col-12\">\n      <div class=\"block-header\">\n        <h2 class=\"\">Lis\u00e4tietoja<\/h2>\n              <\/div>\n    <\/div>\n  <\/div>\n        <\/div>\n      <\/div>\n      <div class=\"row\">\n              <\/div>\n    <\/div>\n  <\/div>\n\n\n\n  <div id=\"contact-lift-block_feac1e1d2aa23cc3a5d5bb51a91ecb0f\" class=\"contact-lift d-flex align-items-center \">\n    <div class=\"container\">\n      <div class=\"row\">\n        <div class=\"col-12\">\n                  <\/div>\n      <\/div>\n      <div class=\"row\">\n              <\/div>\n    <\/div>\n  <\/div>\n","protected":false},"excerpt":{"rendered":"<p>Kirkon ymp\u00e4rist\u00f6p\u00e4iv\u00e4t 2026.<\/p>\n","protected":false},"author":38,"featured_media":168901,"parent":41104,"menu_order":4,"comment_status":"closed","ping_status":"closed","template":"","meta":{"_acf_changed":false,"_relevanssi_hide_post":"","_relevanssi_hide_content":"","_relevanssi_pin_for_all":"","_relevanssi_pin_keywords":"Kirkon ymp&auml;rist&ouml;p&auml;iv&auml;t","_relevanssi_unpin_keywords":"","_relevanssi_related_keywords":"","_relevanssi_related_include_ids":"","_relevanssi_related_exclude_ids":"","_relevanssi_related_no_append":"","_relevanssi_related_not_related":"","_relevanssi_related_posts":"727,722,719","_relevanssi_noindex_reason":"","footnotes":""},"class_list":["post-168888","page","type-page","status-publish","has-post-thumbnail","hentry"],"acf":[],"yoast_head":"<!-- This site is optimized with the Yoast SEO plugin v28.3 - https:\/\/yoast.com\/product\/yoast-seo-wordpress\/ -->\n<title>Kirkon ymp\u00e4rist\u00f6p\u00e4iv\u00e4t 2026 - EVL Plus<\/title>\n<meta name=\"description\" content=\"Kirkon ymp\u00e4rist\u00f6p\u00e4iv\u00e4t j\u00e4rjestet\u00e4\u00e4n syyskuussa 2026. Luvassa ajankohtaista keskustelua ja verkostoitumista ymp\u00e4rist\u00f6asioiden \u00e4\u00e4rell\u00e4.\" \/>\n<meta name=\"robots\" content=\"index, follow, max-snippet:-1, max-image-preview:large, max-video-preview:-1\" \/>\n<link rel=\"canonical\" href=\"https:\/\/evl.fi\/plus\/yhteiskunta-ja-kirkko\/kestava-kehitys\/kirkon-ymparistopaivat-2026\/\" \/>\n<meta property=\"og:locale\" content=\"fi_FI\" \/>\n<meta property=\"og:type\" content=\"article\" \/>\n<meta property=\"og:title\" content=\"Kirkon ymp\u00e4rist\u00f6p\u00e4iv\u00e4t 2026 - EVL Plus\" \/>\n<meta property=\"og:description\" content=\"Kirkon ymp\u00e4rist\u00f6p\u00e4iv\u00e4t j\u00e4rjestet\u00e4\u00e4n syyskuussa 2026. Luvassa ajankohtaista keskustelua ja verkostoitumista ymp\u00e4rist\u00f6asioiden \u00e4\u00e4rell\u00e4.\" \/>\n<meta property=\"og:url\" content=\"https:\/\/evl.fi\/plus\/yhteiskunta-ja-kirkko\/kestava-kehitys\/kirkon-ymparistopaivat-2026\/\" \/>\n<meta property=\"og:site_name\" content=\"EVL Plus\" \/>\n<meta property=\"article:modified_time\" content=\"2026-08-25T13:11:45+00:00\" \/>\n<meta property=\"og:image\" content=\"https:\/\/evl.fi\/plus\/wp-content\/uploads\/sites\/3\/2025\/07\/Kirkon-YmparistoPaivat_Green-scaled.png\" \/>\n\t<meta property=\"og:image:width\" content=\"2560\" \/>\n\t<meta property=\"og:image:height\" content=\"1166\" \/>\n\t<meta property=\"og:image:type\" content=\"image\/png\" \/>\n<meta name=\"twitter:card\" content=\"summary_large_image\" \/>\n<meta name=\"twitter:label1\" content=\"Arvioitu lukuaika\" \/>\n\t<meta name=\"twitter:data1\" content=\"4 minuuttia\" \/>\n<script type=\"application\/ld+json\" class=\"yoast-schema-graph\">{\"@context\":\"https:\\\/\\\/schema.org\",\"@graph\":[{\"@type\":\"WebPage\",\"@id\":\"https:\\\/\\\/evl.fi\\\/plus\\\/yhteiskunta-ja-kirkko\\\/kestava-kehitys\\\/kirkon-ymparistopaivat-2026\\\/\",\"url\":\"https:\\\/\\\/evl.fi\\\/plus\\\/yhteiskunta-ja-kirkko\\\/kestava-kehitys\\\/kirkon-ymparistopaivat-2026\\\/\",\"name\":\"Kirkon ymp\u00e4rist\u00f6p\u00e4iv\u00e4t 2026 - EVL Plus\",\"isPartOf\":{\"@id\":\"https:\\\/\\\/evl.fi\\\/plus\\\/#website\"},\"primaryImageOfPage\":{\"@id\":\"https:\\\/\\\/evl.fi\\\/plus\\\/yhteiskunta-ja-kirkko\\\/kestava-kehitys\\\/kirkon-ymparistopaivat-2026\\\/#primaryimage\"},\"image\":{\"@id\":\"https:\\\/\\\/evl.fi\\\/plus\\\/yhteiskunta-ja-kirkko\\\/kestava-kehitys\\\/kirkon-ymparistopaivat-2026\\\/#primaryimage\"},\"thumbnailUrl\":\"https:\\\/\\\/evl.fi\\\/plus\\\/wp-content\\\/uploads\\\/sites\\\/3\\\/2025\\\/07\\\/Kirkon-YmparistoPaivat_Green-scaled.png\",\"datePublished\":\"2025-07-24T08:38:25+00:00\",\"dateModified\":\"2026-08-25T13:11:45+00:00\",\"description\":\"Kirkon ymp\u00e4rist\u00f6p\u00e4iv\u00e4t j\u00e4rjestet\u00e4\u00e4n syyskuussa 2026. Luvassa ajankohtaista keskustelua ja verkostoitumista ymp\u00e4rist\u00f6asioiden \u00e4\u00e4rell\u00e4.\",\"breadcrumb\":{\"@id\":\"https:\\\/\\\/evl.fi\\\/plus\\\/yhteiskunta-ja-kirkko\\\/kestava-kehitys\\\/kirkon-ymparistopaivat-2026\\\/#breadcrumb\"},\"inLanguage\":\"fi\",\"potentialAction\":[{\"@type\":\"ReadAction\",\"target\":[\"https:\\\/\\\/evl.fi\\\/plus\\\/yhteiskunta-ja-kirkko\\\/kestava-kehitys\\\/kirkon-ymparistopaivat-2026\\\/\"]}]},{\"@type\":\"ImageObject\",\"inLanguage\":\"fi\",\"@id\":\"https:\\\/\\\/evl.fi\\\/plus\\\/yhteiskunta-ja-kirkko\\\/kestava-kehitys\\\/kirkon-ymparistopaivat-2026\\\/#primaryimage\",\"url\":\"https:\\\/\\\/evl.fi\\\/plus\\\/wp-content\\\/uploads\\\/sites\\\/3\\\/2025\\\/07\\\/Kirkon-YmparistoPaivat_Green-scaled.png\",\"contentUrl\":\"https:\\\/\\\/evl.fi\\\/plus\\\/wp-content\\\/uploads\\\/sites\\\/3\\\/2025\\\/07\\\/Kirkon-YmparistoPaivat_Green-scaled.png\",\"width\":2560,\"height\":1166},{\"@type\":\"BreadcrumbList\",\"@id\":\"https:\\\/\\\/evl.fi\\\/plus\\\/yhteiskunta-ja-kirkko\\\/kestava-kehitys\\\/kirkon-ymparistopaivat-2026\\\/#breadcrumb\",\"itemListElement\":[{\"@type\":\"ListItem\",\"position\":1,\"name\":\"Home\",\"item\":\"https:\\\/\\\/evl.fi\\\/plus\\\/sv\\\/\"},{\"@type\":\"ListItem\",\"position\":2,\"name\":\"Yhteiskunta ja kirkko\",\"item\":\"https:\\\/\\\/evl.fi\\\/plus\\\/yhteiskunta-ja-kirkko\\\/\"},{\"@type\":\"ListItem\",\"position\":3,\"name\":\"Kest\u00e4v\u00e4 kehitys\",\"item\":\"https:\\\/\\\/evl.fi\\\/plus\\\/yhteiskunta-ja-kirkko\\\/kestava-kehitys\\\/\"},{\"@type\":\"ListItem\",\"position\":4,\"name\":\"Kirkon ymp\u00e4rist\u00f6p\u00e4iv\u00e4t 2026\"}]},{\"@type\":\"WebSite\",\"@id\":\"https:\\\/\\\/evl.fi\\\/plus\\\/#website\",\"url\":\"https:\\\/\\\/evl.fi\\\/plus\\\/\",\"name\":\"EVL Plus\",\"description\":\"\",\"potentialAction\":[{\"@type\":\"SearchAction\",\"target\":{\"@type\":\"EntryPoint\",\"urlTemplate\":\"https:\\\/\\\/evl.fi\\\/plus\\\/?s={search_term_string}\"},\"query-input\":{\"@type\":\"PropertyValueSpecification\",\"valueRequired\":true,\"valueName\":\"search_term_string\"}}],\"inLanguage\":\"fi\"}]}<\/script>\n<!-- \/ Yoast SEO plugin. -->","yoast_head_json":{"title":"Kirkon ymp\u00e4rist\u00f6p\u00e4iv\u00e4t 2026 - EVL Plus","description":"Kirkon ymp\u00e4rist\u00f6p\u00e4iv\u00e4t j\u00e4rjestet\u00e4\u00e4n syyskuussa 2026. Luvassa ajankohtaista keskustelua ja verkostoitumista ymp\u00e4rist\u00f6asioiden \u00e4\u00e4rell\u00e4.","robots":{"index":"index","follow":"follow","max-snippet":"max-snippet:-1","max-image-preview":"max-image-preview:large","max-video-preview":"max-video-preview:-1"},"canonical":"https:\/\/evl.fi\/plus\/yhteiskunta-ja-kirkko\/kestava-kehitys\/kirkon-ymparistopaivat-2026\/","og_locale":"fi_FI","og_type":"article","og_title":"Kirkon ymp\u00e4rist\u00f6p\u00e4iv\u00e4t 2026 - EVL Plus","og_description":"Kirkon ymp\u00e4rist\u00f6p\u00e4iv\u00e4t j\u00e4rjestet\u00e4\u00e4n syyskuussa 2026. Luvassa ajankohtaista keskustelua ja verkostoitumista ymp\u00e4rist\u00f6asioiden \u00e4\u00e4rell\u00e4.","og_url":"https:\/\/evl.fi\/plus\/yhteiskunta-ja-kirkko\/kestava-kehitys\/kirkon-ymparistopaivat-2026\/","og_site_name":"EVL Plus","article_modified_time":"2026-08-25T13:11:45+00:00","og_image":[{"width":2560,"height":1166,"url":"https:\/\/evl.fi\/plus\/wp-content\/uploads\/sites\/3\/2025\/07\/Kirkon-YmparistoPaivat_Green-scaled.png","type":"image\/png"}],"twitter_card":"summary_large_image","twitter_misc":{"Arvioitu lukuaika":"4 minuuttia"},"schema":{"@context":"https:\/\/schema.org","@graph":[{"@type":"WebPage","@id":"https:\/\/evl.fi\/plus\/yhteiskunta-ja-kirkko\/kestava-kehitys\/kirkon-ymparistopaivat-2026\/","url":"https:\/\/evl.fi\/plus\/yhteiskunta-ja-kirkko\/kestava-kehitys\/kirkon-ymparistopaivat-2026\/","name":"Kirkon ymp\u00e4rist\u00f6p\u00e4iv\u00e4t 2026 - EVL Plus","isPartOf":{"@id":"https:\/\/evl.fi\/plus\/#website"},"primaryImageOfPage":{"@id":"https:\/\/evl.fi\/plus\/yhteiskunta-ja-kirkko\/kestava-kehitys\/kirkon-ymparistopaivat-2026\/#primaryimage"},"image":{"@id":"https:\/\/evl.fi\/plus\/yhteiskunta-ja-kirkko\/kestava-kehitys\/kirkon-ymparistopaivat-2026\/#primaryimage"},"thumbnailUrl":"https:\/\/evl.fi\/plus\/wp-content\/uploads\/sites\/3\/2025\/07\/Kirkon-YmparistoPaivat_Green-scaled.png","datePublished":"2025-07-24T08:38:25+00:00","dateModified":"2026-08-25T13:11:45+00:00","description":"Kirkon ymp\u00e4rist\u00f6p\u00e4iv\u00e4t j\u00e4rjestet\u00e4\u00e4n syyskuussa 2026. Luvassa ajankohtaista keskustelua ja verkostoitumista ymp\u00e4rist\u00f6asioiden \u00e4\u00e4rell\u00e4.","breadcrumb":{"@id":"https:\/\/evl.fi\/plus\/yhteiskunta-ja-kirkko\/kestava-kehitys\/kirkon-ymparistopaivat-2026\/#breadcrumb"},"inLanguage":"fi","potentialAction":[{"@type":"ReadAction","target":["https:\/\/evl.fi\/plus\/yhteiskunta-ja-kirkko\/kestava-kehitys\/kirkon-ymparistopaivat-2026\/"]}]},{"@type":"ImageObject","inLanguage":"fi","@id":"https:\/\/evl.fi\/plus\/yhteiskunta-ja-kirkko\/kestava-kehitys\/kirkon-ymparistopaivat-2026\/#primaryimage","url":"https:\/\/evl.fi\/plus\/wp-content\/uploads\/sites\/3\/2025\/07\/Kirkon-YmparistoPaivat_Green-scaled.png","contentUrl":"https:\/\/evl.fi\/plus\/wp-content\/uploads\/sites\/3\/2025\/07\/Kirkon-YmparistoPaivat_Green-scaled.png","width":2560,"height":1166},{"@type":"BreadcrumbList","@id":"https:\/\/evl.fi\/plus\/yhteiskunta-ja-kirkko\/kestava-kehitys\/kirkon-ymparistopaivat-2026\/#breadcrumb","itemListElement":[{"@type":"ListItem","position":1,"name":"Home","item":"https:\/\/evl.fi\/plus\/sv\/"},{"@type":"ListItem","position":2,"name":"Yhteiskunta ja kirkko","item":"https:\/\/evl.fi\/plus\/yhteiskunta-ja-kirkko\/"},{"@type":"ListItem","position":3,"name":"Kest\u00e4v\u00e4 kehitys","item":"https:\/\/evl.fi\/plus\/yhteiskunta-ja-kirkko\/kestava-kehitys\/"},{"@type":"ListItem","position":4,"name":"Kirkon ymp\u00e4rist\u00f6p\u00e4iv\u00e4t 2026"}]},{"@type":"WebSite","@id":"https:\/\/evl.fi\/plus\/#website","url":"https:\/\/evl.fi\/plus\/","name":"EVL Plus","description":"","potentialAction":[{"@type":"SearchAction","target":{"@type":"EntryPoint","urlTemplate":"https:\/\/evl.fi\/plus\/?s={search_term_string}"},"query-input":{"@type":"PropertyValueSpecification","valueRequired":true,"valueName":"search_term_string"}}],"inLanguage":"fi"}]}},"lang":"fi","translations":{"fi":168888},"pll_sync_post":{},"_links":{"self":[{"href":"https:\/\/evl.fi\/plus\/wp-json\/wp\/v2\/pages\/168888","targetHints":{"allow":["GET"]}}],"collection":[{"href":"https:\/\/evl.fi\/plus\/wp-json\/wp\/v2\/pages"}],"about":[{"href":"https:\/\/evl.fi\/plus\/wp-json\/wp\/v2\/types\/page"}],"author":[{"embeddable":true,"href":"https:\/\/evl.fi\/plus\/wp-json\/wp\/v2\/users\/38"}],"replies":[{"embeddable":true,"href":"https:\/\/evl.fi\/plus\/wp-json\/wp\/v2\/comments?post=168888"}],"version-history":[{"count":30,"href":"https:\/\/evl.fi\/plus\/wp-json\/wp\/v2\/pages\/168888\/revisions"}],"predecessor-version":[{"id":190790,"href":"https:\/\/evl.fi\/plus\/wp-json\/wp\/v2\/pages\/168888\/revisions\/190790"}],"up":[{"embeddable":true,"href":"https:\/\/evl.fi\/plus\/wp-json\/wp\/v2\/pages\/41104"}],"wp:featuredmedia":[{"embeddable":true,"href":"https:\/\/evl.fi\/plus\/wp-json\/wp\/v2\/media\/168901"}],"wp:attachment":[{"href":"https:\/\/evl.fi\/plus\/wp-json\/wp\/v2\/media?parent=168888"}],"curies":[{"name":"wp","href":"https:\/\/api.w.org\/{rel}","templated":true}]}}