{"id":159630,"date":"2025-06-11T17:45:04","date_gmt":"2025-06-11T14:45:04","guid":{"rendered":"https:\/\/evl.fi\/plus\/?page_id=159630"},"modified":"2026-09-02T14:11:21","modified_gmt":"2026-09-02T11:11:21","slug":"jumalanpalvelus-ja-hengellisyys","status":"publish","type":"page","link":"https:\/\/evl.fi\/plus\/seurakuntaelama\/jumalanpalvelus-ja-hengellisyys\/","title":{"rendered":"Jumalanpalvelus ja hengellisyys"},"content":{"rendered":"\n  <div id=\"hero-page-block_4b5569bf64fd6d305b6bc6a3fb1ded33\" class=\"hero-page block-hero-page alignfull bg-babyblue\">\n    <div class=\"block-hero-page__wrapper container\">\n      <div class=\"row\">\n        <div class=\"col-12 col-md-6 texst-column\">\n          \n<nav class='rnb-breadcrumbs' aria-label='breadcrumbs'><ol class='rnb-breadcrumbs__list'> <li class='rnb-breadcrumbs__item rnb-breadcrumbs__item--home'><a href='https:\/\/evl.fi\/plus'>Etusivu<\/a><\/li>  <\/ol><\/nav>          <div class=\"texts-content\">\n\n                          <h1 class=\"title text-purple\">Jumalanpalvelus ja hengellisyys<\/h1>\n                                              <\/div>\n        <\/div>\n\n        <div class=\"col-12 col-md-6 images-column\">\n          <div class=\"img-gallery-wrapper\">\n                          <div class=\"big-image-wrapper\">\n                <img loading=\"lazy\" decoding=\"async\" width=\"1024\" height=\"768\" src=\"https:\/\/evl.fi\/plus\/wp-content\/uploads\/sites\/3\/2023\/05\/MedTxt_77-1024x768.jpg\" class=\"attachment-large size-large\" alt=\"Kirkkosali, jossa paljon ihmisi\u00e4 istumassa penkeiss\u00e4.\" srcset=\"https:\/\/evl.fi\/plus\/wp-content\/uploads\/sites\/3\/2023\/05\/MedTxt_77-1024x768.jpg 1024w, https:\/\/evl.fi\/plus\/wp-content\/uploads\/sites\/3\/2023\/05\/MedTxt_77-300x225.jpg 300w, https:\/\/evl.fi\/plus\/wp-content\/uploads\/sites\/3\/2023\/05\/MedTxt_77-768x576.jpg 768w, https:\/\/evl.fi\/plus\/wp-content\/uploads\/sites\/3\/2023\/05\/MedTxt_77-612x459.jpg 612w, https:\/\/evl.fi\/plus\/wp-content\/uploads\/sites\/3\/2023\/05\/MedTxt_77.jpg 1240w\" sizes=\"auto, (max-width: 1024px) 100vw, 1024px\" \/>              <\/div>\n                                  <\/div>\n        <\/div>\n      <\/div>\n    <\/div>\n  <\/div>\n\n\n\n<p class=\"wp-block-paragraph\">Kirkon el\u00e4m\u00e4n ytimess\u00e4 on jumalanpalvelus ja rukous. Samalla t\u00e4n\u00e4 p\u00e4iv\u00e4n\u00e4 hengellisyys saa monia muotoja, niin perinteisempi\u00e4, uudelleen l\u00f6ydettyj\u00e4 vanhoja aarteita, kuin uuudenlaistakin olemisen tapaa Pyh\u00e4n \u00e4\u00e4rell\u00e4. T\u00e4ll\u00e4 sivustolla kootaan tietoa ja materiaalia jumalanpalvelusel\u00e4m\u00e4\u00e4n, monimuotoiseen hengellisyyteen ja n\u00e4ihin kytkeytyv\u00e4\u00e4n kokonaisvaltaiseen missioon liittyen. Sivusto on tarkoitettu kaikille joita jumalanpalveluksen ja hengellisyyden teemat kiinnostavat, niin kirkon ty\u00f6ntekij\u00f6ille, luottamushenkil\u00f6ille, seurakuntalaisille, opiskelijoille, ihan kenelle tahansa. <br><br>Alla olevista linkeist\u00e4 p\u00e4\u00e4set jatkamaan eteenp\u00e4in.<br><br>Sivustoa uudistetaan syksyn 2026 aikana.<\/p>\n\n\n<div id=\"content-lifts-block_0846b9edc2899498fe827a76ba5d7eb2\" class=\"content-lifts block-content-lifts\">\n    <div class=\"block-content-lifts__wrapper\">\n    <div class=\"row \">\n      <!-- lifts section -->\n                    <div class=\"col-12 col-md-4\">\n                <div class=\"small-link-collection__lift-column-content d-flex \">\n                  \n<a class=\"lift-item-page\" href=\"https:\/\/evl.fi\/plus\/seurakuntaelama\/jumalanpalvelus-ja-hengellisyys\/jumalanpalveluselama\/\" target=\"_blank\" aria-label=\"Linkki sivulle Jumalanpalvelusel\u00e4m\u00e4\">\n  <div class=\"image-wrap\"><img loading=\"lazy\" decoding=\"async\" width=\"816\" height=\"640\" src=\"https:\/\/evl.fi\/plus\/wp-content\/uploads\/sites\/3\/2023\/05\/MedTxt_34-816x640.jpg\" class=\"attachment-single-article size-single-article wp-post-image\" alt=\"kuvassa pappi, jolla k\u00e4dess\u00e4 ehtoollisleip\u00e4.\" \/><\/div>  <h3 class=\"lift-item-page-title h5\">Jumalanpalvelusel\u00e4m\u00e4<\/h3>\n      <p class=\"lift-item-page-excerpt\">Jumalanpalvelus on kirkon tunnusmerkki ja seurakunnan el\u00e4m\u00e4n syd\u00e4n. N\u00e4ilt\u00e4 sivuilta l\u00f6yd\u00e4t tietoa ja virikkeit\u00e4 jumalanpalveluksen valmisteluun sek\u00e4 oikopolkuja suosituimpiin aineistoihin.<\/p>\n    <\/a>\n                <\/div>\n              <\/div>\n                                <div class=\"col-12 col-md-4\">\n                <div class=\"small-link-collection__lift-column-content d-flex \">\n                  \n<a class=\"lift-item-page\" href=\"https:\/\/evl.fi\/plus\/seurakuntaelama\/jumalanpalvelus-ja-hengellisyys\/monimuotoinen-hengellisyys\/\" target=\"_blank\" aria-label=\"Linkki sivulle Monimuotoinen hengellisyys\">\n  <div class=\"image-wrap\"><img loading=\"lazy\" decoding=\"async\" width=\"816\" height=\"640\" src=\"https:\/\/evl.fi\/plus\/wp-content\/uploads\/sites\/3\/2023\/10\/pilgrimsvandring-foto_aleksi-saariranta-scaled-1-816x640.jpg\" class=\"attachment-single-article size-single-article wp-post-image\" alt=\"\" \/><\/div>  <h3 class=\"lift-item-page-title h5\">Monimuotoinen hengellisyys<\/h3>\n      <p class=\"lift-item-page-excerpt\">Hengellinen el\u00e4m\u00e4 on yht\u00e4 monimuotoista kuin ihmisel\u00e4m\u00e4kin. El\u00e4m\u00e4n eri vaiheissa, esim. nuorena, aikuisena tai vanhetessa, ihmisten tarpeet muuttuvat, ja niin&#8230;<\/p>\n    <\/a>\n                <\/div>\n              <\/div>\n                                <div class=\"col-12 col-md-4\">\n                <div class=\"small-link-collection__lift-column-content d-flex \">\n                  \n<a class=\"lift-item-page\" href=\"https:\/\/evl.fi\/plus\/seurakuntaelama\/jumalanpalvelus-ja-hengellisyys\/evankelioiminen\/\" target=\"_blank\" aria-label=\"Linkki sivulle Evankelioiminen\">\n  <div class=\"image-wrap\"><img loading=\"lazy\" decoding=\"async\" width=\"816\" height=\"640\" src=\"https:\/\/evl.fi\/plus\/wp-content\/uploads\/sites\/3\/2023\/04\/bg-816x640.jpg\" class=\"attachment-single-article size-single-article wp-post-image\" alt=\"Ihmisi\u00e4 helsingiss\u00e4.\" \/><\/div>  <h3 class=\"lift-item-page-title h5\">Evankelioiminen<\/h3>\n      <p class=\"lift-item-page-excerpt\">Evankeliumilla on kaksi merkityst\u00e4, jotka molemmat esiintyv\u00e4t jo Uudessa testamentissa. Ensimm\u00e4isen mukaan evankeliumi on Jeesus Kristus; h\u00e4nen el\u00e4m\u00e4ns\u00e4, toimintansa, puheensa,&#8230;<\/p>\n    <\/a>\n                <\/div>\n              <\/div>\n                        \n      <!-- color banner section -->\n      \n      <!-- link collection -->\n      \n      <!-- church year lift -->\n          <\/div>\n  <\/div>\n<\/div>\n","protected":false},"excerpt":{"rendered":"<p>Kirkon el\u00e4m\u00e4n ytimess\u00e4 on jumalanpalvelus ja rukous. Samalla t\u00e4n\u00e4 p\u00e4iv\u00e4n\u00e4 hengellisyys saa monia muotoja, niin perinteisempi\u00e4, uudelleen l\u00f6ydettyj\u00e4 vanhoja aarteita, kuin uuudenlaistakin olemisen tapaa Pyh\u00e4n \u00e4\u00e4rell\u00e4. T\u00e4ll\u00e4 sivustolla kootaan tietoa ja materiaalia jumalanpalvelusel\u00e4m\u00e4\u00e4n, monimuotoiseen hengellisyyteen ja n\u00e4ihin kytkeytyv\u00e4\u00e4n kokonaisvaltaiseen missioon liittyen. Sivusto on tarkoitettu kaikille joita jumalanpalveluksen ja hengellisyyden teemat kiinnostavat, niin kirkon ty\u00f6ntekij\u00f6ille, luottamushenkil\u00f6ille, [&hellip;]<\/p>\n","protected":false},"author":26,"featured_media":0,"parent":872,"menu_order":2,"comment_status":"closed","ping_status":"closed","template":"","meta":{"_acf_changed":false,"_relevanssi_hide_post":"","_relevanssi_hide_content":"","_relevanssi_pin_for_all":"","_relevanssi_pin_keywords":"","_relevanssi_unpin_keywords":"","_relevanssi_related_keywords":"","_relevanssi_related_include_ids":"","_relevanssi_related_exclude_ids":"","_relevanssi_related_no_append":"","_relevanssi_related_not_related":"","_relevanssi_related_posts":"719,722,727","_relevanssi_noindex_reason":"","footnotes":""},"class_list":["post-159630","page","type-page","status-publish","hentry"],"acf":[],"yoast_head":"<!-- This site is optimized with the Yoast SEO plugin v28.3 - https:\/\/yoast.com\/product\/yoast-seo-wordpress\/ -->\n<title>Jumalanpalvelus ja hengellisyys - EVL Plus<\/title>\n<meta name=\"description\" content=\"Seurakuntalaisten maksamilla kirkollisverorahoilla rahoitetaan seurakuntien toimintaa ja koko kirkkoa hy\u00f6dytt\u00e4vi\u00e4 kohteita.\" \/>\n<meta name=\"robots\" content=\"index, follow, max-snippet:-1, max-image-preview:large, max-video-preview:-1\" \/>\n<link rel=\"canonical\" href=\"https:\/\/evl.fi\/plus\/seurakuntaelama\/jumalanpalvelus-ja-hengellisyys\/\" \/>\n<meta property=\"og:locale\" content=\"fi_FI\" \/>\n<meta property=\"og:type\" content=\"article\" \/>\n<meta property=\"og:title\" content=\"Jumalanpalvelus ja hengellisyys - EVL Plus\" \/>\n<meta property=\"og:description\" content=\"Seurakuntalaisten maksamilla kirkollisverorahoilla rahoitetaan seurakuntien toimintaa ja koko kirkkoa hy\u00f6dytt\u00e4vi\u00e4 kohteita.\" \/>\n<meta property=\"og:url\" content=\"https:\/\/evl.fi\/plus\/seurakuntaelama\/jumalanpalvelus-ja-hengellisyys\/\" \/>\n<meta property=\"og:site_name\" content=\"EVL Plus\" \/>\n<meta property=\"article:modified_time\" content=\"2026-09-02T11:11:21+00:00\" \/>\n<meta name=\"twitter:card\" content=\"summary_large_image\" \/>\n<meta name=\"twitter:label1\" content=\"Arvioitu lukuaika\" \/>\n\t<meta name=\"twitter:data1\" content=\"2 minuuttia\" \/>\n<script type=\"application\/ld+json\" class=\"yoast-schema-graph\">{\"@context\":\"https:\\\/\\\/schema.org\",\"@graph\":[{\"@type\":\"WebPage\",\"@id\":\"https:\\\/\\\/evl.fi\\\/plus\\\/seurakuntaelama\\\/jumalanpalvelus-ja-hengellisyys\\\/\",\"url\":\"https:\\\/\\\/evl.fi\\\/plus\\\/seurakuntaelama\\\/jumalanpalvelus-ja-hengellisyys\\\/\",\"name\":\"Jumalanpalvelus ja hengellisyys - EVL Plus\",\"isPartOf\":{\"@id\":\"https:\\\/\\\/evl.fi\\\/plus\\\/#website\"},\"datePublished\":\"2025-06-11T14:45:04+00:00\",\"dateModified\":\"2026-09-02T11:11:21+00:00\",\"description\":\"Seurakuntalaisten maksamilla kirkollisverorahoilla rahoitetaan seurakuntien toimintaa ja koko kirkkoa hy\u00f6dytt\u00e4vi\u00e4 kohteita.\",\"breadcrumb\":{\"@id\":\"https:\\\/\\\/evl.fi\\\/plus\\\/seurakuntaelama\\\/jumalanpalvelus-ja-hengellisyys\\\/#breadcrumb\"},\"inLanguage\":\"fi\",\"potentialAction\":[{\"@type\":\"ReadAction\",\"target\":[\"https:\\\/\\\/evl.fi\\\/plus\\\/seurakuntaelama\\\/jumalanpalvelus-ja-hengellisyys\\\/\"]}]},{\"@type\":\"BreadcrumbList\",\"@id\":\"https:\\\/\\\/evl.fi\\\/plus\\\/seurakuntaelama\\\/jumalanpalvelus-ja-hengellisyys\\\/#breadcrumb\",\"itemListElement\":[{\"@type\":\"ListItem\",\"position\":1,\"name\":\"Home\",\"item\":\"https:\\\/\\\/evl.fi\\\/plus\\\/sv\\\/\"},{\"@type\":\"ListItem\",\"position\":2,\"name\":\"Seurakuntael\u00e4m\u00e4\",\"item\":\"https:\\\/\\\/evl.fi\\\/plus\\\/seurakuntaelama\\\/\"},{\"@type\":\"ListItem\",\"position\":3,\"name\":\"Jumalanpalvelus ja hengellisyys\"}]},{\"@type\":\"WebSite\",\"@id\":\"https:\\\/\\\/evl.fi\\\/plus\\\/#website\",\"url\":\"https:\\\/\\\/evl.fi\\\/plus\\\/\",\"name\":\"EVL Plus\",\"description\":\"\",\"potentialAction\":[{\"@type\":\"SearchAction\",\"target\":{\"@type\":\"EntryPoint\",\"urlTemplate\":\"https:\\\/\\\/evl.fi\\\/plus\\\/?s={search_term_string}\"},\"query-input\":{\"@type\":\"PropertyValueSpecification\",\"valueRequired\":true,\"valueName\":\"search_term_string\"}}],\"inLanguage\":\"fi\"}]}<\/script>\n<!-- \/ Yoast SEO plugin. -->","yoast_head_json":{"title":"Jumalanpalvelus ja hengellisyys - EVL Plus","description":"Seurakuntalaisten maksamilla kirkollisverorahoilla rahoitetaan seurakuntien toimintaa ja koko kirkkoa hy\u00f6dytt\u00e4vi\u00e4 kohteita.","robots":{"index":"index","follow":"follow","max-snippet":"max-snippet:-1","max-image-preview":"max-image-preview:large","max-video-preview":"max-video-preview:-1"},"canonical":"https:\/\/evl.fi\/plus\/seurakuntaelama\/jumalanpalvelus-ja-hengellisyys\/","og_locale":"fi_FI","og_type":"article","og_title":"Jumalanpalvelus ja hengellisyys - EVL Plus","og_description":"Seurakuntalaisten maksamilla kirkollisverorahoilla rahoitetaan seurakuntien toimintaa ja koko kirkkoa hy\u00f6dytt\u00e4vi\u00e4 kohteita.","og_url":"https:\/\/evl.fi\/plus\/seurakuntaelama\/jumalanpalvelus-ja-hengellisyys\/","og_site_name":"EVL Plus","article_modified_time":"2026-09-02T11:11:21+00:00","twitter_card":"summary_large_image","twitter_misc":{"Arvioitu lukuaika":"2 minuuttia"},"schema":{"@context":"https:\/\/schema.org","@graph":[{"@type":"WebPage","@id":"https:\/\/evl.fi\/plus\/seurakuntaelama\/jumalanpalvelus-ja-hengellisyys\/","url":"https:\/\/evl.fi\/plus\/seurakuntaelama\/jumalanpalvelus-ja-hengellisyys\/","name":"Jumalanpalvelus ja hengellisyys - EVL Plus","isPartOf":{"@id":"https:\/\/evl.fi\/plus\/#website"},"datePublished":"2025-06-11T14:45:04+00:00","dateModified":"2026-09-02T11:11:21+00:00","description":"Seurakuntalaisten maksamilla kirkollisverorahoilla rahoitetaan seurakuntien toimintaa ja koko kirkkoa hy\u00f6dytt\u00e4vi\u00e4 kohteita.","breadcrumb":{"@id":"https:\/\/evl.fi\/plus\/seurakuntaelama\/jumalanpalvelus-ja-hengellisyys\/#breadcrumb"},"inLanguage":"fi","potentialAction":[{"@type":"ReadAction","target":["https:\/\/evl.fi\/plus\/seurakuntaelama\/jumalanpalvelus-ja-hengellisyys\/"]}]},{"@type":"BreadcrumbList","@id":"https:\/\/evl.fi\/plus\/seurakuntaelama\/jumalanpalvelus-ja-hengellisyys\/#breadcrumb","itemListElement":[{"@type":"ListItem","position":1,"name":"Home","item":"https:\/\/evl.fi\/plus\/sv\/"},{"@type":"ListItem","position":2,"name":"Seurakuntael\u00e4m\u00e4","item":"https:\/\/evl.fi\/plus\/seurakuntaelama\/"},{"@type":"ListItem","position":3,"name":"Jumalanpalvelus ja hengellisyys"}]},{"@type":"WebSite","@id":"https:\/\/evl.fi\/plus\/#website","url":"https:\/\/evl.fi\/plus\/","name":"EVL Plus","description":"","potentialAction":[{"@type":"SearchAction","target":{"@type":"EntryPoint","urlTemplate":"https:\/\/evl.fi\/plus\/?s={search_term_string}"},"query-input":{"@type":"PropertyValueSpecification","valueRequired":true,"valueName":"search_term_string"}}],"inLanguage":"fi"}]}},"lang":"fi","translations":{"fi":159630},"pll_sync_post":{},"_links":{"self":[{"href":"https:\/\/evl.fi\/plus\/wp-json\/wp\/v2\/pages\/159630","targetHints":{"allow":["GET"]}}],"collection":[{"href":"https:\/\/evl.fi\/plus\/wp-json\/wp\/v2\/pages"}],"about":[{"href":"https:\/\/evl.fi\/plus\/wp-json\/wp\/v2\/types\/page"}],"author":[{"embeddable":true,"href":"https:\/\/evl.fi\/plus\/wp-json\/wp\/v2\/users\/26"}],"replies":[{"embeddable":true,"href":"https:\/\/evl.fi\/plus\/wp-json\/wp\/v2\/comments?post=159630"}],"version-history":[{"count":19,"href":"https:\/\/evl.fi\/plus\/wp-json\/wp\/v2\/pages\/159630\/revisions"}],"predecessor-version":[{"id":191166,"href":"https:\/\/evl.fi\/plus\/wp-json\/wp\/v2\/pages\/159630\/revisions\/191166"}],"up":[{"embeddable":true,"href":"https:\/\/evl.fi\/plus\/wp-json\/wp\/v2\/pages\/872"}],"wp:attachment":[{"href":"https:\/\/evl.fi\/plus\/wp-json\/wp\/v2\/media?parent=159630"}],"curies":[{"name":"wp","href":"https:\/\/api.w.org\/{rel}","templated":true}]}}