{"id":151245,"date":"2024-12-05T14:20:45","date_gmt":"2024-12-05T12:20:45","guid":{"rendered":"https:\/\/evl.fi\/plus\/?page_id=151245"},"modified":"2026-08-27T15:19:58","modified_gmt":"2026-08-27T12:19:58","slug":"viittomakielinen-rippikoulu","status":"publish","type":"page","link":"https:\/\/evl.fi\/plus\/seurakuntaelama\/lapset-nuoret-ja-aikuiset\/viittomakielinen-tyo\/viittomakielinen-rippikoulu\/","title":{"rendered":"Viittomakielinen rippikoulu"},"content":{"rendered":"\n<figure class=\"wp-block-image size-large\"><img loading=\"lazy\" decoding=\"async\" width=\"1024\" height=\"768\" src=\"https:\/\/evl.fi\/plus\/wp-content\/uploads\/sites\/3\/2023\/07\/MedTxt_432-1024x768.jpg\" alt=\"\" class=\"wp-image-67021\" srcset=\"https:\/\/evl.fi\/plus\/wp-content\/uploads\/sites\/3\/2023\/07\/MedTxt_432-1024x768.jpg 1024w, https:\/\/evl.fi\/plus\/wp-content\/uploads\/sites\/3\/2023\/07\/MedTxt_432-300x225.jpg 300w, https:\/\/evl.fi\/plus\/wp-content\/uploads\/sites\/3\/2023\/07\/MedTxt_432-768x576.jpg 768w, https:\/\/evl.fi\/plus\/wp-content\/uploads\/sites\/3\/2023\/07\/MedTxt_432-612x459.jpg 612w, https:\/\/evl.fi\/plus\/wp-content\/uploads\/sites\/3\/2023\/07\/MedTxt_432.jpg 1240w\" sizes=\"auto, (max-width: 1024px) 100vw, 1024px\" \/><\/figure>\n\n\n\n<p class=\"wp-block-paragraph\">Joka vuosi j\u00e4rjestet\u00e4\u00e4n valtakunnallinen viittomakielinen rippikoulu. Rippikoulu toteutetaan noin puolen vuoden aikana ja siihen kuuluu etuk\u00e4teisopetusta. Rippikoulun aikana osallistutaan seurakunnan toimintaan ja pohditaan uskoon ja el\u00e4m\u00e4\u00e4n liittyvi\u00e4 kysymyksi\u00e4. Useimmiten nuori k\u00e4y rippikoulun sin\u00e4 vuonna, kun h\u00e4n t\u00e4ytt\u00e4\u00e4 15 vuotta. Rippikouluun osallistuminen on vapaaehtoista. Rippikouluja j\u00e4rjestet\u00e4\u00e4n my\u00f6s yksityis- sek\u00e4 p\u00e4iv\u00e4rippikouluina, riippuen rippikoululaisten m\u00e4\u00e4r\u00e4st\u00e4 ja toiveista. Rippikouluun ovat kaikki tervetulleita. Jos rippikoululaista ei ole kastettu, h\u00e4net voidaan kastaa rippikoulun aikana. Jos nuori on kastettu, mutta ei ole kirkon j\u00e4sen, voi h\u00e4n halutessaan liitty\u00e4 kirkkoon. Konfirmoiduksi voivat tulla ainoastaan kirkkoon kuuluvat.<\/p>\n\n\n\n<p class=\"wp-block-paragraph\">Rippikoulussa pohditaan muiden nuorten ja seurakunnan ty\u00f6ntekij\u00f6iden kanssa el\u00e4m\u00e4\u00e4n ja uskoon liittyvi\u00e4 asioita. Ne liittyv\u00e4t muun muassa el\u00e4m\u00e4narvoihin, Jumalaan, ihmissuhteisiin, seksuaalisuuteen, perheeseen, ymp\u00e4rist\u00f6kysymyksiin, vastuuseen ja oikeudenmukaisuuteen. Rippikoulussa saa turvallisesti keskustella el\u00e4m\u00e4n tarkoituksesta ja uskosta.<\/p>\n\n\n\n<p class=\"wp-block-paragraph\">Rippikoulun voi k\u00e4yd\u00e4 my\u00f6s aikuisena. Aikuisrippikoulu on useimmiten yksityisrippikoulu. Kysy lis\u00e4\u00e4 oman alueesi ty\u00f6ntekij\u00e4lt\u00e4!<\/p>\n\n\n\n  <div id=\"contact-lift-block_80b2e0363bbe5bd93f9c7209fc9a9f9f\" class=\"contact-lift d-flex align-items-center \">\n    <div class=\"container\">\n      <div class=\"row\">\n        <div class=\"col-12\">\n                  <\/div>\n      <\/div>\n      <div class=\"row\">\n              <\/div>\n    <\/div>\n  <\/div>\n\n\n\n<p class=\"is-style-boxed wp-block-paragraph\"><strong>Viittomakielinen rippikoululeiri j\u00e4rjestet\u00e4\u00e4n seuraavan kerran kes\u00e4ll\u00e4 2028<\/strong> <br>Viittomakielinen rippikoululeiri j\u00e4rjestet\u00e4\u00e4n seuraavan kerran kes\u00e4n 2028 aikana, mik\u00e4li osallistuvia nuoria on v\u00e4hint\u00e4\u00e4n kuusi. Jatkossa viittomakielinen rippileiri j\u00e4rjestet\u00e4\u00e4n joka toinen vuosi, mik\u00e4li riitt\u00e4v\u00e4 m\u00e4\u00e4r\u00e4 nuoria ilmoittautuu mukaan. Vuoden 2028 viittomakieliselle rippileirille voivat osallistua v. 2012-2013 syntyneet (15\u201316 \u2013vuotiaat) arjessaan viittomakielt\u00e4 k\u00e4ytt\u00e4v\u00e4t nuoret. Ilmoittautumisista ilmoitetaan tarkemmin vuoden 2027 syksyll\u00e4.<br>Nuori voi osallistua my\u00f6s oman seurakuntansa rippikouluun tulkin kanssa. Halutessaan nuori voi aina k\u00e4yd\u00e4 rippikoulun my\u00f6s yksityisesti viittomakielisen ty\u00f6n papin kanssa. Yli 17 -vuotiaille j\u00e4rjest\u00e4mme pyynn\u00f6st\u00e4 aikuisrippikoulua l\u00e4pi vuoden. T\u00e4st\u00e4 pyyd\u00e4mme ottamaan yhteytt\u00e4 oman alueen viittomakielisen ty\u00f6n pappiin. Vastaamme mielell\u00e4mme mahdollisiin kysymyksiin.<\/p>\n\n\n\n<p class=\"wp-block-paragraph\"><br><\/p>\n\n\n\n<div id=\"big-link-collection-block_15d90c4952b4900c993c76917d5e762b\" class=\"big-link-collection block-big-link-collection\">\n  <div class=\"block-big-link-collection__wrapper\">\n        <div class=\"row \">\n      <!-- link collection -->\n      <div class=\"links-column col-12\">\n        \n<div class=\"link-collection d-flex\">\n  <div class=\"text-content\">\n          <h3>Lue lis\u00e4\u00e4 rippikoulusta<\/h3>\n            \n      <div class=\"buttons\">\n                              <a class=\"button-link-collection \" href=\"https:\/\/evl.fi\/tervetuloa-kirkkoon\/tule-mukaan\/nuorille\/rippikoulu\/#tietoarippikoulusta\" target=\"_self\">Tietoa rippikoulusta<\/a>\n                                        <a class=\"button-link-collection \" href=\"https:\/\/viittomakieli.evl.fi\/pyhat-toimitukset\/konfirmaatio\/\" target=\"_self\">Tietoa konfirmaatiosta<\/a>\n                                        <a class=\"button-link-collection \" href=\"https:\/\/viittomakieli.evl.fi\/tyontekijat\/\" target=\"_self\">Ty\u00f6ntekij\u00f6iden yhteystiedot<\/a>\n                        <\/div>\n\n      <\/div>\n\n<\/div>      <\/div>\n      <!-- color banner section -->\n            <!-- page lift section -->\n            <!-- external lift section -->\n            <!-- church year lift -->\n    <\/div>\n  <\/div>\n<\/div>\n","protected":false},"excerpt":{"rendered":"<p>Joka vuosi j\u00e4rjestet\u00e4\u00e4n valtakunnallinen viittomakielinen rippikoulu. Rippikoulu toteutetaan noin puolen vuoden aikana ja siihen kuuluu etuk\u00e4teisopetusta. Rippikoulun aikana osallistutaan seurakunnan toimintaan ja pohditaan uskoon ja el\u00e4m\u00e4\u00e4n liittyvi\u00e4 kysymyksi\u00e4. Useimmiten nuori k\u00e4y rippikoulun sin\u00e4 vuonna, kun h\u00e4n t\u00e4ytt\u00e4\u00e4 15 vuotta. Rippikouluun osallistuminen on vapaaehtoista. Rippikouluja j\u00e4rjestet\u00e4\u00e4n my\u00f6s yksityis- sek\u00e4 p\u00e4iv\u00e4rippikouluina, riippuen rippikoululaisten m\u00e4\u00e4r\u00e4st\u00e4 ja toiveista. Rippikouluun [&hellip;]<\/p>\n","protected":false},"author":26,"featured_media":0,"parent":151237,"menu_order":1,"comment_status":"closed","ping_status":"closed","template":"template-text-page-sidebar.php","meta":{"_acf_changed":false,"_relevanssi_hide_post":"","_relevanssi_hide_content":"","_relevanssi_pin_for_all":"","_relevanssi_pin_keywords":"","_relevanssi_unpin_keywords":"","_relevanssi_related_keywords":"","_relevanssi_related_include_ids":"","_relevanssi_related_exclude_ids":"","_relevanssi_related_no_append":"","_relevanssi_related_not_related":"","_relevanssi_related_posts":"136125,110538,141088,141092,141076,135918","_relevanssi_noindex_reason":"","footnotes":""},"class_list":["post-151245","page","type-page","status-publish","hentry"],"acf":[],"yoast_head":"<!-- This site is optimized with the Yoast SEO plugin v28.3 - https:\/\/yoast.com\/product\/yoast-seo-wordpress\/ -->\n<title>Viittomakielinen rippikoulu - EVL Plus<\/title>\n<meta name=\"robots\" content=\"index, follow, max-snippet:-1, max-image-preview:large, max-video-preview:-1\" \/>\n<link rel=\"canonical\" href=\"https:\/\/evl.fi\/plus\/seurakuntaelama\/lapset-nuoret-ja-aikuiset\/viittomakielinen-tyo\/viittomakielinen-rippikoulu\/\" \/>\n<meta property=\"og:locale\" content=\"fi_FI\" \/>\n<meta property=\"og:type\" content=\"article\" \/>\n<meta property=\"og:title\" content=\"Viittomakielinen rippikoulu - EVL Plus\" \/>\n<meta property=\"og:description\" content=\"Joka vuosi j\u00e4rjestet\u00e4\u00e4n valtakunnallinen viittomakielinen rippikoulu. Rippikoulu toteutetaan noin puolen vuoden aikana ja siihen kuuluu etuk\u00e4teisopetusta. Rippikoulun aikana osallistutaan seurakunnan toimintaan ja pohditaan uskoon ja el\u00e4m\u00e4\u00e4n liittyvi\u00e4 kysymyksi\u00e4. Useimmiten nuori k\u00e4y rippikoulun sin\u00e4 vuonna, kun h\u00e4n t\u00e4ytt\u00e4\u00e4 15 vuotta. Rippikouluun osallistuminen on vapaaehtoista. Rippikouluja j\u00e4rjestet\u00e4\u00e4n my\u00f6s yksityis- sek\u00e4 p\u00e4iv\u00e4rippikouluina, riippuen rippikoululaisten m\u00e4\u00e4r\u00e4st\u00e4 ja toiveista. Rippikouluun [&hellip;]\" \/>\n<meta property=\"og:url\" content=\"https:\/\/evl.fi\/plus\/seurakuntaelama\/lapset-nuoret-ja-aikuiset\/viittomakielinen-tyo\/viittomakielinen-rippikoulu\/\" \/>\n<meta property=\"og:site_name\" content=\"EVL Plus\" \/>\n<meta property=\"article:modified_time\" content=\"2026-08-27T12:19:58+00:00\" \/>\n<meta property=\"og:image\" content=\"https:\/\/evl.fi\/plus\/wp-content\/uploads\/sites\/3\/2023\/07\/MedTxt_432.jpg\" \/>\n\t<meta property=\"og:image:width\" content=\"1240\" \/>\n\t<meta property=\"og:image:height\" content=\"930\" \/>\n\t<meta property=\"og:image:type\" content=\"image\/jpeg\" \/>\n<meta name=\"twitter:card\" content=\"summary_large_image\" \/>\n<meta name=\"twitter:label1\" content=\"Arvioitu lukuaika\" \/>\n\t<meta name=\"twitter:data1\" content=\"2 minuuttia\" \/>\n<script type=\"application\/ld+json\" class=\"yoast-schema-graph\">{\"@context\":\"https:\\\/\\\/schema.org\",\"@graph\":[{\"@type\":\"WebPage\",\"@id\":\"https:\\\/\\\/evl.fi\\\/plus\\\/seurakuntaelama\\\/lapset-nuoret-ja-aikuiset\\\/viittomakielinen-tyo\\\/viittomakielinen-rippikoulu\\\/\",\"url\":\"https:\\\/\\\/evl.fi\\\/plus\\\/seurakuntaelama\\\/lapset-nuoret-ja-aikuiset\\\/viittomakielinen-tyo\\\/viittomakielinen-rippikoulu\\\/\",\"name\":\"Viittomakielinen rippikoulu - EVL Plus\",\"isPartOf\":{\"@id\":\"https:\\\/\\\/evl.fi\\\/plus\\\/#website\"},\"primaryImageOfPage\":{\"@id\":\"https:\\\/\\\/evl.fi\\\/plus\\\/seurakuntaelama\\\/lapset-nuoret-ja-aikuiset\\\/viittomakielinen-tyo\\\/viittomakielinen-rippikoulu\\\/#primaryimage\"},\"image\":{\"@id\":\"https:\\\/\\\/evl.fi\\\/plus\\\/seurakuntaelama\\\/lapset-nuoret-ja-aikuiset\\\/viittomakielinen-tyo\\\/viittomakielinen-rippikoulu\\\/#primaryimage\"},\"thumbnailUrl\":\"https:\\\/\\\/evl.fi\\\/plus\\\/wp-content\\\/uploads\\\/sites\\\/3\\\/2023\\\/07\\\/MedTxt_432-1024x768.jpg\",\"datePublished\":\"2024-12-05T12:20:45+00:00\",\"dateModified\":\"2026-08-27T12:19:58+00:00\",\"breadcrumb\":{\"@id\":\"https:\\\/\\\/evl.fi\\\/plus\\\/seurakuntaelama\\\/lapset-nuoret-ja-aikuiset\\\/viittomakielinen-tyo\\\/viittomakielinen-rippikoulu\\\/#breadcrumb\"},\"inLanguage\":\"fi\",\"potentialAction\":[{\"@type\":\"ReadAction\",\"target\":[\"https:\\\/\\\/evl.fi\\\/plus\\\/seurakuntaelama\\\/lapset-nuoret-ja-aikuiset\\\/viittomakielinen-tyo\\\/viittomakielinen-rippikoulu\\\/\"]}]},{\"@type\":\"ImageObject\",\"inLanguage\":\"fi\",\"@id\":\"https:\\\/\\\/evl.fi\\\/plus\\\/seurakuntaelama\\\/lapset-nuoret-ja-aikuiset\\\/viittomakielinen-tyo\\\/viittomakielinen-rippikoulu\\\/#primaryimage\",\"url\":\"https:\\\/\\\/evl.fi\\\/plus\\\/wp-content\\\/uploads\\\/sites\\\/3\\\/2023\\\/07\\\/MedTxt_432.jpg\",\"contentUrl\":\"https:\\\/\\\/evl.fi\\\/plus\\\/wp-content\\\/uploads\\\/sites\\\/3\\\/2023\\\/07\\\/MedTxt_432.jpg\",\"width\":1240,\"height\":930},{\"@type\":\"BreadcrumbList\",\"@id\":\"https:\\\/\\\/evl.fi\\\/plus\\\/seurakuntaelama\\\/lapset-nuoret-ja-aikuiset\\\/viittomakielinen-tyo\\\/viittomakielinen-rippikoulu\\\/#breadcrumb\",\"itemListElement\":[{\"@type\":\"ListItem\",\"position\":1,\"name\":\"Home\",\"item\":\"https:\\\/\\\/evl.fi\\\/plus\\\/sv\\\/\"},{\"@type\":\"ListItem\",\"position\":2,\"name\":\"Seurakuntael\u00e4m\u00e4\",\"item\":\"https:\\\/\\\/evl.fi\\\/plus\\\/seurakuntaelama\\\/\"},{\"@type\":\"ListItem\",\"position\":3,\"name\":\"Lapset, nuoret ja aikuiset\",\"item\":\"https:\\\/\\\/evl.fi\\\/plus\\\/seurakuntaelama\\\/lapset-nuoret-ja-aikuiset\\\/\"},{\"@type\":\"ListItem\",\"position\":4,\"name\":\"Viittomakielinen ty\u00f6\",\"item\":\"https:\\\/\\\/evl.fi\\\/plus\\\/seurakuntaelama\\\/lapset-nuoret-ja-aikuiset\\\/viittomakielinen-tyo\\\/\"},{\"@type\":\"ListItem\",\"position\":5,\"name\":\"Viittomakielinen rippikoulu\"}]},{\"@type\":\"WebSite\",\"@id\":\"https:\\\/\\\/evl.fi\\\/plus\\\/#website\",\"url\":\"https:\\\/\\\/evl.fi\\\/plus\\\/\",\"name\":\"EVL Plus\",\"description\":\"\",\"potentialAction\":[{\"@type\":\"SearchAction\",\"target\":{\"@type\":\"EntryPoint\",\"urlTemplate\":\"https:\\\/\\\/evl.fi\\\/plus\\\/?s={search_term_string}\"},\"query-input\":{\"@type\":\"PropertyValueSpecification\",\"valueRequired\":true,\"valueName\":\"search_term_string\"}}],\"inLanguage\":\"fi\"}]}<\/script>\n<!-- \/ Yoast SEO plugin. -->","yoast_head_json":{"title":"Viittomakielinen rippikoulu - EVL Plus","robots":{"index":"index","follow":"follow","max-snippet":"max-snippet:-1","max-image-preview":"max-image-preview:large","max-video-preview":"max-video-preview:-1"},"canonical":"https:\/\/evl.fi\/plus\/seurakuntaelama\/lapset-nuoret-ja-aikuiset\/viittomakielinen-tyo\/viittomakielinen-rippikoulu\/","og_locale":"fi_FI","og_type":"article","og_title":"Viittomakielinen rippikoulu - EVL Plus","og_description":"Joka vuosi j\u00e4rjestet\u00e4\u00e4n valtakunnallinen viittomakielinen rippikoulu. Rippikoulu toteutetaan noin puolen vuoden aikana ja siihen kuuluu etuk\u00e4teisopetusta. Rippikoulun aikana osallistutaan seurakunnan toimintaan ja pohditaan uskoon ja el\u00e4m\u00e4\u00e4n liittyvi\u00e4 kysymyksi\u00e4. Useimmiten nuori k\u00e4y rippikoulun sin\u00e4 vuonna, kun h\u00e4n t\u00e4ytt\u00e4\u00e4 15 vuotta. Rippikouluun osallistuminen on vapaaehtoista. Rippikouluja j\u00e4rjestet\u00e4\u00e4n my\u00f6s yksityis- sek\u00e4 p\u00e4iv\u00e4rippikouluina, riippuen rippikoululaisten m\u00e4\u00e4r\u00e4st\u00e4 ja toiveista. Rippikouluun [&hellip;]","og_url":"https:\/\/evl.fi\/plus\/seurakuntaelama\/lapset-nuoret-ja-aikuiset\/viittomakielinen-tyo\/viittomakielinen-rippikoulu\/","og_site_name":"EVL Plus","article_modified_time":"2026-08-27T12:19:58+00:00","og_image":[{"width":1240,"height":930,"url":"https:\/\/evl.fi\/plus\/wp-content\/uploads\/sites\/3\/2023\/07\/MedTxt_432.jpg","type":"image\/jpeg"}],"twitter_card":"summary_large_image","twitter_misc":{"Arvioitu lukuaika":"2 minuuttia"},"schema":{"@context":"https:\/\/schema.org","@graph":[{"@type":"WebPage","@id":"https:\/\/evl.fi\/plus\/seurakuntaelama\/lapset-nuoret-ja-aikuiset\/viittomakielinen-tyo\/viittomakielinen-rippikoulu\/","url":"https:\/\/evl.fi\/plus\/seurakuntaelama\/lapset-nuoret-ja-aikuiset\/viittomakielinen-tyo\/viittomakielinen-rippikoulu\/","name":"Viittomakielinen rippikoulu - EVL Plus","isPartOf":{"@id":"https:\/\/evl.fi\/plus\/#website"},"primaryImageOfPage":{"@id":"https:\/\/evl.fi\/plus\/seurakuntaelama\/lapset-nuoret-ja-aikuiset\/viittomakielinen-tyo\/viittomakielinen-rippikoulu\/#primaryimage"},"image":{"@id":"https:\/\/evl.fi\/plus\/seurakuntaelama\/lapset-nuoret-ja-aikuiset\/viittomakielinen-tyo\/viittomakielinen-rippikoulu\/#primaryimage"},"thumbnailUrl":"https:\/\/evl.fi\/plus\/wp-content\/uploads\/sites\/3\/2023\/07\/MedTxt_432-1024x768.jpg","datePublished":"2024-12-05T12:20:45+00:00","dateModified":"2026-08-27T12:19:58+00:00","breadcrumb":{"@id":"https:\/\/evl.fi\/plus\/seurakuntaelama\/lapset-nuoret-ja-aikuiset\/viittomakielinen-tyo\/viittomakielinen-rippikoulu\/#breadcrumb"},"inLanguage":"fi","potentialAction":[{"@type":"ReadAction","target":["https:\/\/evl.fi\/plus\/seurakuntaelama\/lapset-nuoret-ja-aikuiset\/viittomakielinen-tyo\/viittomakielinen-rippikoulu\/"]}]},{"@type":"ImageObject","inLanguage":"fi","@id":"https:\/\/evl.fi\/plus\/seurakuntaelama\/lapset-nuoret-ja-aikuiset\/viittomakielinen-tyo\/viittomakielinen-rippikoulu\/#primaryimage","url":"https:\/\/evl.fi\/plus\/wp-content\/uploads\/sites\/3\/2023\/07\/MedTxt_432.jpg","contentUrl":"https:\/\/evl.fi\/plus\/wp-content\/uploads\/sites\/3\/2023\/07\/MedTxt_432.jpg","width":1240,"height":930},{"@type":"BreadcrumbList","@id":"https:\/\/evl.fi\/plus\/seurakuntaelama\/lapset-nuoret-ja-aikuiset\/viittomakielinen-tyo\/viittomakielinen-rippikoulu\/#breadcrumb","itemListElement":[{"@type":"ListItem","position":1,"name":"Home","item":"https:\/\/evl.fi\/plus\/sv\/"},{"@type":"ListItem","position":2,"name":"Seurakuntael\u00e4m\u00e4","item":"https:\/\/evl.fi\/plus\/seurakuntaelama\/"},{"@type":"ListItem","position":3,"name":"Lapset, nuoret ja aikuiset","item":"https:\/\/evl.fi\/plus\/seurakuntaelama\/lapset-nuoret-ja-aikuiset\/"},{"@type":"ListItem","position":4,"name":"Viittomakielinen ty\u00f6","item":"https:\/\/evl.fi\/plus\/seurakuntaelama\/lapset-nuoret-ja-aikuiset\/viittomakielinen-tyo\/"},{"@type":"ListItem","position":5,"name":"Viittomakielinen rippikoulu"}]},{"@type":"WebSite","@id":"https:\/\/evl.fi\/plus\/#website","url":"https:\/\/evl.fi\/plus\/","name":"EVL Plus","description":"","potentialAction":[{"@type":"SearchAction","target":{"@type":"EntryPoint","urlTemplate":"https:\/\/evl.fi\/plus\/?s={search_term_string}"},"query-input":{"@type":"PropertyValueSpecification","valueRequired":true,"valueName":"search_term_string"}}],"inLanguage":"fi"}]}},"lang":"fi","translations":{"fi":151245},"pll_sync_post":{},"_links":{"self":[{"href":"https:\/\/evl.fi\/plus\/wp-json\/wp\/v2\/pages\/151245","targetHints":{"allow":["GET"]}}],"collection":[{"href":"https:\/\/evl.fi\/plus\/wp-json\/wp\/v2\/pages"}],"about":[{"href":"https:\/\/evl.fi\/plus\/wp-json\/wp\/v2\/types\/page"}],"author":[{"embeddable":true,"href":"https:\/\/evl.fi\/plus\/wp-json\/wp\/v2\/users\/26"}],"replies":[{"embeddable":true,"href":"https:\/\/evl.fi\/plus\/wp-json\/wp\/v2\/comments?post=151245"}],"version-history":[{"count":20,"href":"https:\/\/evl.fi\/plus\/wp-json\/wp\/v2\/pages\/151245\/revisions"}],"predecessor-version":[{"id":190907,"href":"https:\/\/evl.fi\/plus\/wp-json\/wp\/v2\/pages\/151245\/revisions\/190907"}],"up":[{"embeddable":true,"href":"https:\/\/evl.fi\/plus\/wp-json\/wp\/v2\/pages\/151237"}],"wp:attachment":[{"href":"https:\/\/evl.fi\/plus\/wp-json\/wp\/v2\/media?parent=151245"}],"curies":[{"name":"wp","href":"https:\/\/api.w.org\/{rel}","templated":true}]}}