{"id":133080,"date":"2024-03-22T11:35:07","date_gmt":"2024-03-22T09:35:07","guid":{"rendered":"https:\/\/evl.fi\/plus\/?page_id=133080"},"modified":"2024-06-03T11:56:02","modified_gmt":"2024-06-03T08:56:02","slug":"kyrkan-pa-stafettkarnevalen","status":"publish","type":"page","link":"https:\/\/evl.fi\/plus\/sv\/skolan-och-kyrkan\/kyrkan-pa-stafettkarnevalen\/","title":{"rendered":"Kyrkan p\u00e5 Stafettkarnevalen"},"content":{"rendered":"\n<p class=\"has-ingressi-font-size wp-block-paragraph\">Vad ska jag g\u00f6ra hela dagen p\u00e5 Stafettkarnevalen n\u00e4r mitt lag inte gick vidare? Vad ska jag g\u00f6ra n\u00e4r min skola inte har n\u00e5gon hejarklack? Vad ska jag g\u00f6ra n\u00e4r bussen hem g\u00e5r f\u00f6rst om en timme?<\/p>\n\n\n\n<figure class=\"wp-block-image size-full\"><img loading=\"lazy\" decoding=\"async\" width=\"640\" height=\"481\" src=\"https:\/\/evl.fi\/plus\/wp-content\/uploads\/sites\/3\/2024\/06\/Vad-ger-dig-hopp-Stafettkarnevalen-2024.jpg\" alt=\"\" class=\"wp-image-140685\" srcset=\"https:\/\/evl.fi\/plus\/wp-content\/uploads\/sites\/3\/2024\/06\/Vad-ger-dig-hopp-Stafettkarnevalen-2024.jpg 640w, https:\/\/evl.fi\/plus\/wp-content\/uploads\/sites\/3\/2024\/06\/Vad-ger-dig-hopp-Stafettkarnevalen-2024-300x225.jpg 300w, https:\/\/evl.fi\/plus\/wp-content\/uploads\/sites\/3\/2024\/06\/Vad-ger-dig-hopp-Stafettkarnevalen-2024-612x459.jpg 612w\" sizes=\"auto, (max-width: 640px) 100vw, 640px\" \/><\/figure>\n\n\n\n<h2 class=\"wp-block-heading\">Aktiviteter f\u00f6r barn och unga under Stafettkarnevalen<\/h2>\n\n\n\n<p class=\"wp-block-paragraph\">I kyrkans t\u00e4lt p\u00e5 Stafettkarnevalen kan barn och unga delta i olika aktiviteter, bland annat lyckohjul, fortunaspel och fyra i rad.<\/p>\n\n\n\n<p class=\"wp-block-paragraph\">P\u00e5 plats finns barn- och ungdomsarbetsledare fr\u00e5n f\u00f6rsamlingar och personal fr\u00e5n Kyrkans central f\u00f6r det svenska arbetet (KCSA). Vi diskuterar ocks\u00e5 g\u00e4rna med er l\u00e4rare om hur vi kan hj\u00e4lpa er i skolvardagen, s\u00e5 kom g\u00e4rna och h\u00e4lsa p\u00e5 oss i t\u00e4ltbyn! <\/p>\n\n\n\n<div id=\"image-banner-block_f90101a8f4217fd49c88894ed1f2c515\" class=\"image-banner block-image-banner\">\n    <div class=\"row \">\n    <div class=\"col-12 \">\n\n      <div class=\"block-image-banner__wrapper bg-layer\" style=\"background-image:url(https:\/\/evl.fi\/plus\/wp-content\/uploads\/sites\/3\/2024\/03\/Oskar-och-Adrian-HS.jpg);\" >\n                <div class=\"row\">\n          <div class=\"col-12 d-flex justify-content-center align-items-center\">\n            <div class=\"block-image-banner__column-content\">\n              <div class=\"text-content\">\n                <h2 class=\"h3\">Kyrkans t\u00e4lt i Stafettkarnevalsvimlet<\/h2>\n                <p class=\"text-body-large\">Vem kan tala alla v\u00e4rldens spr\u00e5k? Enligt g\u00e5tboken \u00e4r svaret \u201cekot\u201d, men ett av barnen vid lyckohjulet hade ett b\u00e4ttre svar: \u201cGud!\u201d  <\/p>\n                                  <a class=\"button\" href=\"https:\/\/www.nyckeln.net\/barn-unga\/vem-kan-tala-alla-vrldens-sprk\" target=\"_blank\">nyckeln.net<\/a>\n                              <\/div>\n            <\/div>\n          <\/div>\n        <\/div>\n      <\/div>\n    <\/div>\n    <!-- end of main element -->\n    <!-- color banner section -->\n        <!-- page lift section -->\n        <!-- external lift section -->\n        <!-- link collection -->\n        <!-- church year lift -->\n\n\n  <\/div>\n<\/div>\n","protected":false},"excerpt":{"rendered":"<p>Vad ska jag g\u00f6ra hela dagen p\u00e5 Stafettkarnevalen n\u00e4r mitt lag inte gick vidare?<\/p>\n","protected":false},"author":15,"featured_media":133084,"parent":123820,"menu_order":2,"comment_status":"closed","ping_status":"closed","template":"template-text-page-sidebar.php","meta":{"_acf_changed":false,"_relevanssi_hide_post":"","_relevanssi_hide_content":"","_relevanssi_pin_for_all":"","_relevanssi_pin_keywords":"","_relevanssi_unpin_keywords":"","_relevanssi_related_keywords":"","_relevanssi_related_include_ids":"","_relevanssi_related_exclude_ids":"","_relevanssi_related_no_append":"","_relevanssi_related_not_related":"","_relevanssi_related_posts":"126401,126463,127171,126454,126456,127114","_relevanssi_noindex_reason":"","footnotes":""},"class_list":["post-133080","page","type-page","status-publish","has-post-thumbnail","hentry"],"acf":[],"yoast_head":"<!-- This site is optimized with the Yoast SEO plugin v28.3 - https:\/\/yoast.com\/product\/yoast-seo-wordpress\/ -->\n<title>Kyrkan p\u00e5 Stafettkarnevalen - EVL Plus<\/title>\n<meta name=\"description\" content=\"Vad ska jag g\u00f6ra hela dagen p\u00e5 Stafettkarnevalen n\u00e4r mitt lag inte gick vidare?\u00a0I kyrkans t\u00e4lt kan barn och unga delta i olika aktiviteter.\" \/>\n<meta name=\"robots\" content=\"index, follow, max-snippet:-1, max-image-preview:large, max-video-preview:-1\" \/>\n<link rel=\"canonical\" href=\"https:\/\/evl.fi\/plus\/sv\/skolan-och-kyrkan\/kyrkan-pa-stafettkarnevalen\/\" \/>\n<meta property=\"og:locale\" content=\"fi_FI\" \/>\n<meta property=\"og:type\" content=\"article\" \/>\n<meta property=\"og:title\" content=\"Kyrkan p\u00e5 Stafettkarnevalen - EVL Plus\" \/>\n<meta property=\"og:description\" content=\"Vad ska jag g\u00f6ra hela dagen p\u00e5 Stafettkarnevalen n\u00e4r mitt lag inte gick vidare?\u00a0I kyrkans t\u00e4lt kan barn och unga delta i olika aktiviteter.\" \/>\n<meta property=\"og:url\" content=\"https:\/\/evl.fi\/plus\/sv\/skolan-och-kyrkan\/kyrkan-pa-stafettkarnevalen\/\" \/>\n<meta property=\"og:site_name\" content=\"EVL Plus\" \/>\n<meta property=\"article:modified_time\" content=\"2024-06-03T08:56:02+00:00\" \/>\n<meta property=\"og:image\" content=\"https:\/\/evl.fi\/plus\/wp-content\/uploads\/sites\/3\/2024\/03\/Fortuna-Elias-och-barn-HS.jpg\" \/>\n\t<meta property=\"og:image:width\" content=\"480\" \/>\n\t<meta property=\"og:image:height\" content=\"640\" \/>\n\t<meta property=\"og:image:type\" content=\"image\/jpeg\" \/>\n<meta name=\"twitter:card\" content=\"summary_large_image\" \/>\n<meta name=\"twitter:label1\" content=\"Arvioitu lukuaika\" \/>\n\t<meta name=\"twitter:data1\" content=\"2 minuuttia\" \/>\n<script type=\"application\/ld+json\" class=\"yoast-schema-graph\">{\"@context\":\"https:\\\/\\\/schema.org\",\"@graph\":[{\"@type\":\"WebPage\",\"@id\":\"https:\\\/\\\/evl.fi\\\/plus\\\/sv\\\/skolan-och-kyrkan\\\/kyrkan-pa-stafettkarnevalen\\\/\",\"url\":\"https:\\\/\\\/evl.fi\\\/plus\\\/sv\\\/skolan-och-kyrkan\\\/kyrkan-pa-stafettkarnevalen\\\/\",\"name\":\"Kyrkan p\u00e5 Stafettkarnevalen - EVL Plus\",\"isPartOf\":{\"@id\":\"https:\\\/\\\/evl.fi\\\/plus\\\/#website\"},\"primaryImageOfPage\":{\"@id\":\"https:\\\/\\\/evl.fi\\\/plus\\\/sv\\\/skolan-och-kyrkan\\\/kyrkan-pa-stafettkarnevalen\\\/#primaryimage\"},\"image\":{\"@id\":\"https:\\\/\\\/evl.fi\\\/plus\\\/sv\\\/skolan-och-kyrkan\\\/kyrkan-pa-stafettkarnevalen\\\/#primaryimage\"},\"thumbnailUrl\":\"https:\\\/\\\/evl.fi\\\/plus\\\/wp-content\\\/uploads\\\/sites\\\/3\\\/2024\\\/03\\\/Fortuna-Elias-och-barn-HS.jpg\",\"datePublished\":\"2024-03-22T09:35:07+00:00\",\"dateModified\":\"2024-06-03T08:56:02+00:00\",\"description\":\"Vad ska jag g\u00f6ra hela dagen p\u00e5 Stafettkarnevalen n\u00e4r mitt lag inte gick vidare?\u00a0I kyrkans t\u00e4lt kan barn och unga delta i olika aktiviteter.\",\"breadcrumb\":{\"@id\":\"https:\\\/\\\/evl.fi\\\/plus\\\/sv\\\/skolan-och-kyrkan\\\/kyrkan-pa-stafettkarnevalen\\\/#breadcrumb\"},\"inLanguage\":\"fi\",\"potentialAction\":[{\"@type\":\"ReadAction\",\"target\":[\"https:\\\/\\\/evl.fi\\\/plus\\\/sv\\\/skolan-och-kyrkan\\\/kyrkan-pa-stafettkarnevalen\\\/\"]}]},{\"@type\":\"ImageObject\",\"inLanguage\":\"fi\",\"@id\":\"https:\\\/\\\/evl.fi\\\/plus\\\/sv\\\/skolan-och-kyrkan\\\/kyrkan-pa-stafettkarnevalen\\\/#primaryimage\",\"url\":\"https:\\\/\\\/evl.fi\\\/plus\\\/wp-content\\\/uploads\\\/sites\\\/3\\\/2024\\\/03\\\/Fortuna-Elias-och-barn-HS.jpg\",\"contentUrl\":\"https:\\\/\\\/evl.fi\\\/plus\\\/wp-content\\\/uploads\\\/sites\\\/3\\\/2024\\\/03\\\/Fortuna-Elias-och-barn-HS.jpg\",\"width\":480,\"height\":640,\"caption\":\"Stafettkarnevalsdeltagare spelar fortunaspel vid kyrkans t\u00e4lt.\"},{\"@type\":\"BreadcrumbList\",\"@id\":\"https:\\\/\\\/evl.fi\\\/plus\\\/sv\\\/skolan-och-kyrkan\\\/kyrkan-pa-stafettkarnevalen\\\/#breadcrumb\",\"itemListElement\":[{\"@type\":\"ListItem\",\"position\":1,\"name\":\"Home\",\"item\":\"https:\\\/\\\/evl.fi\\\/plus\\\/sv\\\/\"},{\"@type\":\"ListItem\",\"position\":2,\"name\":\"Skolan och kyrkan\",\"item\":\"https:\\\/\\\/evl.fi\\\/plus\\\/sv\\\/skolan-och-kyrkan\\\/\"},{\"@type\":\"ListItem\",\"position\":3,\"name\":\"Kyrkan p\u00e5 Stafettkarnevalen\"}]},{\"@type\":\"WebSite\",\"@id\":\"https:\\\/\\\/evl.fi\\\/plus\\\/#website\",\"url\":\"https:\\\/\\\/evl.fi\\\/plus\\\/\",\"name\":\"EVL Plus\",\"description\":\"\",\"potentialAction\":[{\"@type\":\"SearchAction\",\"target\":{\"@type\":\"EntryPoint\",\"urlTemplate\":\"https:\\\/\\\/evl.fi\\\/plus\\\/?s={search_term_string}\"},\"query-input\":{\"@type\":\"PropertyValueSpecification\",\"valueRequired\":true,\"valueName\":\"search_term_string\"}}],\"inLanguage\":\"fi\"}]}<\/script>\n<!-- \/ Yoast SEO plugin. -->","yoast_head_json":{"title":"Kyrkan p\u00e5 Stafettkarnevalen - EVL Plus","description":"Vad ska jag g\u00f6ra hela dagen p\u00e5 Stafettkarnevalen n\u00e4r mitt lag inte gick vidare?\u00a0I kyrkans t\u00e4lt kan barn och unga delta i olika aktiviteter.","robots":{"index":"index","follow":"follow","max-snippet":"max-snippet:-1","max-image-preview":"max-image-preview:large","max-video-preview":"max-video-preview:-1"},"canonical":"https:\/\/evl.fi\/plus\/sv\/skolan-och-kyrkan\/kyrkan-pa-stafettkarnevalen\/","og_locale":"fi_FI","og_type":"article","og_title":"Kyrkan p\u00e5 Stafettkarnevalen - EVL Plus","og_description":"Vad ska jag g\u00f6ra hela dagen p\u00e5 Stafettkarnevalen n\u00e4r mitt lag inte gick vidare?\u00a0I kyrkans t\u00e4lt kan barn och unga delta i olika aktiviteter.","og_url":"https:\/\/evl.fi\/plus\/sv\/skolan-och-kyrkan\/kyrkan-pa-stafettkarnevalen\/","og_site_name":"EVL Plus","article_modified_time":"2024-06-03T08:56:02+00:00","og_image":[{"width":480,"height":640,"url":"https:\/\/evl.fi\/plus\/wp-content\/uploads\/sites\/3\/2024\/03\/Fortuna-Elias-och-barn-HS.jpg","type":"image\/jpeg"}],"twitter_card":"summary_large_image","twitter_misc":{"Arvioitu lukuaika":"2 minuuttia"},"schema":{"@context":"https:\/\/schema.org","@graph":[{"@type":"WebPage","@id":"https:\/\/evl.fi\/plus\/sv\/skolan-och-kyrkan\/kyrkan-pa-stafettkarnevalen\/","url":"https:\/\/evl.fi\/plus\/sv\/skolan-och-kyrkan\/kyrkan-pa-stafettkarnevalen\/","name":"Kyrkan p\u00e5 Stafettkarnevalen - EVL Plus","isPartOf":{"@id":"https:\/\/evl.fi\/plus\/#website"},"primaryImageOfPage":{"@id":"https:\/\/evl.fi\/plus\/sv\/skolan-och-kyrkan\/kyrkan-pa-stafettkarnevalen\/#primaryimage"},"image":{"@id":"https:\/\/evl.fi\/plus\/sv\/skolan-och-kyrkan\/kyrkan-pa-stafettkarnevalen\/#primaryimage"},"thumbnailUrl":"https:\/\/evl.fi\/plus\/wp-content\/uploads\/sites\/3\/2024\/03\/Fortuna-Elias-och-barn-HS.jpg","datePublished":"2024-03-22T09:35:07+00:00","dateModified":"2024-06-03T08:56:02+00:00","description":"Vad ska jag g\u00f6ra hela dagen p\u00e5 Stafettkarnevalen n\u00e4r mitt lag inte gick vidare?\u00a0I kyrkans t\u00e4lt kan barn och unga delta i olika aktiviteter.","breadcrumb":{"@id":"https:\/\/evl.fi\/plus\/sv\/skolan-och-kyrkan\/kyrkan-pa-stafettkarnevalen\/#breadcrumb"},"inLanguage":"fi","potentialAction":[{"@type":"ReadAction","target":["https:\/\/evl.fi\/plus\/sv\/skolan-och-kyrkan\/kyrkan-pa-stafettkarnevalen\/"]}]},{"@type":"ImageObject","inLanguage":"fi","@id":"https:\/\/evl.fi\/plus\/sv\/skolan-och-kyrkan\/kyrkan-pa-stafettkarnevalen\/#primaryimage","url":"https:\/\/evl.fi\/plus\/wp-content\/uploads\/sites\/3\/2024\/03\/Fortuna-Elias-och-barn-HS.jpg","contentUrl":"https:\/\/evl.fi\/plus\/wp-content\/uploads\/sites\/3\/2024\/03\/Fortuna-Elias-och-barn-HS.jpg","width":480,"height":640,"caption":"Stafettkarnevalsdeltagare spelar fortunaspel vid kyrkans t\u00e4lt."},{"@type":"BreadcrumbList","@id":"https:\/\/evl.fi\/plus\/sv\/skolan-och-kyrkan\/kyrkan-pa-stafettkarnevalen\/#breadcrumb","itemListElement":[{"@type":"ListItem","position":1,"name":"Home","item":"https:\/\/evl.fi\/plus\/sv\/"},{"@type":"ListItem","position":2,"name":"Skolan och kyrkan","item":"https:\/\/evl.fi\/plus\/sv\/skolan-och-kyrkan\/"},{"@type":"ListItem","position":3,"name":"Kyrkan p\u00e5 Stafettkarnevalen"}]},{"@type":"WebSite","@id":"https:\/\/evl.fi\/plus\/#website","url":"https:\/\/evl.fi\/plus\/","name":"EVL Plus","description":"","potentialAction":[{"@type":"SearchAction","target":{"@type":"EntryPoint","urlTemplate":"https:\/\/evl.fi\/plus\/?s={search_term_string}"},"query-input":{"@type":"PropertyValueSpecification","valueRequired":true,"valueName":"search_term_string"}}],"inLanguage":"fi"}]}},"lang":"sv","translations":{"sv":133080},"pll_sync_post":{},"_links":{"self":[{"href":"https:\/\/evl.fi\/plus\/wp-json\/wp\/v2\/pages\/133080","targetHints":{"allow":["GET"]}}],"collection":[{"href":"https:\/\/evl.fi\/plus\/wp-json\/wp\/v2\/pages"}],"about":[{"href":"https:\/\/evl.fi\/plus\/wp-json\/wp\/v2\/types\/page"}],"author":[{"embeddable":true,"href":"https:\/\/evl.fi\/plus\/wp-json\/wp\/v2\/users\/15"}],"replies":[{"embeddable":true,"href":"https:\/\/evl.fi\/plus\/wp-json\/wp\/v2\/comments?post=133080"}],"version-history":[{"count":17,"href":"https:\/\/evl.fi\/plus\/wp-json\/wp\/v2\/pages\/133080\/revisions"}],"predecessor-version":[{"id":140978,"href":"https:\/\/evl.fi\/plus\/wp-json\/wp\/v2\/pages\/133080\/revisions\/140978"}],"up":[{"embeddable":true,"href":"https:\/\/evl.fi\/plus\/wp-json\/wp\/v2\/pages\/123820"}],"wp:featuredmedia":[{"embeddable":true,"href":"https:\/\/evl.fi\/plus\/wp-json\/wp\/v2\/media\/133084"}],"wp:attachment":[{"href":"https:\/\/evl.fi\/plus\/wp-json\/wp\/v2\/media?parent=133080"}],"curies":[{"name":"wp","href":"https:\/\/api.w.org\/{rel}","templated":true}]}}