{"id":128962,"date":"2024-02-29T15:53:10","date_gmt":"2024-02-29T13:53:10","guid":{"rendered":"https:\/\/evl.fi\/plus\/?page_id=128962"},"modified":"2024-06-13T10:37:27","modified_gmt":"2024-06-13T07:37:27","slug":"viisastutaan-katsomus-ja-kulttuuriperinteista","status":"publish","type":"page","link":"https:\/\/evl.fi\/plus\/kasvua-katsomuksesta\/materiaaleja-katsomuskasvatukseen\/viisastutaan-katsomus-ja-kulttuuriperinteista\/","title":{"rendered":"Viisastutaan! katsomus- ja kulttuuriperinteist\u00e4"},"content":{"rendered":"\n<p class=\"has-ingressi-font-size wp-block-paragraph\"> Viisastutaan!-materiaali avaa ja laajentaa keskustelua el\u00e4m\u00e4nkysymyksist\u00e4 ja arvoista.<\/p>\n\n\n\n<figure class=\"wp-block-image size-full\"><img decoding=\"async\" src=\"https:\/\/evl.fi\/plus\/wp-content\/uploads\/sites\/3\/2024\/02\/Viisastutaan-juliste-edited.jpg\" alt=\"Illustration av en h\u00f6g f\u00e4rgglada bildkort.\" class=\"wp-image-127227\"\/><\/figure>\n\n\n\n<p class=\"wp-block-paragraph\">Monilla katsomus- ja kulttuuriyhteis\u00f6ill\u00e4 on hallussaan satoja, jopa tuhansia vuosia vanhoja tietol\u00e4hteit\u00e4 ja viisausperinteit\u00e4, jotka j\u00e4sent\u00e4v\u00e4t maailmaa, maailmankaikkeutta ja ihmisen osaa siin\u00e4.  Ty\u00f6skentelyn avulla voimme pohtia viisauksien merkityst\u00e4 t\u00e4ss\u00e4 hetkess\u00e4. Keskusteluissa osallistujat asettuvat tasavertaiseen ei-tiet\u00e4misen tilaan. Monenlaiset n\u00e4k\u00f6kulmat ovat mahdollisia, eik\u00e4 oikeita tai v\u00e4\u00e4ri\u00e4 vastauksia ole.<\/p>\n\n\n\n<p class=\"is-style-boxed wp-block-paragraph\"><strong><em>Ole kotina muukalaiselle, voiteena haavoitetulle,<br>turvapaikkana pakenevalle.<\/em><\/strong><\/p>\n\n\n\n<figure class=\"wp-block-image size-full\"><img loading=\"lazy\" decoding=\"async\" width=\"544\" height=\"720\" src=\"https:\/\/evl.fi\/plus\/wp-content\/uploads\/sites\/3\/2024\/03\/Viisastutaan-2.png\" alt=\"\" class=\"wp-image-132285\" srcset=\"https:\/\/evl.fi\/plus\/wp-content\/uploads\/sites\/3\/2024\/03\/Viisastutaan-2.png 544w, https:\/\/evl.fi\/plus\/wp-content\/uploads\/sites\/3\/2024\/03\/Viisastutaan-2-227x300.png 227w\" sizes=\"auto, (max-width: 544px) 100vw, 544px\" \/><\/figure>\n\n\n\n<h2 class=\"wp-block-heading\">Lataa viisauskortit<\/h2>\n\n\n\n<p class=\"wp-block-paragraph\">Lataa materiaaleja alla olevien linkkien kautta.<br>Teksti- ja kuvakortit tulostuu kaksipuoleisena. <br>Korttikokoa tulostettaessa valitse asetuksista <em>kaksipuoleinen<\/em> ja <em>todellinen koko.<\/em><\/p>\n\n\n\n<ul class=\"wp-block-list\">\n<li><a href=\"https:\/\/evl.fi\/plus\/wp-content\/uploads\/sites\/3\/2024\/02\/Ohjeet_pelaamiseen.pdf\">Ohjeet pelaamiseen<\/a><\/li>\n\n\n\n<li><a href=\"https:\/\/evl.fi\/plus\/wp-content\/uploads\/sites\/3\/2024\/02\/kuvakortit_itse_ladattavat.pdf\">Kuvakortit<\/a><\/li>\n\n\n\n<li><a href=\"https:\/\/evl.fi\/plus\/wp-content\/uploads\/sites\/3\/2024\/02\/tekstikortit_itse_ladattavat.pdf\">Tekstikortit<\/a><\/li>\n\n\n\n<li><a href=\"https:\/\/evl.fi\/plus\/wp-content\/uploads\/sites\/3\/2024\/02\/Juliste_viisastutaan.pdf\">Juliste<\/a><\/li>\n\n\n\n<li><a href=\"https:\/\/evl.fi\/plus\/wp-content\/uploads\/sites\/3\/2024\/02\/Selitykset_teksti_ja_kuvaparit.pdf\">Teksti ja kuvaparit, selitykset<\/a><\/li>\n\n\n\n<li><a href=\"https:\/\/evl.fi\/plus\/wp-content\/uploads\/sites\/3\/2024\/02\/Tykkaan_tasta_viisaudesta_pelimerkki.pdf\">Tykk\u00e4\u00e4n t\u00e4st\u00e4 viisaudesta -pelimerkit<\/a><\/li>\n<\/ul>\n\n\n\n<h2 class=\"wp-block-heading\">Viisastutaan!-materiaali avaa ikkunoita katsomusten ja kulttuurien maailmaan <\/h2>\n\n\n\n<p class=\"wp-block-paragraph\">Viisauksia on valittu pyrkien painottamaan lapsen ja kasvattajan n\u00e4k\u00f6kulmaa, pedagogista k\u00e4ytett\u00e4vyytt\u00e4 sek\u00e4 moninaista suomalaista kontekstia.<\/p>\n\n\n\n<p class=\"wp-block-paragraph\"><strong>Viisastutaan ty\u00f6skentelyn tavoitteet:<\/strong><br>* Edist\u00e4\u00e4 lasten ja aikuisten mahdollisuuksia tutustua erilaisiin viisauksiin<br>* Her\u00e4tt\u00e4\u00e4 kiinnostus tutkia ja pohtia katsomuksista ja kulttuureista kumpuavia viisauksia<br>* Tarjoaa leikillisen mahdollisuuden peilata kuva- ja tekstikorttien viisuksia omaa kokemusmaailmaa vasten<br>* Lis\u00e4t\u00e4 lasten ja aikuisten v\u00e4list\u00e4 keskustelua el\u00e4m\u00e4nkysymyksist\u00e4 ja arvoista<br>* Rakentaa yhteiskuntarauhaa lasten, nuorten ja aikuisten v\u00e4lill\u00e4<\/p>\n\n\n\n<h2 class=\"wp-block-heading\">Taustaa materiaalille<\/h2>\n\n\n\n<p class=\"wp-block-paragraph\">Viisastutaan!-materiaalin ovat tuottaneet Kirkkohallitus ja Uskonnonopetus.fi yhdess\u00e4 eri katsomus-, kulttuuri- ja tutkimusyhteis\u00f6jen edustajien kanssa. Yleis\u00f6n ja opettajien k\u00e4ytt\u00f6kokemuksia on kerrytetty mm. Helsingin yliopistossa ja Educa-messujen yhteydess\u00e4. Viisastutaan-materiaalin kuvitti Kiira Sirola.<\/p>\n\n\n\n<p class=\"wp-block-paragraph\"><br>Materiaalia voi hy\u00f6dynt\u00e4\u00e4 erityisesti yhteisymm\u00e4rrysviikon, kansainv\u00e4lisen rauhanp\u00e4iv\u00e4n ja YK:n p\u00e4iv\u00e4n sek\u00e4 erilaisten dialogitapahtumien yhteydess\u00e4. Voit lukea lis\u00e4\u00e4 Viisastutaan!-materiaalista ja tulostaa sen maksutta t\u00e4\u00e4lt\u00e4 tai <\/p>\n\n\n\n<div id=\"accordion-block_2b48fa31d7c7fbdb7f83297cb5e893c4\" class=\"accordion block-accordion\">\n    <div class=\"block-accordion__accordions\">\n                  <div class=\"accordion-item\">\n          <h2 class=\"h6 accordion-title\">\n            <button id=\"accordion-header-1\" class=\"accordion-header\" aria-expanded=\"false\" aria-controls=\"accordion-panel-1\">\n              Perehdy videoiden kautta              <svg aria-hidden=\"true\" role=\"presentation\" focusable=\"false\" class=\"plus-icon\" width=\"16\" height=\"16\" viewBox=\"0 0 16 16\" fill=\"none\" xmlns=\"http:\/\/www.w3.org\/2000\/svg\">\n                <path d=\"M8 0C8.26522 0 8.51957 0.105357 8.70711 0.292893C8.89464 0.48043 9 0.734784 9 1V7H15C15.2652 7 15.5196 7.10536 15.7071 7.29289C15.8946 7.48043 16 7.73478 16 8C16 8.26522 15.8946 8.51957 15.7071 8.70711C15.5196 8.89464 15.2652 9 15 9H9V15C9 15.2652 8.89464 15.5196 8.70711 15.7071C8.51957 15.8946 8.26522 16 8 16C7.73478 16 7.48043 15.8946 7.29289 15.7071C7.10536 15.5196 7 15.2652 7 15V9H1C0.734784 9 0.48043 8.89464 0.292893 8.70711C0.105357 8.51957 0 8.26522 0 8C0 7.73478 0.105357 7.48043 0.292893 7.29289C0.48043 7.10536 0.734784 7 1 7H7V1C7 0.734784 7.10536 0.48043 7.29289 0.292893C7.48043 0.105357 7.73478 0 8 0Z\" fill=\"black\" \/>\n              <\/svg>\n              <svg aria-hidden=\"true\" role=\"presentation\" focusable=\"false\" class=\"minus-icon\" width=\"14\" height=\"2\" viewBox=\"0 0 14 2\" fill=\"none\" xmlns=\"http:\/\/www.w3.org\/2000\/svg\">\n                <path d=\"M0 1C0 0.734784 0.105357 0.48043 0.292893 0.292893C0.48043 0.105357 0.734784 0 1 0H13C13.2652 0 13.5196 0.105357 13.7071 0.292893C13.8946 0.48043 14 0.734784 14 1C14 1.26522 13.8946 1.51957 13.7071 1.70711C13.5196 1.89464 13.2652 2 13 2H1C0.734784 2 0.48043 1.89464 0.292893 1.70711C0.105357 1.51957 0 1.26522 0 1Z\" fill=\"black\" \/>\n              <\/svg>\n            <\/button>\n          <\/h2>\n          <div class=\"accordion-section-wrapper\">\n            <section id=\"accordion-panel-1\" class=\"accordion-panel\" aria-labelledby=\"accordion-header-1\">\n              <p>Videoiden kautta voit perehty\u00e4 Viisastutaan!-materiaalin vaihtoehtoisiin toimintatapoihin, tausta-ajatuksiin ja n\u00e4k\u00f6kulmiin.<\/p>\n<p>&nbsp;<\/p>\n<p>Esittely<\/p>\n<p><iframe loading=\"lazy\" title=\"YouTube video player\" src=\"https:\/\/www.youtube.com\/embed\/DS8eY2rZJJ4?si=bPOmK_nlTYuFA6No\" width=\"560\" height=\"315\" frameborder=\"0\" allowfullscreen=\"allowfullscreen\"><\/iframe><\/p>\n<h4>Tausta ja n\u00e4k\u00f6kulmat<\/h4>\n<p><iframe loading=\"lazy\" title=\"YouTube video player\" src=\"https:\/\/www.youtube.com\/embed\/3f5fhyonmMM?si=uQgsD5P-evtnhvkR\" width=\"560\" height=\"315\" frameborder=\"0\" allowfullscreen=\"allowfullscreen\"><\/iframe><\/p>\n<h4>Materiaalin eri vaihtoehdot<\/h4>\n<p><iframe loading=\"lazy\" title=\"YouTube video player\" src=\"https:\/\/www.youtube.com\/embed\/Ed4EOcflPNM?si=uIAK4le4jL_PC43x\" width=\"560\" height=\"315\" frameborder=\"0\" allowfullscreen=\"allowfullscreen\"><\/iframe><\/p>\n            <\/section>\n          <\/div>\n        <\/div>\n              <div class=\"accordion-item\">\n          <h2 class=\"h6 accordion-title\">\n            <button id=\"accordion-header-2\" class=\"accordion-header\" aria-expanded=\"false\" aria-controls=\"accordion-panel-2\">\n              Ty\u00f6ryhm\u00e4              <svg aria-hidden=\"true\" role=\"presentation\" focusable=\"false\" class=\"plus-icon\" width=\"16\" height=\"16\" viewBox=\"0 0 16 16\" fill=\"none\" xmlns=\"http:\/\/www.w3.org\/2000\/svg\">\n                <path d=\"M8 0C8.26522 0 8.51957 0.105357 8.70711 0.292893C8.89464 0.48043 9 0.734784 9 1V7H15C15.2652 7 15.5196 7.10536 15.7071 7.29289C15.8946 7.48043 16 7.73478 16 8C16 8.26522 15.8946 8.51957 15.7071 8.70711C15.5196 8.89464 15.2652 9 15 9H9V15C9 15.2652 8.89464 15.5196 8.70711 15.7071C8.51957 15.8946 8.26522 16 8 16C7.73478 16 7.48043 15.8946 7.29289 15.7071C7.10536 15.5196 7 15.2652 7 15V9H1C0.734784 9 0.48043 8.89464 0.292893 8.70711C0.105357 8.51957 0 8.26522 0 8C0 7.73478 0.105357 7.48043 0.292893 7.29289C0.48043 7.10536 0.734784 7 1 7H7V1C7 0.734784 7.10536 0.48043 7.29289 0.292893C7.48043 0.105357 7.73478 0 8 0Z\" fill=\"black\" \/>\n              <\/svg>\n              <svg aria-hidden=\"true\" role=\"presentation\" focusable=\"false\" class=\"minus-icon\" width=\"14\" height=\"2\" viewBox=\"0 0 14 2\" fill=\"none\" xmlns=\"http:\/\/www.w3.org\/2000\/svg\">\n                <path d=\"M0 1C0 0.734784 0.105357 0.48043 0.292893 0.292893C0.48043 0.105357 0.734784 0 1 0H13C13.2652 0 13.5196 0.105357 13.7071 0.292893C13.8946 0.48043 14 0.734784 14 1C14 1.26522 13.8946 1.51957 13.7071 1.70711C13.5196 1.89464 13.2652 2 13 2H1C0.734784 2 0.48043 1.89464 0.292893 1.70711C0.105357 1.51957 0 1.26522 0 1Z\" fill=\"black\" \/>\n              <\/svg>\n            <\/button>\n          <\/h2>\n          <div class=\"accordion-section-wrapper\">\n            <section id=\"accordion-panel-2\" class=\"accordion-panel\" aria-labelledby=\"accordion-header-2\">\n              <p>Helena Salenius, Mirva Sand\u00e9n, Anna Saurama,<br \/>\nIlkka Tahvanainen ja Tuula Vinko<\/p>\n<p>Kiit\u00e4mme avusta seuraavia<br \/>\nkatsomus-,\u00a0 kulttuuri- ja tutkimusyhteis\u00f6jen edustajia:<\/p>\n<div><\/div>\n<div>Bahai, Marja Bergen ja Tuula Kuitunen, Suomen Bah\u00e1&#8217;\u00ed-yhteis\u00f6<br \/>\nBuddhalaisuus, Irma Rinne, Suomen Buddhalainen unioni<br \/>\nMitra H\u00e4rk\u00f6nen, Helsingin yliopisto, Taehye sunim, Bodhidarma yhdistys<\/div>\n<div>Evankelis-luterilaisuus, Terhi Paananen, Kirkkohallitus<\/div>\n<div>Filosofia, Simon Sand\u00e9n, \u00c5bo Akademi<br \/>\nHindulaisuus, Jyri Komulainen, Kirkkohallitus<\/div>\n<div>Islam, Suaad Onniselk\u00e4, Kasvatus ja koulutuksen toimiala, Helsinki<br \/>\nIrene Altundas, S2-valmentaja, Vantaa, Sari Hajar Sorsa, Espoo<br \/>\nJuutalaisuus, Pekka Lindqvist, Turun yliopisto<\/div>\n<div>Katolilaisuus, Osmo Vartiainen, Suomen katolinen kirkko<br \/>\nKungfutselaisuus, Jyrki Kallio, Ulkopoliittinen instituutti<br \/>\nOrtodoksisuus, Teemu Toivonen, It\u00e4-Suomen yliopisto<br \/>\nRomanikulttuuri, Tuula \u00c5kerlund, Romanimissio<br \/>\nSaamelaisuus, Matti Morottaja, inarinsaamen kieli ja kulttuuri<br \/>\nErva Niittyvuopio, saamelaisty\u00f6n sihteeri sek\u00e4 Helga West, Helsingin yliopisto<\/div>\n<p>&nbsp;<\/p>\n            <\/section>\n          <\/div>\n        <\/div>\n              <div class=\"accordion-item\">\n          <h2 class=\"h6 accordion-title\">\n            <button id=\"accordion-header-3\" class=\"accordion-header\" aria-expanded=\"false\" aria-controls=\"accordion-panel-3\">\n              Tilausohje painatuskeskukseen Viisastutaan!-korteista              <svg aria-hidden=\"true\" role=\"presentation\" focusable=\"false\" class=\"plus-icon\" width=\"16\" height=\"16\" viewBox=\"0 0 16 16\" fill=\"none\" xmlns=\"http:\/\/www.w3.org\/2000\/svg\">\n                <path d=\"M8 0C8.26522 0 8.51957 0.105357 8.70711 0.292893C8.89464 0.48043 9 0.734784 9 1V7H15C15.2652 7 15.5196 7.10536 15.7071 7.29289C15.8946 7.48043 16 7.73478 16 8C16 8.26522 15.8946 8.51957 15.7071 8.70711C15.5196 8.89464 15.2652 9 15 9H9V15C9 15.2652 8.89464 15.5196 8.70711 15.7071C8.51957 15.8946 8.26522 16 8 16C7.73478 16 7.48043 15.8946 7.29289 15.7071C7.10536 15.5196 7 15.2652 7 15V9H1C0.734784 9 0.48043 8.89464 0.292893 8.70711C0.105357 8.51957 0 8.26522 0 8C0 7.73478 0.105357 7.48043 0.292893 7.29289C0.48043 7.10536 0.734784 7 1 7H7V1C7 0.734784 7.10536 0.48043 7.29289 0.292893C7.48043 0.105357 7.73478 0 8 0Z\" fill=\"black\" \/>\n              <\/svg>\n              <svg aria-hidden=\"true\" role=\"presentation\" focusable=\"false\" class=\"minus-icon\" width=\"14\" height=\"2\" viewBox=\"0 0 14 2\" fill=\"none\" xmlns=\"http:\/\/www.w3.org\/2000\/svg\">\n                <path d=\"M0 1C0 0.734784 0.105357 0.48043 0.292893 0.292893C0.48043 0.105357 0.734784 0 1 0H13C13.2652 0 13.5196 0.105357 13.7071 0.292893C13.8946 0.48043 14 0.734784 14 1C14 1.26522 13.8946 1.51957 13.7071 1.70711C13.5196 1.89464 13.2652 2 13 2H1C0.734784 2 0.48043 1.89464 0.292893 1.70711C0.105357 1.51957 0 1.26522 0 1Z\" fill=\"black\" \/>\n              <\/svg>\n            <\/button>\n          <\/h2>\n          <div class=\"accordion-section-wrapper\">\n            <section id=\"accordion-panel-3\" class=\"accordion-panel\" aria-labelledby=\"accordion-header-3\">\n              <p>Laajuus: 2 sivua<br \/>\nKoko: 90 x 110 mm<br \/>\nV\u00e4risyys: 4\/4<br \/>\nMateriaali \/ paperi: : Ensocoat 2S 300g 450&#215;320 PEFC<br \/>\nJ\u00e4lkik\u00e4sittely: Vy\u00f6tt\u00e4minen, Kulman py\u00f6ristys, Puhtaaksileikkaus (Liput\/kupongit ym.),<br \/>\nLaatikkopakkaus<\/p>\n            <\/section>\n          <\/div>\n        <\/div>\n            <\/div>\n<\/div>\n","protected":false},"excerpt":{"rendered":"<p>Viisastutaan!-materiaali avaa ja laajentaa keskustelua el\u00e4m\u00e4nkysymyksist\u00e4 ja arvoista.<\/p>\n","protected":false},"author":46,"featured_media":127227,"parent":128972,"menu_order":2,"comment_status":"closed","ping_status":"closed","template":"template-text-page-sidebar.php","meta":{"_acf_changed":false,"_relevanssi_hide_post":"","_relevanssi_hide_content":"","_relevanssi_pin_for_all":"","_relevanssi_pin_keywords":"","_relevanssi_unpin_keywords":"","_relevanssi_related_keywords":"","_relevanssi_related_include_ids":"","_relevanssi_related_exclude_ids":"","_relevanssi_related_no_append":"","_relevanssi_related_not_related":"","_relevanssi_related_posts":"110538,126456,126404,127143,126465,126454","_relevanssi_noindex_reason":"","footnotes":""},"class_list":["post-128962","page","type-page","status-publish","has-post-thumbnail","hentry"],"acf":[],"yoast_head":"<!-- This site is optimized with the Yoast SEO plugin v28.3 - https:\/\/yoast.com\/product\/yoast-seo-wordpress\/ -->\n<title>Viisastutaan! katsomus- ja kulttuuriperinteist\u00e4 - EVL Plus<\/title>\n<meta name=\"description\" content=\"Viisastutaan!-materiaali avaa ja laajentaa keskustelua el\u00e4m\u00e4nkysymyksist\u00e4 ja arvoista.\" \/>\n<meta name=\"robots\" content=\"index, follow, max-snippet:-1, max-image-preview:large, max-video-preview:-1\" \/>\n<link rel=\"canonical\" href=\"https:\/\/evl.fi\/plus\/kasvua-katsomuksesta\/materiaaleja-katsomuskasvatukseen\/viisastutaan-katsomus-ja-kulttuuriperinteista\/\" \/>\n<meta property=\"og:locale\" content=\"fi_FI\" \/>\n<meta property=\"og:type\" content=\"article\" \/>\n<meta property=\"og:title\" content=\"Viisastutaan! katsomus- ja kulttuuriperinteist\u00e4 - EVL Plus\" \/>\n<meta property=\"og:description\" content=\"Viisastutaan!-materiaali avaa ja laajentaa keskustelua el\u00e4m\u00e4nkysymyksist\u00e4 ja arvoista.\" \/>\n<meta property=\"og:url\" content=\"https:\/\/evl.fi\/plus\/kasvua-katsomuksesta\/materiaaleja-katsomuskasvatukseen\/viisastutaan-katsomus-ja-kulttuuriperinteista\/\" \/>\n<meta property=\"og:site_name\" content=\"EVL Plus\" \/>\n<meta property=\"article:modified_time\" content=\"2024-06-13T07:37:27+00:00\" \/>\n<meta property=\"og:image\" content=\"https:\/\/evl.fi\/plus\/wp-content\/uploads\/sites\/3\/2024\/02\/Viisastutaan-juliste-edited-e1710500811868.jpg\" \/>\n\t<meta property=\"og:image:width\" content=\"544\" \/>\n\t<meta property=\"og:image:height\" content=\"765\" \/>\n\t<meta property=\"og:image:type\" content=\"image\/jpeg\" \/>\n<meta name=\"twitter:card\" content=\"summary_large_image\" \/>\n<meta name=\"twitter:label1\" content=\"Arvioitu lukuaika\" \/>\n\t<meta name=\"twitter:data1\" content=\"3 minuuttia\" \/>\n<script type=\"application\/ld+json\" class=\"yoast-schema-graph\">{\"@context\":\"https:\\\/\\\/schema.org\",\"@graph\":[{\"@type\":\"WebPage\",\"@id\":\"https:\\\/\\\/evl.fi\\\/plus\\\/kasvua-katsomuksesta\\\/materiaaleja-katsomuskasvatukseen\\\/viisastutaan-katsomus-ja-kulttuuriperinteista\\\/\",\"url\":\"https:\\\/\\\/evl.fi\\\/plus\\\/kasvua-katsomuksesta\\\/materiaaleja-katsomuskasvatukseen\\\/viisastutaan-katsomus-ja-kulttuuriperinteista\\\/\",\"name\":\"Viisastutaan! katsomus- ja kulttuuriperinteist\u00e4 - EVL Plus\",\"isPartOf\":{\"@id\":\"https:\\\/\\\/evl.fi\\\/plus\\\/#website\"},\"primaryImageOfPage\":{\"@id\":\"https:\\\/\\\/evl.fi\\\/plus\\\/kasvua-katsomuksesta\\\/materiaaleja-katsomuskasvatukseen\\\/viisastutaan-katsomus-ja-kulttuuriperinteista\\\/#primaryimage\"},\"image\":{\"@id\":\"https:\\\/\\\/evl.fi\\\/plus\\\/kasvua-katsomuksesta\\\/materiaaleja-katsomuskasvatukseen\\\/viisastutaan-katsomus-ja-kulttuuriperinteista\\\/#primaryimage\"},\"thumbnailUrl\":\"https:\\\/\\\/evl.fi\\\/plus\\\/wp-content\\\/uploads\\\/sites\\\/3\\\/2024\\\/02\\\/Viisastutaan-juliste-edited-e1710500811868.jpg\",\"datePublished\":\"2024-02-29T13:53:10+00:00\",\"dateModified\":\"2024-06-13T07:37:27+00:00\",\"description\":\"Viisastutaan!-materiaali avaa ja laajentaa keskustelua el\u00e4m\u00e4nkysymyksist\u00e4 ja arvoista.\",\"breadcrumb\":{\"@id\":\"https:\\\/\\\/evl.fi\\\/plus\\\/kasvua-katsomuksesta\\\/materiaaleja-katsomuskasvatukseen\\\/viisastutaan-katsomus-ja-kulttuuriperinteista\\\/#breadcrumb\"},\"inLanguage\":\"fi\",\"potentialAction\":[{\"@type\":\"ReadAction\",\"target\":[\"https:\\\/\\\/evl.fi\\\/plus\\\/kasvua-katsomuksesta\\\/materiaaleja-katsomuskasvatukseen\\\/viisastutaan-katsomus-ja-kulttuuriperinteista\\\/\"]}]},{\"@type\":\"ImageObject\",\"inLanguage\":\"fi\",\"@id\":\"https:\\\/\\\/evl.fi\\\/plus\\\/kasvua-katsomuksesta\\\/materiaaleja-katsomuskasvatukseen\\\/viisastutaan-katsomus-ja-kulttuuriperinteista\\\/#primaryimage\",\"url\":\"https:\\\/\\\/evl.fi\\\/plus\\\/wp-content\\\/uploads\\\/sites\\\/3\\\/2024\\\/02\\\/Viisastutaan-juliste-edited-e1710500811868.jpg\",\"contentUrl\":\"https:\\\/\\\/evl.fi\\\/plus\\\/wp-content\\\/uploads\\\/sites\\\/3\\\/2024\\\/02\\\/Viisastutaan-juliste-edited-e1710500811868.jpg\",\"width\":544,\"height\":765,\"caption\":\"Illustration av en h\u00f6g f\u00e4rgglada bildkort.\"},{\"@type\":\"BreadcrumbList\",\"@id\":\"https:\\\/\\\/evl.fi\\\/plus\\\/kasvua-katsomuksesta\\\/materiaaleja-katsomuskasvatukseen\\\/viisastutaan-katsomus-ja-kulttuuriperinteista\\\/#breadcrumb\",\"itemListElement\":[{\"@type\":\"ListItem\",\"position\":1,\"name\":\"Home\",\"item\":\"https:\\\/\\\/evl.fi\\\/plus\\\/sv\\\/\"},{\"@type\":\"ListItem\",\"position\":2,\"name\":\"Kasvua katsomuksesta\",\"item\":\"https:\\\/\\\/evl.fi\\\/plus\\\/kasvua-katsomuksesta\\\/\"},{\"@type\":\"ListItem\",\"position\":3,\"name\":\"Materiaaleja katsomuskasvatukseen\",\"item\":\"https:\\\/\\\/evl.fi\\\/plus\\\/kasvua-katsomuksesta\\\/materiaaleja-katsomuskasvatukseen\\\/\"},{\"@type\":\"ListItem\",\"position\":4,\"name\":\"Viisastutaan! katsomus- ja kulttuuriperinteist\u00e4\"}]},{\"@type\":\"WebSite\",\"@id\":\"https:\\\/\\\/evl.fi\\\/plus\\\/#website\",\"url\":\"https:\\\/\\\/evl.fi\\\/plus\\\/\",\"name\":\"EVL Plus\",\"description\":\"\",\"potentialAction\":[{\"@type\":\"SearchAction\",\"target\":{\"@type\":\"EntryPoint\",\"urlTemplate\":\"https:\\\/\\\/evl.fi\\\/plus\\\/?s={search_term_string}\"},\"query-input\":{\"@type\":\"PropertyValueSpecification\",\"valueRequired\":true,\"valueName\":\"search_term_string\"}}],\"inLanguage\":\"fi\"}]}<\/script>\n<!-- \/ Yoast SEO plugin. -->","yoast_head_json":{"title":"Viisastutaan! katsomus- ja kulttuuriperinteist\u00e4 - EVL Plus","description":"Viisastutaan!-materiaali avaa ja laajentaa keskustelua el\u00e4m\u00e4nkysymyksist\u00e4 ja arvoista.","robots":{"index":"index","follow":"follow","max-snippet":"max-snippet:-1","max-image-preview":"max-image-preview:large","max-video-preview":"max-video-preview:-1"},"canonical":"https:\/\/evl.fi\/plus\/kasvua-katsomuksesta\/materiaaleja-katsomuskasvatukseen\/viisastutaan-katsomus-ja-kulttuuriperinteista\/","og_locale":"fi_FI","og_type":"article","og_title":"Viisastutaan! katsomus- ja kulttuuriperinteist\u00e4 - EVL Plus","og_description":"Viisastutaan!-materiaali avaa ja laajentaa keskustelua el\u00e4m\u00e4nkysymyksist\u00e4 ja arvoista.","og_url":"https:\/\/evl.fi\/plus\/kasvua-katsomuksesta\/materiaaleja-katsomuskasvatukseen\/viisastutaan-katsomus-ja-kulttuuriperinteista\/","og_site_name":"EVL Plus","article_modified_time":"2024-06-13T07:37:27+00:00","og_image":[{"width":544,"height":765,"url":"https:\/\/evl.fi\/plus\/wp-content\/uploads\/sites\/3\/2024\/02\/Viisastutaan-juliste-edited-e1710500811868.jpg","type":"image\/jpeg"}],"twitter_card":"summary_large_image","twitter_misc":{"Arvioitu lukuaika":"3 minuuttia"},"schema":{"@context":"https:\/\/schema.org","@graph":[{"@type":"WebPage","@id":"https:\/\/evl.fi\/plus\/kasvua-katsomuksesta\/materiaaleja-katsomuskasvatukseen\/viisastutaan-katsomus-ja-kulttuuriperinteista\/","url":"https:\/\/evl.fi\/plus\/kasvua-katsomuksesta\/materiaaleja-katsomuskasvatukseen\/viisastutaan-katsomus-ja-kulttuuriperinteista\/","name":"Viisastutaan! katsomus- ja kulttuuriperinteist\u00e4 - EVL Plus","isPartOf":{"@id":"https:\/\/evl.fi\/plus\/#website"},"primaryImageOfPage":{"@id":"https:\/\/evl.fi\/plus\/kasvua-katsomuksesta\/materiaaleja-katsomuskasvatukseen\/viisastutaan-katsomus-ja-kulttuuriperinteista\/#primaryimage"},"image":{"@id":"https:\/\/evl.fi\/plus\/kasvua-katsomuksesta\/materiaaleja-katsomuskasvatukseen\/viisastutaan-katsomus-ja-kulttuuriperinteista\/#primaryimage"},"thumbnailUrl":"https:\/\/evl.fi\/plus\/wp-content\/uploads\/sites\/3\/2024\/02\/Viisastutaan-juliste-edited-e1710500811868.jpg","datePublished":"2024-02-29T13:53:10+00:00","dateModified":"2024-06-13T07:37:27+00:00","description":"Viisastutaan!-materiaali avaa ja laajentaa keskustelua el\u00e4m\u00e4nkysymyksist\u00e4 ja arvoista.","breadcrumb":{"@id":"https:\/\/evl.fi\/plus\/kasvua-katsomuksesta\/materiaaleja-katsomuskasvatukseen\/viisastutaan-katsomus-ja-kulttuuriperinteista\/#breadcrumb"},"inLanguage":"fi","potentialAction":[{"@type":"ReadAction","target":["https:\/\/evl.fi\/plus\/kasvua-katsomuksesta\/materiaaleja-katsomuskasvatukseen\/viisastutaan-katsomus-ja-kulttuuriperinteista\/"]}]},{"@type":"ImageObject","inLanguage":"fi","@id":"https:\/\/evl.fi\/plus\/kasvua-katsomuksesta\/materiaaleja-katsomuskasvatukseen\/viisastutaan-katsomus-ja-kulttuuriperinteista\/#primaryimage","url":"https:\/\/evl.fi\/plus\/wp-content\/uploads\/sites\/3\/2024\/02\/Viisastutaan-juliste-edited-e1710500811868.jpg","contentUrl":"https:\/\/evl.fi\/plus\/wp-content\/uploads\/sites\/3\/2024\/02\/Viisastutaan-juliste-edited-e1710500811868.jpg","width":544,"height":765,"caption":"Illustration av en h\u00f6g f\u00e4rgglada bildkort."},{"@type":"BreadcrumbList","@id":"https:\/\/evl.fi\/plus\/kasvua-katsomuksesta\/materiaaleja-katsomuskasvatukseen\/viisastutaan-katsomus-ja-kulttuuriperinteista\/#breadcrumb","itemListElement":[{"@type":"ListItem","position":1,"name":"Home","item":"https:\/\/evl.fi\/plus\/sv\/"},{"@type":"ListItem","position":2,"name":"Kasvua katsomuksesta","item":"https:\/\/evl.fi\/plus\/kasvua-katsomuksesta\/"},{"@type":"ListItem","position":3,"name":"Materiaaleja katsomuskasvatukseen","item":"https:\/\/evl.fi\/plus\/kasvua-katsomuksesta\/materiaaleja-katsomuskasvatukseen\/"},{"@type":"ListItem","position":4,"name":"Viisastutaan! katsomus- ja kulttuuriperinteist\u00e4"}]},{"@type":"WebSite","@id":"https:\/\/evl.fi\/plus\/#website","url":"https:\/\/evl.fi\/plus\/","name":"EVL Plus","description":"","potentialAction":[{"@type":"SearchAction","target":{"@type":"EntryPoint","urlTemplate":"https:\/\/evl.fi\/plus\/?s={search_term_string}"},"query-input":{"@type":"PropertyValueSpecification","valueRequired":true,"valueName":"search_term_string"}}],"inLanguage":"fi"}]}},"lang":"fi","translations":{"fi":128962,"sv":127202},"pll_sync_post":{},"_links":{"self":[{"href":"https:\/\/evl.fi\/plus\/wp-json\/wp\/v2\/pages\/128962","targetHints":{"allow":["GET"]}}],"collection":[{"href":"https:\/\/evl.fi\/plus\/wp-json\/wp\/v2\/pages"}],"about":[{"href":"https:\/\/evl.fi\/plus\/wp-json\/wp\/v2\/types\/page"}],"author":[{"embeddable":true,"href":"https:\/\/evl.fi\/plus\/wp-json\/wp\/v2\/users\/46"}],"replies":[{"embeddable":true,"href":"https:\/\/evl.fi\/plus\/wp-json\/wp\/v2\/comments?post=128962"}],"version-history":[{"count":9,"href":"https:\/\/evl.fi\/plus\/wp-json\/wp\/v2\/pages\/128962\/revisions"}],"predecessor-version":[{"id":132288,"href":"https:\/\/evl.fi\/plus\/wp-json\/wp\/v2\/pages\/128962\/revisions\/132288"}],"up":[{"embeddable":true,"href":"https:\/\/evl.fi\/plus\/wp-json\/wp\/v2\/pages\/128972"}],"wp:featuredmedia":[{"embeddable":true,"href":"https:\/\/evl.fi\/plus\/wp-json\/wp\/v2\/media\/127227"}],"wp:attachment":[{"href":"https:\/\/evl.fi\/plus\/wp-json\/wp\/v2\/media?parent=128962"}],"curies":[{"name":"wp","href":"https:\/\/api.w.org\/{rel}","templated":true}]}}