{"id":102022,"date":"2023-09-22T13:49:58","date_gmt":"2023-09-22T10:49:58","guid":{"rendered":"https:\/\/evl.fi\/plus\/?page_id=102022"},"modified":"2023-09-22T13:51:32","modified_gmt":"2023-09-22T10:51:32","slug":"motes-och-inkvarteringstjanster","status":"publish","type":"page","link":"https:\/\/evl.fi\/plus\/sv\/utbildning-och-arbetsliv\/kyrkans-forskning-och-utbildning\/kyrkans-utbildning\/motes-och-inkvarteringstjanster\/","title":{"rendered":"M\u00f6tes- och inkvarteringstj\u00e4nster"},"content":{"rendered":"\n<h2 class=\"wp-block-heading\">V\u00e4lkommen till Kyrkans utbildningscentral!<\/h2>\n\n\n\n<p class=\"has-ingressi-font-size wp-block-paragraph\">Kyrkans forskning och utbildning tar hand om m\u00f6tes- och inkvarteringsarrangemangen f\u00f6r utbildningar, m\u00f6ten, n\u00e4tverkstr\u00e4ffar och konferenser som ordnas i utbildningscentralens utrymmen.<\/p>\n\n\n\n<ul class=\"wp-block-list\">\n<li>Trivsamma m\u00f6tesrum i en ljus, \u00f6ppen byggnad<\/li>\n\n\n\n<li>Tv\u00e5&nbsp;f\u00f6rel\u00e4sningssalar och&nbsp;\u00e5tta grupprum&nbsp; &nbsp;<\/li>\n\n\n\n<li>Inkvarteringsrum (enkelrum)<\/li>\n\n\n\n<li>L\u00e4ttillg\u00e4ngligt med b\u00e5de kollektivtrafik och egen bil<\/li>\n\n\n\n<li>Kulturlandskapet vid Tusby tr\u00e4sk<\/li>\n<\/ul>\n\n\n\n<p class=\"wp-block-paragraph\">Kyrkans utbildningscentral i Tr\u00e4sk\u00e4nda erbjuder goda m\u00f6jligheter f\u00f6r m\u00e5nga slags evenemang. De v\u00e4lutrustade och fr\u00e4scht inredda f\u00f6rel\u00e4sningssalarna och grupputrymmena passar utm\u00e4rkt f\u00f6r s\u00e5v\u00e4l arbetsm\u00f6ten som n\u00e4tverkstr\u00e4ffar.  I den stora f\u00f6rel\u00e4sningssalen ryms cirka 50 personer.<\/p>\n\n\n\n<p class=\"wp-block-paragraph\">Inredningen i f\u00f6rel\u00e4sningssalarna och grupprummen kan anpassas enligt era behov. I m\u00f6tesutrymmena har ni tillg\u00e5ng till AV-utrustning och tr\u00e5dl\u00f6st n\u00e4tverk.<\/p>\n\n\n\n<p class=\"wp-block-paragraph\">Vid utbildningscentralen finns ocks\u00e5 Agricola-kapellet med plats f\u00f6r ca 90 personer. Kapellet \u00e4r avsett f\u00f6r gudstj\u00e4nster, men man kan ocks\u00e5 ta en egen stilla stund d\u00e4r.<\/p>\n\n\n\n<p class=\"wp-block-paragraph\">Utbildningscentralen ligger p\u00e5 samma campusomr\u00e5de som STEP (f\u00f6re detta Seurakuntaopisto).  Det \u00e4r l\u00e4tt att ta sig hit med buss eller n\u00e4rt\u00e5g fr\u00e5n Helsingfors. Det finns gratis parkering f\u00f6r dem som kommer med egen bil.<\/p>\n\n\n\n<p class=\"wp-block-paragraph\">Utbildningscentralen \u00e4r en attraktiv evenemangsplats \u00e4ven f\u00f6r internationella konferenser tack vare n\u00e4rheten till Helsingfors-Vanda flygplats och den natursk\u00f6na milj\u00f6n vid Tusby tr\u00e4sk.<\/p>\n\n\n\n<h3 class=\"wp-block-heading\"><strong>Inkvarteringsrummen ger lugn och ro<\/strong><\/h3>\n\n\n\n<p class=\"wp-block-paragraph\">Vid utbildningscentralen finns 49 fina enkelrum med rofylld utsikt mot g\u00e5rden. I logiflygeln har g\u00e4sterna har tillg\u00e5ng till tv\u00e5 s\u00e4llskapsrum som kan anv\u00e4ndas under fritiden eller f\u00f6r m\u00f6ten.<\/p>\n\n\n\n<p class=\"wp-block-paragraph\">P\u00e5 kv\u00e4llarna kan m\u00f6tesg\u00e4sterna anv\u00e4nda campusomr\u00e5dets gym och koppla av i utbildningscentralens tv\u00e5 bastur. Om ett bastubad vid sj\u00f6n lockar, kan ni boka campusomr\u00e5dets strandbastu.<\/p>\n\n\n\n<h3 class=\"wp-block-heading\"><strong>Kontakta oss<\/strong><\/h3>\n\n\n\n<p class=\"wp-block-paragraph\">F\u00f6rutom m\u00f6tes- och utbildningsrum och inkvartering ordnar utbildningscentralen ocks\u00e5 m\u00e5ltiderna under ert evenemang samt bist\u00e5r i m\u00f6tesarrangemangen.  F\u00f6r st\u00f6rre evenemang kan man ut\u00f6ver Utbildningscentralens utrymmen ocks\u00e5 boka F\u00f6rsamlingsinstitutets salar, d\u00e4r det ryms 130\u2013500 personer.<\/p>\n\n\n\n<p class=\"wp-block-paragraph\">Har ni \u00f6nskem\u00e5l kring ert evenemang?  Ta kontakt med Anne-Mari Rytk\u00f6nen s\u00e5 kan f\u00f6rberedelserna b\u00f6rja.<\/p>\n\n\n\n  <div id=\"contact-lift-block_0a0ee580b10077189ce1b1a595eecca5\" class=\"contact-lift d-flex align-items-center \">\n    <div class=\"container\">\n      <div class=\"row\">\n        <div class=\"col-12\">\n                  <\/div>\n      <\/div>\n      <div class=\"row\">\n              <\/div>\n    <\/div>\n  <\/div>\n","protected":false},"excerpt":{"rendered":"<p>V\u00e4lkommen till Kyrkans utbildningscentral! Kyrkans forskning och utbildning tar hand om m\u00f6tes- och inkvarteringsarrangemangen f\u00f6r utbildningar, m\u00f6ten, n\u00e4tverkstr\u00e4ffar och konferenser som ordnas i utbildningscentralens utrymmen. Kyrkans utbildningscentral i Tr\u00e4sk\u00e4nda erbjuder goda m\u00f6jligheter f\u00f6r m\u00e5nga slags evenemang. De v\u00e4lutrustade och fr\u00e4scht inredda f\u00f6rel\u00e4sningssalarna och grupputrymmena passar utm\u00e4rkt f\u00f6r s\u00e5v\u00e4l arbetsm\u00f6ten som n\u00e4tverkstr\u00e4ffar. I den stora f\u00f6rel\u00e4sningssalen [&hellip;]<\/p>\n","protected":false},"author":15,"featured_media":0,"parent":101983,"menu_order":5,"comment_status":"closed","ping_status":"closed","template":"template-text-page-sidebar.php","meta":{"_acf_changed":false,"_relevanssi_hide_post":"","_relevanssi_hide_content":"","_relevanssi_pin_for_all":"","_relevanssi_pin_keywords":"","_relevanssi_unpin_keywords":"","_relevanssi_related_keywords":"","_relevanssi_related_include_ids":"","_relevanssi_related_exclude_ids":"","_relevanssi_related_no_append":"","_relevanssi_related_not_related":"","_relevanssi_related_posts":"","_relevanssi_noindex_reason":"","footnotes":""},"class_list":["post-102022","page","type-page","status-publish","hentry"],"acf":[],"yoast_head":"<!-- This site is optimized with the Yoast SEO plugin v28.3 - https:\/\/yoast.com\/product\/yoast-seo-wordpress\/ -->\n<title>M\u00f6tes- och inkvarteringstj\u00e4nster - EVL Plus<\/title>\n<meta name=\"robots\" content=\"index, follow, max-snippet:-1, max-image-preview:large, max-video-preview:-1\" \/>\n<link rel=\"canonical\" href=\"https:\/\/evl.fi\/plus\/sv\/utbildning-och-arbetsliv\/kyrkans-forskning-och-utbildning\/kyrkans-utbildning\/motes-och-inkvarteringstjanster\/\" \/>\n<meta property=\"og:locale\" content=\"fi_FI\" \/>\n<meta property=\"og:type\" content=\"article\" \/>\n<meta property=\"og:title\" content=\"M\u00f6tes- och inkvarteringstj\u00e4nster - EVL Plus\" \/>\n<meta property=\"og:description\" content=\"V\u00e4lkommen till Kyrkans utbildningscentral! Kyrkans forskning och utbildning tar hand om m\u00f6tes- och inkvarteringsarrangemangen f\u00f6r utbildningar, m\u00f6ten, n\u00e4tverkstr\u00e4ffar och konferenser som ordnas i utbildningscentralens utrymmen. Kyrkans utbildningscentral i Tr\u00e4sk\u00e4nda erbjuder goda m\u00f6jligheter f\u00f6r m\u00e5nga slags evenemang. De v\u00e4lutrustade och fr\u00e4scht inredda f\u00f6rel\u00e4sningssalarna och grupputrymmena passar utm\u00e4rkt f\u00f6r s\u00e5v\u00e4l arbetsm\u00f6ten som n\u00e4tverkstr\u00e4ffar. I den stora f\u00f6rel\u00e4sningssalen [&hellip;]\" \/>\n<meta property=\"og:url\" content=\"https:\/\/evl.fi\/plus\/sv\/utbildning-och-arbetsliv\/kyrkans-forskning-och-utbildning\/kyrkans-utbildning\/motes-och-inkvarteringstjanster\/\" \/>\n<meta property=\"og:site_name\" content=\"EVL Plus\" \/>\n<meta property=\"article:modified_time\" content=\"2023-09-22T10:51:32+00:00\" \/>\n<meta name=\"twitter:card\" content=\"summary_large_image\" \/>\n<meta name=\"twitter:label1\" content=\"Arvioitu lukuaika\" \/>\n\t<meta name=\"twitter:data1\" content=\"2 minuuttia\" \/>\n<script type=\"application\/ld+json\" class=\"yoast-schema-graph\">{\"@context\":\"https:\\\/\\\/schema.org\",\"@graph\":[{\"@type\":\"WebPage\",\"@id\":\"https:\\\/\\\/evl.fi\\\/plus\\\/sv\\\/utbildning-och-arbetsliv\\\/kyrkans-forskning-och-utbildning\\\/kyrkans-utbildning\\\/motes-och-inkvarteringstjanster\\\/\",\"url\":\"https:\\\/\\\/evl.fi\\\/plus\\\/sv\\\/utbildning-och-arbetsliv\\\/kyrkans-forskning-och-utbildning\\\/kyrkans-utbildning\\\/motes-och-inkvarteringstjanster\\\/\",\"name\":\"M\u00f6tes- och inkvarteringstj\u00e4nster - EVL Plus\",\"isPartOf\":{\"@id\":\"https:\\\/\\\/evl.fi\\\/plus\\\/#website\"},\"datePublished\":\"2023-09-22T10:49:58+00:00\",\"dateModified\":\"2023-09-22T10:51:32+00:00\",\"breadcrumb\":{\"@id\":\"https:\\\/\\\/evl.fi\\\/plus\\\/sv\\\/utbildning-och-arbetsliv\\\/kyrkans-forskning-och-utbildning\\\/kyrkans-utbildning\\\/motes-och-inkvarteringstjanster\\\/#breadcrumb\"},\"inLanguage\":\"fi\",\"potentialAction\":[{\"@type\":\"ReadAction\",\"target\":[\"https:\\\/\\\/evl.fi\\\/plus\\\/sv\\\/utbildning-och-arbetsliv\\\/kyrkans-forskning-och-utbildning\\\/kyrkans-utbildning\\\/motes-och-inkvarteringstjanster\\\/\"]}]},{\"@type\":\"BreadcrumbList\",\"@id\":\"https:\\\/\\\/evl.fi\\\/plus\\\/sv\\\/utbildning-och-arbetsliv\\\/kyrkans-forskning-och-utbildning\\\/kyrkans-utbildning\\\/motes-och-inkvarteringstjanster\\\/#breadcrumb\",\"itemListElement\":[{\"@type\":\"ListItem\",\"position\":1,\"name\":\"Home\",\"item\":\"https:\\\/\\\/evl.fi\\\/plus\\\/sv\\\/\"},{\"@type\":\"ListItem\",\"position\":2,\"name\":\"Utbildning och arbetsliv\",\"item\":\"https:\\\/\\\/evl.fi\\\/plus\\\/sv\\\/utbildning-och-arbetsliv\\\/\"},{\"@type\":\"ListItem\",\"position\":3,\"name\":\"Kyrkans forskning och utbildning\",\"item\":\"https:\\\/\\\/evl.fi\\\/plus\\\/sv\\\/utbildning-och-arbetsliv\\\/kyrkans-forskning-och-utbildning\\\/\"},{\"@type\":\"ListItem\",\"position\":4,\"name\":\"Kyrkans utbildning\",\"item\":\"https:\\\/\\\/evl.fi\\\/plus\\\/sv\\\/utbildning-och-arbetsliv\\\/kyrkans-forskning-och-utbildning\\\/kyrkans-utbildning\\\/\"},{\"@type\":\"ListItem\",\"position\":5,\"name\":\"M\u00f6tes- och inkvarteringstj\u00e4nster\"}]},{\"@type\":\"WebSite\",\"@id\":\"https:\\\/\\\/evl.fi\\\/plus\\\/#website\",\"url\":\"https:\\\/\\\/evl.fi\\\/plus\\\/\",\"name\":\"EVL Plus\",\"description\":\"\",\"potentialAction\":[{\"@type\":\"SearchAction\",\"target\":{\"@type\":\"EntryPoint\",\"urlTemplate\":\"https:\\\/\\\/evl.fi\\\/plus\\\/?s={search_term_string}\"},\"query-input\":{\"@type\":\"PropertyValueSpecification\",\"valueRequired\":true,\"valueName\":\"search_term_string\"}}],\"inLanguage\":\"fi\"}]}<\/script>\n<!-- \/ Yoast SEO plugin. -->","yoast_head_json":{"title":"M\u00f6tes- och inkvarteringstj\u00e4nster - EVL Plus","robots":{"index":"index","follow":"follow","max-snippet":"max-snippet:-1","max-image-preview":"max-image-preview:large","max-video-preview":"max-video-preview:-1"},"canonical":"https:\/\/evl.fi\/plus\/sv\/utbildning-och-arbetsliv\/kyrkans-forskning-och-utbildning\/kyrkans-utbildning\/motes-och-inkvarteringstjanster\/","og_locale":"fi_FI","og_type":"article","og_title":"M\u00f6tes- och inkvarteringstj\u00e4nster - EVL Plus","og_description":"V\u00e4lkommen till Kyrkans utbildningscentral! Kyrkans forskning och utbildning tar hand om m\u00f6tes- och inkvarteringsarrangemangen f\u00f6r utbildningar, m\u00f6ten, n\u00e4tverkstr\u00e4ffar och konferenser som ordnas i utbildningscentralens utrymmen. Kyrkans utbildningscentral i Tr\u00e4sk\u00e4nda erbjuder goda m\u00f6jligheter f\u00f6r m\u00e5nga slags evenemang. De v\u00e4lutrustade och fr\u00e4scht inredda f\u00f6rel\u00e4sningssalarna och grupputrymmena passar utm\u00e4rkt f\u00f6r s\u00e5v\u00e4l arbetsm\u00f6ten som n\u00e4tverkstr\u00e4ffar. I den stora f\u00f6rel\u00e4sningssalen [&hellip;]","og_url":"https:\/\/evl.fi\/plus\/sv\/utbildning-och-arbetsliv\/kyrkans-forskning-och-utbildning\/kyrkans-utbildning\/motes-och-inkvarteringstjanster\/","og_site_name":"EVL Plus","article_modified_time":"2023-09-22T10:51:32+00:00","twitter_card":"summary_large_image","twitter_misc":{"Arvioitu lukuaika":"2 minuuttia"},"schema":{"@context":"https:\/\/schema.org","@graph":[{"@type":"WebPage","@id":"https:\/\/evl.fi\/plus\/sv\/utbildning-och-arbetsliv\/kyrkans-forskning-och-utbildning\/kyrkans-utbildning\/motes-och-inkvarteringstjanster\/","url":"https:\/\/evl.fi\/plus\/sv\/utbildning-och-arbetsliv\/kyrkans-forskning-och-utbildning\/kyrkans-utbildning\/motes-och-inkvarteringstjanster\/","name":"M\u00f6tes- och inkvarteringstj\u00e4nster - EVL Plus","isPartOf":{"@id":"https:\/\/evl.fi\/plus\/#website"},"datePublished":"2023-09-22T10:49:58+00:00","dateModified":"2023-09-22T10:51:32+00:00","breadcrumb":{"@id":"https:\/\/evl.fi\/plus\/sv\/utbildning-och-arbetsliv\/kyrkans-forskning-och-utbildning\/kyrkans-utbildning\/motes-och-inkvarteringstjanster\/#breadcrumb"},"inLanguage":"fi","potentialAction":[{"@type":"ReadAction","target":["https:\/\/evl.fi\/plus\/sv\/utbildning-och-arbetsliv\/kyrkans-forskning-och-utbildning\/kyrkans-utbildning\/motes-och-inkvarteringstjanster\/"]}]},{"@type":"BreadcrumbList","@id":"https:\/\/evl.fi\/plus\/sv\/utbildning-och-arbetsliv\/kyrkans-forskning-och-utbildning\/kyrkans-utbildning\/motes-och-inkvarteringstjanster\/#breadcrumb","itemListElement":[{"@type":"ListItem","position":1,"name":"Home","item":"https:\/\/evl.fi\/plus\/sv\/"},{"@type":"ListItem","position":2,"name":"Utbildning och arbetsliv","item":"https:\/\/evl.fi\/plus\/sv\/utbildning-och-arbetsliv\/"},{"@type":"ListItem","position":3,"name":"Kyrkans forskning och utbildning","item":"https:\/\/evl.fi\/plus\/sv\/utbildning-och-arbetsliv\/kyrkans-forskning-och-utbildning\/"},{"@type":"ListItem","position":4,"name":"Kyrkans utbildning","item":"https:\/\/evl.fi\/plus\/sv\/utbildning-och-arbetsliv\/kyrkans-forskning-och-utbildning\/kyrkans-utbildning\/"},{"@type":"ListItem","position":5,"name":"M\u00f6tes- och inkvarteringstj\u00e4nster"}]},{"@type":"WebSite","@id":"https:\/\/evl.fi\/plus\/#website","url":"https:\/\/evl.fi\/plus\/","name":"EVL Plus","description":"","potentialAction":[{"@type":"SearchAction","target":{"@type":"EntryPoint","urlTemplate":"https:\/\/evl.fi\/plus\/?s={search_term_string}"},"query-input":{"@type":"PropertyValueSpecification","valueRequired":true,"valueName":"search_term_string"}}],"inLanguage":"fi"}]}},"lang":"sv","translations":{"sv":102022,"fi":37742},"pll_sync_post":{},"_links":{"self":[{"href":"https:\/\/evl.fi\/plus\/wp-json\/wp\/v2\/pages\/102022","targetHints":{"allow":["GET"]}}],"collection":[{"href":"https:\/\/evl.fi\/plus\/wp-json\/wp\/v2\/pages"}],"about":[{"href":"https:\/\/evl.fi\/plus\/wp-json\/wp\/v2\/types\/page"}],"author":[{"embeddable":true,"href":"https:\/\/evl.fi\/plus\/wp-json\/wp\/v2\/users\/15"}],"replies":[{"embeddable":true,"href":"https:\/\/evl.fi\/plus\/wp-json\/wp\/v2\/comments?post=102022"}],"version-history":[{"count":3,"href":"https:\/\/evl.fi\/plus\/wp-json\/wp\/v2\/pages\/102022\/revisions"}],"predecessor-version":[{"id":102029,"href":"https:\/\/evl.fi\/plus\/wp-json\/wp\/v2\/pages\/102022\/revisions\/102029"}],"up":[{"embeddable":true,"href":"https:\/\/evl.fi\/plus\/wp-json\/wp\/v2\/pages\/101983"}],"wp:attachment":[{"href":"https:\/\/evl.fi\/plus\/wp-json\/wp\/v2\/media?parent=102022"}],"curies":[{"name":"wp","href":"https:\/\/api.w.org\/{rel}","templated":true}]}}