{"id":178967,"date":"2026-01-13T16:27:22","date_gmt":"2026-01-13T14:27:22","guid":{"rendered":"https:\/\/evl.fi\/plus\/?post_type=kirkonkello&#038;p=178967"},"modified":"2026-01-13T16:31:56","modified_gmt":"2026-01-13T14:31:56","slug":"ihmislahtoisia-kirkon-palveluita-digitaalisesti","status":"publish","type":"kirkonkello","link":"https:\/\/evl.fi\/plus\/kirkonkello\/ihmislahtoisia-kirkon-palveluita-digitaalisesti\/","title":{"rendered":"Ihmisl\u00e4ht\u00f6isi\u00e4 kirkon palveluita digitaalisesti"},"content":{"rendered":"\n<div class=\"wp-block-media-text has-media-on-the-right is-stacked-on-mobile\"><div class=\"wp-block-media-text__content\">\n<h2 class=\"wp-block-heading\"><strong>Digitaalisuus palvelee ihmist\u00e4<\/strong> <\/h2>\n\n\n\n<p class=\"wp-block-paragraph\">Digitalisaatio tarjoaa uudenlaisia tapoja kohdata ja palvella ihmisi\u00e4. <\/p>\n\n\n\n<p class=\"wp-block-paragraph\">Digitalisaatio mahdollistaa esimerkiksi striimatut jumalanpalvelukset, Liity kirkkoon -asiointipalvelun ja yhteiset Teams-ty\u00f6skentelyalustat. <\/p>\n\n\n\n<p class=\"wp-block-paragraph\">Digiratkaisut eiv\u00e4t korvaa kasvokkain kohtaamista, mutta ne voivat t\u00e4ydent\u00e4\u00e4 sit\u00e4. Digitaalisuuden avulla kirkko on l\u00e4sn\u00e4 siell\u00e4, miss\u00e4 ihmiset ovat.  <\/p>\n<\/div><figure class=\"wp-block-media-text__media\"><img loading=\"lazy\" decoding=\"async\" width=\"379\" height=\"564\" src=\"https:\/\/evl.fi\/plus\/wp-content\/uploads\/sites\/3\/2026\/01\/Nayttokuva-2026-01-13-151250.png\" alt=\"Ihmisl\u00e4ht\u00f6isi\u00e4 kirkon palveluita digitaalisesti -julkaisun kansikuva.\" class=\"wp-image-178960 size-full\" srcset=\"https:\/\/evl.fi\/plus\/wp-content\/uploads\/sites\/3\/2026\/01\/Nayttokuva-2026-01-13-151250.png 379w, https:\/\/evl.fi\/plus\/wp-content\/uploads\/sites\/3\/2026\/01\/Nayttokuva-2026-01-13-151250-202x300.png 202w\" sizes=\"auto, (max-width: 379px) 100vw, 379px\" \/><\/figure><\/div>\n\n\n\n<p class=\"wp-block-paragraph\"><\/p>\n\n\n\n<h2 class=\"wp-block-heading\">Seurakuntien, tuomiokapitulien ja Kirkkohallituksen yhteinen digistrategia <\/h2>\n\n\n\n<p class=\"wp-block-paragraph\">Suomen evankelis-luterilaisen kirkon digitalisaatiostrategia vuosille 2026\u20132031 on laadittu laajassa yhteisty\u00f6ss\u00e4 seurakuntien, tuomiokapitulien ja Kirkkohallituksen kanssa. Yli 60 kirkon ty\u00f6ntekij\u00e4\u00e4 on ollut laatimassa strategiaa. Lis\u00e4ksi l\u00e4hes 1000 kirkon ty\u00f6tekij\u00e4\u00e4 vastasi digitalisaatiokyselyyn, joka antoi varsin kattavan kuvan siit\u00e4, miten me ty\u00f6tekij\u00e4t arvioimme kirkon digitalisaation nykytilannetta. <\/p>\n\n\n\n<p class=\"wp-block-paragraph\">Digistrategian <a href=\"https:\/\/julkaisut.evl.fi\/catalog\/Tutkimukset%20ja%20julkaisut\/r\/4444\/viewmode=previewview\" target=\"_blank\" rel=\"noreferrer noopener\">Yleisosa<\/a> julkaistiin verkossa suomeksi ja ruotsiksi vuonna 2025. Yhteinen ty\u00f6mme jatkuu, kun strategia t\u00e4ydentyy t\u00e4n\u00e4 vuonna toimenpideohjelmalla (Strategiasta konkretiaan) ja toimenpidesuunnitelmalla (N\u00e4e horisontin yli).  <\/p>\n\n\n\n<h2 class=\"wp-block-heading\">Ihmisl\u00e4ht\u00f6inen digitalisaatio  <\/h2>\n\n\n\n<p class=\"wp-block-paragraph\">Kirkon digistrategia korostaa ihmisl\u00e4ht\u00f6isten digitaalisten palveluiden kehitt\u00e4mist\u00e4. Digitalisaatiostrategian visio \u201dIhmisl\u00e4ht\u00f6isi\u00e4 kirkon palveluita digitaalisesti\u201d kuvaa sit\u00e4, ett\u00e4 digitalisaatio n\u00e4hd\u00e4\u00e4n mahdollisuutena toteuttaa kirkon perusteht\u00e4v\u00e4\u00e4 yh\u00e4 ihmisl\u00e4ht\u00f6isemmin. Ihmisl\u00e4ht\u00f6isess\u00e4 l\u00e4hestymistavassa korostetaan ihmisen tarpeiden huomioimista ja k\u00e4ytt\u00e4jien osallistamista palvelujen suunnittelussa, toteutuksessa ja kehitt\u00e4misess\u00e4. T\u00e4ll\u00e4 halutaan varmistaa, ett\u00e4 teknologia palvelee meit\u00e4 kirkon ty\u00f6tekij\u00f6it\u00e4 ja seurakuntien alueella asuvia ihmisi\u00e4 mahdollisimman hyvin, ja ett\u00e4 kirkon digipalvelut ovat saavutettavia, k\u00e4ytt\u00e4j\u00e4yst\u00e4v\u00e4llisi\u00e4 ja digiturvallisia.  <\/p>\n\n\n\n<h2 class=\"wp-block-heading\">Kutsu yhteisty\u00f6h\u00f6n  <\/h2>\n\n\n\n<p class=\"wp-block-paragraph\">Kirkon digitalisaatiostrategia on my\u00f6s kutsu yhteisty\u00f6h\u00f6n. Digistrategia kannustaa meit\u00e4 kirkon ty\u00f6ntekij\u00f6it\u00e4 yhteisty\u00f6ss\u00e4 kohti digitaalisempaa arkea. Voimme lis\u00e4t\u00e4 digiosaamistamme osallistumalla yhteisiin koulutuksiin ja hankkeisiin sek\u00e4 jakaa osaamistamme ja kokemuksiamme yhteiseen k\u00e4ytt\u00f6\u00f6n.  <\/p>\n\n\n\n<h2 class=\"wp-block-heading\">Kirkon Digiverkosto <\/h2>\n\n\n\n<p class=\"wp-block-paragraph\">Kirkon Digiverkosto toteuttaa osaltaan kirkon digistrategiaa. Digiverkosto jakaa meille kirkon ty\u00f6ntekij\u00f6ille tasalaatuisesti ja tasa-arvoisesti digitalisuuteen liittyv\u00e4\u00e4 tietoa. <a href=\"https:\/\/evl.sharepoint.com\/sites\/Digiverkosto\" target=\"_blank\" rel=\"noreferrer noopener\">Digiverkoston sivusto<\/a> on keskitetty paikka kirkon digitiedolle. Digiverkoston vet\u00e4j\u00e4n\u00e4 kutsun sinut mukaan Digiverkoston toimintaan! <\/p>\n\n\n\n<p class=\"wp-block-paragraph\">Teksti:<br><strong>Katri Meripaasi <\/strong><br>ICT-kehitysp\u00e4\u00e4llikk\u00f6 <br>Kirkkohallitus <\/p>\n\n\n\n<p class=\"wp-block-paragraph\"><strong>Lis\u00e4tietoa:<\/strong> <a href=\"https:\/\/julkaisut.evl.fi\/catalog\/Tutkimukset%20ja%20julkaisut\/r\/4444\/viewmode=infoview\/qsr=ihmisl%C3%A4ht%C3%B6isi%C3%A4%20kirkon%20palveluita%20digitaalisesti\" target=\"_blank\" rel=\"noreferrer noopener\">Ihmisl\u00e4ht\u00f6isi\u00e4 kirkon palveluita digitaalisesti -julkaisu<\/a><\/p>\n","protected":false},"excerpt":{"rendered":"<p>Digitaalisuus palvelee ihmist\u00e4 Digitalisaatio tarjoaa uudenlaisia tapoja kohdata ja palvella ihmisi\u00e4. Digitalisaatio mahdollistaa esimerkiksi striimatut jumalanpalvelukset, Liity kirkkoon -asiointipalvelun ja yhteiset Teams-ty\u00f6skentelyalustat. Digiratkaisut eiv\u00e4t korvaa kasvokkain kohtaamista, mutta ne voivat t\u00e4ydent\u00e4\u00e4 sit\u00e4. Digitaalisuuden avulla kirkko on l\u00e4sn\u00e4 siell\u00e4, miss\u00e4 ihmiset ovat. Seurakuntien, tuomiokapitulien ja Kirkkohallituksen yhteinen digistrategia Suomen evankelis-luterilaisen kirkon digitalisaatiostrategia vuosille 2026\u20132031 on laadittu [&hellip;]<\/p>\n","protected":false},"author":36,"featured_media":178979,"template":"","kirkonkellocategory":[26563,21484],"class_list":["post-178967","kirkonkello","type-kirkonkello","status-publish","has-post-thumbnail","hentry","kirkonkellocategory-digitalisaatio","kirkonkellocategory-tyoelama"],"acf":[],"yoast_head":"<!-- This site is optimized with the Yoast SEO plugin v28.3 - https:\/\/yoast.com\/product\/yoast-seo-wordpress\/ -->\n<title>Ihmisl\u00e4ht\u00f6isi\u00e4 kirkon palveluita digitaalisesti - EVL Plus<\/title>\n<meta name=\"description\" content=\"igitalisaatio\u00a0tarjoaa\u00a0uudenlaisia tapoja\u00a0kohdata\u00a0ja palvella\u00a0ihmisi\u00e4.\u00a0Digiratkaisut eiv\u00e4t korvaa kasvokkain kohtaamista, mutta ne voivat t\u00e4ydent\u00e4\u00e4 sit\u00e4.\u00a0Digitaalisuuden avulla\u00a0kirkko on l\u00e4sn\u00e4 siell\u00e4, miss\u00e4 ihmiset ovat.\" \/>\n<meta name=\"robots\" content=\"index, follow, max-snippet:-1, max-image-preview:large, max-video-preview:-1\" \/>\n<link rel=\"canonical\" href=\"https:\/\/evl.fi\/plus\/kirkonkello\/ihmislahtoisia-kirkon-palveluita-digitaalisesti\/\" \/>\n<meta property=\"og:locale\" content=\"fi_FI\" \/>\n<meta property=\"og:type\" content=\"article\" \/>\n<meta property=\"og:title\" content=\"Ihmisl\u00e4ht\u00f6isi\u00e4 kirkon palveluita digitaalisesti - EVL Plus\" \/>\n<meta property=\"og:description\" content=\"igitalisaatio\u00a0tarjoaa\u00a0uudenlaisia tapoja\u00a0kohdata\u00a0ja palvella\u00a0ihmisi\u00e4.\u00a0Digiratkaisut eiv\u00e4t korvaa kasvokkain kohtaamista, mutta ne voivat t\u00e4ydent\u00e4\u00e4 sit\u00e4.\u00a0Digitaalisuuden avulla\u00a0kirkko on l\u00e4sn\u00e4 siell\u00e4, miss\u00e4 ihmiset ovat.\" \/>\n<meta property=\"og:url\" content=\"https:\/\/evl.fi\/plus\/kirkonkello\/ihmislahtoisia-kirkon-palveluita-digitaalisesti\/\" \/>\n<meta property=\"og:site_name\" content=\"EVL Plus\" \/>\n<meta property=\"article:modified_time\" content=\"2026-01-13T14:31:56+00:00\" \/>\n<meta property=\"og:image\" content=\"https:\/\/evl.fi\/plus\/wp-content\/uploads\/sites\/3\/2026\/01\/Digi.jpg\" \/>\n\t<meta property=\"og:image:width\" content=\"418\" \/>\n\t<meta property=\"og:image:height\" content=\"300\" \/>\n\t<meta property=\"og:image:type\" content=\"image\/jpeg\" \/>\n<meta name=\"twitter:card\" content=\"summary_large_image\" \/>\n<meta name=\"twitter:label1\" content=\"Arvioitu lukuaika\" \/>\n\t<meta name=\"twitter:data1\" content=\"2 minuuttia\" \/>\n<script type=\"application\/ld+json\" class=\"yoast-schema-graph\">{\"@context\":\"https:\\\/\\\/schema.org\",\"@graph\":[{\"@type\":\"WebPage\",\"@id\":\"https:\\\/\\\/evl.fi\\\/plus\\\/kirkonkello\\\/ihmislahtoisia-kirkon-palveluita-digitaalisesti\\\/\",\"url\":\"https:\\\/\\\/evl.fi\\\/plus\\\/kirkonkello\\\/ihmislahtoisia-kirkon-palveluita-digitaalisesti\\\/\",\"name\":\"Ihmisl\u00e4ht\u00f6isi\u00e4 kirkon palveluita digitaalisesti - EVL Plus\",\"isPartOf\":{\"@id\":\"https:\\\/\\\/evl.fi\\\/plus\\\/#website\"},\"primaryImageOfPage\":{\"@id\":\"https:\\\/\\\/evl.fi\\\/plus\\\/kirkonkello\\\/ihmislahtoisia-kirkon-palveluita-digitaalisesti\\\/#primaryimage\"},\"image\":{\"@id\":\"https:\\\/\\\/evl.fi\\\/plus\\\/kirkonkello\\\/ihmislahtoisia-kirkon-palveluita-digitaalisesti\\\/#primaryimage\"},\"thumbnailUrl\":\"https:\\\/\\\/evl.fi\\\/plus\\\/wp-content\\\/uploads\\\/sites\\\/3\\\/2026\\\/01\\\/Digi.jpg\",\"datePublished\":\"2026-01-13T14:27:22+00:00\",\"dateModified\":\"2026-01-13T14:31:56+00:00\",\"description\":\"igitalisaatio\u00a0tarjoaa\u00a0uudenlaisia tapoja\u00a0kohdata\u00a0ja palvella\u00a0ihmisi\u00e4.\u00a0Digiratkaisut eiv\u00e4t korvaa kasvokkain kohtaamista, mutta ne voivat t\u00e4ydent\u00e4\u00e4 sit\u00e4.\u00a0Digitaalisuuden avulla\u00a0kirkko on l\u00e4sn\u00e4 siell\u00e4, miss\u00e4 ihmiset ovat.\",\"breadcrumb\":{\"@id\":\"https:\\\/\\\/evl.fi\\\/plus\\\/kirkonkello\\\/ihmislahtoisia-kirkon-palveluita-digitaalisesti\\\/#breadcrumb\"},\"inLanguage\":\"fi\",\"potentialAction\":[{\"@type\":\"ReadAction\",\"target\":[\"https:\\\/\\\/evl.fi\\\/plus\\\/kirkonkello\\\/ihmislahtoisia-kirkon-palveluita-digitaalisesti\\\/\"]}]},{\"@type\":\"ImageObject\",\"inLanguage\":\"fi\",\"@id\":\"https:\\\/\\\/evl.fi\\\/plus\\\/kirkonkello\\\/ihmislahtoisia-kirkon-palveluita-digitaalisesti\\\/#primaryimage\",\"url\":\"https:\\\/\\\/evl.fi\\\/plus\\\/wp-content\\\/uploads\\\/sites\\\/3\\\/2026\\\/01\\\/Digi.jpg\",\"contentUrl\":\"https:\\\/\\\/evl.fi\\\/plus\\\/wp-content\\\/uploads\\\/sites\\\/3\\\/2026\\\/01\\\/Digi.jpg\",\"width\":418,\"height\":300},{\"@type\":\"BreadcrumbList\",\"@id\":\"https:\\\/\\\/evl.fi\\\/plus\\\/kirkonkello\\\/ihmislahtoisia-kirkon-palveluita-digitaalisesti\\\/#breadcrumb\",\"itemListElement\":[{\"@type\":\"ListItem\",\"position\":1,\"name\":\"Home\",\"item\":\"https:\\\/\\\/evl.fi\\\/plus\\\/sv\\\/\"},{\"@type\":\"ListItem\",\"position\":2,\"name\":\"Ihmisl\u00e4ht\u00f6isi\u00e4 kirkon palveluita digitaalisesti\"}]},{\"@type\":\"WebSite\",\"@id\":\"https:\\\/\\\/evl.fi\\\/plus\\\/#website\",\"url\":\"https:\\\/\\\/evl.fi\\\/plus\\\/\",\"name\":\"EVL Plus\",\"description\":\"\",\"potentialAction\":[{\"@type\":\"SearchAction\",\"target\":{\"@type\":\"EntryPoint\",\"urlTemplate\":\"https:\\\/\\\/evl.fi\\\/plus\\\/?s={search_term_string}\"},\"query-input\":{\"@type\":\"PropertyValueSpecification\",\"valueRequired\":true,\"valueName\":\"search_term_string\"}}],\"inLanguage\":\"fi\"}]}<\/script>\n<!-- \/ Yoast SEO plugin. -->","yoast_head_json":{"title":"Ihmisl\u00e4ht\u00f6isi\u00e4 kirkon palveluita digitaalisesti - EVL Plus","description":"igitalisaatio\u00a0tarjoaa\u00a0uudenlaisia tapoja\u00a0kohdata\u00a0ja palvella\u00a0ihmisi\u00e4.\u00a0Digiratkaisut eiv\u00e4t korvaa kasvokkain kohtaamista, mutta ne voivat t\u00e4ydent\u00e4\u00e4 sit\u00e4.\u00a0Digitaalisuuden avulla\u00a0kirkko on l\u00e4sn\u00e4 siell\u00e4, miss\u00e4 ihmiset ovat.","robots":{"index":"index","follow":"follow","max-snippet":"max-snippet:-1","max-image-preview":"max-image-preview:large","max-video-preview":"max-video-preview:-1"},"canonical":"https:\/\/evl.fi\/plus\/kirkonkello\/ihmislahtoisia-kirkon-palveluita-digitaalisesti\/","og_locale":"fi_FI","og_type":"article","og_title":"Ihmisl\u00e4ht\u00f6isi\u00e4 kirkon palveluita digitaalisesti - EVL Plus","og_description":"igitalisaatio\u00a0tarjoaa\u00a0uudenlaisia tapoja\u00a0kohdata\u00a0ja palvella\u00a0ihmisi\u00e4.\u00a0Digiratkaisut eiv\u00e4t korvaa kasvokkain kohtaamista, mutta ne voivat t\u00e4ydent\u00e4\u00e4 sit\u00e4.\u00a0Digitaalisuuden avulla\u00a0kirkko on l\u00e4sn\u00e4 siell\u00e4, miss\u00e4 ihmiset ovat.","og_url":"https:\/\/evl.fi\/plus\/kirkonkello\/ihmislahtoisia-kirkon-palveluita-digitaalisesti\/","og_site_name":"EVL Plus","article_modified_time":"2026-01-13T14:31:56+00:00","og_image":[{"width":418,"height":300,"url":"https:\/\/evl.fi\/plus\/wp-content\/uploads\/sites\/3\/2026\/01\/Digi.jpg","type":"image\/jpeg"}],"twitter_card":"summary_large_image","twitter_misc":{"Arvioitu lukuaika":"2 minuuttia"},"schema":{"@context":"https:\/\/schema.org","@graph":[{"@type":"WebPage","@id":"https:\/\/evl.fi\/plus\/kirkonkello\/ihmislahtoisia-kirkon-palveluita-digitaalisesti\/","url":"https:\/\/evl.fi\/plus\/kirkonkello\/ihmislahtoisia-kirkon-palveluita-digitaalisesti\/","name":"Ihmisl\u00e4ht\u00f6isi\u00e4 kirkon palveluita digitaalisesti - EVL Plus","isPartOf":{"@id":"https:\/\/evl.fi\/plus\/#website"},"primaryImageOfPage":{"@id":"https:\/\/evl.fi\/plus\/kirkonkello\/ihmislahtoisia-kirkon-palveluita-digitaalisesti\/#primaryimage"},"image":{"@id":"https:\/\/evl.fi\/plus\/kirkonkello\/ihmislahtoisia-kirkon-palveluita-digitaalisesti\/#primaryimage"},"thumbnailUrl":"https:\/\/evl.fi\/plus\/wp-content\/uploads\/sites\/3\/2026\/01\/Digi.jpg","datePublished":"2026-01-13T14:27:22+00:00","dateModified":"2026-01-13T14:31:56+00:00","description":"igitalisaatio\u00a0tarjoaa\u00a0uudenlaisia tapoja\u00a0kohdata\u00a0ja palvella\u00a0ihmisi\u00e4.\u00a0Digiratkaisut eiv\u00e4t korvaa kasvokkain kohtaamista, mutta ne voivat t\u00e4ydent\u00e4\u00e4 sit\u00e4.\u00a0Digitaalisuuden avulla\u00a0kirkko on l\u00e4sn\u00e4 siell\u00e4, miss\u00e4 ihmiset ovat.","breadcrumb":{"@id":"https:\/\/evl.fi\/plus\/kirkonkello\/ihmislahtoisia-kirkon-palveluita-digitaalisesti\/#breadcrumb"},"inLanguage":"fi","potentialAction":[{"@type":"ReadAction","target":["https:\/\/evl.fi\/plus\/kirkonkello\/ihmislahtoisia-kirkon-palveluita-digitaalisesti\/"]}]},{"@type":"ImageObject","inLanguage":"fi","@id":"https:\/\/evl.fi\/plus\/kirkonkello\/ihmislahtoisia-kirkon-palveluita-digitaalisesti\/#primaryimage","url":"https:\/\/evl.fi\/plus\/wp-content\/uploads\/sites\/3\/2026\/01\/Digi.jpg","contentUrl":"https:\/\/evl.fi\/plus\/wp-content\/uploads\/sites\/3\/2026\/01\/Digi.jpg","width":418,"height":300},{"@type":"BreadcrumbList","@id":"https:\/\/evl.fi\/plus\/kirkonkello\/ihmislahtoisia-kirkon-palveluita-digitaalisesti\/#breadcrumb","itemListElement":[{"@type":"ListItem","position":1,"name":"Home","item":"https:\/\/evl.fi\/plus\/sv\/"},{"@type":"ListItem","position":2,"name":"Ihmisl\u00e4ht\u00f6isi\u00e4 kirkon palveluita digitaalisesti"}]},{"@type":"WebSite","@id":"https:\/\/evl.fi\/plus\/#website","url":"https:\/\/evl.fi\/plus\/","name":"EVL Plus","description":"","potentialAction":[{"@type":"SearchAction","target":{"@type":"EntryPoint","urlTemplate":"https:\/\/evl.fi\/plus\/?s={search_term_string}"},"query-input":{"@type":"PropertyValueSpecification","valueRequired":true,"valueName":"search_term_string"}}],"inLanguage":"fi"}]}},"lang":"fi","translations":{"fi":178967},"pll_sync_post":{},"kirkonkellocategory_data":[{"id":26563,"name":"Digitalisaatio","slug":"digitalisaatio"},{"id":21484,"name":"Ty\u00f6el\u00e4m\u00e4","slug":"tyoelama"}],"_links":{"self":[{"href":"https:\/\/evl.fi\/plus\/wp-json\/wp\/v2\/kirkonkello\/178967","targetHints":{"allow":["GET"]}}],"collection":[{"href":"https:\/\/evl.fi\/plus\/wp-json\/wp\/v2\/kirkonkello"}],"about":[{"href":"https:\/\/evl.fi\/plus\/wp-json\/wp\/v2\/types\/kirkonkello"}],"author":[{"embeddable":true,"href":"https:\/\/evl.fi\/plus\/wp-json\/wp\/v2\/users\/36"}],"version-history":[{"count":5,"href":"https:\/\/evl.fi\/plus\/wp-json\/wp\/v2\/kirkonkello\/178967\/revisions"}],"predecessor-version":[{"id":178978,"href":"https:\/\/evl.fi\/plus\/wp-json\/wp\/v2\/kirkonkello\/178967\/revisions\/178978"}],"wp:featuredmedia":[{"embeddable":true,"href":"https:\/\/evl.fi\/plus\/wp-json\/wp\/v2\/media\/178979"}],"wp:attachment":[{"href":"https:\/\/evl.fi\/plus\/wp-json\/wp\/v2\/media?parent=178967"}],"wp:term":[{"taxonomy":"kirkonkellocategory","embeddable":true,"href":"https:\/\/evl.fi\/plus\/wp-json\/wp\/v2\/kirkonkellocategory?post=178967"}],"curies":[{"name":"wp","href":"https:\/\/api.w.org\/{rel}","templated":true}]}}