{"id":190461,"date":"2026-08-17T12:53:33","date_gmt":"2026-08-17T09:53:33","guid":{"rendered":"https:\/\/evl.fi\/plus\/?post_type=events&#038;p=190461"},"modified":"2026-08-18T17:27:35","modified_gmt":"2026-08-18T14:27:35","slug":"kuulumisen-voima-webinaari-yhteisollisyydesta-ja-osallisuudesta-yksinaisyyden-vastavoimina","status":"publish","type":"events","link":"https:\/\/evl.fi\/plus\/tapahtumat\/kuulumisen-voima-webinaari-yhteisollisyydesta-ja-osallisuudesta-yksinaisyyden-vastavoimina\/","title":{"rendered":"Kuulumisen voima \u2013 webinaari yhteis\u00f6llisyydest\u00e4 ja osallisuudesta yksin\u00e4isyyden vastavoimina"},"content":{"rendered":"\n<p class=\"wp-block-paragraph\">Yksin\u00e4isyys koskettaa kaikenik\u00e4isi\u00e4 ihmisi\u00e4 ja haastaa niin seurakuntia, yhteis\u00f6j\u00e4 kuin koko yhteiskuntaa. Syyskuun lopussa j\u00e4rjestett\u00e4v\u00e4ss\u00e4 webinaarissa pohditaan, miten kuulumisen kokemusta voidaan vahvistaa ja miten rakennamme yhteis\u00f6j\u00e4, joissa jokainen voi tuntea olevansa tervetullut. <\/p>\n\n\n\n<p class=\"wp-block-paragraph\"><strong>Webinaari Kuulumisen voima j\u00e4rjestet\u00e4\u00e4n keskiviikkona 30.9.2026 klo 10.00\u201311.30 Teamsissa.<\/strong> Webinaari on maksuton eik\u00e4 vaadi ennakkoilmoittautumista. Tervetuloa kaikki seurakuntien ty\u00f6ntekij\u00e4t, ty\u00f6alasta riippumatta.  <\/p>\n\n\n\n<p class=\"wp-block-paragraph\">Webinaarissa tarkastellaan yhteis\u00f6llisyyden, osallisuuden ja kuulumisen merkityst\u00e4 hyvinvoinnille sek\u00e4 kuullaan tutkimustietoa ja k\u00e4yt\u00e4nn\u00f6n n\u00e4k\u00f6kulmia seurakuntien ty\u00f6st\u00e4. Tilaisuus tarjoaa mahdollisuuden pys\u00e4hty\u00e4 t\u00e4rke\u00e4n ja ajankohtaisen kysymyksen \u00e4\u00e4relle: miten seurakunnat voivat olla mukana ehk\u00e4isem\u00e4ss\u00e4 yksin\u00e4isyytt\u00e4 ja vahvistamassa ihmisten kokemusta siit\u00e4, ett\u00e4 he kuuluvat joukkoon?<\/p>\n\n\n\n<h2 class=\"wp-block-heading\">Ohjelma<\/h2>\n\n\n\n<p class=\"wp-block-paragraph\"><strong>10.00\u201310.15<\/strong> <br><strong><em>Tervetuloa ja johdatus teemaan<\/em><\/strong> asiantuntija Irene Nummela <\/p>\n\n\n\n<p class=\"wp-block-paragraph\"><strong>10.15\u201310.55<\/strong> <br><strong><em>Yksin\u00e4isyys ilmi\u00f6n\u00e4 ja kuulumisen kokemuksen voima <\/em><\/strong>Niina Junttila, professori <br>Ajankohtaista tutkimustietoa yksin\u00e4isyydest\u00e4, sen vaikutuksista sek\u00e4 yhteis\u00f6jen merkityksest\u00e4 hyvinvoinnin tukena. <\/p>\n\n\n\n<p class=\"wp-block-paragraph\"><strong>10.55\u201311.20<\/strong> <br><strong>Paneelikeskustelu: Miten vahvistamme kuulumista k\u00e4yt\u00e4nn\u00f6ss\u00e4?<\/strong> <\/p>\n\n\n\n<p class=\"wp-block-paragraph\">Keskustelijoina: <\/p>\n\n\n\n<ul class=\"wp-block-list\">\n<li><strong>Niina Junttila<\/strong>, professori\u00a0<\/li>\n<\/ul>\n\n\n\n<ul class=\"wp-block-list\">\n<li><strong>Olli Viljakainen<\/strong>, Vanhan kirkon pastori\u00a0<\/li>\n<\/ul>\n\n\n\n<ul class=\"wp-block-list\">\n<li><strong>Jenni Kolehmainen, <\/strong>Joensuun seurakunnan diakoni\u00a0<\/li>\n<\/ul>\n\n\n\n<ul class=\"wp-block-list\">\n<li><strong>Pasi Jaakkola<\/strong>, Turun Mikaelinseurakunnan pastori\u00a0<\/li>\n<\/ul>\n\n\n\n<ul class=\"wp-block-list\">\n<li>Keskusteluun johdattaa asiantuntija <strong>Noora K\u00e4hk\u00f6nen<\/strong>\u00a0<\/li>\n<\/ul>\n\n\n\n<p class=\"wp-block-paragraph\">Keskustelussa pohditaan muun muassa:  <\/p>\n\n\n\n<ul class=\"wp-block-list\">\n<li>Mit\u00e4 kuulumisen kokemus merkitsee ihmisen hyvinvoinnille?\u00a0<\/li>\n<\/ul>\n\n\n\n<ul class=\"wp-block-list\">\n<li>Miten seurakunnat voivat ehk\u00e4ist\u00e4 yksin\u00e4isyytt\u00e4?\u00a0<\/li>\n<\/ul>\n\n\n\n<ul class=\"wp-block-list\">\n<li>Millaiset kohtaamiset synnytt\u00e4v\u00e4t osallisuutta?\u00a0<\/li>\n<\/ul>\n\n\n\n<ul class=\"wp-block-list\">\n<li>Miten jokainen meist\u00e4 voi rakentaa yhteis\u00f6j\u00e4, joihin on helppo tulla mukaan?\u00a0<\/li>\n<\/ul>\n\n\n\n<p class=\"wp-block-paragraph\"><strong>11.20\u201311.30<\/strong> <br><strong><em>Kysymykset osallistujilta ja p\u00e4\u00e4t\u00f6s<\/em><\/strong> <\/p>\n\n\n\n<p class=\"wp-block-paragraph\"><strong>11.30<\/strong> <br><strong><em>Webinaari p\u00e4\u00e4ttyy<\/em><\/strong> <\/p>\n\n\n\n<h2 class=\"wp-block-heading\">Kenelle webinaari on tarkoitettu?<\/h2>\n\n\n\n<p class=\"wp-block-paragraph\">Webinaari on maksuton ja tarkoitettu kaikille seurakunnissa ty\u00f6skenteleville sek\u00e4 aiheesta kiinnostuneille. Mukaan voi liitty\u00e4 Teamsin kautta.<\/p>\n\n\n\n<p class=\"wp-block-paragraph\"><a href=\"https:\/\/teams.microsoft.com\/meet\/389329847468193?p=gSBy9eZp5cCWLGe4KA\" target=\"_blank\" rel=\"noreferrer noopener\">Liity mukaan Teamsissa<\/a><\/p>\n\n\n\n<p class=\"wp-block-paragraph\">L\u00e4mpim\u00e4sti tervetuloa mukaan keskustelemaan ja oppimaan yhdess\u00e4!<\/p>\n\n\n\n<p class=\"wp-block-paragraph\"><\/p>\n","protected":false},"excerpt":{"rendered":"<p>Yksin\u00e4isyys koskettaa kaikenik\u00e4isi\u00e4 ihmisi\u00e4 ja haastaa niin seurakuntia, yhteis\u00f6j\u00e4 kuin koko yhteiskuntaa. Syyskuun lopussa j\u00e4rjestett\u00e4v\u00e4ss\u00e4 webinaarissa pohditaan, miten kuulumisen kokemusta voidaan vahvistaa ja miten rakennamme yhteis\u00f6j\u00e4, joissa jokainen voi tuntea olevansa tervetullut. Webinaari Kuulumisen voima j\u00e4rjestet\u00e4\u00e4n keskiviikkona 30.9.2026 klo 10.00\u201311.30 Teamsissa. Webinaari on maksuton eik\u00e4 vaadi ennakkoilmoittautumista. Tervetuloa kaikki seurakuntien ty\u00f6ntekij\u00e4t, ty\u00f6alasta riippumatta. Webinaarissa tarkastellaan [&hellip;]<\/p>\n","protected":false},"featured_media":190472,"template":"","eventcategory":[],"class_list":["post-190461","events","type-events","status-publish","has-post-thumbnail","hentry"],"acf":[],"yoast_head":"<!-- This site is optimized with the Yoast SEO plugin v28.3 - https:\/\/yoast.com\/product\/yoast-seo-wordpress\/ -->\n<title>Kuulumisen voima \u2013 webinaari yhteis\u00f6llisyydest\u00e4 ja osallisuudesta yksin\u00e4isyyden vastavoimina - EVL Plus<\/title>\n<meta name=\"description\" content=\"Yksin\u00e4isyys koskettaa kaikenik\u00e4isi\u00e4 ihmisi\u00e4 ja haastaa niin seurakuntia, yhteis\u00f6j\u00e4 kuin koko yhteiskuntaa. Syyskuun lopussa j\u00e4rjestett\u00e4v\u00e4ss\u00e4 webinaarissa pohditaan, miten kuulumisen kokemusta voidaan vahvistaa ja miten rakennamme yhteis\u00f6j\u00e4, joissa jokainen voi tuntea olevansa tervetullut.\" \/>\n<meta name=\"robots\" content=\"index, follow, max-snippet:-1, max-image-preview:large, max-video-preview:-1\" \/>\n<link rel=\"canonical\" href=\"https:\/\/evl.fi\/plus\/tapahtumat\/kuulumisen-voima-webinaari-yhteisollisyydesta-ja-osallisuudesta-yksinaisyyden-vastavoimina\/\" \/>\n<meta property=\"og:locale\" content=\"fi_FI\" \/>\n<meta property=\"og:type\" content=\"article\" \/>\n<meta property=\"og:title\" content=\"Kuulumisen voima \u2013 webinaari yhteis\u00f6llisyydest\u00e4 ja osallisuudesta yksin\u00e4isyyden vastavoimina - EVL Plus\" \/>\n<meta property=\"og:description\" content=\"Yksin\u00e4isyys koskettaa kaikenik\u00e4isi\u00e4 ihmisi\u00e4 ja haastaa niin seurakuntia, yhteis\u00f6j\u00e4 kuin koko yhteiskuntaa. Syyskuun lopussa j\u00e4rjestett\u00e4v\u00e4ss\u00e4 webinaarissa pohditaan, miten kuulumisen kokemusta voidaan vahvistaa ja miten rakennamme yhteis\u00f6j\u00e4, joissa jokainen voi tuntea olevansa tervetullut.\" \/>\n<meta property=\"og:url\" content=\"https:\/\/evl.fi\/plus\/tapahtumat\/kuulumisen-voima-webinaari-yhteisollisyydesta-ja-osallisuudesta-yksinaisyyden-vastavoimina\/\" \/>\n<meta property=\"og:site_name\" content=\"EVL Plus\" \/>\n<meta property=\"article:modified_time\" content=\"2026-08-18T14:27:35+00:00\" \/>\n<meta property=\"og:image\" content=\"https:\/\/evl.fi\/plus\/wp-content\/uploads\/sites\/3\/2026\/08\/GettyImages-1297257668.jpg\" \/>\n\t<meta property=\"og:image:width\" content=\"2121\" \/>\n\t<meta property=\"og:image:height\" content=\"1414\" \/>\n\t<meta property=\"og:image:type\" content=\"image\/jpeg\" \/>\n<meta name=\"twitter:card\" content=\"summary_large_image\" \/>\n<meta name=\"twitter:label1\" content=\"Arvioitu lukuaika\" \/>\n\t<meta name=\"twitter:data1\" content=\"2 minuuttia\" \/>\n<script type=\"application\/ld+json\" class=\"yoast-schema-graph\">{\"@context\":\"https:\\\/\\\/schema.org\",\"@graph\":[{\"@type\":\"WebPage\",\"@id\":\"https:\\\/\\\/evl.fi\\\/plus\\\/tapahtumat\\\/kuulumisen-voima-webinaari-yhteisollisyydesta-ja-osallisuudesta-yksinaisyyden-vastavoimina\\\/\",\"url\":\"https:\\\/\\\/evl.fi\\\/plus\\\/tapahtumat\\\/kuulumisen-voima-webinaari-yhteisollisyydesta-ja-osallisuudesta-yksinaisyyden-vastavoimina\\\/\",\"name\":\"Kuulumisen voima \u2013 webinaari yhteis\u00f6llisyydest\u00e4 ja osallisuudesta yksin\u00e4isyyden vastavoimina - EVL Plus\",\"isPartOf\":{\"@id\":\"https:\\\/\\\/evl.fi\\\/plus\\\/#website\"},\"primaryImageOfPage\":{\"@id\":\"https:\\\/\\\/evl.fi\\\/plus\\\/tapahtumat\\\/kuulumisen-voima-webinaari-yhteisollisyydesta-ja-osallisuudesta-yksinaisyyden-vastavoimina\\\/#primaryimage\"},\"image\":{\"@id\":\"https:\\\/\\\/evl.fi\\\/plus\\\/tapahtumat\\\/kuulumisen-voima-webinaari-yhteisollisyydesta-ja-osallisuudesta-yksinaisyyden-vastavoimina\\\/#primaryimage\"},\"thumbnailUrl\":\"https:\\\/\\\/evl.fi\\\/plus\\\/wp-content\\\/uploads\\\/sites\\\/3\\\/2026\\\/08\\\/GettyImages-1297257668.jpg\",\"datePublished\":\"2026-08-17T09:53:33+00:00\",\"dateModified\":\"2026-08-18T14:27:35+00:00\",\"description\":\"Yksin\u00e4isyys koskettaa kaikenik\u00e4isi\u00e4 ihmisi\u00e4 ja haastaa niin seurakuntia, yhteis\u00f6j\u00e4 kuin koko yhteiskuntaa. Syyskuun lopussa j\u00e4rjestett\u00e4v\u00e4ss\u00e4 webinaarissa pohditaan, miten kuulumisen kokemusta voidaan vahvistaa ja miten rakennamme yhteis\u00f6j\u00e4, joissa jokainen voi tuntea olevansa tervetullut.\",\"breadcrumb\":{\"@id\":\"https:\\\/\\\/evl.fi\\\/plus\\\/tapahtumat\\\/kuulumisen-voima-webinaari-yhteisollisyydesta-ja-osallisuudesta-yksinaisyyden-vastavoimina\\\/#breadcrumb\"},\"inLanguage\":\"fi\",\"potentialAction\":[{\"@type\":\"ReadAction\",\"target\":[\"https:\\\/\\\/evl.fi\\\/plus\\\/tapahtumat\\\/kuulumisen-voima-webinaari-yhteisollisyydesta-ja-osallisuudesta-yksinaisyyden-vastavoimina\\\/\"]}]},{\"@type\":\"ImageObject\",\"inLanguage\":\"fi\",\"@id\":\"https:\\\/\\\/evl.fi\\\/plus\\\/tapahtumat\\\/kuulumisen-voima-webinaari-yhteisollisyydesta-ja-osallisuudesta-yksinaisyyden-vastavoimina\\\/#primaryimage\",\"url\":\"https:\\\/\\\/evl.fi\\\/plus\\\/wp-content\\\/uploads\\\/sites\\\/3\\\/2026\\\/08\\\/GettyImages-1297257668.jpg\",\"contentUrl\":\"https:\\\/\\\/evl.fi\\\/plus\\\/wp-content\\\/uploads\\\/sites\\\/3\\\/2026\\\/08\\\/GettyImages-1297257668.jpg\",\"width\":2121,\"height\":1414,\"caption\":\"Two persons drinking black tea\"},{\"@type\":\"BreadcrumbList\",\"@id\":\"https:\\\/\\\/evl.fi\\\/plus\\\/tapahtumat\\\/kuulumisen-voima-webinaari-yhteisollisyydesta-ja-osallisuudesta-yksinaisyyden-vastavoimina\\\/#breadcrumb\",\"itemListElement\":[{\"@type\":\"ListItem\",\"position\":1,\"name\":\"Home\",\"item\":\"https:\\\/\\\/evl.fi\\\/plus\\\/sv\\\/\"},{\"@type\":\"ListItem\",\"position\":2,\"name\":\"Tapahtumat\",\"item\":\"https:\\\/\\\/evl.fi\\\/plus\\\/tapahtumat\\\/\"},{\"@type\":\"ListItem\",\"position\":3,\"name\":\"Kuulumisen voima \u2013 webinaari yhteis\u00f6llisyydest\u00e4 ja osallisuudesta yksin\u00e4isyyden vastavoimina\"}]},{\"@type\":\"WebSite\",\"@id\":\"https:\\\/\\\/evl.fi\\\/plus\\\/#website\",\"url\":\"https:\\\/\\\/evl.fi\\\/plus\\\/\",\"name\":\"EVL Plus\",\"description\":\"\",\"potentialAction\":[{\"@type\":\"SearchAction\",\"target\":{\"@type\":\"EntryPoint\",\"urlTemplate\":\"https:\\\/\\\/evl.fi\\\/plus\\\/?s={search_term_string}\"},\"query-input\":{\"@type\":\"PropertyValueSpecification\",\"valueRequired\":true,\"valueName\":\"search_term_string\"}}],\"inLanguage\":\"fi\"}]}<\/script>\n<!-- \/ Yoast SEO plugin. -->","yoast_head_json":{"title":"Kuulumisen voima \u2013 webinaari yhteis\u00f6llisyydest\u00e4 ja osallisuudesta yksin\u00e4isyyden vastavoimina - EVL Plus","description":"Yksin\u00e4isyys koskettaa kaikenik\u00e4isi\u00e4 ihmisi\u00e4 ja haastaa niin seurakuntia, yhteis\u00f6j\u00e4 kuin koko yhteiskuntaa. Syyskuun lopussa j\u00e4rjestett\u00e4v\u00e4ss\u00e4 webinaarissa pohditaan, miten kuulumisen kokemusta voidaan vahvistaa ja miten rakennamme yhteis\u00f6j\u00e4, joissa jokainen voi tuntea olevansa tervetullut.","robots":{"index":"index","follow":"follow","max-snippet":"max-snippet:-1","max-image-preview":"max-image-preview:large","max-video-preview":"max-video-preview:-1"},"canonical":"https:\/\/evl.fi\/plus\/tapahtumat\/kuulumisen-voima-webinaari-yhteisollisyydesta-ja-osallisuudesta-yksinaisyyden-vastavoimina\/","og_locale":"fi_FI","og_type":"article","og_title":"Kuulumisen voima \u2013 webinaari yhteis\u00f6llisyydest\u00e4 ja osallisuudesta yksin\u00e4isyyden vastavoimina - EVL Plus","og_description":"Yksin\u00e4isyys koskettaa kaikenik\u00e4isi\u00e4 ihmisi\u00e4 ja haastaa niin seurakuntia, yhteis\u00f6j\u00e4 kuin koko yhteiskuntaa. Syyskuun lopussa j\u00e4rjestett\u00e4v\u00e4ss\u00e4 webinaarissa pohditaan, miten kuulumisen kokemusta voidaan vahvistaa ja miten rakennamme yhteis\u00f6j\u00e4, joissa jokainen voi tuntea olevansa tervetullut.","og_url":"https:\/\/evl.fi\/plus\/tapahtumat\/kuulumisen-voima-webinaari-yhteisollisyydesta-ja-osallisuudesta-yksinaisyyden-vastavoimina\/","og_site_name":"EVL Plus","article_modified_time":"2026-08-18T14:27:35+00:00","og_image":[{"width":2121,"height":1414,"url":"https:\/\/evl.fi\/plus\/wp-content\/uploads\/sites\/3\/2026\/08\/GettyImages-1297257668.jpg","type":"image\/jpeg"}],"twitter_card":"summary_large_image","twitter_misc":{"Arvioitu lukuaika":"2 minuuttia"},"schema":{"@context":"https:\/\/schema.org","@graph":[{"@type":"WebPage","@id":"https:\/\/evl.fi\/plus\/tapahtumat\/kuulumisen-voima-webinaari-yhteisollisyydesta-ja-osallisuudesta-yksinaisyyden-vastavoimina\/","url":"https:\/\/evl.fi\/plus\/tapahtumat\/kuulumisen-voima-webinaari-yhteisollisyydesta-ja-osallisuudesta-yksinaisyyden-vastavoimina\/","name":"Kuulumisen voima \u2013 webinaari yhteis\u00f6llisyydest\u00e4 ja osallisuudesta yksin\u00e4isyyden vastavoimina - EVL Plus","isPartOf":{"@id":"https:\/\/evl.fi\/plus\/#website"},"primaryImageOfPage":{"@id":"https:\/\/evl.fi\/plus\/tapahtumat\/kuulumisen-voima-webinaari-yhteisollisyydesta-ja-osallisuudesta-yksinaisyyden-vastavoimina\/#primaryimage"},"image":{"@id":"https:\/\/evl.fi\/plus\/tapahtumat\/kuulumisen-voima-webinaari-yhteisollisyydesta-ja-osallisuudesta-yksinaisyyden-vastavoimina\/#primaryimage"},"thumbnailUrl":"https:\/\/evl.fi\/plus\/wp-content\/uploads\/sites\/3\/2026\/08\/GettyImages-1297257668.jpg","datePublished":"2026-08-17T09:53:33+00:00","dateModified":"2026-08-18T14:27:35+00:00","description":"Yksin\u00e4isyys koskettaa kaikenik\u00e4isi\u00e4 ihmisi\u00e4 ja haastaa niin seurakuntia, yhteis\u00f6j\u00e4 kuin koko yhteiskuntaa. Syyskuun lopussa j\u00e4rjestett\u00e4v\u00e4ss\u00e4 webinaarissa pohditaan, miten kuulumisen kokemusta voidaan vahvistaa ja miten rakennamme yhteis\u00f6j\u00e4, joissa jokainen voi tuntea olevansa tervetullut.","breadcrumb":{"@id":"https:\/\/evl.fi\/plus\/tapahtumat\/kuulumisen-voima-webinaari-yhteisollisyydesta-ja-osallisuudesta-yksinaisyyden-vastavoimina\/#breadcrumb"},"inLanguage":"fi","potentialAction":[{"@type":"ReadAction","target":["https:\/\/evl.fi\/plus\/tapahtumat\/kuulumisen-voima-webinaari-yhteisollisyydesta-ja-osallisuudesta-yksinaisyyden-vastavoimina\/"]}]},{"@type":"ImageObject","inLanguage":"fi","@id":"https:\/\/evl.fi\/plus\/tapahtumat\/kuulumisen-voima-webinaari-yhteisollisyydesta-ja-osallisuudesta-yksinaisyyden-vastavoimina\/#primaryimage","url":"https:\/\/evl.fi\/plus\/wp-content\/uploads\/sites\/3\/2026\/08\/GettyImages-1297257668.jpg","contentUrl":"https:\/\/evl.fi\/plus\/wp-content\/uploads\/sites\/3\/2026\/08\/GettyImages-1297257668.jpg","width":2121,"height":1414,"caption":"Two persons drinking black tea"},{"@type":"BreadcrumbList","@id":"https:\/\/evl.fi\/plus\/tapahtumat\/kuulumisen-voima-webinaari-yhteisollisyydesta-ja-osallisuudesta-yksinaisyyden-vastavoimina\/#breadcrumb","itemListElement":[{"@type":"ListItem","position":1,"name":"Home","item":"https:\/\/evl.fi\/plus\/sv\/"},{"@type":"ListItem","position":2,"name":"Tapahtumat","item":"https:\/\/evl.fi\/plus\/tapahtumat\/"},{"@type":"ListItem","position":3,"name":"Kuulumisen voima \u2013 webinaari yhteis\u00f6llisyydest\u00e4 ja osallisuudesta yksin\u00e4isyyden vastavoimina"}]},{"@type":"WebSite","@id":"https:\/\/evl.fi\/plus\/#website","url":"https:\/\/evl.fi\/plus\/","name":"EVL Plus","description":"","potentialAction":[{"@type":"SearchAction","target":{"@type":"EntryPoint","urlTemplate":"https:\/\/evl.fi\/plus\/?s={search_term_string}"},"query-input":{"@type":"PropertyValueSpecification","valueRequired":true,"valueName":"search_term_string"}}],"inLanguage":"fi"}]}},"lang":"fi","translations":{"fi":190461},"pll_sync_post":{},"_links":{"self":[{"href":"https:\/\/evl.fi\/plus\/wp-json\/wp\/v2\/events\/190461","targetHints":{"allow":["GET"]}}],"collection":[{"href":"https:\/\/evl.fi\/plus\/wp-json\/wp\/v2\/events"}],"about":[{"href":"https:\/\/evl.fi\/plus\/wp-json\/wp\/v2\/types\/events"}],"version-history":[{"count":3,"href":"https:\/\/evl.fi\/plus\/wp-json\/wp\/v2\/events\/190461\/revisions"}],"predecessor-version":[{"id":190532,"href":"https:\/\/evl.fi\/plus\/wp-json\/wp\/v2\/events\/190461\/revisions\/190532"}],"wp:featuredmedia":[{"embeddable":true,"href":"https:\/\/evl.fi\/plus\/wp-json\/wp\/v2\/media\/190472"}],"wp:attachment":[{"href":"https:\/\/evl.fi\/plus\/wp-json\/wp\/v2\/media?parent=190461"}],"wp:term":[{"taxonomy":"eventcategory","embeddable":true,"href":"https:\/\/evl.fi\/plus\/wp-json\/wp\/v2\/eventcategory?post=190461"}],"curies":[{"name":"wp","href":"https:\/\/api.w.org\/{rel}","templated":true}]}}