{"id":187570,"date":"2026-05-18T13:48:38","date_gmt":"2026-05-18T10:48:38","guid":{"rendered":"https:\/\/evl.fi\/plus\/?post_type=events&#038;p=187570"},"modified":"2026-05-18T15:46:13","modified_gmt":"2026-05-18T12:46:13","slug":"en-dag-med-fokus-pa-barns-och-ungas-rattigheter-i-kyrkan-for-barnombud-anstallda-och-fortroendevalda-i-forsamlingen","status":"publish","type":"events","link":"https:\/\/evl.fi\/plus\/sv\/tapahtumat\/en-dag-med-fokus-pa-barns-och-ungas-rattigheter-i-kyrkan-for-barnombud-anstallda-och-fortroendevalda-i-forsamlingen\/","title":{"rendered":"En dag med fokus p\u00e5 barns och ungas r\u00e4ttigheter i kyrkan\u202f\u2013 f\u00f6r barnombud,\u202fanst\u00e4llda\u202foch\u202ff\u00f6rtroendevalda i f\u00f6rsamlingen"},"content":{"rendered":"\n<p class=\"wp-block-paragraph\">  <\/p>\n\n\n\n<figure class=\"wp-block-image size-full\"><img loading=\"lazy\" decoding=\"async\" width=\"282\" height=\"189\" src=\"https:\/\/evl.fi\/plus\/wp-content\/uploads\/sites\/3\/2026\/05\/image.png\" alt=\"\" class=\"wp-image-187573\"\/><\/figure>\n\n\n\n<p class=\"wp-block-paragraph\">Kom med och inspireras av arbetet med barns r\u00e4ttigheter och barnkonsekvensanalys p\u00e5 nationell niv\u00e5. Utbildningsdagen riktar sig till alla anst\u00e4llda och f\u00f6rtroendevalda som vill utveckla barns och ungdomars delaktighet.   <\/p>\n\n\n\n<p class=\"wp-block-paragraph\">Keynote\u202fpresentationen h\u00e5lls p\u00e5 finska, med ett\u202fsammandrag p\u00e5 svenska.\u202fEn del av programmet \u00e4r gemensamt p\u00e5 finska, en del p\u00e5 svenska och en del p\u00e5 b\u00e5da spr\u00e5ken\u202f(se programmet).  Till exempel presenterar alla svenska f\u00f6rsamlingar i Helsingfors hur de m\u00f6ter barn, familjer och unga! <\/p>\n\n\n\n<p class=\"wp-block-paragraph\">N\u00e4r:\u202f3.10.2026 kl.\u202f9-15\u202f\u202f <\/p>\n\n\n\n<p class=\"wp-block-paragraph\">Var: S\u00f6dra kajen 8, Helsingfors\u202f\u202f <\/p>\n\n\n\n<p class=\"wp-block-paragraph\">Deltagaravgift: 70 euro inklusive kaffe\u202f\u202f <\/p>\n\n\n\n<p class=\"wp-block-paragraph\"><strong>Deadline:\u202f4.9.2026\u202f<\/strong> <\/p>\n\n\n\n<p class=\"wp-block-paragraph\">Lunch till sj\u00e4lvkostnadspris i n\u00e4rheten av Kyrkans hus.\u202f\u202f <\/p>\n\n\n\n<p class=\"wp-block-paragraph\">Anm\u00e4lningsl\u00e4nk\u202foch program:<strong>\u202f<\/strong><a href=\"https:\/\/seurakunnille.step.fi\/course\/lapsiasiahenkiloiden-ja-osallisuuden-parissa-tyoskentelevien-koulutuspaiva-2\/\" target=\"_blank\" rel=\"noreferrer noopener\">En dag med fokus p\u00e5 barns och ungas r\u00e4ttigheter i kyrkan\u202f\u202f\u202f\u202f\u202f\u202f &#8211; f\u00f6r barnombud, anst\u00e4llda och f\u00f6rtroendevalda i f\u00f6rsamlingen.<\/a><\/p>\n\n\n\n<p class=\"wp-block-paragraph\"><\/p>\n","protected":false},"excerpt":{"rendered":"<p>Kom med och inspireras av arbetet med barns r\u00e4ttigheter och barnkonsekvensanalys p\u00e5 nationell niv\u00e5. Utbildningsdagen riktar sig till alla anst\u00e4llda och f\u00f6rtroendevalda som vill utveckla barns och ungdomars delaktighet. Keynote\u202fpresentationen h\u00e5lls p\u00e5 finska, med ett\u202fsammandrag p\u00e5 svenska.\u202fEn del av programmet \u00e4r gemensamt p\u00e5 finska, en del p\u00e5 svenska och en del p\u00e5 b\u00e5da spr\u00e5ken\u202f(se programmet). [&hellip;]<\/p>\n","protected":false},"featured_media":0,"template":"","eventcategory":[],"class_list":["post-187570","events","type-events","status-publish","hentry"],"acf":[],"yoast_head":"<!-- This site is optimized with the Yoast SEO plugin v28.3 - https:\/\/yoast.com\/product\/yoast-seo-wordpress\/ -->\n<title>En dag med fokus p\u00e5 barns och ungas r\u00e4ttigheter i kyrkan - EVL Plus<\/title>\n<meta name=\"description\" content=\"Kom med och inspireras av arbetet med barns r\u00e4ttigheter och barnkonsekvensanalys p\u00e5 nationell niv\u00e5.\" \/>\n<meta name=\"robots\" content=\"index, follow, max-snippet:-1, max-image-preview:large, max-video-preview:-1\" \/>\n<link rel=\"canonical\" href=\"https:\/\/evl.fi\/plus\/sv\/tapahtumat\/en-dag-med-fokus-pa-barns-och-ungas-rattigheter-i-kyrkan-for-barnombud-anstallda-och-fortroendevalda-i-forsamlingen\/\" \/>\n<meta property=\"og:locale\" content=\"fi_FI\" \/>\n<meta property=\"og:type\" content=\"article\" \/>\n<meta property=\"og:title\" content=\"En dag med fokus p\u00e5 barns och ungas r\u00e4ttigheter i kyrkan - EVL Plus\" \/>\n<meta property=\"og:description\" content=\"Kom med och inspireras av arbetet med barns r\u00e4ttigheter och barnkonsekvensanalys p\u00e5 nationell niv\u00e5.\" \/>\n<meta property=\"og:url\" content=\"https:\/\/evl.fi\/plus\/sv\/tapahtumat\/en-dag-med-fokus-pa-barns-och-ungas-rattigheter-i-kyrkan-for-barnombud-anstallda-och-fortroendevalda-i-forsamlingen\/\" \/>\n<meta property=\"og:site_name\" content=\"EVL Plus\" \/>\n<meta property=\"article:modified_time\" content=\"2026-05-18T12:46:13+00:00\" \/>\n<meta property=\"og:image\" content=\"https:\/\/evl.fi\/plus\/wp-content\/uploads\/sites\/3\/2026\/05\/image.png\" \/>\n\t<meta property=\"og:image:width\" content=\"282\" \/>\n\t<meta property=\"og:image:height\" content=\"189\" \/>\n\t<meta property=\"og:image:type\" content=\"image\/png\" \/>\n<meta name=\"twitter:card\" content=\"summary_large_image\" \/>\n<meta name=\"twitter:label1\" content=\"Arvioitu lukuaika\" \/>\n\t<meta name=\"twitter:data1\" content=\"1 minuutti\" \/>\n<script type=\"application\/ld+json\" class=\"yoast-schema-graph\">{\"@context\":\"https:\\\/\\\/schema.org\",\"@graph\":[{\"@type\":\"WebPage\",\"@id\":\"https:\\\/\\\/evl.fi\\\/plus\\\/sv\\\/tapahtumat\\\/en-dag-med-fokus-pa-barns-och-ungas-rattigheter-i-kyrkan-for-barnombud-anstallda-och-fortroendevalda-i-forsamlingen\\\/\",\"url\":\"https:\\\/\\\/evl.fi\\\/plus\\\/sv\\\/tapahtumat\\\/en-dag-med-fokus-pa-barns-och-ungas-rattigheter-i-kyrkan-for-barnombud-anstallda-och-fortroendevalda-i-forsamlingen\\\/\",\"name\":\"En dag med fokus p\u00e5 barns och ungas r\u00e4ttigheter i kyrkan - EVL Plus\",\"isPartOf\":{\"@id\":\"https:\\\/\\\/evl.fi\\\/plus\\\/#website\"},\"primaryImageOfPage\":{\"@id\":\"https:\\\/\\\/evl.fi\\\/plus\\\/sv\\\/tapahtumat\\\/en-dag-med-fokus-pa-barns-och-ungas-rattigheter-i-kyrkan-for-barnombud-anstallda-och-fortroendevalda-i-forsamlingen\\\/#primaryimage\"},\"image\":{\"@id\":\"https:\\\/\\\/evl.fi\\\/plus\\\/sv\\\/tapahtumat\\\/en-dag-med-fokus-pa-barns-och-ungas-rattigheter-i-kyrkan-for-barnombud-anstallda-och-fortroendevalda-i-forsamlingen\\\/#primaryimage\"},\"thumbnailUrl\":\"https:\\\/\\\/evl.fi\\\/plus\\\/wp-content\\\/uploads\\\/sites\\\/3\\\/2026\\\/05\\\/image.png\",\"datePublished\":\"2026-05-18T10:48:38+00:00\",\"dateModified\":\"2026-05-18T12:46:13+00:00\",\"description\":\"Kom med och inspireras av arbetet med barns r\u00e4ttigheter och barnkonsekvensanalys p\u00e5 nationell niv\u00e5.\",\"breadcrumb\":{\"@id\":\"https:\\\/\\\/evl.fi\\\/plus\\\/sv\\\/tapahtumat\\\/en-dag-med-fokus-pa-barns-och-ungas-rattigheter-i-kyrkan-for-barnombud-anstallda-och-fortroendevalda-i-forsamlingen\\\/#breadcrumb\"},\"inLanguage\":\"fi\",\"potentialAction\":[{\"@type\":\"ReadAction\",\"target\":[\"https:\\\/\\\/evl.fi\\\/plus\\\/sv\\\/tapahtumat\\\/en-dag-med-fokus-pa-barns-och-ungas-rattigheter-i-kyrkan-for-barnombud-anstallda-och-fortroendevalda-i-forsamlingen\\\/\"]}]},{\"@type\":\"ImageObject\",\"inLanguage\":\"fi\",\"@id\":\"https:\\\/\\\/evl.fi\\\/plus\\\/sv\\\/tapahtumat\\\/en-dag-med-fokus-pa-barns-och-ungas-rattigheter-i-kyrkan-for-barnombud-anstallda-och-fortroendevalda-i-forsamlingen\\\/#primaryimage\",\"url\":\"https:\\\/\\\/evl.fi\\\/plus\\\/wp-content\\\/uploads\\\/sites\\\/3\\\/2026\\\/05\\\/image.png\",\"contentUrl\":\"https:\\\/\\\/evl.fi\\\/plus\\\/wp-content\\\/uploads\\\/sites\\\/3\\\/2026\\\/05\\\/image.png\",\"width\":282,\"height\":189},{\"@type\":\"BreadcrumbList\",\"@id\":\"https:\\\/\\\/evl.fi\\\/plus\\\/sv\\\/tapahtumat\\\/en-dag-med-fokus-pa-barns-och-ungas-rattigheter-i-kyrkan-for-barnombud-anstallda-och-fortroendevalda-i-forsamlingen\\\/#breadcrumb\",\"itemListElement\":[{\"@type\":\"ListItem\",\"position\":1,\"name\":\"Home\",\"item\":\"https:\\\/\\\/evl.fi\\\/plus\\\/sv\\\/\"},{\"@type\":\"ListItem\",\"position\":2,\"name\":\"Tapahtumat\",\"item\":\"https:\\\/\\\/evl.fi\\\/plus\\\/tapahtumat\\\/\"},{\"@type\":\"ListItem\",\"position\":3,\"name\":\"En dag med fokus p\u00e5 barns och ungas r\u00e4ttigheter i kyrkan\u202f\u2013 f\u00f6r barnombud,\u202fanst\u00e4llda\u202foch\u202ff\u00f6rtroendevalda i f\u00f6rsamlingen\"}]},{\"@type\":\"WebSite\",\"@id\":\"https:\\\/\\\/evl.fi\\\/plus\\\/#website\",\"url\":\"https:\\\/\\\/evl.fi\\\/plus\\\/\",\"name\":\"EVL Plus\",\"description\":\"\",\"potentialAction\":[{\"@type\":\"SearchAction\",\"target\":{\"@type\":\"EntryPoint\",\"urlTemplate\":\"https:\\\/\\\/evl.fi\\\/plus\\\/?s={search_term_string}\"},\"query-input\":{\"@type\":\"PropertyValueSpecification\",\"valueRequired\":true,\"valueName\":\"search_term_string\"}}],\"inLanguage\":\"fi\"}]}<\/script>\n<!-- \/ Yoast SEO plugin. -->","yoast_head_json":{"title":"En dag med fokus p\u00e5 barns och ungas r\u00e4ttigheter i kyrkan - EVL Plus","description":"Kom med och inspireras av arbetet med barns r\u00e4ttigheter och barnkonsekvensanalys p\u00e5 nationell niv\u00e5.","robots":{"index":"index","follow":"follow","max-snippet":"max-snippet:-1","max-image-preview":"max-image-preview:large","max-video-preview":"max-video-preview:-1"},"canonical":"https:\/\/evl.fi\/plus\/sv\/tapahtumat\/en-dag-med-fokus-pa-barns-och-ungas-rattigheter-i-kyrkan-for-barnombud-anstallda-och-fortroendevalda-i-forsamlingen\/","og_locale":"fi_FI","og_type":"article","og_title":"En dag med fokus p\u00e5 barns och ungas r\u00e4ttigheter i kyrkan - EVL Plus","og_description":"Kom med och inspireras av arbetet med barns r\u00e4ttigheter och barnkonsekvensanalys p\u00e5 nationell niv\u00e5.","og_url":"https:\/\/evl.fi\/plus\/sv\/tapahtumat\/en-dag-med-fokus-pa-barns-och-ungas-rattigheter-i-kyrkan-for-barnombud-anstallda-och-fortroendevalda-i-forsamlingen\/","og_site_name":"EVL Plus","article_modified_time":"2026-05-18T12:46:13+00:00","og_image":[{"width":282,"height":189,"url":"https:\/\/evl.fi\/plus\/wp-content\/uploads\/sites\/3\/2026\/05\/image.png","type":"image\/png"}],"twitter_card":"summary_large_image","twitter_misc":{"Arvioitu lukuaika":"1 minuutti"},"schema":{"@context":"https:\/\/schema.org","@graph":[{"@type":"WebPage","@id":"https:\/\/evl.fi\/plus\/sv\/tapahtumat\/en-dag-med-fokus-pa-barns-och-ungas-rattigheter-i-kyrkan-for-barnombud-anstallda-och-fortroendevalda-i-forsamlingen\/","url":"https:\/\/evl.fi\/plus\/sv\/tapahtumat\/en-dag-med-fokus-pa-barns-och-ungas-rattigheter-i-kyrkan-for-barnombud-anstallda-och-fortroendevalda-i-forsamlingen\/","name":"En dag med fokus p\u00e5 barns och ungas r\u00e4ttigheter i kyrkan - EVL Plus","isPartOf":{"@id":"https:\/\/evl.fi\/plus\/#website"},"primaryImageOfPage":{"@id":"https:\/\/evl.fi\/plus\/sv\/tapahtumat\/en-dag-med-fokus-pa-barns-och-ungas-rattigheter-i-kyrkan-for-barnombud-anstallda-och-fortroendevalda-i-forsamlingen\/#primaryimage"},"image":{"@id":"https:\/\/evl.fi\/plus\/sv\/tapahtumat\/en-dag-med-fokus-pa-barns-och-ungas-rattigheter-i-kyrkan-for-barnombud-anstallda-och-fortroendevalda-i-forsamlingen\/#primaryimage"},"thumbnailUrl":"https:\/\/evl.fi\/plus\/wp-content\/uploads\/sites\/3\/2026\/05\/image.png","datePublished":"2026-05-18T10:48:38+00:00","dateModified":"2026-05-18T12:46:13+00:00","description":"Kom med och inspireras av arbetet med barns r\u00e4ttigheter och barnkonsekvensanalys p\u00e5 nationell niv\u00e5.","breadcrumb":{"@id":"https:\/\/evl.fi\/plus\/sv\/tapahtumat\/en-dag-med-fokus-pa-barns-och-ungas-rattigheter-i-kyrkan-for-barnombud-anstallda-och-fortroendevalda-i-forsamlingen\/#breadcrumb"},"inLanguage":"fi","potentialAction":[{"@type":"ReadAction","target":["https:\/\/evl.fi\/plus\/sv\/tapahtumat\/en-dag-med-fokus-pa-barns-och-ungas-rattigheter-i-kyrkan-for-barnombud-anstallda-och-fortroendevalda-i-forsamlingen\/"]}]},{"@type":"ImageObject","inLanguage":"fi","@id":"https:\/\/evl.fi\/plus\/sv\/tapahtumat\/en-dag-med-fokus-pa-barns-och-ungas-rattigheter-i-kyrkan-for-barnombud-anstallda-och-fortroendevalda-i-forsamlingen\/#primaryimage","url":"https:\/\/evl.fi\/plus\/wp-content\/uploads\/sites\/3\/2026\/05\/image.png","contentUrl":"https:\/\/evl.fi\/plus\/wp-content\/uploads\/sites\/3\/2026\/05\/image.png","width":282,"height":189},{"@type":"BreadcrumbList","@id":"https:\/\/evl.fi\/plus\/sv\/tapahtumat\/en-dag-med-fokus-pa-barns-och-ungas-rattigheter-i-kyrkan-for-barnombud-anstallda-och-fortroendevalda-i-forsamlingen\/#breadcrumb","itemListElement":[{"@type":"ListItem","position":1,"name":"Home","item":"https:\/\/evl.fi\/plus\/sv\/"},{"@type":"ListItem","position":2,"name":"Tapahtumat","item":"https:\/\/evl.fi\/plus\/tapahtumat\/"},{"@type":"ListItem","position":3,"name":"En dag med fokus p\u00e5 barns och ungas r\u00e4ttigheter i kyrkan\u202f\u2013 f\u00f6r barnombud,\u202fanst\u00e4llda\u202foch\u202ff\u00f6rtroendevalda i f\u00f6rsamlingen"}]},{"@type":"WebSite","@id":"https:\/\/evl.fi\/plus\/#website","url":"https:\/\/evl.fi\/plus\/","name":"EVL Plus","description":"","potentialAction":[{"@type":"SearchAction","target":{"@type":"EntryPoint","urlTemplate":"https:\/\/evl.fi\/plus\/?s={search_term_string}"},"query-input":{"@type":"PropertyValueSpecification","valueRequired":true,"valueName":"search_term_string"}}],"inLanguage":"fi"}]}},"lang":"sv","translations":{"sv":187570},"pll_sync_post":{},"_links":{"self":[{"href":"https:\/\/evl.fi\/plus\/wp-json\/wp\/v2\/events\/187570","targetHints":{"allow":["GET"]}}],"collection":[{"href":"https:\/\/evl.fi\/plus\/wp-json\/wp\/v2\/events"}],"about":[{"href":"https:\/\/evl.fi\/plus\/wp-json\/wp\/v2\/types\/events"}],"version-history":[{"count":2,"href":"https:\/\/evl.fi\/plus\/wp-json\/wp\/v2\/events\/187570\/revisions"}],"predecessor-version":[{"id":187623,"href":"https:\/\/evl.fi\/plus\/wp-json\/wp\/v2\/events\/187570\/revisions\/187623"}],"wp:attachment":[{"href":"https:\/\/evl.fi\/plus\/wp-json\/wp\/v2\/media?parent=187570"}],"wp:term":[{"taxonomy":"eventcategory","embeddable":true,"href":"https:\/\/evl.fi\/plus\/wp-json\/wp\/v2\/eventcategory?post=187570"}],"curies":[{"name":"wp","href":"https:\/\/api.w.org\/{rel}","templated":true}]}}