{"id":2197,"date":"2024-12-17T15:10:24","date_gmt":"2024-12-17T13:10:24","guid":{"rendered":"https:\/\/evl.fi\/kirkontyomarkkinalaitos\/?page_id=2197"},"modified":"2026-08-17T15:09:29","modified_gmt":"2026-08-17T12:09:29","slug":"statistik","status":"publish","type":"page","link":"https:\/\/evl.fi\/kirkontyomarkkinalaitos\/sv\/statistik\/","title":{"rendered":"Statistik"},"content":{"rendered":"\n<p class=\"wp-block-paragraph\">Kyrkans arbetsmarknadsverk samlar varje \u00e5r i in uppgifter om f\u00f6rsamlingspersonalens anst\u00e4llningsf\u00f6rh\u00e5llanden och l\u00f6ner. Uppgifterna h\u00e4mtas fr\u00e5n Kyrkans servicecentrals system. Dessa uppgifter anv\u00e4nder arbetsmarknadsverket vid f\u00f6rhandlingar och de utg\u00f6r ocks\u00e5 grunden f\u00f6r den statistik och de grafer som arbetsmarknadsverket publicerar.<\/p>\n\n\n\n<h2 class=\"wp-block-heading\">Kyrkans personalstatistik<\/h2>\n\n\n\n<p class=\"wp-block-paragraph\">Statistiken baserar sig p\u00e5 utfallsmaterial f\u00f6r hela \u00e5ret, om inget annat n\u00e4mns.<\/p>\n\n\n\n<ul class=\"wp-block-list\">\n<li><a href=\"https:\/\/evl.fi\/kirkontyomarkkinalaitos\/wp-content\/uploads\/sites\/8\/2026\/03\/Nimikkeita-vaativuusryhmittain-seurakuntatalouden-koon-mukaan-2025.pdf\">Anst\u00e4llningar enligt yrkesbeteckning och kravgrupp enligt f\u00f6rsamlingens storlek 2025<\/a> (p\u00e5 finska)<\/li>\n<\/ul>\n\n\n\n<ul class=\"wp-block-list\">\n<li><a href=\"https:\/\/evl.fi\/kirkontyomarkkinalaitos\/wp-content\/uploads\/sites\/8\/2026\/02\/Anstallningsstabilitet-for-kyrkans-personal-enligt-uppgiftskategori-2025.pdf\">Anst\u00e4llningsstabilitet f\u00f6r kyrkans personal enligt uppgiftskategori 2025<\/a><\/li>\n<\/ul>\n\n\n\n<ul class=\"wp-block-list\">\n<li><a href=\"https:\/\/evl.fi\/kirkontyomarkkinalaitos\/wp-content\/uploads\/sites\/8\/2026\/02\/Faktiska-arsverken-enligt-uppgiftsgrupp-2021\u20132025.pdf\">Faktiska \u00e5rsverken enligt uppgiftsgrupp 2021\u20132025<\/a><\/li>\n<\/ul>\n\n\n\n<ul class=\"wp-block-list\">\n<li><a href=\"https:\/\/evl.fi\/kirkontyomarkkinalaitos\/wp-content\/uploads\/sites\/8\/2026\/03\/Perus-ja-varsinaiset-palkat-ja-desiilit-nimikkeittain-tyoaloittain-31.12.2025.pdf\">Grundl\u00f6n och ordinarie l\u00f6n enligt yrkesbeteckning&nbsp;31.12.2025<\/a>&nbsp;(p\u00e5 finska)<\/li>\n<\/ul>\n\n\n\n<ul class=\"wp-block-list\">\n<li><a href=\"https:\/\/evl.fi\/kirkontyomarkkinalaitos\/wp-content\/uploads\/sites\/8\/2026\/03\/Ylimman-johdon-peruspalkat-ja-desiilit-31.12.2025.pdf\">Grundl\u00f6nerna f\u00f6r h\u00f6gsta ledningen 31.12.2025<\/a>&nbsp;(p\u00e5 finska)<\/li>\n<\/ul>\n\n\n\n<p class=\"wp-block-paragraph\"><\/p>\n\n\n\n<p class=\"wp-block-paragraph\"><\/p>\n\n\n\n<p class=\"wp-block-paragraph\">Personalstatistik publiceras ocks\u00e5 i&nbsp;<a href=\"https:\/\/www.kirkontilastot.fi\/\" target=\"_blank\" rel=\"noreferrer noopener\">Kyrkans statistiktj\u00e4nst<\/a>.<\/p>\n\n\n\n<h2 class=\"wp-block-heading\">Statistikrapporter om f\u00f6rsamlingens personal<\/h2>\n\n\n\n<p class=\"wp-block-paragraph\">Till hj\u00e4lp f\u00f6r f\u00f6rsamlingarnas och de kyrkliga samf\u00e4lligheternas personalledning tar Kyrkans servicecentral fram Power BI-rapporter som man kan bekanta sig med <a href=\"https:\/\/evl.sharepoint.com\/sites\/Kirkonpalvelukeskus\/SitePages\/sv\/Raportointi.aspx\">h\u00e4r<\/a>.<\/p>\n\n\n\n<p class=\"wp-block-paragraph\">Som st\u00f6d f\u00f6r personalledningen i f\u00f6rsamlingarna och kyrkliga samf\u00e4lligheter utarbetas dessutom en rapport som l\u00e4mnas tv\u00e5 g\u00e5nger om \u00e5ret. Syftet med rapporten \u00e4r att regelbundet tillhandah\u00e5lla information som g\u00f6r det m\u00f6jligt f\u00f6r f\u00f6rsamlingar och kyrkliga samf\u00e4lligheter att j\u00e4mf\u00f6ra sin egen verksamhet med likartade f\u00f6rsamlingar och kyrkliga samf\u00e4lligheter.<\/p>\n\n\n\n<p class=\"wp-block-paragraph\">Vi tar g\u00e4rna emot fr\u00e5gor, utvecklingsf\u00f6rslag och annan respons p\u00e5 statistiken och rapporterna per e-post <a href=\"mailto:kit@evl.fi\">kit@evl.fi<\/a><\/p>\n\n\n\n<p class=\"wp-block-paragraph\"><\/p>\n","protected":false},"excerpt":{"rendered":"<p>Statistik om anst\u00e4llningsf\u00f6rh\u00e5llanden och l\u00f6ner.<\/p>\n","protected":false},"author":115,"featured_media":5597,"parent":0,"menu_order":0,"comment_status":"closed","ping_status":"closed","template":"template-text-page-sidebar.php","meta":{"_acf_changed":false,"_relevanssi_hide_post":"","_relevanssi_hide_content":"","_relevanssi_pin_for_all":"","_relevanssi_pin_keywords":"","_relevanssi_unpin_keywords":"","_relevanssi_related_keywords":"","_relevanssi_related_include_ids":"","_relevanssi_related_exclude_ids":"","_relevanssi_related_no_append":"","_relevanssi_related_not_related":"","_relevanssi_related_posts":"","_relevanssi_noindex_reason":"","footnotes":""},"class_list":["post-2197","page","type-page","status-publish","has-post-thumbnail","hentry"],"acf":[],"yoast_head":"<!-- This site is optimized with the Yoast SEO plugin v28.3 - https:\/\/yoast.com\/product\/yoast-seo-wordpress\/ -->\n<title>Statistik - Kirkon ty\u00f6markkinalaitos<\/title>\n<meta name=\"robots\" content=\"index, follow, max-snippet:-1, max-image-preview:large, max-video-preview:-1\" \/>\n<link rel=\"canonical\" href=\"https:\/\/evl.fi\/kirkontyomarkkinalaitos\/sv\/statistik\/\" \/>\n<meta property=\"og:locale\" content=\"fi_FI\" \/>\n<meta property=\"og:type\" content=\"article\" \/>\n<meta property=\"og:title\" content=\"Statistik - Kirkon ty\u00f6markkinalaitos\" \/>\n<meta property=\"og:description\" content=\"Statistik om anst\u00e4llningsf\u00f6rh\u00e5llanden och l\u00f6ner.\" \/>\n<meta property=\"og:url\" content=\"https:\/\/evl.fi\/kirkontyomarkkinalaitos\/sv\/statistik\/\" \/>\n<meta property=\"og:site_name\" content=\"Kirkon ty\u00f6markkinalaitos\" \/>\n<meta property=\"article:modified_time\" content=\"2026-08-17T12:09:29+00:00\" \/>\n<meta property=\"og:image\" content=\"https:\/\/evl.fi\/kirkontyomarkkinalaitos\/wp-content\/uploads\/sites\/8\/2026\/01\/lukas-blazek-mcSDtbWXUZU-unsplash-1.jpg\" \/>\n\t<meta property=\"og:image:width\" content=\"1920\" \/>\n\t<meta property=\"og:image:height\" content=\"1272\" \/>\n\t<meta property=\"og:image:type\" content=\"image\/jpeg\" \/>\n<meta name=\"twitter:card\" content=\"summary_large_image\" \/>\n<meta name=\"twitter:label1\" content=\"Arvioitu lukuaika\" \/>\n\t<meta name=\"twitter:data1\" content=\"2 minuuttia\" \/>\n<script type=\"application\/ld+json\" class=\"yoast-schema-graph\">{\"@context\":\"https:\\\/\\\/schema.org\",\"@graph\":[{\"@type\":\"WebPage\",\"@id\":\"https:\\\/\\\/evl.fi\\\/kirkontyomarkkinalaitos\\\/sv\\\/statistik\\\/\",\"url\":\"https:\\\/\\\/evl.fi\\\/kirkontyomarkkinalaitos\\\/sv\\\/statistik\\\/\",\"name\":\"Statistik - Kirkon ty\u00f6markkinalaitos\",\"isPartOf\":{\"@id\":\"https:\\\/\\\/evl.fi\\\/kirkontyomarkkinalaitos\\\/#website\"},\"primaryImageOfPage\":{\"@id\":\"https:\\\/\\\/evl.fi\\\/kirkontyomarkkinalaitos\\\/sv\\\/statistik\\\/#primaryimage\"},\"image\":{\"@id\":\"https:\\\/\\\/evl.fi\\\/kirkontyomarkkinalaitos\\\/sv\\\/statistik\\\/#primaryimage\"},\"thumbnailUrl\":\"https:\\\/\\\/evl.fi\\\/kirkontyomarkkinalaitos\\\/wp-content\\\/uploads\\\/sites\\\/8\\\/2026\\\/01\\\/lukas-blazek-mcSDtbWXUZU-unsplash-1.jpg\",\"datePublished\":\"2024-12-17T13:10:24+00:00\",\"dateModified\":\"2026-08-17T12:09:29+00:00\",\"breadcrumb\":{\"@id\":\"https:\\\/\\\/evl.fi\\\/kirkontyomarkkinalaitos\\\/sv\\\/statistik\\\/#breadcrumb\"},\"inLanguage\":\"fi\",\"potentialAction\":[{\"@type\":\"ReadAction\",\"target\":[\"https:\\\/\\\/evl.fi\\\/kirkontyomarkkinalaitos\\\/sv\\\/statistik\\\/\"]}]},{\"@type\":\"ImageObject\",\"inLanguage\":\"fi\",\"@id\":\"https:\\\/\\\/evl.fi\\\/kirkontyomarkkinalaitos\\\/sv\\\/statistik\\\/#primaryimage\",\"url\":\"https:\\\/\\\/evl.fi\\\/kirkontyomarkkinalaitos\\\/wp-content\\\/uploads\\\/sites\\\/8\\\/2026\\\/01\\\/lukas-blazek-mcSDtbWXUZU-unsplash-1.jpg\",\"contentUrl\":\"https:\\\/\\\/evl.fi\\\/kirkontyomarkkinalaitos\\\/wp-content\\\/uploads\\\/sites\\\/8\\\/2026\\\/01\\\/lukas-blazek-mcSDtbWXUZU-unsplash-1.jpg\",\"width\":1920,\"height\":1272},{\"@type\":\"BreadcrumbList\",\"@id\":\"https:\\\/\\\/evl.fi\\\/kirkontyomarkkinalaitos\\\/sv\\\/statistik\\\/#breadcrumb\",\"itemListElement\":[{\"@type\":\"ListItem\",\"position\":1,\"name\":\"Home\",\"item\":\"https:\\\/\\\/evl.fi\\\/kirkontyomarkkinalaitos\\\/\"},{\"@type\":\"ListItem\",\"position\":2,\"name\":\"Statistik\"}]},{\"@type\":\"WebSite\",\"@id\":\"https:\\\/\\\/evl.fi\\\/kirkontyomarkkinalaitos\\\/#website\",\"url\":\"https:\\\/\\\/evl.fi\\\/kirkontyomarkkinalaitos\\\/\",\"name\":\"Kirkon ty\u00f6markkinalaitos\",\"description\":\"\",\"potentialAction\":[{\"@type\":\"SearchAction\",\"target\":{\"@type\":\"EntryPoint\",\"urlTemplate\":\"https:\\\/\\\/evl.fi\\\/kirkontyomarkkinalaitos\\\/?s={search_term_string}\"},\"query-input\":{\"@type\":\"PropertyValueSpecification\",\"valueRequired\":true,\"valueName\":\"search_term_string\"}}],\"inLanguage\":\"fi\"}]}<\/script>\n<!-- \/ Yoast SEO plugin. -->","yoast_head_json":{"title":"Statistik - Kirkon ty\u00f6markkinalaitos","robots":{"index":"index","follow":"follow","max-snippet":"max-snippet:-1","max-image-preview":"max-image-preview:large","max-video-preview":"max-video-preview:-1"},"canonical":"https:\/\/evl.fi\/kirkontyomarkkinalaitos\/sv\/statistik\/","og_locale":"fi_FI","og_type":"article","og_title":"Statistik - Kirkon ty\u00f6markkinalaitos","og_description":"Statistik om anst\u00e4llningsf\u00f6rh\u00e5llanden och l\u00f6ner.","og_url":"https:\/\/evl.fi\/kirkontyomarkkinalaitos\/sv\/statistik\/","og_site_name":"Kirkon ty\u00f6markkinalaitos","article_modified_time":"2026-08-17T12:09:29+00:00","og_image":[{"width":1920,"height":1272,"url":"https:\/\/evl.fi\/kirkontyomarkkinalaitos\/wp-content\/uploads\/sites\/8\/2026\/01\/lukas-blazek-mcSDtbWXUZU-unsplash-1.jpg","type":"image\/jpeg"}],"twitter_card":"summary_large_image","twitter_misc":{"Arvioitu lukuaika":"2 minuuttia"},"schema":{"@context":"https:\/\/schema.org","@graph":[{"@type":"WebPage","@id":"https:\/\/evl.fi\/kirkontyomarkkinalaitos\/sv\/statistik\/","url":"https:\/\/evl.fi\/kirkontyomarkkinalaitos\/sv\/statistik\/","name":"Statistik - Kirkon ty\u00f6markkinalaitos","isPartOf":{"@id":"https:\/\/evl.fi\/kirkontyomarkkinalaitos\/#website"},"primaryImageOfPage":{"@id":"https:\/\/evl.fi\/kirkontyomarkkinalaitos\/sv\/statistik\/#primaryimage"},"image":{"@id":"https:\/\/evl.fi\/kirkontyomarkkinalaitos\/sv\/statistik\/#primaryimage"},"thumbnailUrl":"https:\/\/evl.fi\/kirkontyomarkkinalaitos\/wp-content\/uploads\/sites\/8\/2026\/01\/lukas-blazek-mcSDtbWXUZU-unsplash-1.jpg","datePublished":"2024-12-17T13:10:24+00:00","dateModified":"2026-08-17T12:09:29+00:00","breadcrumb":{"@id":"https:\/\/evl.fi\/kirkontyomarkkinalaitos\/sv\/statistik\/#breadcrumb"},"inLanguage":"fi","potentialAction":[{"@type":"ReadAction","target":["https:\/\/evl.fi\/kirkontyomarkkinalaitos\/sv\/statistik\/"]}]},{"@type":"ImageObject","inLanguage":"fi","@id":"https:\/\/evl.fi\/kirkontyomarkkinalaitos\/sv\/statistik\/#primaryimage","url":"https:\/\/evl.fi\/kirkontyomarkkinalaitos\/wp-content\/uploads\/sites\/8\/2026\/01\/lukas-blazek-mcSDtbWXUZU-unsplash-1.jpg","contentUrl":"https:\/\/evl.fi\/kirkontyomarkkinalaitos\/wp-content\/uploads\/sites\/8\/2026\/01\/lukas-blazek-mcSDtbWXUZU-unsplash-1.jpg","width":1920,"height":1272},{"@type":"BreadcrumbList","@id":"https:\/\/evl.fi\/kirkontyomarkkinalaitos\/sv\/statistik\/#breadcrumb","itemListElement":[{"@type":"ListItem","position":1,"name":"Home","item":"https:\/\/evl.fi\/kirkontyomarkkinalaitos\/"},{"@type":"ListItem","position":2,"name":"Statistik"}]},{"@type":"WebSite","@id":"https:\/\/evl.fi\/kirkontyomarkkinalaitos\/#website","url":"https:\/\/evl.fi\/kirkontyomarkkinalaitos\/","name":"Kirkon ty\u00f6markkinalaitos","description":"","potentialAction":[{"@type":"SearchAction","target":{"@type":"EntryPoint","urlTemplate":"https:\/\/evl.fi\/kirkontyomarkkinalaitos\/?s={search_term_string}"},"query-input":{"@type":"PropertyValueSpecification","valueRequired":true,"valueName":"search_term_string"}}],"inLanguage":"fi"}]}},"lang":"sv","translations":{"sv":2197,"fi":1595},"pll_sync_post":{},"_links":{"self":[{"href":"https:\/\/evl.fi\/kirkontyomarkkinalaitos\/wp-json\/wp\/v2\/pages\/2197","targetHints":{"allow":["GET"]}}],"collection":[{"href":"https:\/\/evl.fi\/kirkontyomarkkinalaitos\/wp-json\/wp\/v2\/pages"}],"about":[{"href":"https:\/\/evl.fi\/kirkontyomarkkinalaitos\/wp-json\/wp\/v2\/types\/page"}],"author":[{"embeddable":true,"href":"https:\/\/evl.fi\/kirkontyomarkkinalaitos\/wp-json\/wp\/v2\/users\/115"}],"replies":[{"embeddable":true,"href":"https:\/\/evl.fi\/kirkontyomarkkinalaitos\/wp-json\/wp\/v2\/comments?post=2197"}],"version-history":[{"count":14,"href":"https:\/\/evl.fi\/kirkontyomarkkinalaitos\/wp-json\/wp\/v2\/pages\/2197\/revisions"}],"predecessor-version":[{"id":6496,"href":"https:\/\/evl.fi\/kirkontyomarkkinalaitos\/wp-json\/wp\/v2\/pages\/2197\/revisions\/6496"}],"wp:featuredmedia":[{"embeddable":true,"href":"https:\/\/evl.fi\/kirkontyomarkkinalaitos\/wp-json\/wp\/v2\/media\/5597"}],"wp:attachment":[{"href":"https:\/\/evl.fi\/kirkontyomarkkinalaitos\/wp-json\/wp\/v2\/media?parent=2197"}],"curies":[{"name":"wp","href":"https:\/\/api.w.org\/{rel}","templated":true}]}}